{"id":22,"date":"2022-01-18T22:27:01","date_gmt":"2022-01-18T21:27:01","guid":{"rendered":"http:\/\/ag.ajp.be\/?page_id=22"},"modified":"2022-02-22T11:44:22","modified_gmt":"2022-02-22T10:44:22","slug":"rapport-2021","status":"publish","type":"page","link":"https:\/\/ag.ajp.be\/index.php\/rapport-2021\/","title":{"rendered":"Rapport 2021"},"content":{"rendered":"<p>[vc_row full_width=\u00a0\u00bbstretch_row_content_no_spaces\u00a0\u00bb bg_type=\u00a0\u00bbimage\u00a0\u00bb parallax_style=\u00a0\u00bbvcpb-default\u00a0\u00bb bg_image_new=\u00a0\u00bbid^8|url^http:\/\/localhost\/ajp_sites\/ajpbe\/wp-content\/uploads\/2021\/12\/Exclusive-public-interview-of-man-talking-to-microphone-1-scaled.jpg|caption^Exclusive public interview of man talking to microphone. Hands of reporters holding mics, recording opinion or comments flat vector illustration. television, mass media interview, journalism concept|alt^null|title^Exclusive public interview of man talking to microphone|description^null\u00a0\u00bb bg_image_repeat=\u00a0\u00bbno-repeat\u00a0\u00bb bg_image_posiiton=\u00a0\u00bb-5%\u00a0\u00bb css=\u00a0\u00bb.vc_custom_1642543483697{border-bottom-width: 3px !important;background: #ffffff url(http:\/\/ag.ajp.be\/wp-content\/uploads\/2022\/01\/video-harcelement.png?id=28) !important;background-position: center !important;background-repeat: no-repeat !important;background-size: cover !important;border-bottom-color: #f34b18 !important;border-bottom-style: solid !important;}\u00a0\u00bb][vc_column width=\u00a0\u00bb1\/6&Prime;][\/vc_column][vc_column width=\u00a0\u00bb2\/3&Prime;][vc_empty_space height=\u00a0\u00bb350&Prime;][\/vc_column][vc_column width=\u00a0\u00bb1\/6&Prime;][\/vc_column][\/vc_row][vc_row css=\u00a0\u00bb.vc_custom_1645519874748{margin-bottom: 40px !important;}\u00a0\u00bb][vc_column][vc_row_inner css=\u00a0\u00bb.vc_custom_1641152734223{margin-top: -65px !important;}\u00a0\u00bb][vc_column_inner width=\u00a0\u00bb1\/5&Prime;][\/vc_column_inner][vc_column_inner width=\u00a0\u00bb1\/5&Prime;][\/vc_column_inner][vc_column_inner width=\u00a0\u00bb1\/5&Prime; css=\u00a0\u00bb.vc_custom_1642543493922{border-top-width: 3px !important;border-right-width: 3px !important;border-bottom-width: 3px !important;border-left-width: 3px !important;padding-top: 0px !important;background-color: #ffffff !important;border-left-color: #f34b18 !important;border-left-style: solid !important;border-right-color: #f34b18 !important;border-right-style: solid !important;border-top-color: #f34b18 !important;border-top-style: solid !important;border-bottom-color: #f34b18 !important;border-bottom-style: solid !important;}\u00a0\u00bb][vc_column_text css=\u00a0\u00bb.vc_custom_1642543260580{margin-bottom: 0px !important;}\u00a0\u00bb]<\/p>\n<h4 style=\"text-align: center; margin: 0;\">Rapport d&rsquo;activit\u00e9s<\/h4>\n<h2 style=\"text-align: center; color: #f34b18;\">2021<\/h2>\n<p>[\/vc_column_text][\/vc_column_inner][vc_column_inner width=\u00a0\u00bb1\/5&Prime;][\/vc_column_inner][vc_column_inner width=\u00a0\u00bb1\/5&Prime;][\/vc_column_inner][\/vc_row_inner][\/vc_column][\/vc_row][vc_row full_height=\u00a0\u00bbyes\u00a0\u00bb equal_height=\u00a0\u00bbyes\u00a0\u00bb][vc_column css=\u00a0\u00bb.vc_custom_1641395565080{margin-bottom: 90px !important;padding-top: 7px !important;}\u00a0\u00bb]<div id=\"advanced-tabs-desc-wrap-3901\" class=\"ult_tabs \" style=\" \" data-tabsstyle=\"style1\"\n data-titlebg=\"#ffffff\" data-titlecolor=\"#13597d\" data-fullheight=\"off\"\n data-titlehoverbg=\"#f34b18\" data-titlehovercolor=\"#ffffff\"\n data-rotatetabs=\"0\" data-responsivemode=\"Both\" data-animation=\"Scale\"\ndata-activetitle=\"#ffffff\" data-activeicon=\"\" data-activebg=\"#f34b18\"  data-respmode=\"Tabs\" data-respwidth=\"400\" data-scroll = \"on\" data-activeindex=\"1\"><ul id=advanced-tabs-wrap-6467 class=\"ult_tabmenu style1 Style_4\" style=\"color:transparent;border-bottom-color:transparent;border-bottom-width:0px;border-bottom-style:solid;border-bottom-width:0px;\"><li class=\"ult_tab_li ult_tab_style_4 tab-actu\" data-iconcolor=\"#74777b\" data-iconhover=\"#ffffff\" style=\"background-color:#ffffff;border-color:transparent;border-width:0px;border-style:solid;border-top-left-radius:8px;\">\n\t\t\t\t\t<a href=\"#1640817087067-10f37c-43d5\"  id=\"1640817087067-10f37c-43d5\"  style=\"color:#13597d;;   \" class=\"ult_a ult_tab_style_4 \">\n\t\t\t\t\t     <span class=\"ult_tab_main Both \">\n\t\t\t\t\t \t\t <span class=\"ult_tab_section\">\n\t\t\t\t\t   \t\t\t<span  data-ultimate-target='#advanced-tabs-wrap-6467 .ult-span-text'  data-responsive-json-new='{\"font-size\":\"desktop:15px;\",\"line-height\":\"\"}'  class=\"ult-span-text no_icon ult_tab_display_text ult-responsive\" style=\";\">Informer en temps de COVID<\/span>\n\t\t\t\t\t   \t\t<\/span>\n\t\t\t\t\t\t<\/span>\n\t\t\t\t\t<\/a>\n\t\t\t\t\t<\/li><li class=\"ult_tab_li ult_tab_style_4 tab-actu\" data-iconcolor=\"#74777b\" data-iconhover=\"#ffffff\" style=\"background-color:#ffffff;border-color:transparent;border-width:0px;border-style:solid;\">\n\t\t\t\t\t<a href=\"#1641395902251-3-2\"  id=\"1641395902251-3-2\"  style=\"color:#13597d;;   \" class=\"ult_a ult_tab_style_4 \">\n\t\t\t\t\t     <span class=\"ult_tab_main Both \">\n\t\t\t\t\t \t\t <span class=\"ult_tab_section\">\n\t\t\t\t\t   \t\t\t<span  data-ultimate-target='#advanced-tabs-wrap-6467 .ult-span-text'  data-responsive-json-new='{\"font-size\":\"desktop:15px;\",\"line-height\":\"\"}'  class=\"ult-span-text no_icon ult_tab_display_text ult-responsive\" style=\";\">Fonds freelance<\/span>\n\t\t\t\t\t   \t\t<\/span>\n\t\t\t\t\t\t<\/span>\n\t\t\t\t\t<\/a>\n\t\t\t\t\t<\/li><li class=\"ult_tab_li ult_tab_style_4 tab-actu\" data-iconcolor=\"#74777b\" data-iconhover=\"#ffffff\" style=\"background-color:#ffffff;border-color:transparent;border-width:0px;border-style:solid;\">\n\t\t\t\t\t<a href=\"#1642541640522-3-10\"  id=\"1642541640522-3-10\"  style=\"color:#13597d;;   \" class=\"ult_a ult_tab_style_4 \">\n\t\t\t\t\t     <span class=\"ult_tab_main Both \">\n\t\t\t\t\t \t\t <span class=\"ult_tab_section\">\n\t\t\t\t\t   \t\t\t<span  data-ultimate-target='#advanced-tabs-wrap-6467 .ult-span-text'  data-responsive-json-new='{\"font-size\":\"desktop:15px;\",\"line-height\":\"\"}'  class=\"ult-span-text no_icon ult_tab_display_text ult-responsive\" style=\";\">Fonds pour le journalisme<\/span>\n\t\t\t\t\t   \t\t<\/span>\n\t\t\t\t\t\t<\/span>\n\t\t\t\t\t<\/a>\n\t\t\t\t\t<\/li><li class=\"ult_tab_li ult_tab_style_4 tab-actu\" data-iconcolor=\"#74777b\" data-iconhover=\"#ffffff\" style=\"background-color:#ffffff;border-color:transparent;border-width:0px;border-style:solid;\">\n\t\t\t\t\t<a href=\"#1642541637935-2-10\"  id=\"1642541637935-2-10\"  style=\"color:#13597d;;   \" class=\"ult_a ult_tab_style_4 \">\n\t\t\t\t\t     <span class=\"ult_tab_main Both \">\n\t\t\t\t\t \t\t <span class=\"ult_tab_section\">\n\t\t\t\t\t   \t\t\t<span  data-ultimate-target='#advanced-tabs-wrap-6467 .ult-span-text'  data-responsive-json-new='{\"font-size\":\"desktop:15px;\",\"line-height\":\"\"}'  class=\"ult-span-text no_icon ult_tab_display_text ult-responsive\" style=\";\">Actions collectives<\/span>\n\t\t\t\t\t   \t\t<\/span>\n\t\t\t\t\t\t<\/span>\n\t\t\t\t\t<\/a>\n\t\t\t\t\t<\/li><li class=\"ult_tab_li ult_tab_style_4 tab-actu\" data-iconcolor=\"#74777b\" data-iconhover=\"#ffffff\" style=\"background-color:#ffffff;border-color:transparent;border-width:0px;border-style:solid;\">\n\t\t\t\t\t<a href=\"#1642541668521-11-5\"  id=\"1642541668521-11-5\"  style=\"color:#13597d;;   \" class=\"ult_a ult_tab_style_4 \">\n\t\t\t\t\t     <span class=\"ult_tab_main Both \">\n\t\t\t\t\t \t\t <span class=\"ult_tab_section\">\n\t\t\t\t\t   \t\t\t<span  data-ultimate-target='#advanced-tabs-wrap-6467 .ult-span-text'  data-responsive-json-new='{\"font-size\":\"desktop:15px;\",\"line-height\":\"\"}'  class=\"ult-span-text no_icon ult_tab_display_text ult-responsive\" style=\";\">Aides individuelles et d\u00e9fense en justice<\/span>\n\t\t\t\t\t   \t\t<\/span>\n\t\t\t\t\t\t<\/span>\n\t\t\t\t\t<\/a>\n\t\t\t\t\t<\/li><li class=\"ult_tab_li ult_tab_style_4 tab-actu\" data-iconcolor=\"#74777b\" data-iconhover=\"#ffffff\" style=\"background-color:#ffffff;border-color:transparent;border-width:0px;border-style:solid;\">\n\t\t\t\t\t<a href=\"#1642541642960-4-7\"  id=\"1642541642960-4-7\"  style=\"color:#13597d;;   \" class=\"ult_a ult_tab_style_4 \">\n\t\t\t\t\t     <span class=\"ult_tab_main Both \">\n\t\t\t\t\t \t\t <span class=\"ult_tab_section\">\n\t\t\t\t\t   \t\t\t<span  data-ultimate-target='#advanced-tabs-wrap-6467 .ult-span-text'  data-responsive-json-new='{\"font-size\":\"desktop:15px;\",\"line-height\":\"\"}'  class=\"ult-span-text no_icon ult_tab_display_text ult-responsive\" style=\";\">AJPro: formations permanentes<\/span>\n\t\t\t\t\t   \t\t<\/span>\n\t\t\t\t\t\t<\/span>\n\t\t\t\t\t<\/a>\n\t\t\t\t\t<\/li><li class=\"ult_tab_li ult_tab_style_4 tab-actu\" data-iconcolor=\"#74777b\" data-iconhover=\"#ffffff\" style=\"background-color:#ffffff;border-color:transparent;border-width:0px;border-style:solid;\">\n\t\t\t\t\t<a href=\"#1642541646834-5-3\"  id=\"1642541646834-5-3\"  style=\"color:#13597d;;   \" class=\"ult_a ult_tab_style_4 \">\n\t\t\t\t\t     <span class=\"ult_tab_main Both \">\n\t\t\t\t\t \t\t <span class=\"ult_tab_section\">\n\t\t\t\t\t   \t\t\t<span  data-ultimate-target='#advanced-tabs-wrap-6467 .ult-span-text'  data-responsive-json-new='{\"font-size\":\"desktop:15px;\",\"line-height\":\"\"}'  class=\"ult-span-text no_icon ult_tab_display_text ult-responsive\" style=\";\">Journalistes en classe<\/span>\n\t\t\t\t\t   \t\t<\/span>\n\t\t\t\t\t\t<\/span>\n\t\t\t\t\t<\/a>\n\t\t\t\t\t<\/li><li class=\"ult_tab_li ult_tab_style_4 tab-actu\" data-iconcolor=\"#74777b\" data-iconhover=\"#ffffff\" style=\"background-color:#ffffff;border-color:transparent;border-width:0px;border-style:solid;\">\n\t\t\t\t\t<a href=\"#1642541649349-6-2\"  id=\"1642541649349-6-2\"  style=\"color:#13597d;;   \" class=\"ult_a ult_tab_style_4 \">\n\t\t\t\t\t     <span class=\"ult_tab_main Both \">\n\t\t\t\t\t \t\t <span class=\"ult_tab_section\">\n\t\t\t\t\t   \t\t\t<span  data-ultimate-target='#advanced-tabs-wrap-6467 .ult-span-text'  data-responsive-json-new='{\"font-size\":\"desktop:15px;\",\"line-height\":\"\"}'  class=\"ult-span-text no_icon ult_tab_display_text ult-responsive\" style=\";\">\u00c9galit\u00e9 et diversit\u00e9<\/span>\n\t\t\t\t\t   \t\t<\/span>\n\t\t\t\t\t\t<\/span>\n\t\t\t\t\t<\/a>\n\t\t\t\t\t<\/li><li class=\"ult_tab_li ult_tab_style_4 tab-actu\" data-iconcolor=\"#74777b\" data-iconhover=\"#ffffff\" style=\"background-color:#ffffff;border-color:transparent;border-width:0px;border-style:solid;\">\n\t\t\t\t\t<a href=\"#1642541652725-7-1\"  id=\"1642541652725-7-1\"  style=\"color:#13597d;;   \" class=\"ult_a ult_tab_style_4 \">\n\t\t\t\t\t     <span class=\"ult_tab_main Both \">\n\t\t\t\t\t \t\t <span class=\"ult_tab_section\">\n\t\t\t\t\t   \t\t\t<span  data-ultimate-target='#advanced-tabs-wrap-6467 .ult-span-text'  data-responsive-json-new='{\"font-size\":\"desktop:15px;\",\"line-height\":\"\"}'  class=\"ult-span-text no_icon ult_tab_display_text ult-responsive\" style=\";\">Membres et renouvellement<\/span>\n\t\t\t\t\t   \t\t<\/span>\n\t\t\t\t\t\t<\/span>\n\t\t\t\t\t<\/a>\n\t\t\t\t\t<\/li><li class=\"ult_tab_li ult_tab_style_4 tab-actu\" data-iconcolor=\"#74777b\" data-iconhover=\"#ffffff\" style=\"background-color:#ffffff;border-color:transparent;border-width:0px;border-style:solid;\">\n\t\t\t\t\t<a href=\"#1642541656042-8-7\"  id=\"1642541656042-8-7\"  style=\"color:#13597d;;   \" class=\"ult_a ult_tab_style_4 \">\n\t\t\t\t\t     <span class=\"ult_tab_main Both \">\n\t\t\t\t\t \t\t <span class=\"ult_tab_section\">\n\t\t\t\t\t   \t\t\t<span  data-ultimate-target='#advanced-tabs-wrap-6467 .ult-span-text'  data-responsive-json-new='{\"font-size\":\"desktop:15px;\",\"line-height\":\"\"}'  class=\"ult-span-text no_icon ult_tab_display_text ult-responsive\" style=\";\">Equipe et conseil de direction<\/span>\n\t\t\t\t\t   \t\t<\/span>\n\t\t\t\t\t\t<\/span>\n\t\t\t\t\t<\/a>\n\t\t\t\t\t<\/li><li class=\"ult_tab_li ult_tab_style_4 tab-actu\" data-iconcolor=\"#74777b\" data-iconhover=\"#ffffff\" style=\"background-color:#ffffff;border-color:transparent;border-width:0px;border-style:solid;\">\n\t\t\t\t\t<a href=\"#1642541663904-10-8\"  id=\"1642541663904-10-8\"  style=\"color:#13597d;;   \" class=\"ult_a ult_tab_style_4 \">\n\t\t\t\t\t     <span class=\"ult_tab_main Both \">\n\t\t\t\t\t \t\t <span class=\"ult_tab_section\">\n\t\t\t\t\t   \t\t\t<span  data-ultimate-target='#advanced-tabs-wrap-6467 .ult-span-text'  data-responsive-json-new='{\"font-size\":\"desktop:15px;\",\"line-height\":\"\"}'  class=\"ult-span-text no_icon ult_tab_display_text ult-responsive\" style=\";\">Finances de l\u2019Union professionnelle<\/span>\n\t\t\t\t\t   \t\t<\/span>\n\t\t\t\t\t\t<\/span>\n\t\t\t\t\t<\/a>\n\t\t\t\t\t<\/li><li class=\"ult_tab_li ult_tab_style_4 tab-actu\" data-iconcolor=\"#74777b\" data-iconhover=\"#ffffff\" style=\"background-color:#ffffff;border-color:transparent;border-width:0px;border-style:solid;\">\n\t\t\t\t\t<a href=\"#1642541659646-9-1\"  id=\"1642541659646-9-1\"  style=\"color:#13597d;;   \" class=\"ult_a ult_tab_style_4 \">\n\t\t\t\t\t     <span class=\"ult_tab_main Both \">\n\t\t\t\t\t \t\t <span class=\"ult_tab_section\">\n\t\t\t\t\t   \t\t\t<span  data-ultimate-target='#advanced-tabs-wrap-6467 .ult-span-text'  data-responsive-json-new='{\"font-size\":\"desktop:15px;\",\"line-height\":\"\"}'  class=\"ult-span-text no_icon ult_tab_display_text ult-responsive\" style=\";\">Communication et r\u00e9seaux sociaux<\/span>\n\t\t\t\t\t   \t\t<\/span>\n\t\t\t\t\t\t<\/span>\n\t\t\t\t\t<\/a>\n\t\t\t\t\t<\/li><li class=\"ult_tab_li ult_tab_style_4 tab-actu\" data-iconcolor=\"#74777b\" data-iconhover=\"#ffffff\" style=\"background-color:#ffffff;border-color:transparent;border-width:0px;border-style:solid;border-top-right-radius:8px;\">\n\t\t\t\t\t<a href=\"#1642541676815-12-9\"  id=\"1642541676815-12-9\"  style=\"color:#13597d;;   \" class=\"ult_a ult_tab_style_4 \">\n\t\t\t\t\t     <span class=\"ult_tab_main Both \">\n\t\t\t\t\t \t\t <span class=\"ult_tab_section\">\n\t\t\t\t\t   \t\t\t<span  data-ultimate-target='#advanced-tabs-wrap-6467 .ult-span-text'  data-responsive-json-new='{\"font-size\":\"desktop:15px;\",\"line-height\":\"\"}'  class=\"ult-span-text no_icon ult_tab_display_text ult-responsive\" style=\";\">M\u00e9dias, colloques, jurys et d\u00e9bats<\/span>\n\t\t\t\t\t   \t\t<\/span>\n\t\t\t\t\t\t<\/span>\n\t\t\t\t\t<\/a>\n\t\t\t\t\t<\/li><\/ul><div  data-ultimate-target='#advanced-tabs-desc-wrap-3901 .ult_tabcontent .ult_tab_min_contain  p'  data-responsive-json-new='{\"font-size\":\"\",\"line-height\":\"\"}' class=\"ult_tabcontent ult-responsive style1\" style=\"color:#74777b;\"><div class=\"ult_tab_min_contain \" >\n\t\t\t<div  class=\"ult_tabitemname\"  >\n\t\t\t\t[vc_row_inner content_placement=\u00a0\u00bbmiddle\u00a0\u00bb css=\u00a0\u00bb.vc_custom_1641395843216{margin-top: 90px !important;}\u00a0\u00bb][vc_column_inner width=\u00a0\u00bb1\/3&Prime;][vc_separator color=\u00a0\u00bbcustom\u00a0\u00bb align=\u00a0\u00bbalign_right\u00a0\u00bb border_width=\u00a0\u00bb3&Prime; el_width=\u00a0\u00bb60&Prime; accent_color=\u00a0\u00bb#3588bf\u00a0\u00bb][\/vc_column_inner][vc_column_inner width=\u00a0\u00bb1\/3&Prime;][vc_column_text]<\/p>\n<h2 style=\"text-align: center;\">Informer en temps de Covid<\/h2>\n<p>[\/vc_column_text][\/vc_column_inner][vc_column_inner width=\u00a0\u00bb1\/3&Prime;][vc_separator color=\u00a0\u00bbcustom\u00a0\u00bb align=\u00a0\u00bbalign_left\u00a0\u00bb border_width=\u00a0\u00bb3&Prime; el_width=\u00a0\u00bb60&Prime; accent_color=\u00a0\u00bb#3588bf\u00a0\u00bb][\/vc_column_inner][\/vc_row_inner][vc_row_inner][vc_column_inner width=\u00a0\u00bb1\/6&Prime;][\/vc_column_inner][vc_column_inner width=\u00a0\u00bb2\/3&Prime;][vc_column_text css=\u00a0\u00bb.vc_custom_1645437776486{padding-top: 25px !important;padding-right: 25px !important;padding-bottom: 25px !important;padding-left: 25px !important;background-color: rgba(255,255,255,0.3) !important;*background-color: rgb(255,255,255) !important;}\u00a0\u00bb]<\/p>\n<h3 style=\"text-align: center;\"><strong>2021, deuxi\u00e8me ann\u00e9e sous le signe de la crise sanitaire : les journalistes et les r\u00e9dactions trinquent.<\/strong><\/h3>\n<p>[\/vc_column_text][vc_column_text css=\u00a0\u00bb.vc_custom_1645436696610{margin-bottom: 80px !important;padding-top: 25px !important;padding-right: 25px !important;padding-bottom: 25px !important;padding-left: 25px !important;background-color: rgba(255,255,255,0.54) !important;*background-color: rgb(255,255,255) !important;}\u00a0\u00bb]Comme dans tous les secteurs d\u2019activit\u00e9s \u2018au front\u2019, de nombreuses r\u00e9dactions sont min\u00e9es par la fatigue, parfois l\u2019\u00e9puisement, les absences pour maladie, pour burn-out. Il n\u2019y a pas que le virus qui en est responsable\u00a0: le climat de haine et de radicalisation augmente sur les r\u00e9seaux sociaux comme sur le terrain\u00a0; la m\u00e9fiance voire l\u2019hostilit\u00e9 d\u2019une partie de la population se fait bruyamment entendre, \u00e0 coup de p\u00e9titions ou de campagnes mails malveillantes. Les insultes et menaces et m\u00eame les violences physiques se multiplient de mani\u00e8re tr\u00e8s inqui\u00e9tante.<\/p>\n<p>&nbsp;<\/p>\n<p>Des informations fantaisistes, tronqu\u00e9es ou volontairement mensong\u00e8res sont cr\u00e9\u00e9es ou relay\u00e9es par de petits m\u00e9dias qui se pr\u00e9sentent comme \u00ab\u00a0alternatifs\u00a0\u00bb ou \u00ab\u00a0activistes\u00a0\u00bb, qui suscitent ou parfois organisent le bashing de la profession, en d\u00e9signant des r\u00e9dactions ou des journalistes \u00e0 la vindicte de leurs sympathisants, tout en pr\u00e9tendant \u00eatre les seuls \u00e0 \u00ab\u00a0\u00eatre des m\u00e9dias libres\u00a0\u00bb et \u00ab \u00e0\u00a0dire la v\u00e9rit\u00e9\u00a0\u00bb ou mieux \u00ab\u00a0\u00e0 respecter la d\u00e9ontologie\u00a0\u00bb.<\/p>\n<p>&nbsp;<\/p>\n<p>A ce climat d\u00e9testable, qui n\u2019est pas propre \u00e0 la Belgique, s\u2019ajoute, particuli\u00e8rement pour les journalistes freelances, une pr\u00e9carit\u00e9 \u00e9conomique aggrav\u00e9e par la crise, et par les rachats ou regroupements de m\u00e9dias qui accroissent les synergies et r\u00e9tr\u00e9cissent le march\u00e9 de la pige.<\/p>\n<p>Enfin, le t\u00e9l\u00e9travail, appliqu\u00e9 \u00e0 g\u00e9om\u00e9trie variable selon les m\u00e9dias, peut aussi \u00eatre v\u00e9cu difficilement\u00a0: certain.e.s doivent t\u00e9l\u00e9travailler dans des conditions peu adapt\u00e9es (locaux, enfants\u2026) et\/ou supportent mal l\u2019isolement social qui en d\u00e9coule.<\/p>\n<p>&nbsp;<\/p>\n<p>Il y aurait beaucoup \u00e0 \u00e9crire sur les transformations op\u00e9r\u00e9es par la crise sanitaire dans notre soci\u00e9t\u00e9. Nous \u00e9pinglons ci-dessous quelques \u00e9l\u00e9ments saillants pour le journalisme et la profession survenus en 2021.[\/vc_column_text][vc_column_text css=\u00a0\u00bb.vc_custom_1645436320204{margin-bottom: 0px !important;padding-top: 10px !important;padding-right: 25px !important;padding-bottom: 10px !important;padding-left: 25px !important;background-color: #3e8bc1 !important;}\u00a0\u00bb el_class=\u00a0\u00bbcontent-block-title\u00a0\u00bb]<\/p>\n<h3><strong>De la m\u00e9fiance \u00e0 la haine, puis \u00e0 la violence<\/strong><\/h3>\n<p>[\/vc_column_text][vc_column_text css=\u00a0\u00bb.vc_custom_1645436706973{margin-bottom: 80px !important;border-bottom-width: 1px !important;border-left-width: 1px !important;padding-top: 25px !important;padding-right: 25px !important;padding-bottom: 25px !important;padding-left: 25px !important;background-color: rgba(255,255,255,0.54) !important;*background-color: rgb(255,255,255) !important;border-left-style: solid !important;border-bottom-style: solid !important;}\u00a0\u00bb el_class=\u00a0\u00bbcontent-block-left\u00a0\u00bb]Des journalistes ont \u00e9t\u00e9 agress\u00e9s alors qu\u2019ils et elles couvraient des manifestations \u2018anti vaxx\u2019 ou \u2018pour les libert\u00e9s\u2019\u00a0: en janvier, mars puis d\u00e9but avril, <a href=\"https:\/\/www.rtbf.be\/article\/journalope-collaboon-va-te-pendre-quand-les-agressions-verbales-et-les-menaces-se-multiplient-pour-les-journalistes-de-terrain-10744941\">des journalistes de la RTBF ont \u00e9t\u00e9 insult\u00e9s<\/a> en marge de manifestations \u00ab\u00a0contre la dictature sanitaire\u00a0\u00bb.<\/p>\n<p>Le 21 d\u00e9cembre, <a href=\"https:\/\/www.lavenir.net\/cnt\/dmf20211220_01647678\/covid-un-journaliste-de-la-rtbf-agresse-lors-de-la-manifestation-contre-l-obligation-vaccinale\">Eric Boever (RTBF)<\/a> a \u00e9t\u00e9 injuri\u00e9, bouscul\u00e9 puis agress\u00e9 par un jet au poivre dans les yeux. Il a d\u00fb \u00eatre hospitalis\u00e9.<\/p>\n<p>D\u00e9but janvier, deux <a href=\"http:\/\/www.ajp.be\/communique-lagression-dune-equipe-de-bx1-ne-peut-rester-sans-suite\/\">journalistes de BX1 ont \u00e9t\u00e9 agress\u00e9es<\/a> physiquement par des manifestants.<\/p>\n<p>&nbsp;<\/p>\n<p><img loading=\"lazy\" class=\"size-full wp-image-120 alignleft\" src=\"http:\/\/ag.ajp.be\/wp-content\/uploads\/2022\/02\/AG22-1-1.png\" alt=\"\" width=\"224\" height=\"188\" \/>L\u2019AJP a d\u00e9nonc\u00e9 syst\u00e9matiquement ces agressions et s\u2019est jointe, par constitution de partie civile, aux plaintes introduites par les journalistes et les m\u00e9dias.<\/p>\n<p>&nbsp;<\/p>\n<p>Les r\u00e9dactions ont renforc\u00e9 les pr\u00e9cautions et mesures de s\u00e9curit\u00e9\u00a0: \u00e9quipement, formations, gardes du corps dans certaines situations, d\u00e9siglage des v\u00e9hicules,\u2026<\/p>\n<p>&nbsp;<\/p>\n<p>La revue Journalistes de mai a <a href=\"http:\/\/www.ajp.be\/telechargements\/dossiers\/236_dossier.pdf\">consacr\u00e9 son dossier<\/a> aux violences contre les journalistes, en \u00e9voquant \u00e9galement leurs cons\u00e9quences post traumatiques, les possibilit\u00e9s de formations (notamment \u00e0 AJPro), le rapport inqui\u00e9tant de la <a href=\"https:\/\/fom.coe.int\/accueil?langue=fr-FR\">Plateforme pour renforcer la protection du journalisme et la s\u00e9curit\u00e9 des journalistes<\/a> du Conseil de l\u2019Europe.<\/p>\n<p>&nbsp;<\/p>\n<p>Le passage \u00e0 l\u2019acte violent contre des journalistes marque un tournant tr\u00e8s pr\u00e9occupant, dans un espace public qui jusque-l\u00e0 n\u2019\u00e9tait pas une \u00ab\u00a0no go zone\u00a0\u00bb. Cette radicalisation est aussi entretenue, voire l\u00e9gitim\u00e9e, par les propos de certains responsables (\u00a0?) politiques qui, \u00e0 l\u2019image des Trump, Salvini, Orban ou Zemmour, s\u2019en prennent publiquement aux journalistes dont ils n\u2019appr\u00e9cient pas le travail.<\/p>\n<p>[\/vc_column_text][vc_column_text css=\u00a0\u00bb.vc_custom_1645436574998{margin-bottom: 0px !important;padding-top: 10px !important;padding-right: 25px !important;padding-bottom: 10px !important;padding-left: 25px !important;background-color: #3e8bc1 !important;}\u00a0\u00bb el_class=\u00a0\u00bbcontent-block-title-reverse\u00a0\u00bb]<\/p>\n<h3><strong>Cyberhaine, cyberharc\u00e8lement, cyberviolence<\/strong><\/h3>\n<p>[\/vc_column_text][vc_column_text css=\u00a0\u00bb.vc_custom_1645436715874{margin-bottom: 80px !important;padding-top: 25px !important;padding-right: 25px !important;padding-bottom: 25px !important;padding-left: 25px !important;background-color: rgba(255,255,255,0.54) !important;*background-color: rgb(255,255,255) !important;}\u00a0\u00bb el_class=\u00a0\u00bbcontent-block-right\u00a0\u00bb]Les insultes, menaces ou propos haineux sur les r\u00e9seaux sociaux sont quotidiens pour certain.e.s journalistes. Il semble que la crise sanitaire a aggrav\u00e9 la cyberhaine. S\u2019y sont ajout\u00e9s aussi en 2021, des raids organis\u00e9s par mails du type \u00ab\u00a0Bousculons les journalistes\u00a0\u00bb\u00a0: des milliers de mails adress\u00e9s \u00e0 des centaines de journalistes, avec un modus operandi organis\u00e9 comme un plan de bataille. Plainte a \u00e9t\u00e9 d\u00e9pos\u00e9e dans ce dossier et un juge d\u2019instruction a \u00e9t\u00e9 d\u00e9sign\u00e9.<\/p>\n<p>&nbsp;<\/p>\n<p>Les messageries et les r\u00e9seaux sociaux de l\u2019AJP ont aussi \u00e9t\u00e9 pris pour cible par des sympathisants de Kairos et d\u2019Alexandre Penasse, qui nous reprochent en vrac de ne pas d\u00e9fendre \u00ab\u00a0la seule presse libre et ind\u00e9pendante\u00a0\u00bb, d\u2019avoir <a href=\"http:\/\/www.ajp.be\/carte-de-presse-dissiper-un-malentendu\/\">retir\u00e9 sa carte<\/a> \u00e0 A. Penasse, de ne pas le soutenir, bref de ne pas faire notre boulot (les termes utilis\u00e9s sont souvent bien plus grossiers, nous avons aussi \u00e9t\u00e9 accus\u00e9s de mensonge, de corruption et m\u00eame de complicit\u00e9 de g\u00e9nocide). Ces sympathisants ont \u00e9galement organis\u00e9 deux marches sur le si\u00e8ge de l\u2019AJP et deux p\u00e9titions en ligne.[\/vc_column_text][vc_column_text css=\u00a0\u00bb.vc_custom_1645436615309{margin-bottom: 0px !important;padding-top: 10px !important;padding-right: 25px !important;padding-bottom: 10px !important;padding-left: 25px !important;background-color: #3e8bc1 !important;}\u00a0\u00bb el_class=\u00a0\u00bbcontent-block-title\u00a0\u00bb]<\/p>\n<h3><strong>L\u2019AJP soutient les journalistes<\/strong><\/h3>\n<p>[\/vc_column_text][vc_column_text css=\u00a0\u00bb.vc_custom_1645436633492{border-bottom-width: 1px !important;border-left-width: 1px !important;padding-top: 25px !important;padding-right: 25px !important;padding-bottom: 25px !important;padding-left: 25px !important;background-color: rgba(255,255,255,0.54) !important;*background-color: rgb(255,255,255) !important;border-left-style: solid !important;border-bottom-style: solid !important;}\u00a0\u00bb el_class=\u00a0\u00bbcontent-block-left\u00a0\u00bb]Dans ce climat d\u00e9l\u00e9t\u00e8re, l\u2019AJP souhaite rappeler l\u2019importance du journalisme professionnel, du pluralisme des m\u00e9dias et de leur responsabilit\u00e9 d\u00e9ontologique assum\u00e9e. L\u2019importance \u00e9galement de r\u00e9aliser des investissements constants dans les r\u00e9dactions et dans les moyens r\u00e9dactionnels. L\u2019AJP souligne positivement les efforts de formation, de vulgarisation, de recherche et de travail d\u2019enqu\u00eate qui ont \u00e9t\u00e9 fournis par les journalistes professionnel.le.s. En esp\u00e9rant que 2022 leur permette de tourner des pages plus l\u00e9g\u00e8res.[\/vc_column_text][\/vc_column_inner][vc_column_inner width=\u00a0\u00bb1\/6&Prime;][\/vc_column_inner][\/vc_row_inner]\n\t\t\t<\/div>\n\t\t\t<div  class=\"ult_tabitemname\"  >\n\t\t\t\t[vc_row_inner content_placement=\u00a0\u00bbmiddle\u00a0\u00bb css=\u00a0\u00bb.vc_custom_1641395843216{margin-top: 90px !important;}\u00a0\u00bb][vc_column_inner width=\u00a0\u00bb1\/3&Prime;][vc_separator color=\u00a0\u00bbcustom\u00a0\u00bb align=\u00a0\u00bbalign_right\u00a0\u00bb border_width=\u00a0\u00bb3&Prime; el_width=\u00a0\u00bb60&Prime; accent_color=\u00a0\u00bb#3588bf\u00a0\u00bb][\/vc_column_inner][vc_column_inner width=\u00a0\u00bb1\/3&Prime;][vc_column_text]<\/p>\n<h2 style=\"text-align: center;\">Fond Freelance<\/h2>\n<p>[\/vc_column_text][\/vc_column_inner][vc_column_inner width=\u00a0\u00bb1\/3&Prime;][vc_separator color=\u00a0\u00bbcustom\u00a0\u00bb align=\u00a0\u00bbalign_left\u00a0\u00bb border_width=\u00a0\u00bb3&Prime; el_width=\u00a0\u00bb60&Prime; accent_color=\u00a0\u00bb#3588bf\u00a0\u00bb][\/vc_column_inner][\/vc_row_inner][vc_row_inner][vc_column_inner width=\u00a0\u00bb1\/6&Prime;][\/vc_column_inner][vc_column_inner width=\u00a0\u00bb2\/3&Prime;][vc_column_text css=\u00a0\u00bb.vc_custom_1643632353895{padding-top: 25px !important;padding-right: 25px !important;padding-bottom: 25px !important;padding-left: 25px !important;background-color: rgba(255,255,255,0.54) !important;*background-color: rgb(255,255,255) !important;}\u00a0\u00bb]<\/p>\n<div>\n<header>\n<h3><strong>Cr\u00e9\u00e9 \u00e0 l\u2019initiative de l\u2019AJP en 2020, le Fonds freelance a poursuivi son soutien financier aux journalistes ind\u00e9pendants en 2021. Au final 700 bourses de 700\u00a0 \u20ac auront permis de soutenir 455 journalistes freelances.<\/strong><\/h3>\n<\/header>\n<\/div>\n<p>[\/vc_column_text][\/vc_column_inner][vc_column_inner width=\u00a0\u00bb1\/6&Prime;][\/vc_column_inner][\/vc_row_inner][vc_row_inner][vc_column_inner width=\u00a0\u00bb1\/6&Prime;][\/vc_column_inner][vc_column_inner width=\u00a0\u00bb2\/3&Prime;][vc_column_text css=\u00a0\u00bb.vc_custom_1645018019325{margin-bottom: 80px !important;padding-top: 25px !important;padding-right: 25px !important;padding-bottom: 25px !important;padding-left: 25px !important;background-color: rgba(255,255,255,0.54) !important;*background-color: rgb(255,255,255) !important;}\u00a0\u00bb]D\u00e8s le d\u00e9but de la crise sanitaire, l\u2019AJP s\u2019\u00e9tait mobilis\u00e9e pour que les plus pr\u00e9caris\u00e9s du secteur m\u00e9dias puissent obtenir des aides. Des concertations ont eu lieu avec le cabinet de la ministre des M\u00e9dias, B\u00e9n\u00e9dicte Linard. Le 30 avril 2020, le Gouvernement de la F\u00e9d\u00e9ration Wallonie-Bruxelles adoptait un plan de soutien aux m\u00e9dias mais aussi aux journalistes (<a href=\"https:\/\/www.journalistefreelance.be\/IMG\/pdf\/arrete-signe_subv-complementaire_ajp-fonds-journalisme-d-investigation.pdf\">voir l\u2019arr\u00eat\u00e9 minist\u00e9riel<\/a>). Le 20 mai 2020, le gouvernement ent\u00e9rinait le soutien aux journalistes freelances, pour un montant de 550.000 \u20ac.<\/p>\n<p>Ce montant a techniquement \u00e9t\u00e9 octroy\u00e9 au Fonds pour le journalisme. Afin de soutenir les freelances tout en respectant les r\u00e8gles de fonctionnement du Fonds, un appel sp\u00e9cifique \u00ab\u00a0Fonds Freelance\u00a0\u00bb (<a href=\"https:\/\/www.journalistefreelance.be\/IMG\/pdf\/reglement-fonds-freelance.pdf\">avec son propre r\u00e8glement<\/a>) a \u00e9t\u00e9 lanc\u00e9 d\u00e8s le 5 juin 2020. Le Fonds freelance n\u2019a pas \u00e9puis\u00e9 tous ses moyens en 2020. L\u2019AJP a demand\u00e9 une prolongation du m\u00e9canisme en 2021.<\/p>\n<p>Lors de sa s\u00e9ance du 18 mars 2021, le Gouvernement de la F\u00e9d\u00e9ration Wallonie-Bruxelles a r\u00e9pondu positivement \u00e0 la demande de l\u2019AJP. Le Fonds freelance a organis\u00e9 3 appels suppl\u00e9mentaires. L\u2019initiative s\u2019est finalement cl\u00f4tur\u00e9e le 31 octobre 2021.[\/vc_column_text][vc_column_text css=\u00a0\u00bb.vc_custom_1645017494691{margin-bottom: 0px !important;padding-top: 10px !important;padding-right: 25px !important;padding-bottom: 10px !important;padding-left: 25px !important;background-color: #3e8bc1 !important;}\u00a0\u00bb el_class=\u00a0\u00bbcontent-block-title\u00a0\u00bb]<\/p>\n<h3><strong>Calendrier des appels<\/strong><\/h3>\n<p>[\/vc_column_text][vc_column_text css=\u00a0\u00bb.vc_custom_1645018030370{margin-bottom: 80px !important;border-bottom-width: 1px !important;border-left-width: 1px !important;padding-top: 25px !important;padding-right: 25px !important;padding-bottom: 25px !important;padding-left: 25px !important;background-color: rgba(255,255,255,0.54) !important;*background-color: rgb(255,255,255) !important;border-left-style: solid !important;border-bottom-style: solid !important;}\u00a0\u00bb el_class=\u00a0\u00bbcontent-block-left\u00a0\u00bb]Au total, ce sont cinq appels qui se sont suivis au cours des deux derni\u00e8res ann\u00e9es.<\/p>\n<ul>\n<li>1er appel\u00a0:\u00a0 20 mai au 31 juillet 2020,<\/li>\n<li>2e appel\u00a0: du 1<sup>er<\/sup> ao\u00fbt au 31 d\u00e9cembre 2020.<\/li>\n<li>3e appel\u00a0: du 1<sup>er<\/sup> avril 2021 au 1er mai 2021 (r\u00e9serv\u00e9 aux journalistes n\u2019ayant pas b\u00e9n\u00e9fici\u00e9 du fonds en 2020)<\/li>\n<li>4<sup>e<\/sup> appel\u00a0: du 1<sup>er<\/sup> mai 2021 au 31 mai 2021<\/li>\n<li>5e appel\u00a0: du 1<sup>er<\/sup> juin au 31 octobre 2021<\/li>\n<\/ul>\n<p>[\/vc_column_text][vc_column_text css=\u00a0\u00bb.vc_custom_1645017531987{padding-right: 25px !important;padding-left: 25px !important;}\u00a0\u00bb el_class=\u00a0\u00bbcontent-block-title-reverse\u00a0\u00bb]<\/p>\n<h3><strong>Bourses \u00e0 la production de 700\u20ac<\/strong><\/h3>\n<p>[\/vc_column_text][vc_column_text css=\u00a0\u00bb.vc_custom_1645017555789{padding-top: 25px !important;padding-right: 25px !important;padding-bottom: 25px !important;padding-left: 25px !important;background-color: rgba(255,255,255,0.54) !important;*background-color: rgb(255,255,255) !important;}\u00a0\u00bb el_class=\u00a0\u00bbcontent-block-right\u00a0\u00bb]Le Fonds freelance a octroy\u00e9 des bourses de soutien \u00e0 la production d\u2019un article, un reportage photo, un sujet radio, un reportage vid\u00e9o, un podcast ou toute autre production journalistique reli\u00e9e, d\u2019une mani\u00e8re ou d\u2019une autre, \u00e0 l\u2019un des th\u00e8mes suivants\u00a0: Le virus de la d\u00e9brouille, Le virus du sport, Le virus de l\u2019art, Le virus des h\u00e9ros comme des gens ordinaires, Le virus de l\u2019invention, Le virus de la solidarit\u00e9, Demain apr\u00e8s le virus\u2026, Tout\u2026 sauf le virus\u00a0!<\/p>\n<p>Cette production a \u00e9t\u00e9 soutenue par une bourse forfaitaire de<strong> 700 euros<\/strong>. Il devait s\u2019agir d\u2019une production originale et in\u00e9dite (pas d\u2019archive). Les projets pouvaient \u00eatre individuels ou collectifs, chaque intervenant b\u00e9n\u00e9ficiant de la bourse. Des formats minima ont \u00e9t\u00e9 d\u00e9termin\u00e9s pour chaque support (photo\u00a0: 8 photos l\u00e9gend\u00e9es\u00a0; radio\u00a0: 3 minutes\u00a0; presse \u00e9crite\u00a0: 4500 signes\u00a0; TV\u00a0: 1\u201930).[\/vc_column_text][vc_round_chart type=\u00a0\u00bbdoughnut\u00a0\u00bb stroke_width=\u00a0\u00bb2&Prime; values=\u00a0\u00bb%5B%7B%22title%22%3A%22Demain%20apr%C3%A8s%20le%20virus%22%2C%22value%22%3A%2281%22%2C%22color%22%3A%22mulled-wine%22%7D%2C%7B%22title%22%3A%22Le%20virus%20de%20l&rsquo;invention%22%2C%22value%22%3A%2211%22%2C%22color%22%3A%22vista-blue%22%7D%2C%7B%22title%22%3A%22Le%20virus%20de%20l&rsquo;art%22%2C%22value%22%3A%2264%22%2C%22color%22%3A%22sandy-brown%22%2C%22custom_color%22%3A%22%23fe6c61%22%7D%2C%7B%22title%22%3A%22Le%20virus%20de%20la%20d%C3%A9brouille%22%2C%22value%22%3A%2242%22%2C%22color%22%3A%22violet%22%2C%22custom_color%22%3A%22%236ab165%22%7D%2C%7B%22title%22%3A%22Le%20virus%20de%20la%20solidarit%C3%A9%22%2C%22value%22%3A%2241%22%2C%22color%22%3A%22juicy-pink%22%2C%22custom_color%22%3A%22%23f7f7f7%22%7D%2C%7B%22title%22%3A%22Le%20virus%20des%20h%C3%A9ros%20comme%20des%20gens%20ordinaires%22%2C%22value%22%3A%2274%22%2C%22color%22%3A%22grey%22%2C%22custom_color%22%3A%22%23555555%22%7D%2C%7B%22title%22%3A%22Le%20virus%20du%20sport%22%2C%22value%22%3A%22100%22%2C%22color%22%3A%22chino%22%2C%22custom_color%22%3A%22%230088cc%22%7D%2C%7B%22title%22%3A%22Tout%20sauf%20le%20virus%22%2C%22value%22%3A%22125%22%2C%22color%22%3A%22orange%22%2C%22custom_color%22%3A%22%23ff9900%22%7D%5D\u00a0\u00bb title=\u00a0\u00bbR\u00e9partition des sujets par cat\u00e9gories\u00a0\u00bb el_class=\u00a0\u00bb.chart\u00a0\u00bb][vc_column_text css=\u00a0\u00bb.vc_custom_1643804085315{padding-right: 25px !important;padding-left: 25px !important;}\u00a0\u00bb el_class=\u00a0\u00bbcontent-block-title\u00a0\u00bb]<\/p>\n<h3><strong>Publication des productions <\/strong><\/h3>\n<p>[\/vc_column_text][vc_column_text css=\u00a0\u00bb.vc_custom_1645018060708{margin-bottom: 80px !important;padding-top: 25px !important;padding-right: 25px !important;padding-bottom: 25px !important;padding-left: 25px !important;background-color: rgba(255,255,255,0.54) !important;*background-color: rgb(255,255,255) !important;}\u00a0\u00bb el_class=\u00a0\u00bbcontent-block-left\u00a0\u00bb]Les reportages soutenus par une bourse ont \u00e9t\u00e9 publi\u00e9s sur la plateforme <a href=\"https:\/\/www.journalistefreelance.be\/Fonds-freelance\">journalistefreelance.be<\/a>. Le b\u00e9n\u00e9ficiaire de la bourse a conc\u00e9d\u00e9 uniquement (mais n\u00e9cessairement) \u00e0 l\u2019AJP une cession des droits primaires pour la plateforme <a href=\"http:\/\/www.journalistefreelance.be\">www.journalistefreelance.be<\/a>. Le.la journaliste est donc rest\u00e9.e titulaire de tous les droits secondaires d\u2019exploitation de sa production et a pu d\u00e8s lors la revendre \u00e0 un m\u00e9dia : le soutien par le Fonds Freelance n\u2019exon\u00e8re en effet pas les m\u00e9dias de r\u00e9mun\u00e9rer la production qu\u2019ils diffusent ![\/vc_column_text][vc_column_text css=\u00a0\u00bb.vc_custom_1643804162536{padding-right: 25px !important;padding-left: 25px !important;}\u00a0\u00bb el_class=\u00a0\u00bbcontent-block-title-reverse\u00a0\u00bb]<\/p>\n<h3><strong>B\u00e9n\u00e9ficiaires<\/strong><\/h3>\n<p>[\/vc_column_text][vc_column_text css=\u00a0\u00bb.vc_custom_1645018107740{margin-bottom: 80px !important;padding-top: 25px !important;padding-right: 25px !important;padding-bottom: 25px !important;padding-left: 25px !important;background-color: rgba(255,255,255,0.54) !important;*background-color: rgb(255,255,255) !important;}\u00a0\u00bb el_class=\u00a0\u00bbcontent-block-right\u00a0\u00bb]<strong>Le Fonds Freelance \u00e9tait accessible<\/strong>\u00a0:<\/p>\n<ul>\n<li>aux journalistes professionnel.le.s (information g\u00e9n\u00e9rale) ou \u00ab\u00a0de profession\u00a0\u00bb (information sp\u00e9cialis\u00e9e), ind\u00e9pendant.e.s, agr\u00e9\u00e9.e.s conform\u00e9ment aux dispositions l\u00e9gales (Loi du 30 d\u00e9cembre 1963, Arr\u00eat\u00e9 royal du 12 avril 1965)<\/li>\n<li>aux journalistes stagiaires, admis au stage en vertu de la m\u00eame loi, ind\u00e9pendant.e.s.<\/li>\n<li>aux collaborateur.trice.s de presse, ind\u00e9pendant.e.s, reconnu.e.s par l\u2019AJP,<\/li>\n<\/ul>\n<p><strong>Par \u00ab\u00a0ind\u00e9pendant.e.s\u00a0\u00bb, on entend<\/strong> ind\u00e9pendant.e.s \u00e0 titre principal, ind\u00e9pendant.e.s \u00e0 titre compl\u00e9mentaire, int\u00e9rimaires ou facturant leur travail par l\u2019interm\u00e9diaire de structures de type \u00ab\u00a0Smart\u00a0\u00bb ou \u00ab\u00a0Merveille\u00a0\u00bb, ou \u00ab\u00a0pigistes-salari\u00e9s\u00a0\u00bb ou tout autre statut social que l\u2019AJP assimilerait sur d\u00e9cision individuelle.<\/p>\n<p>&nbsp;<\/p>\n<p>Ils.elles ont d\u00fb attester sur l\u2019honneur que leurs revenus ont \u00e9t\u00e9 affect\u00e9s par les mesures d\u00e9cid\u00e9es par le gouvernement f\u00e9d\u00e9ral pour limiter la propagation du COVID-19.<\/p>\n<p>Le Fonds Freelance n\u2019\u00e9tait pas accessible aux journalistes salari\u00e9.e.s, sauf aux salari\u00e9.e.s qui sont \u00e9galement ind\u00e9pendant.e.s \u00e0 titre compl\u00e9mentaire et r\u00e9pondent par ailleurs aux conditions \u00e9nonc\u00e9es ci-dessus.[\/vc_column_text][vc_column_text css=\u00a0\u00bb.vc_custom_1643804200771{padding-right: 25px !important;padding-left: 25px !important;}\u00a0\u00bb el_class=\u00a0\u00bbcontent-block-title\u00a0\u00bb]<\/p>\n<h3><strong>Jury<\/strong><\/h3>\n<p>[\/vc_column_text][vc_column_text css=\u00a0\u00bb.vc_custom_1645018069796{margin-bottom: 80px !important;padding-top: 25px !important;padding-right: 25px !important;padding-bottom: 25px !important;padding-left: 25px !important;background-color: rgba(255,255,255,0.54) !important;*background-color: rgb(255,255,255) !important;}\u00a0\u00bb el_class=\u00a0\u00bbcontent-block-left\u00a0\u00bb]Les reportages soutenus par une bourse ont \u00e9t\u00e9 publi\u00e9s sur la plateforme <a href=\"https:\/\/www.journalistefreelance.be\/Fonds-freelance\">journalistefreelance.be<\/a>. Le b\u00e9n\u00e9ficiaire de la bourse a conc\u00e9d\u00e9 uniquement (mais n\u00e9cessairement) \u00e0 l\u2019AJP une cession des droits primaires pour la plateforme <a href=\"http:\/\/www.journalistefreelance.be\">www.journalistefreelance.be<\/a>. Le.la journaliste est donc rest\u00e9.e titulaire de tous les droits secondaires d\u2019exploitation de sa production et a pu d\u00e8s lors la revendre \u00e0 un m\u00e9dia : le soutien par le Fonds Freelance n\u2019exon\u00e8re en effet pas les m\u00e9dias de r\u00e9mun\u00e9rer la production qu\u2019ils diffusent ![\/vc_column_text][vc_column_text css=\u00a0\u00bb.vc_custom_1645017582485{padding-top: 10px !important;padding-right: 25px !important;padding-bottom: 10px !important;padding-left: 25px !important;background-color: rgba(243,75,24,0.8) !important;*background-color: rgb(243,75,24) !important;}\u00a0\u00bb el_class=\u00a0\u00bb.content-block-title-reverse\u00a0\u00bb]<\/p>\n<h3><strong>Bilan<\/strong><\/h3>\n<p>[\/vc_column_text][vc_column_text css=\u00a0\u00bb.vc_custom_1645018078207{margin-bottom: 80px !important;padding-top: 25px !important;padding-right: 25px !important;padding-bottom: 25px !important;padding-left: 25px !important;background-color: rgba(255,255,255,0.54) !important;*background-color: rgb(255,255,255) !important;}\u00a0\u00bb el_class=\u00a0\u00bb.content-block-right\u00a0\u00bb]En 2 ans, le Fonds freelance aura attribu\u00e9 700 bourses \u00e0 la production journalistique r\u00e9parties entre 455 journalistes freelances.<\/p>\n<p>Toutes les productions soutenues par les bourses du Fonds freelance sont visibles ici\u00a0: <a href=\"https:\/\/www.journalistefreelance.be\/Fonds-freelance\">https:\/\/www.journalistefreelance.be\/Fonds-freelance<\/a>. Des tris par support m\u00e9dia (radio, tv, presse \u00e9crite, photo,\u2026) ou par th\u00e8me sont possible.[\/vc_column_text][\/vc_column_inner][vc_column_inner width=\u00a0\u00bb1\/6&Prime;][\/vc_column_inner][\/vc_row_inner]\n\t\t\t<\/div>\n\t\t\t<div  class=\"ult_tabitemname\"  >\n\t\t\t\t[vc_row_inner content_placement=\u00a0\u00bbmiddle\u00a0\u00bb css=\u00a0\u00bb.vc_custom_1641395843216{margin-top: 90px !important;}\u00a0\u00bb][vc_column_inner width=\u00a0\u00bb1\/3&Prime;][vc_separator color=\u00a0\u00bbcustom\u00a0\u00bb align=\u00a0\u00bbalign_right\u00a0\u00bb border_width=\u00a0\u00bb3&Prime; el_width=\u00a0\u00bb60&Prime; accent_color=\u00a0\u00bb#3588bf\u00a0\u00bb][\/vc_column_inner][vc_column_inner width=\u00a0\u00bb1\/3&Prime;][vc_column_text]<\/p>\n<h2 style=\"text-align: center;\">Fonds pour le journalisme\u00a0: on double la mise\u00a0!<\/h2>\n<p>[\/vc_column_text][\/vc_column_inner][vc_column_inner width=\u00a0\u00bb1\/3&Prime;][vc_separator color=\u00a0\u00bbcustom\u00a0\u00bb align=\u00a0\u00bbalign_left\u00a0\u00bb border_width=\u00a0\u00bb3&Prime; el_width=\u00a0\u00bb60&Prime; accent_color=\u00a0\u00bb#3588bf\u00a0\u00bb][\/vc_column_inner][\/vc_row_inner][vc_row_inner css=\u00a0\u00bb.vc_custom_1645018257481{margin-bottom: 80px !important;}\u00a0\u00bb][vc_column_inner width=\u00a0\u00bb1\/6&Prime;][\/vc_column_inner][vc_column_inner width=\u00a0\u00bb2\/3&Prime;][vc_column_text css=\u00a0\u00bb.vc_custom_1645438692791{padding-top: 25px !important;padding-right: 25px !important;padding-bottom: 25px !important;padding-left: 25px !important;background-color: rgba(255,255,255,0.3) !important;*background-color: rgb(255,255,255) !important;}\u00a0\u00bb]<\/p>\n<h3>Premi\u00e8re ann\u00e9e du <strong>doublement de la subvention du Fonds pour le journalisme<\/strong>. Depuis d\u00e9but 2021, le Fonds dispose de 400.000 \u20ac \u00e0 distribuer pour soutenir le journalisme de fond, au lieu de 200.000 pr\u00e9c\u00e9demment ; soit 100.000 \u20ac par appel \u00e0 projet. Un nouveau montant qui, de plus, est index\u00e9 ! Le Fonds a donc d\u00fb relever de nouveaux d\u00e9fis, il a multipli\u00e9 les d\u00e9marches vers les journalistes et les m\u00e9dias pour faire rentrer un maximum de projets qualitatifs.<\/h3>\n<p>[\/vc_column_text][vc_column_text css=\u00a0\u00bb.vc_custom_1643633134110{padding-top: 25px !important;padding-right: 25px !important;padding-bottom: 25px !important;padding-left: 25px !important;background-color: rgba(255,255,255,0.54) !important;*background-color: rgb(255,255,255) !important;}\u00a0\u00bb]De courtes vid\u00e9os ont notamment \u00e9t\u00e9 r\u00e9alis\u00e9es pour montrer concr\u00e8tement l\u2019utilit\u00e9 du soutien du Fonds. Elles sont post\u00e9es sur les r\u00e9seaux sociaux et sur le site du Fonds. Suite \u00e0 ces d\u00e9marches on peut dire qu\u2019un premier objectif est atteint\u00a0: 35 bourses ont \u00e9t\u00e9 attribu\u00e9es en 2021, un record.<\/p>\n<p>Un d\u00e9cret avait \u00e9galement \u00e9t\u00e9 adopt\u00e9 par le gouvernement de la FWB pour p\u00e9renniser le Fonds. Mais il restait \u00e0 d\u00e9signer l\u2019op\u00e9rateur qui le g\u00e8rerait pour les cinq prochaines ann\u00e9es. L\u2019AJP a postul\u00e9 et a \u00e9t\u00e9 d\u00e9sign\u00e9e comme <strong>op\u00e9rateur<\/strong> en d\u00e9cembre 2021 pour la p\u00e9riode 2022-2026.[\/vc_column_text][\/vc_column_inner][vc_column_inner width=\u00a0\u00bb1\/6&Prime;][\/vc_column_inner][\/vc_row_inner][vc_row_inner][vc_column_inner width=\u00a0\u00bb1\/6&Prime;][\/vc_column_inner][vc_column_inner width=\u00a0\u00bb2\/3&Prime;][vc_column_text css=\u00a0\u00bb.vc_custom_1643805046060{margin-top: -35px !important;padding-top: 10px !important;padding-right: 25px !important;padding-bottom: 10px !important;padding-left: 25px !important;background-color: rgba(243,75,24,0.81) !important;*background-color: rgb(243,75,24) !important;}\u00a0\u00bb el_class=\u00a0\u00bb.content-block-title\u00a0\u00bb]<\/p>\n<h3><strong>Une ann\u00e9e record<\/strong><\/h3>\n<p>[\/vc_column_text][vc_column_text css=\u00a0\u00bb.vc_custom_1643820771276{padding-top: 25px !important;padding-right: 25px !important;padding-bottom: 25px !important;padding-left: 25px !important;background-color: rgba(255,255,255,0.54) !important;*background-color: rgb(255,255,255) !important;}\u00a0\u00bb el_class=\u00a0\u00bb.content-block-left\u00a0\u00bb]Quatre appels \u00e0 projets ont \u00e9t\u00e9 organis\u00e9s en 2021. Au total, 35 bourses ont \u00e9t\u00e9 attribu\u00e9es, pour un montant record de 355.220 \u20ac. La demande a aussi explos\u00e9\u00a0: 716.650 \u20ac pour l\u2019ann\u00e9e\u00a0! Depuis la cr\u00e9ation du Fonds, fin 2009, le jury du Fonds a accord\u00e9 300 bourses \u00e0 des journalistes. 161 boursiers diff\u00e9rents, dont de nombreux jeunes, et principalement des ind\u00e9pendants (76%).[\/vc_column_text][vc_line_chart x_values=\u00a0\u00bb1er appel;3\u00e8me appel;5\u00e8me appel;7\u00e8me appel;9\u00e8me appel;11\u00e8me appel;13\u00e8me appel;15\u00e8me appel;17\u00e8me appel;19\u00e8me appel;21\u00e8me appel;23\u00e8me appel;25\u00e8me appel;27\u00e8me appel;29\u00e8me appel;31\u00e8me appel;33\u00e8me appel;35\u00e8me appel;37\u00e8me appel;39\u00e8me appel;40\u00e8me appel;41\u00e8me appel;42\u00e8me appel;42\u00e8me appel(COVID);43\u00e8me appel;40\u00e8me appel;45\u00e8me appel;46\u00e8me appel;47\u00e8me appel;48\u00e8me appel;49\u00e8me appel\u00a0\u00bb values=\u00a0\u00bb%5B%7B%22title%22%3A%22Montant%22%2C%22y_values%22%3A%2243750%3B43750%3B36970%3B17230%3B88380%3B43376%3B33231%3B37135%3B47410%3B44013%3B64728%3B57500%3B53134%3B28607%3B53267%3B55065%3B46685%3B34522%3B39780%3B56800%3B43200%3B54256%3B31200%3B16500%3B72113%3B23648%3B60035%3B67710%3B78180%3B107778%3B99542%22%2C%22color%22%3A%22vista-blue%22%7D%5D\u00a0\u00bb][vc_column_text css=\u00a0\u00bb.vc_custom_1643821195797{padding-top: 25px !important;padding-right: 25px !important;padding-bottom: 25px !important;padding-left: 25px !important;background-color: rgba(255,255,255,0.54) !important;*background-color: rgb(255,255,255) !important;}\u00a0\u00bb el_class=\u00a0\u00bb.content-block-left\u00a0\u00bb]Record aussi en termes de <strong>sujets termin\u00e9s et diffus\u00e9s<\/strong>\u00a0: 28 l\u2019ont \u00e9t\u00e9 en 2021. Ils montrent bien l\u2019importance de cette aide apport\u00e9e aux journalistes pour leur permettre d\u2019approfondir leur sujet d\u2019enqu\u00eate, d\u2019investigation, de grand reportage mais aussi de tout sujet d\u2019actualit\u00e9 auquel une plus-value est ajout\u00e9e. Tous ces sujets sont pr\u00e9sent\u00e9s sur le site vitrine du Fonds\u00a0: <a href=\"https:\/\/fondspourlejournalisme.be\/vitrine\/\">https:\/\/fondspourlejournalisme.be\/vitrine<\/a>[\/vc_column_text][vc_line_chart x_values=\u00a0\u00bb2009;2010;2011;2012;2013;2014;2015;2016;2017;2018;2019;2020;2021&Prime; values=\u00a0\u00bb%5B%7B%22title%22%3A%22Projets%20soutenus%22%2C%22y_values%22%3A%226%3B20%3B23%3B20%3B24%3B24%3B20%3B27%3B25%3B22%3B24%3B30%3B35%22%2C%22color%22%3A%22pink%22%7D%5D\u00a0\u00bb el_class=\u00a0\u00bbgraph\u00a0\u00bb][vc_column_text css=\u00a0\u00bb.vc_custom_1645015341970{padding-top: 25px !important;padding-right: 25px !important;padding-bottom: 25px !important;padding-left: 25px !important;background-color: rgba(255,255,255,0.54) !important;*background-color: rgb(255,255,255) !important;}\u00a0\u00bb el_class=\u00a0\u00bb.content-block-left\u00a0\u00bb]Une tr\u00e8s bonne ann\u00e9e aussi par le nombre de <strong>prix re\u00e7us<\/strong> par des journalistes boursiers du Fonds. 11 ont \u00e9t\u00e9 prim\u00e9s en 2021, en Belgique et \u00e0 l\u2019\u00e9tranger et notamment pour un podcast sur la cryptomonnaie.<\/p>\n<p>Le Fonds a aussi organis\u00e9 une apr\u00e8s-midi de r\u00e9flexion avec son jury afin d\u2019optimiser son fonctionnement et pour se pr\u00e9parer \u00e0 mieux affronter le d\u00e9fi de 2022. Il a notamment \u00e9t\u00e9 d\u00e9cid\u00e9 de tester la formule de cinq appels \u00e0 projets par an.<\/p>\n<p>&nbsp;<\/p>\n<p><strong>\u00a0<\/strong><\/p>\n<p><strong>Le Fonds pour le journalisme est une initiative de l\u2019AJP. Il est financ\u00e9 par la F\u00e9d\u00e9ration Wallonie-Bruxelles. Un <\/strong><a href=\"http:\/\/www.fondspourlejournalisme.be\/selection-par-un-jury\/\"><strong>jury ind\u00e9pendant<\/strong><\/a><strong> statue sur les demandes<\/strong>. <a href=\"https:\/\/fondspourlejournalisme.be\/\">https:\/\/fondspourlejournalisme.be\/<\/a>[\/vc_column_text][\/vc_column_inner][vc_column_inner width=\u00a0\u00bb1\/6&Prime;][\/vc_column_inner][\/vc_row_inner]\n\t\t\t<\/div>\n\t\t\t<div  class=\"ult_tabitemname\"  >\n\t\t\t\t[vc_row_inner content_placement=\u00a0\u00bbmiddle\u00a0\u00bb css=\u00a0\u00bb.vc_custom_1641395843216{margin-top: 90px !important;}\u00a0\u00bb][vc_column_inner width=\u00a0\u00bb1\/3&Prime;][vc_separator color=\u00a0\u00bbcustom\u00a0\u00bb align=\u00a0\u00bbalign_right\u00a0\u00bb border_width=\u00a0\u00bb3&Prime; el_width=\u00a0\u00bb60&Prime; accent_color=\u00a0\u00bb#3588bf\u00a0\u00bb][\/vc_column_inner][vc_column_inner width=\u00a0\u00bb1\/3&Prime;][vc_column_text]<\/p>\n<h2 style=\"text-align: center;\">Agir pour toute la profession : les actions collectives<\/h2>\n<p>[\/vc_column_text][\/vc_column_inner][vc_column_inner width=\u00a0\u00bb1\/3&Prime;][vc_separator color=\u00a0\u00bbcustom\u00a0\u00bb align=\u00a0\u00bbalign_left\u00a0\u00bb border_width=\u00a0\u00bb3&Prime; el_width=\u00a0\u00bb60&Prime; accent_color=\u00a0\u00bb#3588bf\u00a0\u00bb][\/vc_column_inner][\/vc_row_inner][vc_row_inner][vc_column_inner width=\u00a0\u00bb1\/6&Prime;][\/vc_column_inner][vc_column_inner width=\u00a0\u00bb2\/3&Prime;][vc_column_text css=\u00a0\u00bb.vc_custom_1645444183364{margin-bottom: 80px !important;padding-top: 25px !important;padding-right: 25px !important;padding-bottom: 25px !important;padding-left: 25px !important;background-color: rgba(255,255,255,0.3) !important;*background-color: rgb(255,255,255) !important;}\u00a0\u00bb]<\/p>\n<h3 style=\"text-align: left;\"><strong>En 2021, l\u2019AJP est intervenue dans plusieurs dossiers qui concernent toute la profession, ou toute une r\u00e9daction ou une cat\u00e9gorie professionnelle.<br \/>\nLes interventions de l\u2019Union professionnelle en lien avec la crise sanitaire et \u00e9conomique sont r\u00e9sum\u00e9es au chapitre 1 de ce rapport d\u2019activit\u00e9. Nous listons ci-apr\u00e8s les autres dossiers collectifs importants de 2021.<br \/>\n<\/strong><\/h3>\n<h3 style=\"text-align: left;\"><strong>Certains de ces dossiers collectifs sont \u00e9galement f\u00e9d\u00e9raux et ont \u00e9t\u00e9 trait\u00e9s en collaboration avec nos coll\u00e8gues de la VVJ, ils font l\u2019objet de la deuxi\u00e8me partie de ce chapitre.<br \/>\nEnfin, nos actions au plan international sont r\u00e9sum\u00e9es au point 3. ci-dessous.<br \/>\n<\/strong><\/h3>\n<p>[\/vc_column_text][vc_column_text css=\u00a0\u00bb.vc_custom_1645442894259{margin-bottom: 0px !important;padding-top: 10px !important;padding-right: 25px !important;padding-bottom: 10px !important;padding-left: 25px !important;background-color: #3e8bc1 !important;}\u00a0\u00bb el_class=\u00a0\u00bbcontent-block-title\u00a0\u00bb]<\/p>\n<h3><strong>Les dossiers collectifs francophones et germanophones<\/strong><\/h3>\n<p>[\/vc_column_text][vc_column_text css=\u00a0\u00bb.vc_custom_1645442986103{margin-bottom: 80px !important;border-bottom-width: 1px !important;border-left-width: 1px !important;padding-top: 25px !important;padding-right: 25px !important;padding-bottom: 25px !important;padding-left: 25px !important;background-color: rgba(255,255,255,0.54) !important;*background-color: rgb(255,255,255) !important;border-left-style: solid !important;border-bottom-style: solid !important;}\u00a0\u00bb el_class=\u00a0\u00bbcontent-block-left\u00a0\u00bb]<\/p>\n<h4><strong>Consolidations dans le secteur m\u00e9dias &#8211; Synergies<\/strong><\/h4>\n<p>Le rachat \u00e0 la fin de l\u2019\u00e9t\u00e9 2021 de <strong>RTL-Belgique<\/strong> par <strong>Rossel et DPG Media<\/strong>, puis celui de <strong>LN24<\/strong> en d\u00e9cembre par <strong>IPM<\/strong> t\u00e9moignent d\u2019une consolidation importante sur le march\u00e9 audiovisuel et m\u00e9diatique au sens large, apr\u00e8s celle intervenue sur le march\u00e9 de la presse quotidienne par le rachat fin 2020 des <strong>Editions de l\u2019Avenir<\/strong> par IPM. Pr\u00e9sent\u00e9es comme des op\u00e9rations permettant de faire face aux GAFAN (data et march\u00e9 publicitaire), de r\u00e9aliser des \u00e9conomies d\u2019\u00e9chelle par les synergies des services back office, ces consolidations posent toujours la question d\u2019une offre pluraliste d\u2019informations, le maintien de l\u2019emploi salari\u00e9 comme ind\u00e9pendant, les modifications de lignes \u00e9ditoriales et les limitations \u00e0 poser aux synergies r\u00e9dactionnelles. IPM a d\u2019embl\u00e9e mis en synergies les informations r\u00e9gionales et sportives. Avec des cons\u00e9quences imm\u00e9diates sur certains freelances qui ont perdu des collaborations. La question de la r\u00e9mun\u00e9ration des droits d\u2019auteur n\u2019est pas encore r\u00e9gl\u00e9e\u00a0: des discussions sont en cours depuis plusieurs mois entre la direction des EDA et la SAJ (Soci\u00e9t\u00e9 des auteurs journalistes) mais progressent tr\u00e8s lentement.<\/p>\n<p>&nbsp;<\/p>\n<h4><strong>RTBF\u00a0: le dossier des pensions <\/strong><\/h4>\n<p>La RTBF maintient la position en vertu de laquelle elle refuse de cotiser pour le compl\u00e9ment de pension pr\u00e9vu dans le r\u00e9gime l\u00e9gal pour de tr\u00e8s nombreux journalistes professionnels. 140 journalistes sont concern\u00e9s, selon l\u2019AJP, mais aussi selon le SPF Pensions qui suit ce dossier de pr\u00e8s. Une nouvelle tentative de r\u00e8glement amiable a eu lieu avec JP Philippot mais sans succ\u00e8s, de m\u00eame que la tentative de conciliation \u00ab\u00a0entre juristes\u00a0\u00bb qui n\u2019a fait que confirmer que la RTBF s\u2019obstine \u00e0 ajouter une condition \u00e0 l\u2019obligation de cotiser\u00a0: elle se r\u00e9serve le droit, une fois l\u2019agr\u00e9ation effective, d\u2019appr\u00e9cier si le travail de la personne agr\u00e9\u00e9e est ou non journalistique.<\/p>\n<p>L\u2019AJP a d\u00e9cid\u00e9 de laisser passer la p\u00e9riode de renouvellement des cartes de presse et lancera une proc\u00e9dure judiciaire en ce d\u00e9but d\u2019ann\u00e9e 2022.<\/p>\n<p>&nbsp;<\/p>\n<h4><strong>Le Soir<\/strong><\/h4>\n<p>Au Soir, comme dans d\u2019autres r\u00e9dactions, les jeunes journalistes ne b\u00e9n\u00e9ficient pas des acquis de leurs coll\u00e8gues plus \u00e2g\u00e9s\u00a0: historiquement, le statut des journalistes en presse quotidienne (salaires, cong\u00e9s,\u2026) \u00e9tait r\u00e9gl\u00e9 par des conventions nationales, ensuite r\u00e9gionales, n\u00e9goci\u00e9es par l\u2019AGJPB puis par l\u2019AJP avec les f\u00e9d\u00e9rations d\u2019\u00e9diteurs. En 2011, il n\u2019a plus \u00e9t\u00e9 possible de renouveler ces conventions au plan sectoriel, d\u00e9nonc\u00e9es par les employeurs, qui voulaient r\u00e9duire \u00e0 peau de chagrin les jours de cong\u00e9s et diminuer drastiquement l\u2019\u00e9volution bar\u00e9mique. Les journalistes d\u00e9j\u00e0 engag\u00e9s ont contractuellement conserv\u00e9 leur statut. Mais pour les nouveaux entrants (les \u00ab\u00a0post 2013\u00a0\u00bb), en l\u2019absence de convention collective, outre que leurs bar\u00e8mes sont moins \u00e9lev\u00e9s, fini l\u2019octroi de \u00ab\u00a0jours compensatoires\u00a0\u00bb (12\/an) leur permettant de compenser des prestations d\u00e9passant tr\u00e8s largement et de fa\u00e7on structurelle les 38 heures inscrites dans leur contrat d\u2019emploi.<\/p>\n<p>La vingtaine de jeunes journalistes concern\u00e9s s\u2019est mobilis\u00e9e. Puis la r\u00e9daction dans son ensemble les a soutenus. La SJPS, l\u2019AJP et le Setca ont renou\u00e9 un front commun et port\u00e9 leurs revendications. Apr\u00e8s plusieurs s\u00e9ances de n\u00e9gociations infructueuses, la r\u00e9daction du Soir a men\u00e9 un premier <a href=\"http:\/\/www.ajp.be\/la-redaction-du-soir-en-arret-de-travail\/\">arr\u00eat de travail le 4 f\u00e9vrier<\/a> dernier. Dans la foul\u00e9e, elle a vot\u00e9 le d\u00e9p\u00f4t d\u2019un pr\u00e9avis de gr\u00e8ve.<\/p>\n<p>Une mobilisation qui a permis de faire bouger les lignes\u00a0: les \u00ab\u00a0post-2013\u00a0\u00bb ont obtenu 4 jours de repos compensatoires et entre 2 et 8 jours de cong\u00e9s d\u2019anciennet\u00e9. La direction s\u2019est aussi engag\u00e9e \u00e0 \u00ab\u00a0lancer un chantier de fond\u00a0\u00bb afin de \u00ab\u00a0baisser la charge de travail structurelle des journalistes au sein de la r\u00e9daction\u00a0\u00bb ainsi qu\u2019\u00e0 d\u00e9signer une personne charg\u00e9e des RH de la r\u00e9daction, notamment pour la gestion du bien-\u00eatre et de la fatigue. Le pr\u00e9avis de gr\u00e8ve a \u00e9t\u00e9 lev\u00e9.<\/p>\n<p>&nbsp;<\/p>\n<h4><strong>\u00ab\u00a0Bousculons les journalistes\u00a0\u00bb<\/strong><\/h4>\n<p>Une op\u00e9ration massive de mailing \u00e0 l\u2019encontre de centaines de journalistes s\u2019est produite du 1<sup>er<\/sup> au 3 d\u00e9cembre 2021. L\u2019initiateur de cette op\u00e9ration n\u2019est pas connu avec certitude. Le raid \u00e9tait organis\u00e9 en amont comme un plan de bataille. Une plainte a \u00e9t\u00e9 d\u00e9pos\u00e9e par l\u2019AJP au nom de ses membres pour \u00ab\u00a0harc\u00e8lement\u00a0\u00bb, certain.e.s journalistes ayant \u00e9t\u00e9 cibl\u00e9s pr\u00e8s de 30 fois certaines soir\u00e9es. La RTBF s\u2019est jointe \u00e0 notre plainte p\u00e9nale.<\/p>\n<p>&nbsp;<\/p>\n<h4><strong>Violences polici\u00e8res<\/strong><\/h4>\n<p>Trois plaintes d\u00e9pos\u00e9es en 2020 par 3 journalistes accompagn\u00e9s par l\u2019AJP devant le Comit\u00e9 P, ont \u00e9t\u00e9 trait\u00e9es avec toutes les autres plaintes cons\u00e9cutives \u00e0 la manifestation \u00ab\u00a0Black Lives matter\u00a0\u00bb mais aussi avec d\u2019autres plaintes cons\u00e9cutives aux actions d\u2019Extinction Rebellion. De sorte que c\u2019est d\u2019une enqu\u00eate \u00ab\u00a0visant \u00e0 identifier et examiner les diverses probl\u00e9matiques li\u00e9es \u00e0 la gestion n\u00e9goci\u00e9e de l\u2019espace public\u00a0\u00bb qu\u2019il s\u2019agit d\u00e9sormais. Le rapport du Comit\u00e9 P relatif \u00e0 cette \u00ab gestion n\u00e9goci\u00e9e de l\u2019espace public\u00a0\u00bb a \u00e9t\u00e9 finalis\u00e9 et transmis au Parlement, o\u00f9 il doit \u00eatre examin\u00e9 par la commission sp\u00e9ciale assurant l\u2019accompagnement du Comit\u00e9 P.[\/vc_column_text][vc_column_text css=\u00a0\u00bb.vc_custom_1645437163617{margin-bottom: 0px !important;padding-top: 10px !important;padding-right: 25px !important;padding-bottom: 10px !important;padding-left: 25px !important;background-color: #3e8bc1 !important;}\u00a0\u00bb el_class=\u00a0\u00bbcontent-block-title-reverse\u00a0\u00bb]<\/p>\n<h3><strong>Les dossiers collectifs au plan f\u00e9d\u00e9ral<\/strong><\/h3>\n<p>[\/vc_column_text][vc_column_text css=\u00a0\u00bb.vc_custom_1645442978464{margin-bottom: 80px !important;padding-top: 25px !important;padding-right: 25px !important;padding-bottom: 25px !important;padding-left: 25px !important;background-color: rgba(255,255,255,0.54) !important;*background-color: rgb(255,255,255) !important;}\u00a0\u00bb el_class=\u00a0\u00bbcontent-block-right\u00a0\u00bb]<strong>Outre les actions li\u00e9es \u00e0 la crise COVID (voir le chapitre 1 de ce rapport d\u2019activit\u00e9s), l\u2019AJP a travaill\u00e9 avec la VVJ au sein de la structure f\u00e9d\u00e9rale AGJPB\/AVBB sur diff\u00e9rents th\u00e8mes list\u00e9s ci-dessous.<\/strong><\/p>\n<p><strong>\u00a0<\/strong><\/p>\n<h4><strong>Droit f\u00e9d\u00e9ral des m\u00e9dias et de la libert\u00e9 d\u2019expression<\/strong><\/h4>\n<p>Deux propositions de r\u00e9forme de la Constitution sont examin\u00e9es par le Parlement f\u00e9d\u00e9ral. Elles portent sur les articles 25 (<a href=\"https:\/\/www.lachambre.be\/FLWB\/PDF\/55\/1790\/55K1790001.pdf\">https:\/\/www.lachambre.be\/FLWB\/PDF\/55\/1790\/55K1790001.pdf<\/a>) et 150 (<a href=\"https:\/\/www.lachambre.be\/FLWB\/PDF\/55\/1791\/55K1791001.pdf\">https:\/\/www.lachambre.be\/FLWB\/PDF\/55\/1791\/55K1791001.pdf<\/a>). Leur objectif commun est d\u2019\u00e9tendre les garanties constitutionnelles en mati\u00e8re de libert\u00e9 de la presse (comp\u00e9tence de la Cour d\u2019assises, interdiction de censure) \u00e0 tous les m\u00e9dias, puisque l\u2019audiovisuel n\u2019en b\u00e9n\u00e9ficie pas explicitement, et, d\u2019autre part, de correctionnaliser de nouveaux \u00ab d\u00e9lits m\u00e9diatiques \u00bb inspir\u00e9s par le sexisme ou incitant \u00e0 la haine, \u00e0 la violence ou \u00e0 la discrimination. L\u2019AJP a \u00e9t\u00e9 invit\u00e9e \u00e0 une audition au parlement le 28 avril 2021 (de m\u00eame que la VVJ et les repr\u00e9sentants des m\u00e9dias).<\/p>\n<p>Notre position est la suivante\u00a0: la correctionnalisation de nombreux d\u00e9lits \u00ab m\u00e9diatiques \u00bb aura pour effet pervers mais certain d\u2019augmenter sensiblement les poursuites et proc\u00e9dures-b\u00e2illons contre les journalistes et m\u00e9dias d\u2019information, alors que ce que qui est vis\u00e9 ici, ce sont en r\u00e9alit\u00e9 les discours de haine sur les r\u00e9seaux sociaux. Ceux-ci ne sont pas le fait des m\u00e9dias d\u2019information ou des journalistes.<\/p>\n<p>Autrement dit, pour rendre punissables des expressions haineuses ou sexistes provenant de quidams sur les r\u00e9seaux sociaux, on va consid\u00e9rablement affaiblir les garanties de la libert\u00e9 de la presse.\u00a0 L\u2019AJP souhaiterait que notre r\u00e9gime de libert\u00e9 d\u2019expression distingue ce qui rel\u00e8ve de l\u2019information journalistique, de l\u2019opinion, du d\u00e9bat d\u2019id\u00e9es, d\u2019une part, et ce qui rel\u00e8ve de l\u2019insulte, de l\u2019injure, de la grossi\u00e8ret\u00e9, des menaces, des invectives, du harc\u00e8lement ; car on ne parle \u00e9videmment pas de la m\u00eame chose et tout n\u2019est pas digne des m\u00eames protections. Sauf que la Cour de cassation ne fait pas cette diff\u00e9rence et assimile toute expression, m\u00eame basiquement injurieuse, \u00e0 une \u00ab opinion \u00bb (position qu\u2019elle a r\u00e9affirm\u00e9e par un arr\u00eat du 7 octobre 2020).<\/p>\n<p>&nbsp;<\/p>\n<h4><strong>\u00a0Droit d\u2019auteur : transposition de la Directive Digital Copyright<\/strong><\/h4>\n<p>La Belgique devait transposer pour juin 2021 la Directive Digital Copyright, qui permet aux \u00e9diteurs de presse de recevoir une juste r\u00e9mun\u00e9ration pour l\u2019usage que les GAFAM font du travail journalistique produit par ces m\u00e9dias. Les journalistes sont concern\u00e9s par ces nouveaux \u00ab\u00a0droits voisins\u00a0\u00bb des \u00e9diteurs, car ils doivent percevoir une \u00ab part appropri\u00e9e \u00bb des recettes g\u00e9n\u00e9r\u00e9es par ce droit. Une d\u00e9l\u00e9gation de l\u2019AGJPB (AJP, VVJ) et de la SAJ a rencontr\u00e9 le cabinet du Ministre Dermagne (\u00e9conomie) en f\u00e9vrier. La transposition de la Directive devrait intervenir d\u00e9but 2022.<\/p>\n<p>&nbsp;<\/p>\n<h4><strong>Le r\u00e9gime l\u00e9gal de pension des journalistes professionnels<\/strong><\/h4>\n<p>En 2021, la perception des cotisations compl\u00e9mentaires (employeur 2% et journaliste 1%) est pass\u00e9e du SPF Pensions \u00e0 l\u2019ONSS. Celui-ci dispose de davantage de moyens d\u2019enqu\u00eate et de contrainte \u00e0 l\u2019\u00e9gard des employeurs r\u00e9calcitrants ou n\u00e9gligents (lire aussi plus haut\u00a0: dossiers collectifs francophones).<\/p>\n<p>Par ailleurs, le SPF pension a produit une analyse financi\u00e8re du r\u00e9gime de pension des journalistes, dont il ressort que les contributions sont constantes (les cotisations) mais que les prestations du syst\u00e8me (pensions vers\u00e9es) sont en hausse, ce qui provoque un l\u00e9ger d\u00e9ficit. Le SPF travaille sur des sc\u00e9narios permettant que le r\u00e9gime s\u2019autofinance enti\u00e8rement. Nous suivons le dossier avec vigilance.<\/p>\n<p>&nbsp;<\/p>\n<h4><strong>Le Titre de journaliste professionnel<\/strong><\/h4>\n<p>L\u2019AGJPB poursuit son action de fusion des titres et documents de presse (journaliste professionnel en information g\u00e9n\u00e9rale et journaliste agr\u00e9\u00e9 en presse p\u00e9riodique). Plus largement, un groupe de travail a \u00e9labor\u00e9 une r\u00e9forme de la Loi du 31 d\u00e9cembre 1963, afin de la moderniser et d\u2019y int\u00e9grer les deux titres de journaliste existants. Le texte propos\u00e9 \u00e9tablit \u00e9galement un lien entre la reconnaissance des codes et instances de d\u00e9ontologie et l\u2019agr\u00e9ation au titre.<\/p>\n<p>Ce groupe de travail \u00e9tait compos\u00e9 de repr\u00e9sentants des conseils de direction et des commissions d\u2019agr\u00e9ation FR et NL. Il s\u2019est r\u00e9uni en 2020 et \u00e0 9 reprises en 2021. Il a abouti \u00e0 un texte qui a \u00e9t\u00e9 soumis aux \u00e9diteurs, avant d\u2019entamer un parcours l\u00e9gislatif.<\/p>\n<p>&nbsp;<\/p>\n<h4><strong>Renouvellement des documents de presse<\/strong><\/h4>\n<p>L\u2019ann\u00e9e 2021 fut une ann\u00e9e de renouvellement des documents de presse. Les Commissions d\u2019agr\u00e9ation au titre ont examin\u00e9 5000 dossiers (FR, NL et presse \u00e9trang\u00e8re). Ce point est trait\u00e9 en d\u00e9tail dans le chapitre 9 du pr\u00e9sent rapport d\u2019activit\u00e9s. A noter que la validit\u00e9 des cartes de presse <a href=\"http:\/\/www.ajp.be\/prolongation-de-la-validite-des-cartes-de-presse-jusquau-28-02-2022\/\">a \u00e9t\u00e9 prolong\u00e9e<\/a> jusqu\u2019au 28 f\u00e9vrier 2022.<\/p>\n<p>&nbsp;<\/p>\n<h4><strong>Une nouvelle assurance RC professionnelle<\/strong><\/h4>\n<p>L\u2019AGJPB a n\u00e9goci\u00e9 une nouvelle assurance RC professionnelle pour les journalistes, avec Axa. La pr\u00e9c\u00e9dente police avait \u00e9t\u00e9 d\u00e9nonc\u00e9e par Generali. Le nouveau contrat est disponible depuis le 1<sup>er<\/sup> juin 2021. Les primes ont augment\u00e9 (350 \u20ac\/an) mais la couverture est \u00e9tendue et comprend une R.C. Exploitation, une R.C. Professionnelle, une assurance Protection juridique ainsi qu\u2019une extension de la R.C. Professionnelle pour la d\u00e9fense p\u00e9nale. D\u00e9tails ici\u00a0: <a href=\"http:\/\/www.ajp.be\/assurance-rc-professionnelle\/\">http:\/\/www.ajp.be\/assurance-rc-professionnelle\/<\/a>[\/vc_column_text][vc_column_text css=\u00a0\u00bb.vc_custom_1645437450525{margin-bottom: 0px !important;padding-top: 10px !important;padding-right: 25px !important;padding-bottom: 10px !important;padding-left: 25px !important;background-color: #3e8bc1 !important;}\u00a0\u00bb el_class=\u00a0\u00bbcontent-block-title\u00a0\u00bb]<\/p>\n<h3><strong>Les actions au plan international<\/strong><\/h3>\n<p>[\/vc_column_text][vc_column_text css=\u00a0\u00bb.vc_custom_1645458589106{border-bottom-width: 1px !important;border-left-width: 1px !important;padding-top: 25px !important;padding-right: 25px !important;padding-bottom: 25px !important;padding-left: 25px !important;background-color: rgba(255,255,255,0.54) !important;*background-color: rgb(255,255,255) !important;border-left-style: solid !important;border-bottom-style: solid !important;}\u00a0\u00bb el_class=\u00a0\u00bbcontent-block-left\u00a0\u00bb]<\/p>\n<h4><strong>FIJ et FEJ<\/strong><\/h4>\n<p>L\u2019AGJPB est membre de la F\u00e9d\u00e9ration Internationale des Journalistes et de la F\u00e9d\u00e9ration Europ\u00e9enne des Journalistes. La SG de l\u2019AJP est Tr\u00e9sori\u00e8re de la F\u00e9d\u00e9ration europ\u00e9enne. A ce titre, elle participe \u00e0 sa gestion. Les r\u00e9unions du comit\u00e9 ex\u00e9cutif de la FEJ se sont tenues en ligne, \u00e0 l\u2019exception d\u2019une r\u00e9union en pr\u00e9sentiel \u00e0 Paris en novembre. L\u2019AG a pu avoir lieu en pr\u00e9sentiel, \u00e0 Zagreb du 7 au 10 octobre 2021.<\/p>\n<p>&nbsp;<\/p>\n<h4><strong>Formations en RDCongo<\/strong><\/h4>\n<p>Avec le soutien de Wallonie Bruxelles International (WBI), deux sessions de formation se sont d\u00e9roul\u00e9es du 3 au 12 juin 2021, l\u2019une \u00e0 Kolwezi (province de Lualaba), l\u2019autre \u00e0 Mbanza-Ngungu (province du Kongo Central). L\u2019AJP a con\u00e7u et coordonn\u00e9 le projet. Les deux formations de dix journ\u00e9es ont rassembl\u00e9 chacune 15 participants issus des diff\u00e9rents m\u00e9dias de ces deux villes et des environs. La formation \u00e9tait centr\u00e9e sur la d\u00e9couverte, la compr\u00e9hension et la ma\u00eetrise des \u00ab\u00a0Fondamentaux du journalisme\u00a0\u00bb dans ces deux r\u00e9gions d\u00e9pourvues de formation initiale sup\u00e9rieure dans ce domaine.<\/p>\n<p>Il s\u2019agissait de deux formations-tests, \u00e0 \u00e9valuer, pour lancer ult\u00e9rieurement un projet plus vaste pour d\u2019autres r\u00e9gions d\u00e9pourvues de formation en journalisme. L\u2019objectif est de contribuer \u00e0 renforcer la qualit\u00e9 du travail des journalistes, des r\u00e9dactions et des m\u00e9dias dans les \u00ab\u00a0provinces oubli\u00e9es\u00a0\u00bb de la RDC.[\/vc_column_text][\/vc_column_inner][vc_column_inner width=\u00a0\u00bb1\/6&Prime;][\/vc_column_inner][\/vc_row_inner]\n\t\t\t<\/div>\n\t\t\t<div  class=\"ult_tabitemname\"  >\n\t\t\t\t[vc_row_inner content_placement=\u00a0\u00bbmiddle\u00a0\u00bb css=\u00a0\u00bb.vc_custom_1641395843216{margin-top: 90px !important;}\u00a0\u00bb][vc_column_inner width=\u00a0\u00bb1\/3&Prime;][vc_separator color=\u00a0\u00bbcustom\u00a0\u00bb align=\u00a0\u00bbalign_right\u00a0\u00bb border_width=\u00a0\u00bb3&Prime; el_width=\u00a0\u00bb60&Prime; accent_color=\u00a0\u00bb#3588bf\u00a0\u00bb][\/vc_column_inner][vc_column_inner width=\u00a0\u00bb1\/3&Prime;][vc_column_text]<\/p>\n<h2 style=\"text-align: center;\">Aides individuelles et d\u00e9fense en justice<\/h2>\n<p>[\/vc_column_text][\/vc_column_inner][vc_column_inner width=\u00a0\u00bb1\/3&Prime;][vc_separator color=\u00a0\u00bbcustom\u00a0\u00bb align=\u00a0\u00bbalign_left\u00a0\u00bb border_width=\u00a0\u00bb3&Prime; el_width=\u00a0\u00bb60&Prime; accent_color=\u00a0\u00bb#3588bf\u00a0\u00bb][\/vc_column_inner][\/vc_row_inner][vc_row_inner][vc_column_inner width=\u00a0\u00bb1\/6&Prime;][\/vc_column_inner][vc_column_inner width=\u00a0\u00bb2\/3&Prime;][vc_column_text css=\u00a0\u00bb.vc_custom_1643632801231{padding-top: 25px !important;padding-right: 25px !important;padding-bottom: 25px !important;padding-left: 25px !important;background-color: rgba(255,255,255,0.3) !important;*background-color: rgb(255,255,255) !important;}\u00a0\u00bb]<strong>Le\u00a0service juridique\u00a0de l\u2019AJP r\u00e9pond quotidiennement aux questions des journalistes : bar\u00e8me, tarif, piges,<\/strong> <strong>contrats, cotisations sociales, pension, licenciement, d\u00e9mission, droits d\u2019auteur, droit \u00e0 l\u2019image,<\/strong> <strong>d\u00e9ontologie, responsabilit\u00e9 professionnelle, TVA, imp\u00f4ts, \u2026<\/strong>[\/vc_column_text][\/vc_column_inner][vc_column_inner width=\u00a0\u00bb1\/6&Prime;][\/vc_column_inner][\/vc_row_inner][vc_row_inner][vc_column_inner width=\u00a0\u00bb1\/6&Prime;][\/vc_column_inner][vc_column_inner width=\u00a0\u00bb2\/3&Prime;][vc_column_text css=\u00a0\u00bb.vc_custom_1643805168401{padding-top: 25px !important;padding-right: 25px !important;padding-bottom: 25px !important;padding-left: 25px !important;background-color: rgba(255,255,255,0.54) !important;*background-color: rgb(255,255,255) !important;}\u00a0\u00bb]La crise COVID, et surtout l\u2019interpr\u00e9tation et l\u2019applicabilit\u00e9 des mesures fort fluctuantes impos\u00e9es (ou fortement conseill\u00e9es) par les autorit\u00e9s, continue de g\u00e9n\u00e9rer son lot d\u2019interrogations: circulation, acc\u00e8s \u00e0 des lieux, contr\u00f4les, quarantaine, isolement, etc.<\/p>\n<p>Au-del\u00e0 de cette premi\u00e8re ligne, le service juridique prend aussi en charge les dossiers qui n\u00e9cessitent une action judiciaire, soit en demandant, soit en d\u00e9fendant. Il s\u2019agit de\u00a0<strong>l\u2019assistance judiciaire<\/strong>, gratuite pour les membres de l\u2019Union.<\/p>\n<p>En 2021, le service juridique a trait\u00e9 et\/ou confi\u00e9 \u00e0 ses avocats, de nouveaux dossiers\u00a0relatifs \u00e0 :<\/p>\n<ul>\n<li>des ruptures de contrats (salari\u00e9s et ind\u00e9pendants &#8211; 2 dossiers),<\/li>\n<li>du non-paiement de droits d\u2019auteur (1),<\/li>\n<li>du harc\u00e8lement en ligne (voir supra actions collectives),<\/li>\n<li>de la calomnie et de la diffamation (1)<\/li>\n<li>un litige fiscal (1),<\/li>\n<li>des violences au cours de manifestations (4 plaintes)<\/li>\n<\/ul>\n<p>&nbsp;<\/p>\n<p>L\u2019un des dossiers de \u00ab\u00a0licenciements\u00a0\u00bb, concernant trois journalistes, s\u2019est sold\u00e9 par deux jugements octroyant une indemnit\u00e9 aux journalistes concern\u00e9es. Le m\u00e9dia condamn\u00e9 est sur le point d\u2019accepter cette d\u00e9cision et de verser les indemnit\u00e9s. La troisi\u00e8me a \u00e9t\u00e9 d\u00e9bout\u00e9e mais la motivation du jugement \u00e9tant contraire \u00e0 la jurisprudence majoritaire dans le domaine, appel de la d\u00e9cision a \u00e9t\u00e9 interjet\u00e9.<\/p>\n<p>Le dossier de harc\u00e8lement pour lequel une plainte p\u00e9nale individuelle avait \u00e9t\u00e9 introduite a donn\u00e9 lieu \u00e0 la condamnation du pr\u00e9venu \u00e0 10 mois de prison avec sursis, \u00e0 une amende de 400 euros (avec sursis pour une partie) ainsi qu\u2019\u00e0 l\u2019obligation de suivre une formation de sensibilisation \u00e0 la violence et \u00e0 l\u2019indemnisation de la journaliste vis\u00e9e \u00e0 hauteur de 3.000 euros. Le condamn\u00e9 a interjet\u00e9 appel.<\/p>\n<p>On notera \u00e9galement que l\u2019AJP est vis\u00e9e par une proc\u00e9dure, au p\u00e9nal, pour non-publication d\u2019un droit de r\u00e9ponse suite \u00e0 un article publi\u00e9 dans \u00ab\u00a0Journalistes\u00a0\u00bb. L\u2019affaire sera plaid\u00e9e le 22 f\u00e9vrier 2022.<\/p>\n<p>&nbsp;<\/p>\n<p><strong>Dans tous ces dossiers, l\u2019AJP prend en charge les frais li\u00e9s \u00e0 la d\u00e9fense des journalistes.<\/strong><\/p>\n<p>[\/vc_column_text][vc_column_text css=\u00a0\u00bb.vc_custom_1643805150965{padding-top: 10px !important;padding-right: 25px !important;padding-bottom: 10px !important;padding-left: 25px !important;background-color: rgba(243,75,24,0.8) !important;*background-color: rgb(243,75,24) !important;}\u00a0\u00bb el_class=\u00a0\u00bb.content-block-title\u00a0\u00bb]<\/p>\n<h3><strong>Bilan<\/strong><\/h3>\n<p>[\/vc_column_text][vc_column_text css=\u00a0\u00bb.vc_custom_1643805176448{padding-top: 25px !important;padding-right: 25px !important;padding-bottom: 25px !important;padding-left: 25px !important;background-color: rgba(255,255,255,0.54) !important;*background-color: rgb(255,255,255) !important;}\u00a0\u00bb el_class=\u00a0\u00bb.content-block-left\u00a0\u00bb]En 2021, l\u2019AJP a consacr\u00e9 26.500 \u20ac \u00e0 la d\u00e9fense de ses membres, en honoraires d\u2019avocats. Ce montant est +\/- 10.000 euros moins \u00e9lev\u00e9 qu\u2019en 2020.<\/p>\n<p>Pour b\u00e9n\u00e9ficier de l\u2019assistance judiciaire, il faut que le.la journaliste soit membre, qu\u2019il.elle ait saisi pr\u00e9alablement le service juridique de l\u2019AJP et que le conseil de direction ait donn\u00e9 son accord. L\u2019AJP travaille dans ce cadre avec plusieurs bureaux d\u2019avocat.e.s sp\u00e9cialis\u00e9.e.s, qui connaissent parfaitement les sp\u00e9cificit\u00e9s li\u00e9es \u00e0 la profession.[\/vc_column_text][\/vc_column_inner][vc_column_inner width=\u00a0\u00bb1\/6&Prime;][\/vc_column_inner][\/vc_row_inner]\n\t\t\t<\/div>\n\t\t\t<div  class=\"ult_tabitemname\"  >\n\t\t\t\t[vc_row_inner content_placement=\u00a0\u00bbmiddle\u00a0\u00bb css=\u00a0\u00bb.vc_custom_1641395843216{margin-top: 90px !important;}\u00a0\u00bb][vc_column_inner width=\u00a0\u00bb1\/3&Prime;][vc_separator color=\u00a0\u00bbcustom\u00a0\u00bb align=\u00a0\u00bbalign_right\u00a0\u00bb border_width=\u00a0\u00bb3&Prime; el_width=\u00a0\u00bb60&Prime; accent_color=\u00a0\u00bb#3588bf\u00a0\u00bb][\/vc_column_inner][vc_column_inner width=\u00a0\u00bb1\/3&Prime;][vc_column_text]<\/p>\n<h2 style=\"text-align: center;\">Nos formations permanentes\u00a0: AJPro<\/h2>\n<p>[\/vc_column_text][\/vc_column_inner][vc_column_inner width=\u00a0\u00bb1\/3&Prime;][vc_separator color=\u00a0\u00bbcustom\u00a0\u00bb align=\u00a0\u00bbalign_left\u00a0\u00bb border_width=\u00a0\u00bb3&Prime; el_width=\u00a0\u00bb60&Prime; accent_color=\u00a0\u00bb#3588bf\u00a0\u00bb][\/vc_column_inner][\/vc_row_inner][vc_row_inner css=\u00a0\u00bb.vc_custom_1645018311547{margin-bottom: 80px !important;}\u00a0\u00bb][vc_column_inner width=\u00a0\u00bb1\/6&Prime;][\/vc_column_inner][vc_column_inner width=\u00a0\u00bb2\/3&Prime;][vc_column_text css=\u00a0\u00bb.vc_custom_1645456559406{padding-top: 25px !important;padding-right: 25px !important;padding-bottom: 25px !important;padding-left: 25px !important;background-color: rgba(255,255,255,0.3) !important;*background-color: rgb(255,255,255) !important;}\u00a0\u00bb]<\/p>\n<h3>AJPro est la structure de l\u2019AJP d\u00e9di\u00e9e aux formations permanentes pour les journalistes. <strong>En 2021, AJPro a organis\u00e9 43 formations (dont 8 nouvelles), a travaill\u00e9 avec 23 formateur\u00b7<\/strong><strong>rice\u00b7<\/strong><strong>s et a rassembl\u00e9 257 participant\u00b7<\/strong><strong>e\u00b7<\/strong><strong>s, pour 323 inscriptions <\/strong>(certain\u00b7e\u00b7s suivent plusieurs formations). Ce total comprend les formations propos\u00e9es au catalogue, celles organis\u00e9es lors de la \u00a0Summer School et celles \u00e0 la demande des r\u00e9dactions (dans le cadre de la convention num\u00e9rique ou non).<\/h3>\n<p>[\/vc_column_text][vc_column_text css=\u00a0\u00bb.vc_custom_1645456637227{padding-top: 25px !important;padding-right: 25px !important;padding-bottom: 25px !important;padding-left: 25px !important;background-color: rgba(255,255,255,0.54) !important;*background-color: rgb(255,255,255) !important;}\u00a0\u00bb]<img loading=\"lazy\" class=\"size-medium wp-image-55 alignleft\" src=\"http:\/\/ag.ajp.be\/wp-content\/uploads\/2022\/01\/AJproma-212x300.jpg\" alt=\"\" width=\"212\" height=\"300\" srcset=\"https:\/\/ag.ajp.be\/wp-content\/uploads\/2022\/01\/AJproma-212x300.jpg 212w, https:\/\/ag.ajp.be\/wp-content\/uploads\/2022\/01\/AJproma.jpg 223w\" sizes=\"(max-width: 212px) 100vw, 212px\" \/>Pour sa 9<sup>e<\/sup> \u00e9dition, le <strong>catalogue AJPro 2021<\/strong> a propos\u00e9 initialement 22 formations, dont 4 nouvelles, anim\u00e9es par 16 formateur\u00b7rice\u00b7s. Le catalogue comptabilise 128 inscriptions, soit 103 personnes (une personne pouvant s\u2019inscrire plusieurs fois).<\/p>\n<p>AJPro a mis en place des formations selon des axes \u00ab\u00a0classiques\u00a0\u00bb (audiovisuel, presse \u00e9crite, carri\u00e8re et d\u00e9veloppement personnel) et a surtout d\u00e9velopp\u00e9 ses formations en num\u00e9riques, en en organisant 10 sur 21. 48% des formations \u00e9taient ainsi des formations num\u00e9riques et multim\u00e9dias.<\/p>\n<p>&nbsp;<\/p>\n<p>Concernant les <strong>formations \u00e0 la demande<\/strong>, trois ont \u00e9t\u00e9 mises en place cette ann\u00e9e\u00a0: une formation faisant d\u00e9j\u00e0 partie de notre catalogue pour la RTBF\u00a0; une nouvelle formation sur la gestion des risques sur le terrain pour RTL\u00a0; et une derni\u00e8re qui a d\u00fb \u00eatre annul\u00e9e. Ces formations ont rassembl\u00e9 31 inscriptions.<\/p>\n<p>D\u2019autres formations \u00e0 la demande se sont tenues, en accord avec le plan num\u00e9rique \u00e9diteurs. D\u2019un c\u00f4t\u00e9, Lapresse.be a command\u00e9 4 formations pour <em>L\u2019\u00c9cho<\/em>, <em>Le Soir<\/em> et le groupe IPM, rassemblant 65 inscriptions. D\u2019un autre c\u00f4t\u00e9, WeMedia a command\u00e9 2 formations qui n\u2019ont pas pu se tenir \u00e0 cause du manque d\u2019inscription.<\/p>\n<p>&nbsp;<\/p>\n<p>Cette ann\u00e9e, <a href=\"https:\/\/ajpro.ajp.be\/clap-de-fin-de-la-summer-school-2021\/\">la <strong>Summer School<\/strong> \u00e9tait de retour pour une 8<sup>e<\/sup> \u00e9dition<\/a>. Du lundi 23 ao\u00fbt au jeudi 26 ao\u00fbt, nous avons r\u00e9investi le domaine du Chant d\u2019Oiseau. 16 formations ont \u00e9t\u00e9 propos\u00e9es, dont 4 nouvelles, conduites par 17 formateur\u00b7rice\u00b7s. Cette \u00e9dition comptabilise 97 inscriptions, pour 54 personnes. Cependant, 3 des formations ont d\u00fb \u00eatre annul\u00e9es faute d\u2019inscription. Selon les \u00e9valuations globales des participant\u00b7e\u00b7s, la Summer School marque un score de 9,2\/10.<\/p>\n<p>La nouveaut\u00e9 de cette Summer School a \u00e9t\u00e9 la mise en place de deux parcours de formation\u00a0: un parcours \u00ab\u00a0z\u00e9ro sexisme\u00a0\u00bb, dans la lign\u00e9e de notre campagne \u00ab\u00a0Journalisme Z\u00e9ro Sexisme\u00a0\u00bb, ainsi qu\u2019un parcours \u00ab\u00a0s\u00e9curit\u00e9\u00a0\u00bb, dans un contexte o\u00f9 la s\u00e9curit\u00e9 des journalistes retient toute l\u2019attention de l\u2019AJP, tant sur le terrain qu\u2019en ligne.<\/p>\n<p>Cette semaine de formation a aussi \u00e9t\u00e9 l\u2019occasion de reprogrammer notre <strong>Speed dating<\/strong>. <img loading=\"lazy\" class=\" wp-image-60 alignright\" src=\"http:\/\/ag.ajp.be\/wp-content\/uploads\/2022\/01\/summerschool-244x300.jpg\" alt=\"\" width=\"192\" height=\"236\" srcset=\"https:\/\/ag.ajp.be\/wp-content\/uploads\/2022\/01\/summerschool-244x300.jpg 244w, https:\/\/ag.ajp.be\/wp-content\/uploads\/2022\/01\/summerschool.jpg 482w\" sizes=\"(max-width: 192px) 100vw, 192px\" \/>Ce rendez-vous permet \u00e0 des journalistes \u00e0 la recherche d\u2019emplois et de piges de rencontrer des m\u00e9dias belges francophones de tous les secteurs. En une soir\u00e9e, le Speed-dating a rassembl\u00e9 50 candidat\u00b7e\u00b7s et 32 employeurs de 15 m\u00e9dias diff\u00e9rents. Il a donn\u00e9 lieu, comme \u00e0 chaque \u00e9dition, <a href=\"http:\/\/www.ajp.be\/speed-dating-emploi-piges-meme-masquees-des-rencontres-prometteuses\/\">\u00e0 de belles rencontres<\/a> qui se sont conclues par de nouvelles collaborations, sous contrat ou \u00e0 la pige.[\/vc_column_text][\/vc_column_inner][vc_column_inner width=\u00a0\u00bb1\/6&Prime;][\/vc_column_inner][\/vc_row_inner][vc_row_inner][vc_column_inner width=\u00a0\u00bb1\/6&Prime;][\/vc_column_inner][vc_column_inner width=\u00a0\u00bb2\/3&Prime;][vc_column_text css=\u00a0\u00bb.vc_custom_1643805362019{margin-top: -35px !important;padding-top: 10px !important;padding-right: 25px !important;padding-bottom: 10px !important;padding-left: 25px !important;}\u00a0\u00bb el_class=\u00a0\u00bb.content-block-title\u00a0\u00bb]<\/p>\n<h3><strong>Chahut\u00e9 par le COVID<\/strong><\/h3>\n<p>[\/vc_column_text][vc_column_text css=\u00a0\u00bb.vc_custom_1645456668034{padding-top: 25px !important;padding-right: 25px !important;padding-bottom: 25px !important;padding-left: 25px !important;background-color: rgba(255,255,255,0.54) !important;*background-color: rgb(255,255,255) !important;}\u00a0\u00bb el_class=\u00a0\u00bb.content-block-left\u00a0\u00bb]2021 n\u2019a pas \u00e9t\u00e9 une ann\u00e9e facile, la pand\u00e9mie ayant eu, une nouvelle fois, un impact principalement sur la tenue des formations en pr\u00e9sentiel et l\u2019organisation de la Summer School. Avant mars, aucune formation n\u2019a pu \u00eatre mise en place. Ensuite, de mars \u00e0 mai 2021, les formations se sont tenues \u00e0 distance. 7 \u00e9taient des formations de catalogue, 2 \u00e9taient des formations \u00e0 la demande. Contrairement aux ann\u00e9es pr\u00e9c\u00e9dentes, le catalogue 2021 a \u00e9t\u00e9 fait au fur et \u00e0 mesure de l\u2019ann\u00e9e afin d\u2019\u00e9viter les annulations \u00e0 r\u00e9p\u00e9tition, comme cela a pu \u00eatre le cas en 2020.<\/p>\n<p>D\u00e8s que les conditions sanitaires l\u2019ont permis en juin, nous avons repris les formations en pr\u00e9sentiel, jusqu\u2019au mois de novembre. \u00a0Comme en 2020, nous n\u2019avons pu accueillir que 10 participant\u00b7e\u00b7s dans notre auditoire, au lieu de 15, afin de pouvoir respecter les distances sanitaires entre chaque personne. Nous avons remarqu\u00e9 une baisse dans les inscriptions pour le dernier trimestre 2021.<\/p>\n<p>Nous avons pr\u00e9f\u00e9r\u00e9 favoriser le pr\u00e9sentiel car d\u2019un c\u00f4t\u00e9, certaines formations ne peuvent pas \u00eatre transpos\u00e9es en ligne, car elles n\u00e9cessitent du mat\u00e9riel technique. D\u2019un autre c\u00f4t\u00e9, AJPro ce n\u2019est pas seulement des formations, c\u2019est aussi un moyen de faire des rencontres et de r\u00e9seauter. Nous tenions donc \u00e0 tenir un maximum de formations en pr\u00e9sentiel.<\/p>\n<p>Pour la Summer School, nous avons d\u00fb attendre juin pour lancer les inscriptions, n\u2019\u00e9tant pas s\u00fbrs de pouvoir organiser un \u00e9v\u00e9nement d\u2019une telle envergure en pr\u00e9sentiel.[\/vc_column_text][vc_line_chart x_values=\u00a0\u00bb2013;2014;2015;2016;2017;2018;2019;2020;2021&Prime; values=\u00a0\u00bb%5B%7B%22title%22%3A%22Nombre%20de%20formateurs%22%2C%22y_values%22%3A%2240%3B36%3B56%3B40%3B45%3B29%3B33%3B26%3B16%22%2C%22color%22%3A%22sky%22%7D%2C%7B%22title%22%3A%22Nombre%20de%20formations%22%2C%22y_values%22%3A%2225%3B52%3B87%3B53%3B56%3B38%3B43%3B39%3B22%22%2C%22color%22%3A%22sandy-brown%22%7D%5D\u00a0\u00bb el_class=\u00a0\u00bbchart\u00a0\u00bb title=\u00a0\u00bbL\u2019offre du catalogue de formations d\u2019AJPro, depuis sa cr\u00e9ation en avril 2013&Prime;][vc_column_text css=\u00a0\u00bb.vc_custom_1645519953625{padding-top: 25px !important;padding-right: 25px !important;padding-bottom: 25px !important;padding-left: 25px !important;background-color: rgba(255,255,255,0.54) !important;*background-color: rgb(255,255,255) !important;}\u00a0\u00bb el_class=\u00a0\u00bb.content-block-left\u00a0\u00bb]<strong><em>\u00c9volution de la fr\u00e9quentation d\u2019AJPro depuis 2013 <\/em><\/strong><\/p>\n<p>Certaines personnes suivant parfois plusieurs formations, ce graphique montre l\u2019\u00e9volution du nombre de participant\u00b7e\u00b7s et du nombre d\u2019inscriptions enregistr\u00e9es. Ces nombres combinent les inscriptions au formations du catalogue et aux formations organis\u00e9es \u00e0 la demande (dans le cadre du plan num\u00e9rique \u00e9diteurs et hors plan num\u00e9rique \u00e9diteurs).[\/vc_column_text][vc_line_chart x_values=\u00a0\u00bb2013;2014;2015;2016;2017;2018;2019;2020;2021&Prime; values=\u00a0\u00bb%5B%7B%22title%22%3A%22Nbre%20de%20pers.%20participantes%22%2C%22y_values%22%3A%22184%3B216%3B158%3B197%3B235%3B365%3B609%3B235%3B197%22%2C%22color%22%3A%22sky%22%7D%2C%7B%22title%22%3A%22Nbre%20d&rsquo;inscriptions%20enregistr%C3%A9es%22%2C%22y_values%22%3A%22231%3B303%3B201%3B248%3B353%3B472%3B777%3B285%3B224%22%2C%22color%22%3A%22sandy-brown%22%7D%5D\u00a0\u00bb el_class=\u00a0\u00bbchart\u00a0\u00bb][vc_column_text css=\u00a0\u00bb.vc_custom_1643805313834{padding-top: 10px !important;padding-right: 25px !important;padding-bottom: 10px !important;padding-left: 25px !important;}\u00a0\u00bb el_class=\u00a0\u00bb.content-block-title-reverse\u00a0\u00bb]<\/p>\n<h3><strong>Perspectives 2022 <\/strong><\/h3>\n<p>[\/vc_column_text][vc_column_text css=\u00a0\u00bb.vc_custom_1645456688441{padding-top: 25px !important;padding-right: 25px !important;padding-bottom: 25px !important;padding-left: 25px !important;background-color: rgba(255,255,255,0.54) !important;*background-color: rgb(255,255,255) !important;}\u00a0\u00bb el_class=\u00a0\u00bb.content-block-right\u00a0\u00bb]Les premi\u00e8res formations de 2022 sont d\u00e9j\u00e0 programm\u00e9es et sont disponibles sur <a href=\"https:\/\/ajpro.ajp.be\/les-formations\/\">notre site Internet<\/a>. Il a \u00e9t\u00e9 d\u00e9cid\u00e9 de ne lancer le catalogue qu\u2019apr\u00e8s les vacances de carnaval, en mars. Les restrictions sanitaires devraient alors s\u2019assouplir et nous permettre de nous retrouver dans l\u2019auditoire sans crainte. Nous ne voulions pas programmer de formation plus t\u00f4t, au risque de devoir les reprogrammer.<\/p>\n<p>Pour le moment, 24 formations sont pr\u00e9vues, dont une dizaine de nouvelles. Ces formations se tiendront de mars \u00e0 juin, en pr\u00e9sentiel. Nous pr\u00e9voyons de sortir le programme du dernier trimestre, de septembre \u00e0 d\u00e9cembre, ainsi que celui de la Summer School, aux alentours d\u2019avril.<\/p>\n<p>Pour cette nouvelle \u00e9dition d\u2019AJPro, nous avons modifi\u00e9 les noms des axes de formation, pour \u00ab\u00a0\u00e9criture\u00a0\u00bb, \u00ab\u00a0son\u00a0\u00bb, \u00ab\u00a0image\u00a0\u00bb, \u00ab\u00a0num\u00e9rique\u00a0\u00bb et \u00ab\u00a0carri\u00e8re\u00a0\u00bb. En \u00e9tant plus g\u00e9n\u00e9raux, ces termes permettent d\u2019englober de nouvelles r\u00e9alit\u00e9s du m\u00e9tier.<\/p>\n<p>Durant l\u2019ann\u00e9e, nous aimerions \u00e9galement organiser des journ\u00e9es th\u00e9matiques et des conf\u00e9rences, avec \u00e9ventuellement plusieurs intervenant\u00b7e\u00b7s sur un sujet d\u2019actualit\u00e9. Enfin, nous pr\u00e9voyons de repenser et faire \u00e9voluer le site Internet d\u2019AJPro.[\/vc_column_text][vc_round_chart type=\u00a0\u00bbdoughnut\u00a0\u00bb stroke_width=\u00a0\u00bb2&Prime; values=\u00a0\u00bb%5B%7B%22title%22%3A%22Journaliste%20professionnel%C2%B7le%22%2C%22value%22%3A%2252%22%2C%22color%22%3A%22vista-blue%22%7D%2C%7B%22title%22%3A%22Pigiste%20ou%20journaliste%20%C3%A0%20temps%20partiel%22%2C%22value%22%3A%2211%22%2C%22color%22%3A%22violet%22%7D%2C%7B%22title%22%3A%22Etudiant%20en%20journalisme%22%2C%22value%22%3A%2213%22%2C%22color%22%3A%22green%22%2C%22custom_color%22%3A%22%235472d2%22%7D%2C%7B%22title%22%3A%22Correspondant%C2%B7e%20de%20presse%22%2C%22value%22%3A%221%22%2C%22color%22%3A%22orange%22%2C%22custom_color%22%3A%22%23fe6c61%22%7D%2C%7B%22title%22%3A%22Employ%C3%A9%20du%20secteur%20info-com%22%2C%22value%22%3A%229%22%2C%22color%22%3A%22pink%22%2C%22custom_color%22%3A%22%235aa1e3%22%7D%2C%7B%22title%22%3A%22Attach%C3%A9%20de%20presse%20%22%2C%22value%22%3A%220%22%2C%22color%22%3A%22turquoise%22%2C%22custom_color%22%3A%22%23f79468%22%7D%2C%7B%22title%22%3A%22Autre%22%2C%22value%22%3A%2222%22%2C%22color%22%3A%22sandy-brown%22%2C%22custom_color%22%3A%22%23ebebeb%22%7D%5D\u00a0\u00bb el_class=\u00a0\u00bb.chart\u00a0\u00bb title=\u00a0\u00bbR\u00e9partition des professions des participant\u00b7e\u00b7s aux formations du catalogue AJPro\u00a0\u00bb][\/vc_column_inner][vc_column_inner width=\u00a0\u00bb1\/6&Prime;][\/vc_column_inner][\/vc_row_inner]\n\t\t\t<\/div>\n\t\t\t<div  class=\"ult_tabitemname\"  >\n\t\t\t\t[vc_row_inner content_placement=\u00a0\u00bbmiddle\u00a0\u00bb css=\u00a0\u00bb.vc_custom_1641395843216{margin-top: 90px !important;}\u00a0\u00bb][vc_column_inner width=\u00a0\u00bb1\/3&Prime;][vc_separator color=\u00a0\u00bbcustom\u00a0\u00bb align=\u00a0\u00bbalign_right\u00a0\u00bb border_width=\u00a0\u00bb3&Prime; el_width=\u00a0\u00bb60&Prime; accent_color=\u00a0\u00bb#3588bf\u00a0\u00bb][\/vc_column_inner][vc_column_inner width=\u00a0\u00bb1\/3&Prime;][vc_column_text]<\/p>\n<h2 style=\"text-align: center;\">Education aux m\u00e9dias\u00a0: \u2018Journalistes en classe\u2019<\/h2>\n<p>[\/vc_column_text][\/vc_column_inner][vc_column_inner width=\u00a0\u00bb1\/3&Prime;][vc_separator color=\u00a0\u00bbcustom\u00a0\u00bb align=\u00a0\u00bbalign_left\u00a0\u00bb border_width=\u00a0\u00bb3&Prime; el_width=\u00a0\u00bb60&Prime; accent_color=\u00a0\u00bb#3588bf\u00a0\u00bb][\/vc_column_inner][\/vc_row_inner][vc_row_inner][vc_column_inner width=\u00a0\u00bb1\/6&Prime;][\/vc_column_inner][vc_column_inner width=\u00a0\u00bb2\/3&Prime;][vc_column_text css=\u00a0\u00bb.vc_custom_1643633582898{padding-top: 25px !important;padding-right: 25px !important;padding-bottom: 25px !important;padding-left: 25px !important;background-color: rgba(255,255,255,0.3) !important;*background-color: rgb(255,255,255) !important;}\u00a0\u00bb]<\/p>\n<h3>La pand\u00e9mie complique toujours les visites de journalistes dans les Ecoles dans le cadre de notre Op\u00e9ration \u00ab\u00a0Journalistes en classe\u00a0\u00bb. 210 classes ont re\u00e7u la visite de journalistes en 2021.<\/h3>\n<p>[\/vc_column_text][vc_column_text css=\u00a0\u00bb.vc_custom_1645444285419{padding-top: 25px !important;padding-right: 25px !important;padding-bottom: 25px !important;padding-left: 25px !important;background-color: rgba(255,255,255,0.54) !important;*background-color: rgb(255,255,255) !important;}\u00a0\u00bb]Lanc\u00e9e dans le milieu des ann\u00e9es \u201890 par l\u2019AJP, l\u2019op\u00e9ration \u00ab\u00a0Journalistes en classe\u00a0\u00bb est subsidi\u00e9e depuis 2002 par la F\u00e9d\u00e9ration Wallonie-Bruxelles et a \u00e9t\u00e9, en 2008, int\u00e9gr\u00e9e dans le d\u00e9cret portant cr\u00e9ation du Conseil sup\u00e9rieur de l\u2019\u00e9ducation aux m\u00e9dias (CSEM).<\/p>\n<p>&nbsp;<\/p>\n<p>Elle a pour objectif de r\u00e9pondre gratuitement aux demandes \u00e9manant du <a href=\"http:\/\/www.ajp.be\/jec-enseignement\/\">milieu scolaire<\/a> et, depuis 2016, du <a href=\"http:\/\/www.ajp.be\/jec-jeunesse\/\">secteur de la jeunesse<\/a> , de la part de classes ou de groupes d\u00e9sireux de recevoir des journalistes professionnels (presse \u00e9crite, radio, t\u00e9l\u00e9, web). <strong>\u00a0\u00a0<\/strong><strong>Les objectifs de cette visite sont ceux de l\u2019enseignant\u00a0: il<\/strong>\u00a0peut s\u2019agir aussi bien une initiation au monde des m\u00e9dias que l\u2019explication du m\u00e9tier de journaliste, une discussion sur un sujet d\u2019actualit\u00e9, une aide \u00e0 la r\u00e9alisation d\u2019un m\u00e9dia. Le secr\u00e9tariat de l\u2019AJP s\u00e9lectionne parmi tous les journalistes qui participent \u00e0 l\u2019op\u00e9ration, celui ou celle qui conviendra le mieux au projet de la classe. L\u2019op\u00e9ration est organis\u00e9e pour tous les r\u00e9seaux et dans toutes les r\u00e9gions de Wallonie et de Bruxelles.<\/p>\n<p><strong>En 2021<\/strong>, le Covid s\u2019est \u00e0 nouveau invit\u00e9 dans les \u00e9coles\u00a0: prolongation des cong\u00e9s de d\u00e9tente (Carnaval) et d\u2019automne (Toussaint), mise en quarantaine et fermeture de classes ont occasionn\u00e9 des reports, annulations de derni\u00e8re minute ou rencontres en distantiel et n\u2019ont pas facilit\u00e9 la t\u00e2che des enseignant.e.s et journalistes.<\/p>\n<p>Malgr\u00e9 cela, les journalistes ont pu se rendre dans les \u00e9coles \u00e0 la rencontre de 210 classes et 11 AMO (Service d\u2019action en milieu ouvert) ou \u00e9coles des devoirs. Ce qui donne 72 rencontres de plus qu\u2019en 2020.<\/p>\n<p>Ces visites se sont r\u00e9parties comme suit\u00a0: 92 en classes primaires, 100 en secondaire et 19 en sup\u00e9rieur.<\/p>\n<p>L\u2019impact de la crise sanitaire est donc toujours pr\u00e9sent puisque nous n\u2019avons pu atteindre le nombre de rencontres de 2019 \u00e0 savoir 359.<\/p>\n<p>La collaboration avec l\u2019asbl ENGAJE (Ensemble \u2013 Aide aux journalistes Exil\u00e9s) a \u00e9t\u00e9 poursuivie en 2021.\u00a0 2 journalistes exil\u00e9s ont pu aller \u00e0 la rencontre des \u00e9l\u00e8ves.<\/p>\n<p>Enfin, la ministre Linard a fait adopter par la FWB un <strong>plan d\u2019\u00e9ducation aux m\u00e9dias<\/strong>. Parmi la soixantaine de mesures plut\u00f4t g\u00e9n\u00e9rales que comporte le plan, il est pr\u00e9vu une \u00ab\u00a0\u00e9valuation et actualisation de l\u2019op\u00e9ration JEC et de son budget\u00a0\u00bb. Une premi\u00e8re s\u00e9ance de travail a \u00e9t\u00e9 fix\u00e9e avec le cabinet de la ministre. L\u2019actualisation devrait aller dans le sens de la diversification de l\u2019offre JEC. Des \u00ab\u00a0modules\u00a0\u00bb couvrant des aspects pr\u00e9cis du m\u00e9tier (fake news, identification des personnes, racisme et stigmatisations, d\u00e9ontologie, sport, culture, faits vs commentaire, etc.) viendraient compl\u00e9ter l\u2019offre actuelle dont le cadre g\u00e9n\u00e9ral (un.e journaliste, \u00e7a fait quoi\u00a0?) demeurerait un des modules disponibles. La revalorisation des montants accord\u00e9s pour les prestations est indispensable. Il est fix\u00e9 depuis 10 ans \u00e0 100 \u20ac (imposable) pour deux heures de pr\u00e9sence en classe, pr\u00e9paration et frais de d\u00e9placements compris\u2026<\/p>\n<p>Elargie pr\u00e9c\u00e9demment au <strong>secteur Jeunesse<\/strong> (maisons de jeunes, mouvements scouts\u2026), le cabinet de la Ministre de la Jeunesse n\u2019a toujours pas renouvel\u00e9 ce subside.\u00a0 L\u2019AJP est donc contrainte \u00e0 n\u2019intervenir que dans les secteurs vis\u00e9s par le d\u00e9cret \u00e0 savoir les \u00e9coles, les Accueils en milieu Ouvert (AMO) et les \u00e9coles des devoirs.<\/p>\n<p><a href=\"http:\/\/www.ajp.be\/jec-outils\/\">Diff\u00e9rents outils p\u00e9dagogiques<\/a> ont \u00e9t\u00e9 produits par l\u2019AJP et sont \u00e0 la disposition des journalistes et des enseignants.<\/p>\n<p>En 2021, la bo\u00eete \u00e0 outils p\u00e9dagogiques de JEC s\u2019est enrichie d\u2019une vid\u00e9o qui retrace le \u00ab\u00a0<strong>Trajet de l\u2019info<\/strong>\u00a0\u00bb, con\u00e7ue par l\u2019AJP et mise en image par We Tell Stories. Cette vid\u00e9o est visible sur <a href=\"https:\/\/www.youtube.com\/watch?v=Iq2HqsDYrCI&amp;t=5s)\">YouTube<\/a> (et est t\u00e9l\u00e9chargeable via le site de l\u2019<a href=\"http:\/\/www.ajp.be\/jec-outils\/\">AJP<\/a>.\u00a0 Elle explique en quoi le \u00ab\u00a0filtre journalistique\u00a0\u00bb transforme un \u00ab\u00a0fait\u00a0\u00bb en une \u00ab\u00a0information\u00a0\u00bb, apr\u00e8s v\u00e9rification et contextualisation.<\/p>\n<p>En 2020, en collaboration avec le CSEM, l\u2019AJP a produit une brochure sur les <strong>fakes news<\/strong>.\u00a0 R\u00e9dig\u00e9e par la journaliste C\u00e9line Gautier, elle a pour objectif d\u2019aider les journalistes \u00e0 aborder et illustrer cette th\u00e9matique d\u2019actualit\u00e9 souvent abord\u00e9e dans les rencontres \u2018journalistes en classe\u2019.<\/p>\n<p>&nbsp;<\/p>\n<p>Les vid\u00e9os <strong>\u00ab\u00a0Mon m\u00e9tier\u00a0: journaliste\u00a0\u00bb<\/strong> et \u00ab\u00a0<strong>L\u2019impact du num\u00e9rique sur le m\u00e9tier de journaliste\u00a0\u00bb<\/strong> disponibles sur <a href=\"https:\/\/www.youtube.com\/playlist?list=PLxK24tFqUeEZ4soHzgxSHdbJI5ieu1x5D\">notre cha\u00eene Youtube<\/a>.<\/p>\n<p>&nbsp;<\/p>\n<p><img loading=\"lazy\" class=\"wp-image-58 alignleft\" src=\"http:\/\/ag.ajp.be\/wp-content\/uploads\/2022\/01\/JEcmanuelpeda-212x300.jpg\" alt=\"\" width=\"73\" height=\"103\" srcset=\"https:\/\/ag.ajp.be\/wp-content\/uploads\/2022\/01\/JEcmanuelpeda-212x300.jpg 212w, https:\/\/ag.ajp.be\/wp-content\/uploads\/2022\/01\/JEcmanuelpeda.jpg 229w\" sizes=\"(max-width: 73px) 100vw, 73px\" \/>Le <strong>\u00ab\u00a0Manuel p\u00e9dagogique des journalistes en classe\u00a0\u00bb<\/strong> con\u00e7u et r\u00e9dig\u00e9 par l\u2019AJP et l\u2019asbl Action Cin\u00e9 Media Jeune.\u00a0 Il propose des exercices et animations et a pour objectif d\u2019aider les journalistes pour la pr\u00e9paration des rencontres avec les \u00e9tudiant.e.s.<\/p>\n<p><img loading=\"lazy\" class=\"wp-image-61 alignright\" src=\"http:\/\/ag.ajp.be\/wp-content\/uploads\/2022\/01\/mediacommentcamarche-211x300.jpg\" alt=\"\" width=\"70\" height=\"100\" srcset=\"https:\/\/ag.ajp.be\/wp-content\/uploads\/2022\/01\/mediacommentcamarche-211x300.jpg 211w, https:\/\/ag.ajp.be\/wp-content\/uploads\/2022\/01\/mediacommentcamarche.jpg 238w\" sizes=\"(max-width: 70px) 100vw, 70px\" \/><\/p>\n<p>&nbsp;<\/p>\n<p>Le fascicule <strong>\u00ab\u00a0Les m\u00e9dias, comment \u00e7a marche\u00a0? \u2013 le Cahier de l\u2019\u00e9l\u00e8ve\u00a0\u00bb<\/strong>, cahier d\u2019exercices r\u00e9dig\u00e9 par Alain Vaessen\u00a0; il est remis \u00e0 tous les \u00e9l\u00e8ves de 5\/6<sup>\u00e8me<\/sup> primaire participant \u00e0 l\u2019op\u00e9ration.<\/p>\n<p>&nbsp;<\/p>\n<p><strong><img loading=\"lazy\" class=\"wp-image-59 alignleft\" src=\"http:\/\/ag.ajp.be\/wp-content\/uploads\/2022\/01\/journalisteetmedia-296x300.jpg\" alt=\"\" width=\"113\" height=\"114\" srcset=\"https:\/\/ag.ajp.be\/wp-content\/uploads\/2022\/01\/journalisteetmedia-296x300.jpg 296w, https:\/\/ag.ajp.be\/wp-content\/uploads\/2022\/01\/journalisteetmedia-150x150.jpg 150w, https:\/\/ag.ajp.be\/wp-content\/uploads\/2022\/01\/journalisteetmedia.jpg 330w\" sizes=\"(max-width: 113px) 100vw, 113px\" \/>\u00ab\u00a0Journalistes &amp; M\u00e9dias\u00a0\u00bb<\/strong>\u00a0: cette brochure est une source d\u2019informations tr\u00e8s compl\u00e8te sur les m\u00e9dias, l\u2019information, le journalisme.\u00a0 Une attention particuli\u00e8re a \u00e9t\u00e9 accord\u00e9e \u00e0 l\u2019\u00e9volution num\u00e9rique de la profession ainsi qu\u2019au ph\u00e9nom\u00e8ne de fake news notamment.<\/p>\n<p>&nbsp;<\/p>\n<p>[\/vc_column_text][\/vc_column_inner][vc_column_inner width=\u00a0\u00bb1\/6&Prime;][\/vc_column_inner][\/vc_row_inner]\n\t\t\t<\/div>\n\t\t\t<div  class=\"ult_tabitemname\"  >\n\t\t\t\t[vc_row_inner content_placement=\u00a0\u00bbmiddle\u00a0\u00bb css=\u00a0\u00bb.vc_custom_1641395843216{margin-top: 90px !important;}\u00a0\u00bb][vc_column_inner width=\u00a0\u00bb1\/3&Prime;][vc_separator color=\u00a0\u00bbcustom\u00a0\u00bb align=\u00a0\u00bbalign_right\u00a0\u00bb border_width=\u00a0\u00bb3&Prime; el_width=\u00a0\u00bb60&Prime; accent_color=\u00a0\u00bb#3588bf\u00a0\u00bb][\/vc_column_inner][vc_column_inner width=\u00a0\u00bb1\/3&Prime;][vc_column_text]<\/p>\n<h2 style=\"text-align: center;\">Egalit\u00e9 et diversit\u00e9<\/h2>\n<p>[\/vc_column_text][\/vc_column_inner][vc_column_inner width=\u00a0\u00bb1\/3&Prime;][vc_separator color=\u00a0\u00bbcustom\u00a0\u00bb align=\u00a0\u00bbalign_left\u00a0\u00bb border_width=\u00a0\u00bb3&Prime; el_width=\u00a0\u00bb60&Prime; accent_color=\u00a0\u00bb#3588bf\u00a0\u00bb][\/vc_column_inner][\/vc_row_inner][vc_row_inner][vc_column_inner width=\u00a0\u00bb1\/6&Prime;][\/vc_column_inner][vc_column_inner width=\u00a0\u00bb2\/3&Prime;][vc_column_text css=\u00a0\u00bb.vc_custom_1645444069200{margin-bottom: 80px !important;background-color: rgba(255,255,255,0.3) !important;*background-color: rgb(255,255,255) !important;}\u00a0\u00bb]<\/p>\n<h3><strong>L\u2019AJP est active depuis 2010 dans les mati\u00e8res de Genre et de Diversit\u00e9, en lien avec le journalisme. L\u2019ann\u00e9e 2021 a \u00e9t\u00e9 riche en actions, publications et \u00e9tudes. <\/strong><\/h3>\n<h3><strong>Ces actions sont financ\u00e9es dans le cadre d\u2019une convention sign\u00e9e avec la F\u00e9d\u00e9ration Wallonie Bruxelles (M\u00e9dias et Egalit\u00e9 des chances). Elle porte sur la p\u00e9riode 2019 -2021. Une autre convention a \u00e9t\u00e9 conclue avec la Sowalfin (R\u00e9gion wallonne) et porte sur l\u2019entreprenariat f\u00e9minin, en lien avec Expertalia (infra). De nouvelles conventions sont en discussion pour les prochaines ann\u00e9es.<\/strong><\/h3>\n<p>[\/vc_column_text][\/vc_column_inner][vc_column_inner width=\u00a0\u00bb1\/6&Prime;][\/vc_column_inner][\/vc_row_inner][vc_row_inner][vc_column_inner width=\u00a0\u00bb1\/6&Prime;][\/vc_column_inner][vc_column_inner width=\u00a0\u00bb2\/3&Prime;][vc_column_text css=\u00a0\u00bb.vc_custom_1645438889196{margin-bottom: 0px !important;padding-top: 10px !important;padding-right: 25px !important;padding-bottom: 10px !important;padding-left: 25px !important;background-color: #3e8bc1 !important;}\u00a0\u00bb el_class=\u00a0\u00bbcontent-block-title\u00a0\u00bb]<\/p>\n<h3><strong>Expertalia<\/strong><\/h3>\n<p>[\/vc_column_text][vc_column_text css=\u00a0\u00bb.vc_custom_1645456406801{margin-bottom: 80px !important;border-bottom-width: 1px !important;border-left-width: 1px !important;padding-top: 25px !important;padding-right: 25px !important;padding-bottom: 25px !important;padding-left: 25px !important;background-color: rgba(255,255,255,0.54) !important;*background-color: rgb(255,255,255) !important;border-left-style: solid !important;border-bottom-style: solid !important;}\u00a0\u00bb el_class=\u00a0\u00bbcontent-block-left\u00a0\u00bb]<a href=\"https:\/\/expertalia.be\/\">Expertalia.be<\/a> est un outil destin\u00e9 aux journalistes. C\u2019est une base de donn\u00e9es d\u2019expertes et d\u2019experts (ces derniers issus de la diversit\u00e9 d\u2019origines) qui permet aux journalistes d\u2019enrichir leur carnet de sources d\u2019expertises, d\u2019inclure davantage de parit\u00e9 et de genre dans leurs productions.<\/p>\n<p><img loading=\"lazy\" class=\"aligncenter wp-image-123 size-large\" src=\"http:\/\/ag.ajp.be\/wp-content\/uploads\/2022\/02\/expertalia-logo-grand-1024x274.png\" alt=\"\" width=\"1024\" height=\"274\" srcset=\"https:\/\/ag.ajp.be\/wp-content\/uploads\/2022\/02\/expertalia-logo-grand-1024x274.png 1024w, https:\/\/ag.ajp.be\/wp-content\/uploads\/2022\/02\/expertalia-logo-grand-300x80.png 300w, https:\/\/ag.ajp.be\/wp-content\/uploads\/2022\/02\/expertalia-logo-grand-768x205.png 768w, https:\/\/ag.ajp.be\/wp-content\/uploads\/2022\/02\/expertalia-logo-grand-1536x410.png 1536w, https:\/\/ag.ajp.be\/wp-content\/uploads\/2022\/02\/expertalia-logo-grand.png 1872w\" sizes=\"(max-width: 1024px) 100vw, 1024px\" \/><\/p>\n<p>En d\u00e9cembre 2021,\u00a0Expertalia pr\u00e9sente 644 profils d\u2019expert.es (dont 542 femmes), soit 63 nouveaux profils inscrits sur l\u2019ann\u00e9e.<\/p>\n<p>Pour acc\u00e9der aux coordonn\u00e9es des expert.e.s, les journalistes doivent s\u2019inscrire sur le site (<a href=\"http:\/\/expertalia.be\/user\/register\">http:\/\/expertalia.be\/user\/register<\/a>). Il y a actuellement 573 journalistes inscrit.e.s comme utilisateur.trice.s de la base de donn\u00e9es.<\/p>\n<p>Un partenariat a \u00e9t\u00e9 sign\u00e9 le 9 octobre 2017 entre l\u2019Agence pour l\u2019Entreprise et l\u2019Innovation, repris par la Sowalfin depuis d\u00e9cembre 2018, dans le cadre du projet \u00ab\u00a0Expertalia\u00a0\u00bb.<\/p>\n<p>Le plan d\u2019action 2021 \u00e9tabli par la convention entre l\u2019AJP et la Sowalfin, dans le cadre du projet \u00ab\u00a0Expertalia\u00a0\u00bb, poursuit deux objectifs principaux : valoriser les entrepreneures et cheffes d\u2019entreprises et donner de la visibilit\u00e9 \u00e0 leurs talents.<\/p>\n<p>La convention la r\u00e9alisation de plusieurs objectifs visant la <strong>promotion de profils \u00ab\u00a0entrepreneuses\u00a0\u00bb<\/strong> parmi les expertes de la base de donn\u00e9es Expertalia. Un plan d\u2019action a \u00e9t\u00e9 mis en place et pr\u00e9voit d\u2019identifier des profils d\u2019entrepreneuses expertes et de les inviter \u00e0 rejoindre Expertalia.<\/p>\n<p>La journaliste V\u00e9ronique Pipers r\u00e9alise pour Expertalia des portraits de femmes entrepreneures. Les interviews \u00ab\u00a0Portrait\u00a0\u00bb sont publi\u00e9es sur le site Expertalia.be et relay\u00e9s par newsletters.[\/vc_column_text][vc_column_text css=\u00a0\u00bb.vc_custom_1645443142084{margin-bottom: 0px !important;padding-top: 10px !important;padding-right: 25px !important;padding-bottom: 10px !important;padding-left: 25px !important;background-color: #3e8bc1 !important;}\u00a0\u00bb el_class=\u00a0\u00bbcontent-block-title-reverse\u00a0\u00bb]<\/p>\n<h3><strong>Femmes journalistes\u00a0: la campagne journalisme z\u00e9ro sexisme <\/strong><\/h3>\n<p>[\/vc_column_text][vc_column_text css=\u00a0\u00bb.vc_custom_1645457462026{margin-bottom: 80px !important;padding-top: 25px !important;padding-right: 25px !important;padding-bottom: 25px !important;padding-left: 25px !important;background-color: rgba(255,255,255,0.54) !important;*background-color: rgb(255,255,255) !important;}\u00a0\u00bb el_class=\u00a0\u00bbcontent-block-right\u00a0\u00bb]<strong><em>Journalisme z\u00e9ro sexisme<\/em><\/strong>\u00a0est une campagne de sensibilisation et d\u2019information men\u00e9e par l\u2019AJP pour plus d\u2019\u00e9galit\u00e9 dans les r\u00e9dactions. Elle s\u2019inscrit dans la continuit\u00e9 de l\u2019\u00e9tude \u00ab\u00a0<a href=\"http:\/\/www.ajp.be\/telechargements\/JournalistesFemmes\/l-etude.pdf\">Etre femme et journaliste en Belgique francophone<\/a>\u00a0\u00bb r\u00e9alis\u00e9e en 2018 par les chercheuses Florence Le Cam, Lise M\u00e9nalque et Manon Libert.<\/p>\n<p><img loading=\"lazy\" class=\"aligncenter wp-image-124\" src=\"http:\/\/ag.ajp.be\/wp-content\/uploads\/2022\/02\/AG22-8-2.png\" alt=\"\" width=\"1000\" height=\"206\" srcset=\"https:\/\/ag.ajp.be\/wp-content\/uploads\/2022\/02\/AG22-8-2.png 579w, https:\/\/ag.ajp.be\/wp-content\/uploads\/2022\/02\/AG22-8-2-300x62.png 300w\" sizes=\"(max-width: 1000px) 100vw, 1000px\" \/><\/p>\n<p>Cette \u00e9tude a permis de souligner les difficult\u00e9s rencontr\u00e9es par les femmes journalistes et de mettre au jour. L\u2019AJP s\u2019est alors pench\u00e9e sur une campagne \u00e0 destination des directions de m\u00e9dias, des r\u00e9dactions, des journalistes salari\u00e9.es et ind\u00e9pendant.es.<\/p>\n<p>Le but de cette campagne\u00a0: rendre ces r\u00e9alit\u00e9s visibles pour tou.te.s, \u00e9toffer la r\u00e9colte de t\u00e9moignages de femmes journalistes et enfin \u00e9laborer ensemble des actions concr\u00e8tes pour lutter contre le sexisme au sein de la profession de journaliste en Belgique francophone.<\/p>\n<p>Une <a href=\"https:\/\/youtu.be\/PKwbSoSmuJw\">vid\u00e9o<\/a> ainsi que du mat\u00e9riel de campagne ont \u00e9t\u00e9 diffus\u00e9s.<\/p>\n<p><iframe loading=\"lazy\" style=\"width: 100%;\" title=\"Campagne z\u00e9ro sexisme : pour plus d'\u00e9galit\u00e9 dans les r\u00e9dactions (2021)\" src=\"https:\/\/www.youtube.com\/embed\/PKwbSoSmuJw?feature=oembed\" width=\"1200\" height=\"675\" frameborder=\"0\" allowfullscreen=\"allowfullscreen\"><\/iframe><\/p>\n<p><strong>Plusieurs th\u00e8mes y sont d\u00e9clin\u00e9s\u00a0:<\/strong><\/p>\n<div style=\"display: flex; flex-wrap: wrap; justify-content: space-between;\">\n<p style=\"color: white; background: #ef8165; padding: 6px 30px; font-size: 22px; line-height: 44px; margin: 5px; text-align: center;\">Harc\u00e8lement, agressions sexistes<\/p>\n<p style=\"color: white; background: #ef8165; padding: 6px 30px; font-size: 22px; line-height: 44px; margin: 5px; flex-grow: 1; text-align: center;\">Des sujets \u00ab f\u00e9minins \u00bb<\/p>\n<p style=\"color: white; background: #ef8165; padding: 6px 30px; font-size: 22px; line-height: 44px; margin: 5px; text-align: center; flex-grow: 1;\">In\u00e9galit\u00e9s salariales<\/p>\n<p style=\"color: white; background: #ef8165; padding: 6px 30px; font-size: 22px; line-height: 44px; margin: 5px; text-align: center; flex-grow: 1;\">Conciliation vie priv\u00e9e \u2013 vie professionnelle<\/p>\n<p style=\"color: white; background: #ef8165; flex-grow: 1; padding: 6px 30px; font-size: 22px; line-height: 44px; margin: 5px; text-align: center;\">Difficult\u00e9s \u00e0 progresser<\/p>\n<p style=\"color: white; background: #ef8165; flex-grow: 1; padding: 6px 30px; font-size: 22px; line-height: 44px; margin: 5px; text-align: center;\">Quitter la profession<\/p>\n<\/div>\n<p>&nbsp;<\/p>\n<p><strong>Acc\u00e9der au site de la campagne\u00a0: <a href=\"http:\/\/www.ajp.be\/campagne-zero-sexisme\/\">http:\/\/www.ajp.be\/campagne-zero-sexisme\/<\/a><\/strong><\/p>\n<p>La campagne a donn\u00e9 lieu \u00e0 de nombreux articles ou reportages dans les m\u00e9dias. En outre, plusieurs rencontres ou conf\u00e9rences se sont d\u00e9roul\u00e9es avec des \u00e9tudiant.e.s en journalisme (ULB et UCL).<\/p>\n<ol>\n<li>02\/03\/2021\u00a0: L\u2019AJP et la campagne z\u00e9ro sexisme, Mediaspecs.be <a href=\"https:\/\/www.mediaspecs.be\/fr\/lajp-lance-une-campagne-pour-lutter-contre-le-sexisme-dans-les-redactions-2\/\">https:\/\/www.mediaspecs.be\/fr\/lajp-lance-une-campagne-pour-lutter-contre-le-sexisme-dans-les-redactions-2\/<\/a><\/li>\n<li>03\/03\/2021\u00a0: l\u2019AJP et la campagne z\u00e9ro sexisme, flair.be\u00a0: \u00ab\u00a0#journalismezerosexisme, la campagne qui met \u00e0 m\u00e2le les r\u00e9dactions belges\u00a0\u00bb <a href=\"https:\/\/www.flair.be\/fr\/lifestyle\/societe\/journalismezerosexisme-redactions-belges\/\">https:\/\/www.flair.be\/fr\/lifestyle\/societe\/journalismezerosexisme-redactions-belges\/<\/a><\/li>\n<li>05\/03\/2021\u00a0: l\u2019AJP et la campagne z\u00e9ro sexisme, RTBF d\u00e9bat des d\u00e9codeurs <a href=\"https:\/\/www.rtbf.be\/auvio\/detail_le-debat-des-decodeurs?id=2743047\">https:\/\/www.rtbf.be\/auvio\/detail_le-debat-des-decodeurs?id=2743047<\/a><\/li>\n<li>07\/03\/2021\u00a0: RTBF Les Grenades, visuels de la campagne z\u00e9ro sexisme <a href=\"https:\/\/www.rtbf.be\/info\/dossier\/les-grenades\/detail_en-tete-a-tete-avec-alice-coffin-les-femmes-veulent-nourrir-leur-imaginaire-avec-les-uvres-qu-elles-ont-choisies?id=10712397\">https:\/\/www.rtbf.be\/info\/dossier\/les-grenades\/detail_en-tete-a-tete-avec-alice-coffin-les-femmes-veulent-nourrir-leur-imaginaire-avec-les-uvres-qu-elles-ont-choisies?id=10712397<\/a><\/li>\n<li>08\/03\/2021\u00a0: L\u2019AJP et la campagne z\u00e9ro sexisme, Imagine \u00ab\u00a0Quelle place occupent les femmes dans imagine\u00a0?\u00a0\u00bb <a href=\"https:\/\/www.imagine-magazine.com\/libre-acces\/chronique\/quelle-place-pour-les-femmes-dans-imagine\/\">https:\/\/www.imagine-magazine.com\/libre-acces\/chronique\/quelle-place-pour-les-femmes-dans-imagine\/<\/a><\/li>\n<li>11\/03\/2021\u00a0: l\u2019AJP et campagne z\u00e9ro sexisme, La libre Belgique, \u00ab\u00a0#SalePute\u00a0: sobre et cinglant constat d\u2019un fl\u00e9au majuscule\u00a0\u00bb<\/li>\n<li>11\/03\/2021\u00a0: L\u2019AJP et campagne z\u00e9ro sexisme, Le Vif, \u00ab\u00a0Les oreilles se d\u00e9bouchent m\u00eame sans un #MeToo belge\u00a0\u00bb<\/li>\n<\/ol>\n<p>[\/vc_column_text][vc_column_text css=\u00a0\u00bb.vc_custom_1645456802525{margin-bottom: 0px !important;padding-top: 10px !important;padding-right: 25px !important;padding-bottom: 10px !important;padding-left: 25px !important;background-color: #3e8bc1 !important;}\u00a0\u00bb el_class=\u00a0\u00bbcontent-block-title\u00a0\u00bb]<\/p>\n<h3><strong>Enseignants et \u00e9tudiants en journalisme: Studentalia<\/strong><\/h3>\n<p>[\/vc_column_text][vc_column_text css=\u00a0\u00bb.vc_custom_1645456814379{margin-bottom: 80px !important;border-bottom-width: 1px !important;border-left-width: 1px !important;padding-top: 25px !important;padding-right: 25px !important;padding-bottom: 25px !important;padding-left: 25px !important;background-color: rgba(255,255,255,0.54) !important;*background-color: rgb(255,255,255) !important;border-left-style: solid !important;border-bottom-style: solid !important;}\u00a0\u00bb el_class=\u00a0\u00bbcontent-block-left\u00a0\u00bb]La convention pr\u00e9voit \u00e9galement le d\u00e9veloppement d\u2019une plateforme internet \u00e0 destination des \u00e9tudiants et des enseignants en journalisme. L\u2019objectif est de sensibiliser les \u00e9tudiants en journalisme aux questions d\u2019\u00e9galit\u00e9 et de diversit\u00e9 dans les m\u00e9dias, et de les guider vers de bonnes pratiques avant qu\u2019ils n\u2019arrivent dans le m\u00e9tier et int\u00e8grent \u00ab\u00a0des routines\u00a0\u00bb. La plateforme leur permettra d\u2019adapter leurs pratiques en la mati\u00e8re.<\/p>\n<p>En 2020 et 2021, l\u2019AJP a pr\u00e9par\u00e9 le site <a href=\"http:\/\/www.studentalia.be\">www.studentalia.be<\/a>, ainsi que deux capsules vid\u00e9o, en collaboration avec \u2018We Tell Stories\u2019.<\/p>\n<p>La plateforme est compos\u00e9e d\u2019une section de <strong>sensibilisation<\/strong> (avec des <em>capsules<\/em> vid\u00e9os en motion design), une section <strong>ressources <\/strong>(avec un catalogue de personnes de contacts et un acc\u00e8s vers Expertalia.be) et une section d\u2019<strong>auto-\u00e9valuation<\/strong> interactive et p\u00e9dagogique. Cette grille permet aux \u00e9tudiant.e.s en journalisme de scanner leurs travaux sous le prisme de l\u2019\u00e9galit\u00e9 et de la diversit\u00e9. La grille a \u00e9t\u00e9 d\u00e9velopp\u00e9e avec la participation active d\u2019enseignant.e.s ou d\u2019assistant.e.s en journalisme de l\u2019UCL, ULg, l\u2019ULB et l\u2019Ihecs.<\/p>\n<p>Studentalia.be sera lanc\u00e9 dans les prochaines semaines.[\/vc_column_text][vc_column_text css=\u00a0\u00bb.vc_custom_1645442554688{margin-bottom: 0px !important;padding-top: 10px !important;padding-right: 25px !important;padding-bottom: 10px !important;padding-left: 25px !important;background-color: #3e8bc1 !important;}\u00a0\u00bb el_class=\u00a0\u00bbcontent-block-title-reverse\u00a0\u00bb]<\/p>\n<h3><strong>Guide : \u00ab Comment informer sur les violences faites aux femmes ? \u00bb <\/strong><\/h3>\n<p>[\/vc_column_text][vc_column_text css=\u00a0\u00bb.vc_custom_1645457031749{margin-bottom: 80px !important;padding-top: 25px !important;padding-right: 25px !important;padding-bottom: 25px !important;padding-left: 25px !important;background-color: rgba(255,255,255,0.54) !important;*background-color: rgb(255,255,255) !important;}\u00a0\u00bb el_class=\u00a0\u00bbcontent-block-right\u00a0\u00bb]L\u2019AJP a \u00e9dit\u00e9, en novembre 2021\u00a0, le Guide pratique \u00ab\u00a0<em>Comment informer sur les violences contre les femmes\u00a0?\u00a0<\/em>\u00bb\u00a0:\u00a0 10 recommandations en 10 fiches, portant sur le choix des termes exacts, d\u2019illustrations adapt\u00e9es, la relation aux victimes, les angles pertinents,\u2026Il contient \u00e9galement de nombreux exemples de bonnes et moins bonnes pratiques journalistiques, un rappel de la l\u00e9gislation et de la d\u00e9ontologie, un lexique et plus d\u2019une centaine de r\u00e9f\u00e9rences bibliographiques.<\/p>\n<p>R\u00e9dig\u00e9 par Anne-Marie Impe, journaliste, autrice d\u2019un ouvrage sur le m\u00eame th\u00e8me pour l\u2019UNESCO, ce Guide a pour ambition d\u2019une part d\u2019\u00e9clairer les enjeux de la violence syst\u00e9mique contre les femmes et d\u2019autre part d\u2019approfondir les recommandations d\u00e9j\u00e0 existantes sur ce sujet, celles \u00e9mises par l\u2019AJP ou plus r\u00e9cemment par le Conseil de d\u00e9ontologie journalistique (CDJ).<\/p>\n<p><img loading=\"lazy\" class=\"size-medium wp-image-126 alignright\" src=\"http:\/\/ag.ajp.be\/wp-content\/uploads\/2022\/02\/illuviolence-300x283.png\" alt=\"\" width=\"300\" height=\"283\" srcset=\"https:\/\/ag.ajp.be\/wp-content\/uploads\/2022\/02\/illuviolence-300x283.png 300w, https:\/\/ag.ajp.be\/wp-content\/uploads\/2022\/02\/illuviolence-768x724.png 768w, https:\/\/ag.ajp.be\/wp-content\/uploads\/2022\/02\/illuviolence.png 915w\" sizes=\"(max-width: 300px) 100vw, 300px\" \/>L\u2019AJP travaille sur ce th\u00e8me depuis 2017\u00a0: d\u2019abord au sein du projet\u00a0<em>Alter\u00e9gales<\/em>, qui a permis de confier une recherche \u00e0 Sarah Sepulchre (UCLouvain), centr\u00e9e sur le traitement m\u00e9diatique des violences contre les femmes. Cette\u00a0<a href=\"http:\/\/www.ajp.be\/violencesfemmes-l-etude\/\">recherche<\/a>, ainsi que le travail avec des organisations de terrain, ont fond\u00e9 les\u00a0<a href=\"http:\/\/www.ajp.be\/violencesfemmes-recommandations\/\">Recommandations<\/a>\u00a0\u00e9mises par l\u2019AJP en 2018 et r\u00e9\u00e9dit\u00e9es et enrichies en 2020. En octobre 2020, la Direction de l\u2019Egalit\u00e9 des chances a lanc\u00e9 un appel \u00e0 projets \u00ab\u00a0visant \u00e0 lutter contre le sexisme et les violences faites aux femmes dans le secteur des m\u00e9dias\u00a0\u00bb. C\u2019est par cet appel \u00e0 projets que ce Guide a \u00e9t\u00e9 financ\u00e9. En juin 2021 enfin, le Conseil de d\u00e9ontologie journalistique, saisi \u00e0 l\u2019initiative de l\u2019AJP, a diffus\u00e9 une recommandation sur \u00ab\u00a0<a href=\"https:\/\/www.lecdj.be\/wp-content\/uploads\/12-violences-de-genre-avec-cover-2021.pdf\">Le traitement journalistique des violences de genre\u00a0<\/a>\u00bb.<\/p>\n<p>La question du traitement m\u00e9diatique des violences contre les femmes est \u00e0 la charni\u00e8re d\u2019enjeux cruciaux\u00a0: un traitement m\u00e9diatique pertinent peut en effet soutenir la pr\u00e9vention et la lutte contre les violences faites aux femmes.<\/p>\n<p>Nous avons con\u00e7u ce Guide comme un outil, une base de r\u00e9flexion et de discussions avec les (futur\u2219e\u2219s) journalistes et les r\u00e9dactions. Il prend des options claires mais ne pr\u00e9tend pas ass\u00e9ner \u00abla\u00bb v\u00e9rit\u00e9, ni \u00e9noncer de sentences d\u00e9finitives. N\u2019h\u00e9sitez d\u00e8s lors pas \u00e0 nous faire part de vos apports, r\u00e9flexions ou questions.<\/p>\n<p>&gt;&gt;<a href=\"http:\/\/www.ajp.be\/wp-content\/uploads\/2021\/11\/2021_AJP_Guide_PratiqueWeb-SD-2211-1.pdf\">\u00a0Consultez la version num\u00e9rique du Guide<\/a><\/p>\n<p>Une courte vid\u00e9o a \u00e9galement \u00e9t\u00e9 r\u00e9alis\u00e9e sur le sujet<\/p>\n<p><iframe loading=\"lazy\" style=\"width: 100%;\" title=\"Comment BIEN parler des violences contre les femmes ?\" src=\"https:\/\/www.youtube.com\/embed\/9cLuHQd8vJU?start=2&amp;feature=oembed\" width=\"1200\" height=\"675\" frameborder=\"0\" allowfullscreen=\"allowfullscreen\"><\/iframe>[\/vc_column_text][vc_column_text css=\u00a0\u00bb.vc_custom_1645443293811{margin-bottom: 0px !important;padding-top: 10px !important;padding-right: 25px !important;padding-bottom: 10px !important;padding-left: 25px !important;background-color: #3e8bc1 !important;}\u00a0\u00bb el_class=\u00a0\u00bbcontent-block-title\u00a0\u00bb]<\/p>\n<h3><strong>Lutter contre le cyberharc\u00e8lement : une nouvelle \u00e9tude AJP\/ULB<\/strong><\/h3>\n<p>[\/vc_column_text][vc_column_text css=\u00a0\u00bb.vc_custom_1645526657860{border-bottom-width: 1px !important;border-left-width: 1px !important;padding-top: 25px !important;padding-right: 25px !important;padding-bottom: 25px !important;padding-left: 25px !important;background-color: rgba(255,255,255,0.54) !important;*background-color: rgb(255,255,255) !important;border-left-style: solid !important;border-bottom-style: solid !important;}\u00a0\u00bb el_class=\u00a0\u00bbcontent-block-left\u00a0\u00bb]A la demande de l\u2019AJP, une nouvelle \u00e9tude a \u00e9t\u00e9 r\u00e9alis\u00e9e sur la question du cyberhac\u00e8lement des journalistes. Sylvain Malcorps, Florence Le Cam et Manon Libert, chercheur et chercheuses au LaPIJ, ont explore cette perspective dans une enqu\u00eate in\u00e9dite r\u00e9alis\u00e9e entre f\u00e9vrier et octobre 2021.<\/p>\n<p>&nbsp;<\/p>\n<p><img loading=\"lazy\" class=\"size-full wp-image-128 alignleft\" src=\"http:\/\/ag.ajp.be\/wp-content\/uploads\/2022\/02\/AG22-8-5.png\" alt=\"\" width=\"283\" height=\"137\" \/>Cinq organisations m\u00e9diatiques actives dans la production d\u2019informations en Belgique francophone et 22 personnes ont pris part \u00e0 l\u2019\u00e9tude. Le mat\u00e9riau de recherche est issu d\u2019entretiens avec les top managers de ces entreprises et de focus groups r\u00e9unissant les responsables de la r\u00e9daction, du service juridique, des ressources humaines, du service interne pour la pr\u00e9vention et la protection au travail (SIPP), des gestionnaires de communaut\u00e9s en ligne, de l\u2019informatique (IT) et de la s\u00e9curit\u00e9.<\/p>\n<p>L\u2019\u00e9tude <a href=\"https:\/\/lapij.ulb.ac.be\/wp-content\/uploads\/2022\/01\/Carnet-du-LaPIJ-4-Les-entreprises-mediatiques-belges-francophones-face-au-cyberharcelement.pdf\">a \u00e9t\u00e9 publi\u00e9e<\/a> en d\u00e9cembre 2021.La revue Journalistes de janvier 2022 en a publi\u00e9 <a href=\"http:\/\/www.ajp.be\/wp-content\/uploads\/2022\/02\/243Dossier.pdf\">un large r\u00e9sum\u00e9<\/a>[\/vc_column_text][\/vc_column_inner][vc_column_inner width=\u00a0\u00bb1\/6&Prime;][\/vc_column_inner][\/vc_row_inner]\n\t\t\t<\/div>\n\t\t\t<div  class=\"ult_tabitemname\"  >\n\t\t\t\t[vc_row_inner content_placement=\u00a0\u00bbmiddle\u00a0\u00bb css=\u00a0\u00bb.vc_custom_1645020980300{margin-top: 90px !important;margin-bottom: 50px !important;}\u00a0\u00bb][vc_column_inner width=\u00a0\u00bb1\/3&Prime;][vc_separator color=\u00a0\u00bbcustom\u00a0\u00bb align=\u00a0\u00bbalign_right\u00a0\u00bb border_width=\u00a0\u00bb3&Prime; el_width=\u00a0\u00bb60&Prime; accent_color=\u00a0\u00bb#3588bf\u00a0\u00bb][\/vc_column_inner][vc_column_inner width=\u00a0\u00bb1\/3&Prime;][vc_column_text]<\/p>\n<h2 style=\"text-align: center;\">Nos membres et le renouvellement des documents de presse<\/h2>\n<p>[\/vc_column_text][\/vc_column_inner][vc_column_inner width=\u00a0\u00bb1\/3&Prime;][vc_separator color=\u00a0\u00bbcustom\u00a0\u00bb align=\u00a0\u00bbalign_left\u00a0\u00bb border_width=\u00a0\u00bb3&Prime; el_width=\u00a0\u00bb60&Prime; accent_color=\u00a0\u00bb#3588bf\u00a0\u00bb][\/vc_column_inner][\/vc_row_inner][vc_row_inner][vc_column_inner width=\u00a0\u00bb1\/6&Prime;][\/vc_column_inner][vc_column_inner width=\u00a0\u00bb2\/3&Prime;][vc_column_text css=\u00a0\u00bb.vc_custom_1645458202714{margin-bottom: 80px !important;padding-top: 25px !important;padding-right: 25px !important;padding-bottom: 25px !important;padding-left: 25px !important;background-color: rgba(255,255,255,0.54) !important;*background-color: rgb(255,255,255) !important;}\u00a0\u00bb]<\/p>\n<h3><strong>En 2021, la Belgique compte 5036 journalistes professionnels agr\u00e9\u00e9s en information g\u00e9n\u00e9rale ou presse sp\u00e9cialis\u00e9e. 2775 d\u2019entre eux sont agr\u00e9\u00e9s dans le r\u00f4le n\u00e9erlandophone et 2340 dans le r\u00f4le francophone. De nombreux correspondants \u00e9trangers (447) obtiennent \u00e9galement une carte de presse de journaliste professionnel.<\/strong><\/h3>\n<p>[\/vc_column_text][vc_column_text css=\u00a0\u00bb.vc_custom_1645458259319{margin-bottom: 80px !important;padding-top: 25px !important;padding-right: 25px !important;padding-bottom: 25px !important;padding-left: 25px !important;background-color: #ffffff !important;}\u00a0\u00bb]Les journalistes <strong>stagiaires<\/strong> belges sont au nombre de 285. Du c\u00f4t\u00e9 francophone, on en recense 129, dont 49 ont \u00e9t\u00e9 admis en 2021.<\/p>\n<p>En 2021, 91 candidats ont \u00e9t\u00e9 admis au titre de journaliste professionnel (-5 par rapport \u00e0 2020) et 3 au titre de journaliste de presse sp\u00e9cialis\u00e9e(-2 par rapport \u00e0 2020). Parmi ceux-ci, 64 \u00e9taient d\u00e9j\u00e0 stagiaires AJP.<\/p>\n<p>L\u2019AJP compte \u00e9galement des membres correspondants de presse (101), honoraires (110) et \u00e9tudiants (243).<\/p>\n<p>Fin 2021, l\u2019AJP comptait au total 2347 membres, toutes cat\u00e9gories confondues.<\/p>\n<p>En 2021, parmi les seuls journalistes professionnels, le taux d\u2019affiliation est de 79.3%. Le graphique suivant permet de visualiser que le taux d\u2019affiliation sur les 14 derni\u00e8res ann\u00e9es reste tr\u00e8s stable.<\/p>\n<p><img loading=\"lazy\" class=\"wp-image-135 size-full aligncenter\" src=\"http:\/\/ag.ajp.be\/wp-content\/uploads\/2022\/02\/graph1.png\" alt=\"\" width=\"821\" height=\"495\" srcset=\"https:\/\/ag.ajp.be\/wp-content\/uploads\/2022\/02\/graph1.png 821w, https:\/\/ag.ajp.be\/wp-content\/uploads\/2022\/02\/graph1-300x181.png 300w, https:\/\/ag.ajp.be\/wp-content\/uploads\/2022\/02\/graph1-768x463.png 768w\" sizes=\"(max-width: 821px) 100vw, 821px\" \/><\/p>\n<p>Le graphique suivant permet de visualiser le taux d\u2019affiliation par tranche d\u2019\u00e2ge, qui reste \u00e9galement stable d\u2019une g\u00e9n\u00e9ration \u00e0 l\u2019autre de journalistes.<\/p>\n<p><img loading=\"lazy\" class=\"aligncenter wp-image-136 size-full\" src=\"http:\/\/ag.ajp.be\/wp-content\/uploads\/2022\/02\/graph2.png\" alt=\"\" width=\"891\" height=\"400\" srcset=\"https:\/\/ag.ajp.be\/wp-content\/uploads\/2022\/02\/graph2.png 891w, https:\/\/ag.ajp.be\/wp-content\/uploads\/2022\/02\/graph2-300x135.png 300w, https:\/\/ag.ajp.be\/wp-content\/uploads\/2022\/02\/graph2-768x345.png 768w\" sizes=\"(max-width: 891px) 100vw, 891px\" \/>[\/vc_column_text][vc_column_text css=\u00a0\u00bb.vc_custom_1645458045633{padding-top: 10px !important;padding-right: 25px !important;padding-bottom: 10px !important;padding-left: 25px !important;}\u00a0\u00bb el_class=\u00a0\u00bb.content-block-title\u00a0\u00bb]<\/p>\n<h3><strong>Du c\u00f4t\u00e9 de nos membres \u00e9tudiant.e.s<\/strong><\/h3>\n<p>[\/vc_column_text][vc_column_text css=\u00a0\u00bb.vc_custom_1645021024748{margin-bottom: 80px !important;padding-top: 25px !important;padding-right: 25px !important;padding-bottom: 25px !important;padding-left: 25px !important;background-color: rgba(255,255,255,0.54) !important;*background-color: rgb(255,255,255) !important;}\u00a0\u00bb el_class=\u00a0\u00bb.content-block-left\u00a0\u00bb]L\u2019AJP a un partenariat (appel\u00e9 \u00ab\u00a0Triangle\u00a0\u00bb) avec les Ecoles de journalisme. L\u2019AJP propose des services aux \u00e9tudiant.e.s affili\u00e9.e.s par l\u2019interm\u00e9diaire des Ecoles. Outre les s\u00e9ances d\u2019information (march\u00e9 de l\u2019emploi, statut des journalistes, tarifs, contrats,\u2026) que l\u2019AJP assure dans les Ecoles, les \u00e9tudiant.e.s re\u00e7oivent nos publications, ont droit \u00e0 une journ\u00e9e gratuite de formation au choix dans le catalogue AJPro, peuvent recourir au service juridique,\u2026<\/p>\n<p>&nbsp;<\/p>\n<p>Pour l\u2019ann\u00e9e scolaire 2021-2022, six Ecoles de journalisme participent \u00e0 l\u2019op\u00e9ration triangle\u00a0: ULg, IHECS, Condorcet, ISFSC, ULB et UCL.<\/p>\n<p>&nbsp;<\/p>\n<p>243 \u00e9tudiant.e.s en journalisme \u00e9taient affili\u00e9.e.s \u00e0 l\u2019AJP fin 2021, contre 151 l\u2019ann\u00e9e pr\u00e9c\u00e9dente.[\/vc_column_text][vc_column_text css=\u00a0\u00bb.vc_custom_1643805655553{padding-top: 10px !important;padding-right: 25px !important;padding-bottom: 10px !important;padding-left: 25px !important;}\u00a0\u00bb el_class=\u00a0\u00bb.content-block-title-reverse\u00a0\u00bb]<\/p>\n<h3><strong>Renouvellement des documents de presse des journalistes professionnel\u00b7<\/strong><strong>le\u00b7<\/strong><strong>s 2022-2026<\/strong><\/h3>\n<p>[\/vc_column_text][vc_column_text css=\u00a0\u00bb.vc_custom_1645520004569{padding-top: 25px !important;padding-right: 25px !important;padding-bottom: 25px !important;padding-left: 25px !important;background-color: rgba(255,255,255,0.54) !important;*background-color: rgb(255,255,255) !important;}\u00a0\u00bb el_class=\u00a0\u00bb.content-block-right\u00a0\u00bb]La loi du 30 d\u00e9cembre 1963 relative au <a href=\"http:\/\/www.ajp.be\/la-loi-relative-au-titre-de-journaliste-professionnel\/#:~:text=Le%20titre%20de%20journaliste%20professionnel,un%20m%C3%A9dia%20d'information%20g%C3%A9n%C3%A9rale.\">titre de journaliste professionnel\u00b7le<\/a> pr\u00e9voit que, pour y acc\u00e9der, il faut avoir fait du journalisme son activit\u00e9 professionnelle principale depuis deux ans et exercer cette activit\u00e9 pour le compte d\u2019un m\u00e9dia d\u2019information g\u00e9n\u00e9rale. Les journalistes travaillant pour des m\u00e9dias sp\u00e9cialis\u00e9s peuvent par ailleurs pr\u00e9tendre \u00e0 un titre sp\u00e9cifique, celui de \u00ab\u00a0journaliste de la presse p\u00e9riodique\u00a0\u00bb. Les documents de presse sont renouvel\u00e9s tous les 5 ans.<\/p>\n<p>Le titre de journaliste professionnel\u00b7le est attribu\u00e9 par <a href=\"http:\/\/www.ajp.be\/commissions-agreation\/\">une Commission d\u2019Agr\u00e9ation officielle<\/a>, compos\u00e9e paritairement de journalistes professionnel\u00b7le\u00b7s et de directeurs de m\u00e9dias. Les membres de la Commission sont nomm\u00e9s par arr\u00eat\u00e9 royal. Les proc\u00e9dures de demande d\u2019agr\u00e9ation ou de renouvellement des documents de presse sont r\u00e9gl\u00e9es par l\u2019arr\u00eat\u00e9 royal du 16 octobre 1991.<\/p>\n<p>\u00c0 noter que la Commission d\u2019agr\u00e9ation est ind\u00e9pendante de l\u2019AJP. L\u2019AJP s\u2019occupe toutefois de centraliser les nouvelles demandes d\u2019agr\u00e9ation et de renouvellement et de les faire parvenir \u00e0 la Commission. Si la d\u00e9cision rendue est positive, la Commission renvoie alors le dossier du ou de la journaliste \u00e0 l\u2019AJP, qui commande la carte de presse aupr\u00e8s du SPF Int\u00e9rieur et l\u2019envoie par la suite au ou \u00e0 la journaliste.<\/p>\n<p>&nbsp;<\/p>\n<p><img loading=\"lazy\" class=\" wp-image-47 alignleft\" src=\"http:\/\/ag.ajp.be\/wp-content\/uploads\/2022\/01\/carte2022-300x189.jpg\" alt=\"\" width=\"289\" height=\"182\" srcset=\"https:\/\/ag.ajp.be\/wp-content\/uploads\/2022\/01\/carte2022-300x189.jpg 300w, https:\/\/ag.ajp.be\/wp-content\/uploads\/2022\/01\/carte2022-768x483.jpg 768w, https:\/\/ag.ajp.be\/wp-content\/uploads\/2022\/01\/carte2022.jpg 937w\" sizes=\"(max-width: 289px) 100vw, 289px\" \/>Les cartes de presse sont d\u00e9livr\u00e9es pour une m\u00eame p\u00e9riode quinquennale. Ce renouvellement concerne alors la p\u00e9riode 2022-2026.<\/p>\n<p>Ainsi, au 31 d\u00e9cembre 2021, les documents de presse de <strong>1809 journalistes professionnel\u00b7<\/strong><strong>le\u00b7<\/strong><strong>s ont \u00e9t\u00e9 renouvel\u00e9s<\/strong>, sur 2633 dossiers au total. Autrement dit, 70% des journalistes professionnel\u00b7le\u00b7s ont \u00e9t\u00e9 renouvel\u00e9\u00b7e\u00b7s en 2021, pour la p\u00e9riode 2022-2026. Le processus de renouvellement continue au jour de publication de ce rapport.<\/p>\n<p>\u00c0 la fin de l\u2019ann\u00e9e 2021, il restait 601 dossiers \u00e0 traiter par la Commission d\u2019agr\u00e9ation. Parmi ces 601 dossiers, 64 \u00e9taient en cours de traitement, 159 \u00e9taient en attente d\u2019analyse, et 378 dossiers n\u2019avaient pas encore \u00e9t\u00e9 soumis par le ou la journaliste.<\/p>\n<p>Le processus de renouvellement et l\u2019impression des cartes par le SPF Int\u00e9rieur ayant pris du retard, <a href=\"http:\/\/www.ajp.be\/prolongation-de-la-validite-des-cartes-de-presse-jusquau-28-02-2022\/\">la validit\u00e9 des cartes de presse 2017-2021 a \u00e9t\u00e9 prolong\u00e9e jusqu\u2019au 28 f\u00e9vrier 2022<\/a>.<\/p>\n<p>Lors du renouvellement, au moins 7 dossiers ont \u00e9galement \u00e9t\u00e9 refus\u00e9s : 7 journalistes n\u2019ont pas \u00e9t\u00e9 renouvel\u00e9\u00b7e\u00b7s par la Commission d\u2019agr\u00e9ation. Elle a alors rendu un avis motiv\u00e9 aux personnes concern\u00e9es, expliquant qu\u2019elles ne rentraient plus dans les conditions de la loi de 1963. N\u00e9anmoins, il existe une Commission d\u2019appel \u00e0 laquelle ces personnes peuvent s\u2019adresser si elles estiment que la d\u00e9cision rendue n\u2019est pas justifi\u00e9e.<\/p>\n<p>De plus, 13 autres dossiers ont \u00e9t\u00e9 retir\u00e9s \u00e0 l\u2019initiative des journalistes, estimant que leur situation professionnelle ne correspondait plus aux conditions de la loi de 1963. Certain\u00b7e\u00b7s ayant toujours une activit\u00e9 journalistique devenue secondaire, ils\u00b7elles ont pu demander une <a href=\"http:\/\/www.ajp.be\/collaborateur-de-presse\/\">carte de collaborateur\u00b7rice de presse<\/a>. Enfin, lors ce renouvellement, 43 journalistes ont \u00e9t\u00e9 d\u00e9clar\u00e9 \u00ab hors profession \u00bb, c\u2019est-\u00e0-dire qu\u2019ils\u00b7elles n\u2019avaient plus aucune activit\u00e9 journalistique. Ces personnes ont pu alors demander une <a href=\"http:\/\/www.ajp.be\/membre-honoraire\/\">carte de journaliste honoraire<\/a>. Les demandes de carte de collaborateur\u00b7rice de presse et de membre honoraire se font toutes deux aupr\u00e8s de l\u2019AJP.[\/vc_column_text][\/vc_column_inner][vc_column_inner width=\u00a0\u00bb1\/6&Prime;][\/vc_column_inner][\/vc_row_inner]\n\t\t\t<\/div>\n\t\t\t<div  class=\"ult_tabitemname\"  >\n\t\t\t\t[vc_row_inner content_placement=\u00a0\u00bbmiddle\u00a0\u00bb css=\u00a0\u00bb.vc_custom_1645018608157{margin-top: 90px !important;margin-bottom: 50px !important;}\u00a0\u00bb][vc_column_inner width=\u00a0\u00bb1\/3&Prime;][vc_separator color=\u00a0\u00bbcustom\u00a0\u00bb align=\u00a0\u00bbalign_right\u00a0\u00bb border_width=\u00a0\u00bb3&Prime; el_width=\u00a0\u00bb60&Prime; accent_color=\u00a0\u00bb#3588bf\u00a0\u00bb][\/vc_column_inner][vc_column_inner width=\u00a0\u00bb1\/3&Prime;][vc_column_text]<\/p>\n<h2 style=\"text-align: center;\">Equipe et conseil de direction<\/h2>\n<p>[\/vc_column_text][\/vc_column_inner][vc_column_inner width=\u00a0\u00bb1\/3&Prime;][vc_separator color=\u00a0\u00bbcustom\u00a0\u00bb align=\u00a0\u00bbalign_left\u00a0\u00bb border_width=\u00a0\u00bb3&Prime; el_width=\u00a0\u00bb60&Prime; accent_color=\u00a0\u00bb#3588bf\u00a0\u00bb][\/vc_column_inner][\/vc_row_inner][vc_row_inner][vc_column_inner width=\u00a0\u00bb1\/6&Prime;][\/vc_column_inner][vc_column_inner width=\u00a0\u00bb2\/3&Prime;][vc_column_text css=\u00a0\u00bb.vc_custom_1645018533504{padding-right: 25px !important;padding-left: 25px !important;}\u00a0\u00bb el_class=\u00a0\u00bbcontent-block-title\u00a0\u00bb]<\/p>\n<h3><strong>Conseil de direction<\/strong><\/h3>\n<p>[\/vc_column_text][vc_column_text css=\u00a0\u00bb.vc_custom_1645104185672{margin-bottom: 80px !important;padding-top: 25px !important;padding-right: 25px !important;padding-bottom: 25px !important;padding-left: 25px !important;background-color: rgba(255,255,255,0.54) !important;*background-color: rgb(255,255,255) !important;}\u00a0\u00bb el_class=\u00a0\u00bbcontent-block-left\u00a0\u00bb]<strong>Le <a href=\"http:\/\/www.ajp.be\/organes-de-gestion\/\">Conseil de direction<\/a>, \u00e9lu le 23 f\u00e9vrier 2019, termine sa troisi\u00e8me ann\u00e9e de mandat. Il se compose comme suit\u00a0:<\/strong><\/p>\n<p>G\u00e9rard Gaudin (Pr\u00e9sident), Anne-Sophie Leurquin (Vice-pr\u00e9sidente), Maxime Paquay (Secr\u00e9taire), Samuel Sinte (Tr\u00e9sorier) , Xavier Simon (Section Hainaut-Namur), Catherine Joie (Section Bruxelles-Brabant),Viktoria Thirionet (presse \u00e9lectronique), Roger Pint (journalistes germanophones), Eric Ortmans (t\u00e9l\u00e9visions locales), Antonio Solimando (Audiovisuel priv\u00e9), Colin Delfosse (Photographes), Sarah Freres (Presse quotidienne), Chlo\u00e9 Andries (Ind\u00e9pendants), Laurent Cavenati (Ind\u00e9pendants), Michel Damanet (Presse p\u00e9riodique), Benoit Toussaint (Agences) et Fran\u00e7ois Ryckmans (Mandat libre)<\/p>\n<p>Eric Lekane (section Luxembourg) a d\u00e9missionn\u00e9 en janvier 2021.<\/p>\n<p>Vinciane Votron (Audiovisuel public) a d\u00e9missionn\u00e9 en f\u00e9vrier 2021.<\/p>\n<p>Lazlo Bottiglieri (Cameraman et preneurs de son) a annonc\u00e9 sa d\u00e9mission en janvier 2022.<\/p>\n<p>Ces mandats sont ouverts, tout comme le mandat Section Li\u00e8ge, vacant depuis la d\u00e9mission de Micha\u00ebl Scholze en f\u00e9vrier 2020.<\/p>\n<p>Le Conseil de direction s\u2019est r\u00e9uni 10 fois en 2021 et le Bureau ex\u00e9cutif 1 fois.[\/vc_column_text][vc_column_text css=\u00a0\u00bb.vc_custom_1645018480755{padding-right: 25px !important;padding-left: 25px !important;}\u00a0\u00bb el_class=\u00a0\u00bbcontent-block-title-reverse\u00a0\u00bb]<\/p>\n<h3><strong>Equipe salari\u00e9e<\/strong><\/h3>\n<p>[\/vc_column_text][vc_column_text css=\u00a0\u00bb.vc_custom_1645018585318{padding-top: 25px !important;padding-right: 25px !important;padding-bottom: 25px !important;padding-left: 25px !important;background-color: rgba(255,255,255,0.54) !important;*background-color: rgb(255,255,255) !important;}\u00a0\u00bb el_class=\u00a0\u00bbcontent-block-right\u00a0\u00bb]<strong>Au sein de l\u2019<a href=\"http:\/\/www.ajp.be\/equipe\/\">\u00e9quipe<\/a> salari\u00e9e de l\u2019AJP, plusieurs changements sont intervenus en 2021\u00a0:<\/strong><\/p>\n<p><strong> Patrice Puati N\u2019Lemvo<\/strong> a \u00e9t\u00e9 engag\u00e9 comme comptable pour remplacer Rachida Dahrouch Na\u00efmi qui a quitt\u00e9 l\u2019AJP d\u00e9but 2021 (pour une fonction temps plein dans une autre entreprise).<\/p>\n<p>Amal El Gharbi, absente pour maladie de longue dur\u00e9e depuis novembre 2020, a annonc\u00e9 sa d\u00e9mission au 31 ao\u00fbt 2021. <strong>Camille Loiseau<\/strong>, engag\u00e9e d\u00e9but 2021 pour remplacer Amal, est donc prolong\u00e9e dans ses fonctions. Fin 2021, Camille a annonc\u00e9 son d\u00e9part pour se concentrer sur d\u2019autres projets ainsi que sur la fin de son master.<\/p>\n<p>En avril 2021, <strong>Guylaine Germain<\/strong> a rejoint l\u2019\u00e9quipe de l\u2019AJP pour reprendre la coordination du programme de formation permanente AJPro suite \u00e0 la volont\u00e9 de Justine Pecquet de se consacrer \u00e0 100% au secr\u00e9tariat. Guylaine s\u2019occupe \u00e9galement du renouvellement des documents de presse des journalistes francophones aupr\u00e8s de la Commission d\u2019agr\u00e9ation. Fin 2021, suite au d\u00e9part de Camille Loiseau, Guylaine a souhait\u00e9 reprendre les projets \u00ab\u00a0Genre et Diversit\u00e9\u00a0\u00bb.<\/p>\n<p>Mi-2021, Benoit Audenaerde, webmaster et en charge du Fonds Freelance, a \u00e9galement annonc\u00e9 son d\u00e9part (pour une fonction \u00e0 temps plein dans une autre entreprise). <strong>Stanley Destr\u00e9e<\/strong> a \u00e9t\u00e9 engag\u00e9 \u00e0 la mi-ao\u00fbt pour le remplacer.<\/p>\n<p>L\u2019\u00e9quipe est ainsi \u00e0 nouveau au complet, autour de<strong> Martine Simonis<\/strong> (Secr\u00e9taire g\u00e9n\u00e9rale), <strong>Jean-Pierre Borloo<\/strong> (Coordinateur du Fonds pour le journalisme), <strong>France Sandront<\/strong> (Journalistes en classe et secr\u00e9tariat) et <strong>Justine Pecquet<\/strong> (secr\u00e9tariat).[\/vc_column_text][\/vc_column_inner][vc_column_inner width=\u00a0\u00bb1\/6&Prime;][\/vc_column_inner][\/vc_row_inner]\n\t\t\t<\/div>\n\t\t\t<div  class=\"ult_tabitemname\"  >\n\t\t\t\t[vc_row_inner content_placement=\u00a0\u00bbmiddle\u00a0\u00bb css=\u00a0\u00bb.vc_custom_1641395843216{margin-top: 90px !important;}\u00a0\u00bb][vc_column_inner width=\u00a0\u00bb1\/3&Prime;][vc_separator color=\u00a0\u00bbcustom\u00a0\u00bb align=\u00a0\u00bbalign_right\u00a0\u00bb border_width=\u00a0\u00bb3&Prime; el_width=\u00a0\u00bb60&Prime; accent_color=\u00a0\u00bb#3588bf\u00a0\u00bb][\/vc_column_inner][vc_column_inner width=\u00a0\u00bb1\/3&Prime;][vc_column_text]<\/p>\n<h2 style=\"text-align: center;\">Les finances de l&rsquo;Union professionnelle<\/h2>\n<p>[\/vc_column_text][\/vc_column_inner][vc_column_inner width=\u00a0\u00bb1\/3&Prime;][vc_separator color=\u00a0\u00bbcustom\u00a0\u00bb align=\u00a0\u00bbalign_left\u00a0\u00bb border_width=\u00a0\u00bb3&Prime; el_width=\u00a0\u00bb60&Prime; accent_color=\u00a0\u00bb#3588bf\u00a0\u00bb][\/vc_column_inner][\/vc_row_inner][vc_row_inner][vc_column_inner width=\u00a0\u00bb1\/6&Prime;][\/vc_column_inner][vc_column_inner width=\u00a0\u00bb2\/3&Prime;][vc_column_text css=\u00a0\u00bb.vc_custom_1645018797888{margin-bottom: 0px !important;padding-top: 10px !important;padding-right: 25px !important;padding-bottom: 10px !important;padding-left: 25px !important;background-color: #3e8bc1 !important;}\u00a0\u00bb el_class=\u00a0\u00bbcontent-block-title\u00a0\u00bb]<\/p>\n<h3><strong>Nos finances<\/strong><\/h3>\n<p>[\/vc_column_text][vc_column_text css=\u00a0\u00bb.vc_custom_1645102185732{border-bottom-width: 1px !important;border-left-width: 1px !important;padding-top: 25px !important;padding-right: 25px !important;padding-bottom: 25px !important;padding-left: 25px !important;background-color: rgba(255,255,255,0.54) !important;*background-color: rgb(255,255,255) !important;border-left-style: solid !important;border-bottom-style: solid !important;}\u00a0\u00bb el_class=\u00a0\u00bbcontent-block-left\u00a0\u00bb]Les comptes 2021 (attest\u00e9s par DGST, r\u00e9viseurs d\u2019entreprises) et le budget 2022 seront disponibles et expos\u00e9s en d\u00e9tail lors de l\u2019assembl\u00e9e g\u00e9n\u00e9rale du 26 f\u00e9vrier 2022.<\/p>\n<p>En voici les grandes lignes\u00a0:<\/p>\n<p><strong>En recettes, le budget de l\u2019AJP s\u2019est \u00e9lev\u00e9 en 2021 \u00e0 pr\u00e8s de 1,7 million \u20ac<\/strong><\/p>\n<p>&#8211; De ce budget, un peu plus de 207.000 \u20ac ont \u00e9t\u00e9 per\u00e7us pour des organismes tiers (ONP\u00a0: 44.268 \u20ac \u00a0et CDJ\u00a0: 163.000 \u20ac) et n\u2019ont donc fait que transiter par nos comptes pour \u00eatre revers\u00e9s \u00e0 ces organismes.<\/p>\n<p>&#8211; <strong>572.520 \u20ac ont \u00e9t\u00e9 revers\u00e9s aux journalistes<\/strong>, sous forme de bourses (Fonds pour le journalisme \u2013 355.220 \u20ac), de soutien aux freelances (193.200 vers\u00e9s par le Fonds freelance) ou de d\u00e9fraiements dans le cadre de l\u2019op\u00e9ration Journalistes en classe (24.100 \u20ac).<\/p>\n<p>En outre, l\u2019AJP a contribu\u00e9 pour 99.150 \u20ac au financement de l\u2019AGJPB.<\/p>\n<p>Le budget de fonctionnement effectif de l\u2019AJP s\u2019\u00e9tablit donc aux environs de 802.000 \u20ac en 2021.<\/p>\n<p><strong>Les cotisations de nos membres sont stables<\/strong> par rapport \u00e0 l\u2019ann\u00e9e pr\u00e9c\u00e9dente (+1%) pour s\u2019\u00e9tablir \u00e0 pr\u00e8s de 321.000 \u20ac.<\/p>\n<p>Ce chiffre t\u00e9moigne \u00e0 la fois de la fid\u00e9lit\u00e9 des journalistes \u00e0 l\u2019Union professionnelle et de la pertinence de ses actions, malgr\u00e9 une ann\u00e9e tr\u00e8s compliqu\u00e9e pour la profession.[\/vc_column_text][vc_line_chart legend=\u00a0\u00bb\u00a0\u00bb x_values=\u00a0\u00bbCotisations et recettes propres;Subventions Projets (JEC, Fonds, Ajpro, diversit\u00e9);Subvention Fonds Freelance\u00a0\u00bb values=\u00a0\u00bb%5B%7B%22y_values%22%3A%22446000%3B804000%3B227000%22%2C%22color%22%3A%22peacoc%22%7D%5D\u00a0\u00bb el_class=\u00a0\u00bbchart3&Prime; title=\u00a0\u00bbOrigines des recettes de l&rsquo;AJP (en \u20ac)\u00a0\u00bb][\/vc_column_inner][vc_column_inner width=\u00a0\u00bb1\/6&Prime;][\/vc_column_inner][\/vc_row_inner]\n\t\t\t<\/div>\n\t\t\t<div  class=\"ult_tabitemname\"  >\n\t\t\t\t[vc_row_inner content_placement=\u00a0\u00bbmiddle\u00a0\u00bb css=\u00a0\u00bb.vc_custom_1645019986139{margin-top: 90px !important;margin-bottom: 50px !important;}\u00a0\u00bb][vc_column_inner width=\u00a0\u00bb1\/3&Prime;][vc_separator color=\u00a0\u00bbcustom\u00a0\u00bb align=\u00a0\u00bbalign_right\u00a0\u00bb border_width=\u00a0\u00bb3&Prime; el_width=\u00a0\u00bb60&Prime; accent_color=\u00a0\u00bb#3588bf\u00a0\u00bb][\/vc_column_inner][vc_column_inner width=\u00a0\u00bb1\/3&Prime;][vc_column_text]<\/p>\n<h2 style=\"text-align: center;\">Notre communication, nos m\u00e9dias et r\u00e9seaux sociaux<\/h2>\n<p>[\/vc_column_text][\/vc_column_inner][vc_column_inner width=\u00a0\u00bb1\/3&Prime;][vc_separator color=\u00a0\u00bbcustom\u00a0\u00bb align=\u00a0\u00bbalign_left\u00a0\u00bb border_width=\u00a0\u00bb3&Prime; el_width=\u00a0\u00bb60&Prime; accent_color=\u00a0\u00bb#3588bf\u00a0\u00bb][\/vc_column_inner][\/vc_row_inner][vc_row_inner][vc_column_inner width=\u00a0\u00bb1\/6&Prime;][\/vc_column_inner][vc_column_inner width=\u00a0\u00bb2\/3&Prime;][vc_column_text css=\u00a0\u00bb.vc_custom_1645020009714{margin-bottom: 0px !important;padding-top: 10px !important;padding-right: 25px !important;padding-bottom: 10px !important;padding-left: 25px !important;background-color: #3e8bc1 !important;}\u00a0\u00bb el_class=\u00a0\u00bbcontent-block-title\u00a0\u00bb]<\/p>\n<h3><strong>Le mensuel<\/strong><\/h3>\n<p>[\/vc_column_text][vc_column_text css=\u00a0\u00bb.vc_custom_1645020073766{margin-bottom: 80px !important;border-bottom-width: 1px !important;border-left-width: 1px !important;padding-top: 25px !important;padding-right: 25px !important;padding-bottom: 25px !important;padding-left: 25px !important;background-color: rgba(255,255,255,0.54) !important;*background-color: rgb(255,255,255) !important;border-left-style: solid !important;border-bottom-style: solid !important;}\u00a0\u00bb el_class=\u00a0\u00bbcontent-block-left\u00a0\u00bb]\u00ab<a href=\"http:\/\/www.ajp.be\/journalistes\/\">\u00a0Journalistes\u00a0<\/a>\u00bb (diffusion de 3.300 ex.) s\u2019est, notamment, int\u00e9ress\u00e9 en 2021 \u00e0 l\u2019influence du coronavirus sur l\u2019organisation des r\u00e9dactions, au privil\u00e8ge de juridiction du d\u00e9lit de presse, aux violences grandissantes sur le terrain, au racisme \u00ab\u00a0bienveillant\u00a0\u00bb, \u00e0 la place des femmes dans l\u2019info ou encore aux journalistes sportives. <em>Journalistes<\/em> a \u00e9galement suivi les modifications du paysage m\u00e9diatique belge, principalement les rachats de t\u00e9l\u00e9visions, RTL et LN24, par chacun des deux grands groupes de presse \u00e9crite francophones, respectivement Rossel et IPM.<br \/>\n<em>Journalistes<\/em> a poursuivi son rendez-vous r\u00e9gulier avec la \u00ab\u00a0Rue de la d\u00e9onto\u00a0\u00bb d\u2019Andr\u00e9 Linard.[\/vc_column_text][vc_column_text css=\u00a0\u00bb.vc_custom_1645020064398{margin-bottom: 0px !important;padding-top: 10px !important;padding-right: 25px !important;padding-bottom: 10px !important;padding-left: 25px !important;background-color: #3e8bc1 !important;}\u00a0\u00bb el_class=\u00a0\u00bbcontent-block-title-reverse\u00a0\u00bb]<\/p>\n<h3><strong>AJP.BE<\/strong><\/h3>\n<p>[\/vc_column_text][vc_column_text css=\u00a0\u00bb.vc_custom_1645020461248{margin-bottom: 80px !important;padding-top: 25px !important;padding-right: 25px !important;padding-bottom: 25px !important;padding-left: 25px !important;background-color: rgba(255,255,255,0.54) !important;*background-color: rgb(255,255,255) !important;}\u00a0\u00bb el_class=\u00a0\u00bbcontent-block-right\u00a0\u00bb]En 2021, la fr\u00e9quentation du site a l\u00e9g\u00e8rement diminu\u00e9 par rapport \u00e0 l\u2019ann\u00e9e derni\u00e8re avec un total 74 831 utilisateurs par an (-2.4%) et 99 486 sessions (-1,46%). Les habitudes de consommation elles sont toujours identiques avec une moyenne de sessions par utilisateurs (1.3) ou du temps pass\u00e9 sur le site (environ 1m10 par session)<\/p>\n<p><img loading=\"lazy\" class=\"size-medium wp-image-112 alignleft\" src=\"http:\/\/ag.ajp.be\/wp-content\/uploads\/2022\/02\/sitestat-205x300.png\" alt=\"\" width=\"205\" height=\"300\" srcset=\"https:\/\/ag.ajp.be\/wp-content\/uploads\/2022\/02\/sitestat-205x300.png 205w, https:\/\/ag.ajp.be\/wp-content\/uploads\/2022\/02\/sitestat.png 592w\" sizes=\"(max-width: 205px) 100vw, 205px\" \/>D\u2019un point de vue d\u00e9mographique, les 35-44 ans composent la plus grand tranche d\u2019utilisateurs (21%), suivie par les 25-34 (19%), les 45-54 (18%), les 65% (16%) et enfin les 55-64 (13%)\u00a0 et les 18-24\u00a0 (12%) qui ferment la marche.<\/p>\n<p>Le public est l\u00e9g\u00e8rement plus f\u00e9minin que masculin (50.5%).<\/p>\n<p>La majorit\u00e9 des pages sont consult\u00e9es depuis la Belgique (54%) mais aussi par la France (24%) et viennent ensuite les USA (3%). Le reste des consultations se r\u00e9partissant dans le reste du monde.<\/p>\n<p>Il s\u2019agit toujours de la rubrique \u00ab Emploi \u00bb qui suscite le plus d\u2019int\u00e9r\u00eat avec une centaine de consultation quotidienne en moyenne. <strong>\u00a0\u00a0\u00a0\u00a0\u00a0\u00a0\u00a0\u00a0\u00a0\u00a0 <\/strong>[\/vc_column_text][vc_column_text css=\u00a0\u00bb.vc_custom_1645020350526{margin-bottom: 0px !important;padding-top: 10px !important;padding-right: 25px !important;padding-bottom: 10px !important;padding-left: 25px !important;background-color: #3e8bc1 !important;}\u00a0\u00bb el_class=\u00a0\u00bbcontent-block-title\u00a0\u00bb]<\/p>\n<h3><strong>R\u00e9seaux sociaux<\/strong><\/h3>\n<p>[\/vc_column_text][vc_column_text css=\u00a0\u00bb.vc_custom_1645020450678{border-bottom-width: 1px !important;border-left-width: 1px !important;padding-top: 25px !important;padding-right: 25px !important;padding-bottom: 25px !important;padding-left: 25px !important;background-color: rgba(255,255,255,0.54) !important;*background-color: rgb(255,255,255) !important;border-left-style: solid !important;border-bottom-style: solid !important;}\u00a0\u00bb el_class=\u00a0\u00bbcontent-block-left\u00a0\u00bb]Le compte Twitter et la page Facebook : <a href=\"https:\/\/twitter.com\/ajpjournalistes\">le compte Twitter de l\u2019AJP<\/a>, compte plus de 15.200 abonn\u00e9s (+200 en 2021), et une moyenne de 10 000 impressions par tweet et 2500 visites par mois<\/p>\n<p><a href=\"https:\/\/www.facebook.com\/AJP.Association.des.journalistes.professionnels\/\"><img loading=\"lazy\" class=\"wp-image-113 alignright\" src=\"http:\/\/ag.ajp.be\/wp-content\/uploads\/2022\/02\/twitstat-274x300.png\" alt=\"\" width=\"259\" height=\"283\" srcset=\"https:\/\/ag.ajp.be\/wp-content\/uploads\/2022\/02\/twitstat-274x300.png 274w, https:\/\/ag.ajp.be\/wp-content\/uploads\/2022\/02\/twitstat-768x842.png 768w, https:\/\/ag.ajp.be\/wp-content\/uploads\/2022\/02\/twitstat.png 789w\" sizes=\"(max-width: 259px) 100vw, 259px\" \/>La page Facebook<\/a> de l\u2019AJP, compte environ 2000 visites par an, compte pr\u00e8s de 3300 \u00ab J\u2019aime la page \u00bb (+224 en 2021). Et 55000 impressions par an<\/p>\n<p>&nbsp;<\/p>\n<p><a href=\"https:\/\/www.facebook.com\/ajpro.journaliste\/\">La page Facebook d\u2019AJPro<\/a> compte 980 \u00ab\u00a0J\u2019aime la page\u00a0\u00bb. <a href=\"https:\/\/www.facebook.com\/Fonds-pour-le-journalisme-378968742236828\/\">Celle du Fonds pour le journalisme<\/a> en compte 866.<\/p>\n<p>Le compte <a href=\"https:\/\/www.instagram.com\/ajp_journalistes\/\">Instagram<\/a> de l\u2019AJP compte quant \u00e0 lui 1024 abonn\u00e9\u00b7e\u00b7s (+300 en un an).[\/vc_column_text][\/vc_column_inner][vc_column_inner width=\u00a0\u00bb1\/6&Prime;][\/vc_column_inner][\/vc_row_inner]\n\t\t\t<\/div>\n\t\t\t<div  class=\"ult_tabitemname\"  >\n\t\t\t\t[vc_row_inner content_placement=\u00a0\u00bbmiddle\u00a0\u00bb css=\u00a0\u00bb.vc_custom_1645020865412{margin-top: 90px !important;margin-bottom: 50px !important;}\u00a0\u00bb][vc_column_inner width=\u00a0\u00bb1\/3&Prime;][vc_separator color=\u00a0\u00bbcustom\u00a0\u00bb align=\u00a0\u00bbalign_right\u00a0\u00bb border_width=\u00a0\u00bb3&Prime; el_width=\u00a0\u00bb60&Prime; accent_color=\u00a0\u00bb#3588bf\u00a0\u00bb][\/vc_column_inner][vc_column_inner width=\u00a0\u00bb1\/3&Prime;][vc_column_text]<\/p>\n<h2 style=\"text-align: center;\">L\u2019AJP dans les m\u00e9dias, les colloques, les jurys, les d\u00e9bats\u2026<\/h2>\n<p>[\/vc_column_text][\/vc_column_inner][vc_column_inner width=\u00a0\u00bb1\/3&Prime;][vc_separator color=\u00a0\u00bbcustom\u00a0\u00bb align=\u00a0\u00bbalign_left\u00a0\u00bb border_width=\u00a0\u00bb3&Prime; el_width=\u00a0\u00bb60&Prime; accent_color=\u00a0\u00bb#3588bf\u00a0\u00bb][\/vc_column_inner][\/vc_row_inner][vc_row_inner][vc_column_inner width=\u00a0\u00bb1\/6&Prime;][\/vc_column_inner][vc_column_inner width=\u00a0\u00bb2\/3&Prime;][vc_column_text css=\u00a0\u00bb.vc_custom_1645459390240{margin-bottom: 80px !important;padding-top: 25px !important;padding-right: 25px !important;padding-bottom: 25px !important;padding-left: 25px !important;background-color: rgba(255,255,255,0.3) !important;*background-color: rgb(255,255,255) !important;}\u00a0\u00bb]<\/p>\n<h3 style=\"text-align: center;\"><strong>Dans les m\u00e9dias, les colloques, les d\u00e9bats\u00a0! <\/strong><\/h3>\n<p>[\/vc_column_text][vc_column_text css=\u00a0\u00bb.vc_custom_1645520421748{margin-bottom: 0px !important;padding-top: 10px !important;padding-right: 25px !important;padding-bottom: 10px !important;padding-left: 25px !important;background-color: #3e8bc1 !important;}\u00a0\u00bb el_class=\u00a0\u00bbcontent-block-title\u00a0\u00bb]<\/p>\n<h3><strong>Interventions lors de conf\u00e9rences, d\u00e9bats, colloques, jurys \u2013 en Belgique<\/strong><\/h3>\n<p>[\/vc_column_text][vc_column_text css=\u00a0\u00bb.vc_custom_1645520622672{margin-bottom: 80px !important;border-bottom-width: 1px !important;border-left-width: 1px !important;padding-top: 25px !important;padding-right: 25px !important;padding-bottom: 25px !important;padding-left: 25px !important;background-color: rgba(255,255,255,0.54) !important;*background-color: rgb(255,255,255) !important;border-left-style: solid !important;border-bottom-style: solid !important;}\u00a0\u00bb el_class=\u00a0\u00bbcontent-block-left\u00a0\u00bb]La plupart des colloques, s\u00e9minaires et rencontres ont eu lieu en ligne en 2021. Voici ceux auxquels l\u2019AJP est intervenue ou qu\u2019elle a (co-)organis\u00e9s :<\/p>\n<p>&#8211; 04\/01\u00a0: Jury du Prix de journalisme du Parlement de la FWB<\/p>\n<p>&#8211; 11\/02 En ligne : pr\u00e9sentation de l\u2019op\u00e9ration Journalistes en classe lors d\u2019une r\u00e9union d\u2019information et \u00e9changes sur le plan Education aux m\u00e9dias 2021 de la RTBF<\/p>\n<p>&#8211; 24\/02 \u2013 En ligne : Salon SETT connect &#8211; pr\u00e9sentation de l\u2019op\u00e9ration journalistes en classe et sa d\u00e9clinaison num\u00e9rique possible https:\/\/youtu.be\/SaCO3Arqs7g<\/p>\n<p>&#8211; 25\/02 \u2013 prix du journalisme constructif (en ligne)<\/p>\n<p>&#8211; 09\/03 \u2013 EJL \u2013 Diversit\u00e9 dans les r\u00e9dactions<\/p>\n<p>&#8211; 22\/03 \u2013 Genre et m\u00e9dias \u2013 rencontre avec les professionnelles &#8211; <a href=\"https:\/\/genremedias.be\/event\/1ere-rencontre-avec-les-professionnelles\/\">https:\/\/genremedias.be\/event\/1ere-rencontre-avec-les-professionnelles\/<\/a><\/p>\n<p>&#8211; 20\/04 \u2013 ULB \u2013 femmes et journalistes<\/p>\n<p>&#8211; 21\/04 \u2013 Audition parlement F\u00e9d\u00e9ration Wallonie Bruxelles \u2013 cyberharc\u00e8lement des femmes journalistes<\/p>\n<p>&#8211; 23\/04 \u2013 ULB \u2013 Violences contre les femmes journalistes<\/p>\n<p>&#8211; 28\/04 \u2013 Universit\u00e9 des femmes \u2013 Colloque \u00ab de drame familial \u00e0 f\u00e9minicide \u00bb <a href=\"https:\/\/www.universitedesfemmes.be\/events-universite-des-femmes\/a-ne-pas-manquer\/322-colloque-violences-contre-les-femmes-dans-les-medias\">https:\/\/www.universitedesfemmes.be\/events-universite-des-femmes\/a-ne-pas-manquer\/322-colloque-violences-contre-les-femmes-dans-les-medias<\/a><\/p>\n<p>&#8211; 07\/05 &#8211; Pr\u00e9sentation par visioconf\u00e9rence \u00ab\u00a0Se lancer dans la profession\u00a0\u00bb IHECS-UCL<\/p>\n<p>&#8211; 27\/05 \u2013 Webinaire \u2013 Femmes et sports (Adeps\/Glatigny) <a href=\"https:\/\/plus-sportives.cfwb.be\/la-campagne\/plus-de-sport-feminin-dans-les-medias\/\">https:\/\/plus-sportives.cfwb.be\/la-campagne\/plus-de-sport-feminin-dans-les-medias\/<\/a><\/p>\n<p>&#8211; 25\/06 &#8211; Pr\u00e9sentation par visioconf\u00e9rence \u00ab\u00a0Se lancer dans la profession\u00a0\u00bb ULB<\/p>\n<p>&#8211; 29\/09 &#8211; Pr\u00e9sentation en pr\u00e9sentiel \u00ab\u00a0Avantages membership AJP\u2013 Convention Triangle\u00a0\u00bb ULB<\/p>\n<p>&#8211; 06\/10 &#8211; Pr\u00e9sentation en pr\u00e9sentiel \u00ab\u00a0Avantages membership AJP\u2013 Convention Triangle\u00a0\u00bb ISFSC<\/p>\n<p>&#8211; 16\/11 &#8211; Pr\u00e9sentation par visioconf\u00e9rence \u00ab\u00a0Avantages membership AJP\u2013 Convention Triangle\u00a0\u00bb UCL<\/p>\n<p>&#8211; 19\/11 S- ession Mediacoach en pr\u00e9sentiel \u00e0 la RTBF \u00ab\u00a0Le trajet de l\u2019info\u00a0\u00bb<\/p>\n<p>&#8211; 18\/11 &#8211; Pr\u00e9sentation en pr\u00e9sentiel \u00ab\u00a0Avantages membership AJP\u2013 Convention Triangle\u00a0\u00bb ISFSC<\/p>\n<p>&#8211; 16\/12 &#8211; Pr\u00e9sentation en pr\u00e9sentiel \u00ab\u00a0Se lancer dans la profession\u00a0\u00bb + \u00ab\u00a0Avantages membership AJP\u2013 Convention Triangle\u00a0\u00bb ULi\u00e8ge (report\u00e9e)<\/p>\n<p>&#8211; 17\/12- \u00a0Pr\u00e9sentation \u00ab\u00a0journalisme entrepreneurial\u00a0\u00bb IHECS[\/vc_column_text][vc_column_text css=\u00a0\u00bb.vc_custom_1645020770506{margin-bottom: 0px !important;padding-top: 10px !important;padding-right: 25px !important;padding-bottom: 10px !important;padding-left: 25px !important;background-color: #3e8bc1 !important;}\u00a0\u00bb el_class=\u00a0\u00bbcontent-block-title-reverse\u00a0\u00bb]<\/p>\n<h3><strong>Interventions de l\u2019AJP lors de conf\u00e9rences, d\u00e9bats, colloques \u2013 International<\/strong><\/h3>\n<p>[\/vc_column_text][vc_column_text css=\u00a0\u00bb.vc_custom_1645446844161{margin-bottom: 80px !important;padding-top: 25px !important;padding-right: 25px !important;padding-bottom: 25px !important;padding-left: 25px !important;background-color: rgba(255,255,255,0.54) !important;*background-color: rgb(255,255,255) !important;}\u00a0\u00bb el_class=\u00a0\u00bbcontent-block-right\u00a0\u00bb]Les interventions de l\u2019AJP \u00e0 l\u2019international, nombreuses les ann\u00e9es pr\u00e9c\u00e9dentes, sont quasi inexistantes en raison de l\u2019annulation des r\u00e9unions et s\u00e9minaires internationaux<\/p>\n<p>&#8211; 3 r\u00e9unions du comit\u00e9 ex\u00e9cutif de la FEJ (en ligne)<\/p>\n<p>&#8211; 3 r\u00e9unions pour le projet Formations RDC Congo (en ligne) \u2013 voir chapitre 3\/ International<\/p>\n<p>&#8211; Juin 2021 \u2013 En ligne\u00a0: Webinar de la F\u00e9d\u00e9ration europ\u00e9enne des journalistes sur la formations des journalistes en Europe<\/p>\n<p>&#8211; 07 au 10\/10\u00a0: AG de la FEJ \u00e0 Zagreb[\/vc_column_text][vc_column_text css=\u00a0\u00bb.vc_custom_1645020814692{margin-bottom: 0px !important;padding-top: 10px !important;padding-right: 25px !important;padding-bottom: 10px !important;padding-left: 25px !important;background-color: #3e8bc1 !important;}\u00a0\u00bb el_class=\u00a0\u00bbcontent-block-title\u00a0\u00bb]<\/p>\n<h3><strong>On parle de l\u2019AJP dans les m\u00e9dias<\/strong><\/h3>\n<p>[\/vc_column_text][vc_column_text css=\u00a0\u00bb.vc_custom_1645446869130{margin-bottom: 80px !important;border-bottom-width: 1px !important;border-left-width: 1px !important;padding-top: 25px !important;padding-right: 25px !important;padding-bottom: 25px !important;padding-left: 25px !important;background-color: rgba(255,255,255,0.54) !important;*background-color: rgb(255,255,255) !important;border-left-style: solid !important;border-bottom-style: solid !important;}\u00a0\u00bb el_class=\u00a0\u00bbcontent-block-left\u00a0\u00bb]<\/p>\n<ol>\n<li>01\/02\/2021\u00a0: Martine Simonis et L\u2019AJP, Association des journalistes professionnels, RTBF\u00a0: \u00ab\u00a0La police doit laisser travailler les journalistes\u00a0\u00bb <a href=\"https:\/\/www.rtbf.be\/info\/medias\/detail_association-des-journalistes-professionnels-la-police-doit-laisser-travailler-les-journalistes?id=10685569\">https:\/\/www.rtbf.be\/info\/medias\/detail_association-des-journalistes-professionnels-la-police-doit-laisser-travailler-les-journalistes?id=10685569<\/a><\/li>\n<li>18\/02\/2021\u00a0: Martine Simonis et l\u2019AJP, 7sur7.be\u00a0:\u00ab\u00a0Ceci n\u2019est pas un complot suscite la controverse\u00a0\u00bb\u00a0: \u00ab\u00a0Pour \u00eatre entendu, il fallait que je tape fort\u00a0\u00bb <a href=\"https:\/\/www.7sur7.be\/belgique\/ceci-n-est-pas-un-complot-suscite-la-controverse-pour-etre-entendu-il-fallait-que-je-tape-fort-br~aecf2f72\/\">https:\/\/www.7sur7.be\/belgique\/ceci-n-est-pas-un-complot-suscite-la-controverse-pour-etre-entendu-il-fallait-que-je-tape-fort-br~aecf2f72\/<\/a><\/li>\n<li>02\/03\/2021\u00a0: L\u2019AJP et la campagne z\u00e9ro sexisme, Mediaspecs.be <a href=\"https:\/\/www.mediaspecs.be\/fr\/lajp-lance-une-campagne-pour-lutter-contre-le-sexisme-dans-les-redactions-2\/\">https:\/\/www.mediaspecs.be\/fr\/lajp-lance-une-campagne-pour-lutter-contre-le-sexisme-dans-les-redactions-2\/<\/a><\/li>\n<li>03\/03\/2021\u00a0: l\u2019AJP et la campagne z\u00e9ro sexisme, flair.be\u00a0: \u00ab\u00a0#journalismezerosexisme, la campagne qui met \u00e0 m\u00e2le les r\u00e9dactions belges\u00a0\u00bb <a href=\"https:\/\/www.flair.be\/fr\/lifestyle\/societe\/journalismezerosexisme-redactions-belges\/\">https:\/\/www.flair.be\/fr\/lifestyle\/societe\/journalismezerosexisme-redactions-belges\/<\/a><\/li>\n<li>05\/03\/2021\u00a0: l\u2019AJP et la campagne z\u00e9ro sexisme, RTBF d\u00e9bat des d\u00e9codeurs <a href=\"https:\/\/www.rtbf.be\/auvio\/detail_le-debat-des-decodeurs?id=2743047\">https:\/\/www.rtbf.be\/auvio\/detail_le-debat-des-decodeurs?id=2743047<\/a><\/li>\n<li>07\/03\/2021\u00a0: RTBF Les Grenades, visuels de la campagne z\u00e9ro sexisme <a href=\"https:\/\/www.rtbf.be\/info\/dossier\/les-grenades\/detail_en-tete-a-tete-avec-alice-coffin-les-femmes-veulent-nourrir-leur-imaginaire-avec-les-uvres-qu-elles-ont-choisies?id=10712397\">https:\/\/www.rtbf.be\/info\/dossier\/les-grenades\/detail_en-tete-a-tete-avec-alice-coffin-les-femmes-veulent-nourrir-leur-imaginaire-avec-les-uvres-qu-elles-ont-choisies?id=10712397<\/a><\/li>\n<li>08\/03\/2021\u00a0: L\u2019AJP et la campagne z\u00e9ro sexisme, Imagine \u00ab\u00a0Quelle place occupent les femmes dans imagine\u00a0?\u00a0\u00bb <a href=\"https:\/\/www.imagine-magazine.com\/libre-acces\/chronique\/quelle-place-pour-les-femmes-dans-imagine\/\">https:\/\/www.imagine-magazine.com\/libre-acces\/chronique\/quelle-place-pour-les-femmes-dans-imagine\/<\/a><\/li>\n<li>11\/03\/2021\u00a0: l\u2019AJP et campagne z\u00e9ro sexisme, La libre Belgique, \u00ab\u00a0#SalePute\u00a0: sobre et cinglant constat d\u2019un fl\u00e9au majuscule\u00a0\u00bb<\/li>\n<li>11\/03\/2021\u00a0: L\u2019AJP et campagne z\u00e9ro sexisme, Le Vif, \u00ab\u00a0Les oreilles se d\u00e9bouchent m\u00eame sans un #MeToo belge\u00a0\u00bb<\/li>\n<li>13\/03\/2021\u00a0: Martine Simonis, La Libre\u00a0: \u00ab\u00a0Les m\u00e9dias n\u2019ont pas abord\u00e9 la crise sanitaire avec justesse\u00a0\u00bb<\/li>\n<li>31\/03\/2021\u00a0: Martine Simonis, L\u2019Avenir\u00a0: \u00ab\u00a0Le pr\u00e9sident s\u2019en va\u00a0\u00bb<\/li>\n<li>29\/04\/2021\u00a0: Martine Simonis, AJP , RTBF, \u00ab\u00a0Journalope\u00a0\u00bb, \u00ab\u00a0Collabo\u00a0\u00bb, \u00ab\u00a0On va te pendre\u00a0\u00bb\u00a0: quand les agressions verbales et les menaces se multiplient pour les journalistes de terrain<\/li>\n<li>Video \u2013 Genre et m\u00e9dias \u2013 Camille Loiseau <a href=\"https:\/\/vimeo.com\/545562501?embedded=true&amp;source=vimeo_logo&amp;owner=7494891\">https:\/\/vimeo.com\/545562501?embedded=true&amp;source=vimeo_logo&amp;owner=7494891<\/a><\/li>\n<li><a href=\"https:\/\/www.rtbf.be\/info\/inside\/detail_journalope-collabo-on-va-te-pendre-quand-les-agressions-verbales-et-les-menaces-se-multiplient-pour-les-journalistes-de-terrain?id=10744941\">https:\/\/www.rtbf.be\/info\/inside\/detail_journalope-collabo-on-va-te-pendre-quand-les-agressions-verbales-et-les-menaces-se-multiplient-pour-les-journalistes-de-terrain?id=10744941<\/a><\/li>\n<li>3\/05\/2021\u00a0: Gilles Milecan, AJP, La Premi\u00e8re \u00ab\u00a0journ\u00e9e de la libert\u00e9 de la presse\u00a0\u00bb <a href=\"https:\/\/www.rtbf.be\/auvio\/detail_le-journal-de-13h?id=2764910\">https:\/\/www.rtbf.be\/auvio\/detail_le-journal-de-13h?id=2764910<\/a><\/li>\n<li>4\/05\/2021\u00a0: AJP, \u00ab\u00a0Comment traiter des violences faites aux femmes dans les m\u00e9dias\u00a0?\u00a0\u00bb <a href=\"https:\/\/www.rtbf.be\/info\/dossier\/les-grenades\/detail_comment-traiter-des-violences-faites-aux-femmes-dans-les-medias?id=10754883\">https:\/\/www.rtbf.be\/info\/dossier\/les-grenades\/detail_comment-traiter-des-violences-faites-aux-femmes-dans-les-medias?id=10754883<\/a><\/li>\n<li>10\/06\/2021\u00a0: Camille Loiseau, AJP, Campagne z\u00e9ro sexisme, Podcast Arabel<\/li>\n<li>29\/06\/2021\u00a0: Martine Simonis, AJP, L\u2019Avenir \u00ab\u00a0Un rachat qui chamboule le paysage m\u00e9diatique\u00a0\u00bb.<\/li>\n<li>10\/07\/2021\u00a0: Martine Simonis, Le Soir \u00ab\u00a0Vent de grogne au programme de la rentr\u00e9e \u00e0 la RTBF\u00a0\u00bb<\/li>\n<li>22\/07\/2021 \u2013 Vid\u00e9o campagne FIJ \u2013 Camille Loiseau <a href=\"https:\/\/www.youtube.com\/watch?v=F7-T1ztCD14\">https:\/\/www.youtube.com\/watch?v=F7-T1ztCD14<\/a><\/li>\n<li>27\/07\/2021\u00a0: Martine Simonis, RTBF\u00a0: \u00ab\u00a0Museler la presse, un des premiers signes vers un r\u00e9gime autoritaire\u00a0?\u00a0\u00bb <a href=\"https:\/\/www.rtbf.be\/info\/monde\/detail_museler-la-presse-un-des-premiers-signes-vers-un-regime-autoritaire?id=10812306\">Museler la presse, un des premiers signes vers un r\u00e9gime autoritaire\u00a0? (rtbf.be)<\/a><\/li>\n<li>16\/08\/2021 \u2013 Martine Simonis, Le Soir <a href=\"https:\/\/www.lesoir.be\/389737\/article\/2021-08-16\/martine-simonis-ajp-manque-lessentiel-en-se-bornant-la-rubrique-faits-divers\">https:\/\/www.lesoir.be\/389737\/article\/2021-08-16\/martine-simonis-ajp-manque-lessentiel-en-se-bornant-la-rubrique-faits-divers<\/a><\/li>\n<li>17\/08\/2021\u00a0: Martine Simonis, La Libre\u00a0: \u00ab\u00a0Faut-il faire le proc\u00e8s du crime passionnel\u00a0?\u00a0\u00bb<\/li>\n<li>17\/08\/2021\u00a0: Martine Simonis, RTBF\u00a0: <a href=\"https:\/\/www.rtbf.be\/info\/dossier\/les-grenades\/detail_double-feminicide-a-gouvy-c-est-un-homme-qui-a-tue-deux-femmes-parce-qu-elles-se-desiraient?id=10824858&amp;fbclid=IwAR2cmfR_M-A8YDPpW30sq2ccEpyORbA-6iBCVz9ZfNPQMaI9QRn3dLEYKZI\">Double f\u00e9minicide \u00e0 Gouvy : \u00ab\u00a0C\u2019est un homme qui a tu\u00e9 deux femmes parce qu\u2019elles se d\u00e9siraient\u00a0\u00bb (rtbf.be)<\/a><\/li>\n<li>19\/08\/2021\u00a0: Camille Loiseau, Le Vif\u00a0: <a href=\"https:\/\/www.levif.be\/actualite\/belgique\/le-sport-un-lieu-de-discrimination-a-l-egard-des-femmes-debat\/article-normal-1458793.html\">\u00ab\u00a0Le sport, un lieu de discrimination \u00e0 l\u2019\u00e9gard des femmes\u00a0<\/a>\u00bb<\/li>\n<li>06\/09\/2021\u00a0: AJP, La Derni\u00e8re Heure\u00a0: Humeur \u00ab\u00a0Quand les politiques s\u2019en prennent aux journalistes\u00a0\u00bb<\/li>\n<li>11\/10\/2021\u00a0: Martine Simonis, AJP, L\u2019Avenir\u00a0: \u00ab\u00a0Le Proc\u00e8s de la haine sur les r\u00e9seaux sociaux\u00a0\u00bb<\/li>\n<li>23\/11\/2021\u00a0: AJP, La Gazette des Femmes (CA)\u00a0: \u00ab\u00a0Journalisme : un manuel belge pour mieux couvrir les violences faites aux femmes\u00a0\u00bb <a href=\"https:\/\/gazettedesfemmes.ca\/21667\/journalisme-un-manuel-belge-pour-mieux-couvrir-les-violences-faites-aux-femmes\/\">Journalisme : un manuel belge pour mieux couvrir les violences faites aux femmes (gazettedesfemmes.ca)<\/a><\/li>\n<li>21\/12\/2021\u00a0: AJP, L\u2019Avenir\u00a0: \u00ab\u00a0Eric Boever agress\u00e9 lors de la manif contre les mesures sanitaires\u00a0\u00bb<\/li>\n<li>22\/12\/2021\u00a0: AJP, Gilles Milecan, L\u2019Avenir\u00a0: \u00ab\u00a0Myriam Leroy reconnue comme harcel\u00e9e\u00a0\u00bb<\/li>\n<li>23\/12\/2021\u00a0: AJP, Myriam Leroy, Medium.com <a href=\"https:\/\/medium.com\/@myriamleroypro\/9-ans-de-harc%C3%A8lement-10-mois-de-prison-avec-sursis-3b6b8a712c0b\">https:\/\/medium.com\/@myriamleroypro\/9-ans-de-harc%C3%A8lement-10-mois-de-prison-avec-sursis-3b6b8a712c0b<\/a><\/li>\n<\/ol>\n<p>[\/vc_column_text][\/vc_column_inner][vc_column_inner width=\u00a0\u00bb1\/6&Prime;][\/vc_column_inner][\/vc_row_inner]\n\t\t\t<\/div><\/div><\/div><\/div><div class=\"ult_acord advanced-tabs-desc-wrap-3901\">\n   <div class=\"ult-tabto-accordion \" style=\"width:;\"\n    data-titlecolor=\"#13597d\"  data-titlebg=\"#ffffff\"\n     data-titlehoverbg=\"#f34b18\" data-titlehovercolor=\"#ffffff\" data-animation=\"Scale\"\n     data-activetitle=\"#ffffff\" data-activeicon=\"\" data-activebg=\"#f34b18\" data-scroll = \"on\" data-activeindex=\"1\" >\n     <dl><dt class=\"tab-actu\">\n\t        \t<a class=\"ult-tabto-actitle withBorder ult_a \" id=\"1640817087067-10f37c-43d5\" style=\"color:#13597d;;background-color:#ffffff;border-bottom-color:transparent;border-bottom-width:0px;border-bottom-style:solid;\" href=\"#1640817087067-10f37c-43d5\">\n\t        \t\t<i class=\"accordion-icon\"><\/i>\n\t        \t\t\t<span class=\"ult_tab_main ult_ac_main ult_noacordicnBoth\">\n\n\t\t\t\t\t\t<span  data-ultimate-target='#advanced-tabs-wrap-6467 .ult-span-text'  data-responsive-json-new='{\"font-size\":\"desktop:15px;\",\"line-height\":\"\"}'  class=\"ult-span-text no_icon ult_acordian-text ult-responsive\" style=\";color:inherit \" >Informer en temps de COVID<\/span>\n\t\t\t\t\t\t<\/span><\/a><\/dt>\n\t            \t\t<dd class=\"ult-tabto-accordionItem ult-tabto-accolapsed\">\n\t\t\t\t            <div class=\"ult-tabto-acontent\" style=\"color:#74777b;\">\n\t\t\t\t               [vc_row_inner content_placement=\u00a0\u00bbmiddle\u00a0\u00bb css=\u00a0\u00bb.vc_custom_1641395843216{margin-top: 90px !important;}\u00a0\u00bb][vc_column_inner width=\u00a0\u00bb1\/3&Prime;][vc_separator color=\u00a0\u00bbcustom\u00a0\u00bb align=\u00a0\u00bbalign_right\u00a0\u00bb border_width=\u00a0\u00bb3&Prime; el_width=\u00a0\u00bb60&Prime; accent_color=\u00a0\u00bb#3588bf\u00a0\u00bb][\/vc_column_inner][vc_column_inner width=\u00a0\u00bb1\/3&Prime;][vc_column_text]<\/p>\n<h2 style=\"text-align: center;\">Informer en temps de Covid<\/h2>\n<p>[\/vc_column_text][\/vc_column_inner][vc_column_inner width=\u00a0\u00bb1\/3&Prime;][vc_separator color=\u00a0\u00bbcustom\u00a0\u00bb align=\u00a0\u00bbalign_left\u00a0\u00bb border_width=\u00a0\u00bb3&Prime; el_width=\u00a0\u00bb60&Prime; accent_color=\u00a0\u00bb#3588bf\u00a0\u00bb][\/vc_column_inner][\/vc_row_inner][vc_row_inner][vc_column_inner width=\u00a0\u00bb1\/6&Prime;][\/vc_column_inner][vc_column_inner width=\u00a0\u00bb2\/3&Prime;][vc_column_text css=\u00a0\u00bb.vc_custom_1645437776486{padding-top: 25px !important;padding-right: 25px !important;padding-bottom: 25px !important;padding-left: 25px !important;background-color: rgba(255,255,255,0.3) !important;*background-color: rgb(255,255,255) !important;}\u00a0\u00bb]<\/p>\n<h3 style=\"text-align: center;\"><strong>2021, deuxi\u00e8me ann\u00e9e sous le signe de la crise sanitaire : les journalistes et les r\u00e9dactions trinquent.<\/strong><\/h3>\n<p>[\/vc_column_text][vc_column_text css=\u00a0\u00bb.vc_custom_1645436696610{margin-bottom: 80px !important;padding-top: 25px !important;padding-right: 25px !important;padding-bottom: 25px !important;padding-left: 25px !important;background-color: rgba(255,255,255,0.54) !important;*background-color: rgb(255,255,255) !important;}\u00a0\u00bb]Comme dans tous les secteurs d\u2019activit\u00e9s \u2018au front\u2019, de nombreuses r\u00e9dactions sont min\u00e9es par la fatigue, parfois l\u2019\u00e9puisement, les absences pour maladie, pour burn-out. Il n\u2019y a pas que le virus qui en est responsable\u00a0: le climat de haine et de radicalisation augmente sur les r\u00e9seaux sociaux comme sur le terrain\u00a0; la m\u00e9fiance voire l\u2019hostilit\u00e9 d\u2019une partie de la population se fait bruyamment entendre, \u00e0 coup de p\u00e9titions ou de campagnes mails malveillantes. Les insultes et menaces et m\u00eame les violences physiques se multiplient de mani\u00e8re tr\u00e8s inqui\u00e9tante.<\/p>\n<p>&nbsp;<\/p>\n<p>Des informations fantaisistes, tronqu\u00e9es ou volontairement mensong\u00e8res sont cr\u00e9\u00e9es ou relay\u00e9es par de petits m\u00e9dias qui se pr\u00e9sentent comme \u00ab\u00a0alternatifs\u00a0\u00bb ou \u00ab\u00a0activistes\u00a0\u00bb, qui suscitent ou parfois organisent le bashing de la profession, en d\u00e9signant des r\u00e9dactions ou des journalistes \u00e0 la vindicte de leurs sympathisants, tout en pr\u00e9tendant \u00eatre les seuls \u00e0 \u00ab\u00a0\u00eatre des m\u00e9dias libres\u00a0\u00bb et \u00ab \u00e0\u00a0dire la v\u00e9rit\u00e9\u00a0\u00bb ou mieux \u00ab\u00a0\u00e0 respecter la d\u00e9ontologie\u00a0\u00bb.<\/p>\n<p>&nbsp;<\/p>\n<p>A ce climat d\u00e9testable, qui n\u2019est pas propre \u00e0 la Belgique, s\u2019ajoute, particuli\u00e8rement pour les journalistes freelances, une pr\u00e9carit\u00e9 \u00e9conomique aggrav\u00e9e par la crise, et par les rachats ou regroupements de m\u00e9dias qui accroissent les synergies et r\u00e9tr\u00e9cissent le march\u00e9 de la pige.<\/p>\n<p>Enfin, le t\u00e9l\u00e9travail, appliqu\u00e9 \u00e0 g\u00e9om\u00e9trie variable selon les m\u00e9dias, peut aussi \u00eatre v\u00e9cu difficilement\u00a0: certain.e.s doivent t\u00e9l\u00e9travailler dans des conditions peu adapt\u00e9es (locaux, enfants\u2026) et\/ou supportent mal l\u2019isolement social qui en d\u00e9coule.<\/p>\n<p>&nbsp;<\/p>\n<p>Il y aurait beaucoup \u00e0 \u00e9crire sur les transformations op\u00e9r\u00e9es par la crise sanitaire dans notre soci\u00e9t\u00e9. Nous \u00e9pinglons ci-dessous quelques \u00e9l\u00e9ments saillants pour le journalisme et la profession survenus en 2021.[\/vc_column_text][vc_column_text css=\u00a0\u00bb.vc_custom_1645436320204{margin-bottom: 0px !important;padding-top: 10px !important;padding-right: 25px !important;padding-bottom: 10px !important;padding-left: 25px !important;background-color: #3e8bc1 !important;}\u00a0\u00bb el_class=\u00a0\u00bbcontent-block-title\u00a0\u00bb]<\/p>\n<h3><strong>De la m\u00e9fiance \u00e0 la haine, puis \u00e0 la violence<\/strong><\/h3>\n<p>[\/vc_column_text][vc_column_text css=\u00a0\u00bb.vc_custom_1645436706973{margin-bottom: 80px !important;border-bottom-width: 1px !important;border-left-width: 1px !important;padding-top: 25px !important;padding-right: 25px !important;padding-bottom: 25px !important;padding-left: 25px !important;background-color: rgba(255,255,255,0.54) !important;*background-color: rgb(255,255,255) !important;border-left-style: solid !important;border-bottom-style: solid !important;}\u00a0\u00bb el_class=\u00a0\u00bbcontent-block-left\u00a0\u00bb]Des journalistes ont \u00e9t\u00e9 agress\u00e9s alors qu\u2019ils et elles couvraient des manifestations \u2018anti vaxx\u2019 ou \u2018pour les libert\u00e9s\u2019\u00a0: en janvier, mars puis d\u00e9but avril, <a href=\"https:\/\/www.rtbf.be\/article\/journalope-collaboon-va-te-pendre-quand-les-agressions-verbales-et-les-menaces-se-multiplient-pour-les-journalistes-de-terrain-10744941\">des journalistes de la RTBF ont \u00e9t\u00e9 insult\u00e9s<\/a> en marge de manifestations \u00ab\u00a0contre la dictature sanitaire\u00a0\u00bb.<\/p>\n<p>Le 21 d\u00e9cembre, <a href=\"https:\/\/www.lavenir.net\/cnt\/dmf20211220_01647678\/covid-un-journaliste-de-la-rtbf-agresse-lors-de-la-manifestation-contre-l-obligation-vaccinale\">Eric Boever (RTBF)<\/a> a \u00e9t\u00e9 injuri\u00e9, bouscul\u00e9 puis agress\u00e9 par un jet au poivre dans les yeux. Il a d\u00fb \u00eatre hospitalis\u00e9.<\/p>\n<p>D\u00e9but janvier, deux <a href=\"http:\/\/www.ajp.be\/communique-lagression-dune-equipe-de-bx1-ne-peut-rester-sans-suite\/\">journalistes de BX1 ont \u00e9t\u00e9 agress\u00e9es<\/a> physiquement par des manifestants.<\/p>\n<p>&nbsp;<\/p>\n<p><img loading=\"lazy\" class=\"size-full wp-image-120 alignleft\" src=\"http:\/\/ag.ajp.be\/wp-content\/uploads\/2022\/02\/AG22-1-1.png\" alt=\"\" width=\"224\" height=\"188\" \/>L\u2019AJP a d\u00e9nonc\u00e9 syst\u00e9matiquement ces agressions et s\u2019est jointe, par constitution de partie civile, aux plaintes introduites par les journalistes et les m\u00e9dias.<\/p>\n<p>&nbsp;<\/p>\n<p>Les r\u00e9dactions ont renforc\u00e9 les pr\u00e9cautions et mesures de s\u00e9curit\u00e9\u00a0: \u00e9quipement, formations, gardes du corps dans certaines situations, d\u00e9siglage des v\u00e9hicules,\u2026<\/p>\n<p>&nbsp;<\/p>\n<p>La revue Journalistes de mai a <a href=\"http:\/\/www.ajp.be\/telechargements\/dossiers\/236_dossier.pdf\">consacr\u00e9 son dossier<\/a> aux violences contre les journalistes, en \u00e9voquant \u00e9galement leurs cons\u00e9quences post traumatiques, les possibilit\u00e9s de formations (notamment \u00e0 AJPro), le rapport inqui\u00e9tant de la <a href=\"https:\/\/fom.coe.int\/accueil?langue=fr-FR\">Plateforme pour renforcer la protection du journalisme et la s\u00e9curit\u00e9 des journalistes<\/a> du Conseil de l\u2019Europe.<\/p>\n<p>&nbsp;<\/p>\n<p>Le passage \u00e0 l\u2019acte violent contre des journalistes marque un tournant tr\u00e8s pr\u00e9occupant, dans un espace public qui jusque-l\u00e0 n\u2019\u00e9tait pas une \u00ab\u00a0no go zone\u00a0\u00bb. Cette radicalisation est aussi entretenue, voire l\u00e9gitim\u00e9e, par les propos de certains responsables (\u00a0?) politiques qui, \u00e0 l\u2019image des Trump, Salvini, Orban ou Zemmour, s\u2019en prennent publiquement aux journalistes dont ils n\u2019appr\u00e9cient pas le travail.<\/p>\n<p>[\/vc_column_text][vc_column_text css=\u00a0\u00bb.vc_custom_1645436574998{margin-bottom: 0px !important;padding-top: 10px !important;padding-right: 25px !important;padding-bottom: 10px !important;padding-left: 25px !important;background-color: #3e8bc1 !important;}\u00a0\u00bb el_class=\u00a0\u00bbcontent-block-title-reverse\u00a0\u00bb]<\/p>\n<h3><strong>Cyberhaine, cyberharc\u00e8lement, cyberviolence<\/strong><\/h3>\n<p>[\/vc_column_text][vc_column_text css=\u00a0\u00bb.vc_custom_1645436715874{margin-bottom: 80px !important;padding-top: 25px !important;padding-right: 25px !important;padding-bottom: 25px !important;padding-left: 25px !important;background-color: rgba(255,255,255,0.54) !important;*background-color: rgb(255,255,255) !important;}\u00a0\u00bb el_class=\u00a0\u00bbcontent-block-right\u00a0\u00bb]Les insultes, menaces ou propos haineux sur les r\u00e9seaux sociaux sont quotidiens pour certain.e.s journalistes. Il semble que la crise sanitaire a aggrav\u00e9 la cyberhaine. S\u2019y sont ajout\u00e9s aussi en 2021, des raids organis\u00e9s par mails du type \u00ab\u00a0Bousculons les journalistes\u00a0\u00bb\u00a0: des milliers de mails adress\u00e9s \u00e0 des centaines de journalistes, avec un modus operandi organis\u00e9 comme un plan de bataille. Plainte a \u00e9t\u00e9 d\u00e9pos\u00e9e dans ce dossier et un juge d\u2019instruction a \u00e9t\u00e9 d\u00e9sign\u00e9.<\/p>\n<p>&nbsp;<\/p>\n<p>Les messageries et les r\u00e9seaux sociaux de l\u2019AJP ont aussi \u00e9t\u00e9 pris pour cible par des sympathisants de Kairos et d\u2019Alexandre Penasse, qui nous reprochent en vrac de ne pas d\u00e9fendre \u00ab\u00a0la seule presse libre et ind\u00e9pendante\u00a0\u00bb, d\u2019avoir <a href=\"http:\/\/www.ajp.be\/carte-de-presse-dissiper-un-malentendu\/\">retir\u00e9 sa carte<\/a> \u00e0 A. Penasse, de ne pas le soutenir, bref de ne pas faire notre boulot (les termes utilis\u00e9s sont souvent bien plus grossiers, nous avons aussi \u00e9t\u00e9 accus\u00e9s de mensonge, de corruption et m\u00eame de complicit\u00e9 de g\u00e9nocide). Ces sympathisants ont \u00e9galement organis\u00e9 deux marches sur le si\u00e8ge de l\u2019AJP et deux p\u00e9titions en ligne.[\/vc_column_text][vc_column_text css=\u00a0\u00bb.vc_custom_1645436615309{margin-bottom: 0px !important;padding-top: 10px !important;padding-right: 25px !important;padding-bottom: 10px !important;padding-left: 25px !important;background-color: #3e8bc1 !important;}\u00a0\u00bb el_class=\u00a0\u00bbcontent-block-title\u00a0\u00bb]<\/p>\n<h3><strong>L\u2019AJP soutient les journalistes<\/strong><\/h3>\n<p>[\/vc_column_text][vc_column_text css=\u00a0\u00bb.vc_custom_1645436633492{border-bottom-width: 1px !important;border-left-width: 1px !important;padding-top: 25px !important;padding-right: 25px !important;padding-bottom: 25px !important;padding-left: 25px !important;background-color: rgba(255,255,255,0.54) !important;*background-color: rgb(255,255,255) !important;border-left-style: solid !important;border-bottom-style: solid !important;}\u00a0\u00bb el_class=\u00a0\u00bbcontent-block-left\u00a0\u00bb]Dans ce climat d\u00e9l\u00e9t\u00e8re, l\u2019AJP souhaite rappeler l\u2019importance du journalisme professionnel, du pluralisme des m\u00e9dias et de leur responsabilit\u00e9 d\u00e9ontologique assum\u00e9e. L\u2019importance \u00e9galement de r\u00e9aliser des investissements constants dans les r\u00e9dactions et dans les moyens r\u00e9dactionnels. L\u2019AJP souligne positivement les efforts de formation, de vulgarisation, de recherche et de travail d\u2019enqu\u00eate qui ont \u00e9t\u00e9 fournis par les journalistes professionnel.le.s. En esp\u00e9rant que 2022 leur permette de tourner des pages plus l\u00e9g\u00e8res.[\/vc_column_text][\/vc_column_inner][vc_column_inner width=\u00a0\u00bb1\/6&Prime;][\/vc_column_inner][\/vc_row_inner]\n\t\t\t\t            <\/div>\n\t        \t\t\t<\/dd><dt class=\"tab-actu\">\n\t        \t<a class=\"ult-tabto-actitle withBorder ult_a \" id=\"1641395902251-3-2\" style=\"color:#13597d;;background-color:#ffffff;border-bottom-color:transparent;border-bottom-width:0px;border-bottom-style:solid;border-bottom-color:transparent;border-bottom-width:0px;border-bottom-style:solid;\" href=\"#1641395902251-3-2\">\n\t        \t\t<i class=\"accordion-icon\"><\/i>\n\t        \t\t\t<span class=\"ult_tab_main ult_ac_main ult_noacordicnBoth\">\n\n\t\t\t\t\t\t<span  data-ultimate-target='#advanced-tabs-wrap-6467 .ult-span-text'  data-responsive-json-new='{\"font-size\":\"desktop:15px;\",\"line-height\":\"\"}'  class=\"ult-span-text no_icon ult_acordian-text ult-responsive\" style=\";color:inherit \" >Fonds freelance<\/span>\n\t\t\t\t\t\t<\/span><\/a><\/dt>\n\t            \t\t<dd class=\"ult-tabto-accordionItem ult-tabto-accolapsed\">\n\t\t\t\t            <div class=\"ult-tabto-acontent\" style=\"color:#74777b;\">\n\t\t\t\t               [vc_row_inner content_placement=\u00a0\u00bbmiddle\u00a0\u00bb css=\u00a0\u00bb.vc_custom_1641395843216{margin-top: 90px !important;}\u00a0\u00bb][vc_column_inner width=\u00a0\u00bb1\/3&Prime;][vc_separator color=\u00a0\u00bbcustom\u00a0\u00bb align=\u00a0\u00bbalign_right\u00a0\u00bb border_width=\u00a0\u00bb3&Prime; el_width=\u00a0\u00bb60&Prime; accent_color=\u00a0\u00bb#3588bf\u00a0\u00bb][\/vc_column_inner][vc_column_inner width=\u00a0\u00bb1\/3&Prime;][vc_column_text]<\/p>\n<h2 style=\"text-align: center;\">Fond Freelance<\/h2>\n<p>[\/vc_column_text][\/vc_column_inner][vc_column_inner width=\u00a0\u00bb1\/3&Prime;][vc_separator color=\u00a0\u00bbcustom\u00a0\u00bb align=\u00a0\u00bbalign_left\u00a0\u00bb border_width=\u00a0\u00bb3&Prime; el_width=\u00a0\u00bb60&Prime; accent_color=\u00a0\u00bb#3588bf\u00a0\u00bb][\/vc_column_inner][\/vc_row_inner][vc_row_inner][vc_column_inner width=\u00a0\u00bb1\/6&Prime;][\/vc_column_inner][vc_column_inner width=\u00a0\u00bb2\/3&Prime;][vc_column_text css=\u00a0\u00bb.vc_custom_1643632353895{padding-top: 25px !important;padding-right: 25px !important;padding-bottom: 25px !important;padding-left: 25px !important;background-color: rgba(255,255,255,0.54) !important;*background-color: rgb(255,255,255) !important;}\u00a0\u00bb]<\/p>\n<div>\n<header>\n<h3><strong>Cr\u00e9\u00e9 \u00e0 l\u2019initiative de l\u2019AJP en 2020, le Fonds freelance a poursuivi son soutien financier aux journalistes ind\u00e9pendants en 2021. Au final 700 bourses de 700\u00a0 \u20ac auront permis de soutenir 455 journalistes freelances.<\/strong><\/h3>\n<\/header>\n<\/div>\n<p>[\/vc_column_text][\/vc_column_inner][vc_column_inner width=\u00a0\u00bb1\/6&Prime;][\/vc_column_inner][\/vc_row_inner][vc_row_inner][vc_column_inner width=\u00a0\u00bb1\/6&Prime;][\/vc_column_inner][vc_column_inner width=\u00a0\u00bb2\/3&Prime;][vc_column_text css=\u00a0\u00bb.vc_custom_1645018019325{margin-bottom: 80px !important;padding-top: 25px !important;padding-right: 25px !important;padding-bottom: 25px !important;padding-left: 25px !important;background-color: rgba(255,255,255,0.54) !important;*background-color: rgb(255,255,255) !important;}\u00a0\u00bb]D\u00e8s le d\u00e9but de la crise sanitaire, l\u2019AJP s\u2019\u00e9tait mobilis\u00e9e pour que les plus pr\u00e9caris\u00e9s du secteur m\u00e9dias puissent obtenir des aides. Des concertations ont eu lieu avec le cabinet de la ministre des M\u00e9dias, B\u00e9n\u00e9dicte Linard. Le 30 avril 2020, le Gouvernement de la F\u00e9d\u00e9ration Wallonie-Bruxelles adoptait un plan de soutien aux m\u00e9dias mais aussi aux journalistes (<a href=\"https:\/\/www.journalistefreelance.be\/IMG\/pdf\/arrete-signe_subv-complementaire_ajp-fonds-journalisme-d-investigation.pdf\">voir l\u2019arr\u00eat\u00e9 minist\u00e9riel<\/a>). Le 20 mai 2020, le gouvernement ent\u00e9rinait le soutien aux journalistes freelances, pour un montant de 550.000 \u20ac.<\/p>\n<p>Ce montant a techniquement \u00e9t\u00e9 octroy\u00e9 au Fonds pour le journalisme. Afin de soutenir les freelances tout en respectant les r\u00e8gles de fonctionnement du Fonds, un appel sp\u00e9cifique \u00ab\u00a0Fonds Freelance\u00a0\u00bb (<a href=\"https:\/\/www.journalistefreelance.be\/IMG\/pdf\/reglement-fonds-freelance.pdf\">avec son propre r\u00e8glement<\/a>) a \u00e9t\u00e9 lanc\u00e9 d\u00e8s le 5 juin 2020. Le Fonds freelance n\u2019a pas \u00e9puis\u00e9 tous ses moyens en 2020. L\u2019AJP a demand\u00e9 une prolongation du m\u00e9canisme en 2021.<\/p>\n<p>Lors de sa s\u00e9ance du 18 mars 2021, le Gouvernement de la F\u00e9d\u00e9ration Wallonie-Bruxelles a r\u00e9pondu positivement \u00e0 la demande de l\u2019AJP. Le Fonds freelance a organis\u00e9 3 appels suppl\u00e9mentaires. L\u2019initiative s\u2019est finalement cl\u00f4tur\u00e9e le 31 octobre 2021.[\/vc_column_text][vc_column_text css=\u00a0\u00bb.vc_custom_1645017494691{margin-bottom: 0px !important;padding-top: 10px !important;padding-right: 25px !important;padding-bottom: 10px !important;padding-left: 25px !important;background-color: #3e8bc1 !important;}\u00a0\u00bb el_class=\u00a0\u00bbcontent-block-title\u00a0\u00bb]<\/p>\n<h3><strong>Calendrier des appels<\/strong><\/h3>\n<p>[\/vc_column_text][vc_column_text css=\u00a0\u00bb.vc_custom_1645018030370{margin-bottom: 80px !important;border-bottom-width: 1px !important;border-left-width: 1px !important;padding-top: 25px !important;padding-right: 25px !important;padding-bottom: 25px !important;padding-left: 25px !important;background-color: rgba(255,255,255,0.54) !important;*background-color: rgb(255,255,255) !important;border-left-style: solid !important;border-bottom-style: solid !important;}\u00a0\u00bb el_class=\u00a0\u00bbcontent-block-left\u00a0\u00bb]Au total, ce sont cinq appels qui se sont suivis au cours des deux derni\u00e8res ann\u00e9es.<\/p>\n<ul>\n<li>1er appel\u00a0:\u00a0 20 mai au 31 juillet 2020,<\/li>\n<li>2e appel\u00a0: du 1<sup>er<\/sup> ao\u00fbt au 31 d\u00e9cembre 2020.<\/li>\n<li>3e appel\u00a0: du 1<sup>er<\/sup> avril 2021 au 1er mai 2021 (r\u00e9serv\u00e9 aux journalistes n\u2019ayant pas b\u00e9n\u00e9fici\u00e9 du fonds en 2020)<\/li>\n<li>4<sup>e<\/sup> appel\u00a0: du 1<sup>er<\/sup> mai 2021 au 31 mai 2021<\/li>\n<li>5e appel\u00a0: du 1<sup>er<\/sup> juin au 31 octobre 2021<\/li>\n<\/ul>\n<p>[\/vc_column_text][vc_column_text css=\u00a0\u00bb.vc_custom_1645017531987{padding-right: 25px !important;padding-left: 25px !important;}\u00a0\u00bb el_class=\u00a0\u00bbcontent-block-title-reverse\u00a0\u00bb]<\/p>\n<h3><strong>Bourses \u00e0 la production de 700\u20ac<\/strong><\/h3>\n<p>[\/vc_column_text][vc_column_text css=\u00a0\u00bb.vc_custom_1645017555789{padding-top: 25px !important;padding-right: 25px !important;padding-bottom: 25px !important;padding-left: 25px !important;background-color: rgba(255,255,255,0.54) !important;*background-color: rgb(255,255,255) !important;}\u00a0\u00bb el_class=\u00a0\u00bbcontent-block-right\u00a0\u00bb]Le Fonds freelance a octroy\u00e9 des bourses de soutien \u00e0 la production d\u2019un article, un reportage photo, un sujet radio, un reportage vid\u00e9o, un podcast ou toute autre production journalistique reli\u00e9e, d\u2019une mani\u00e8re ou d\u2019une autre, \u00e0 l\u2019un des th\u00e8mes suivants\u00a0: Le virus de la d\u00e9brouille, Le virus du sport, Le virus de l\u2019art, Le virus des h\u00e9ros comme des gens ordinaires, Le virus de l\u2019invention, Le virus de la solidarit\u00e9, Demain apr\u00e8s le virus\u2026, Tout\u2026 sauf le virus\u00a0!<\/p>\n<p>Cette production a \u00e9t\u00e9 soutenue par une bourse forfaitaire de<strong> 700 euros<\/strong>. Il devait s\u2019agir d\u2019une production originale et in\u00e9dite (pas d\u2019archive). Les projets pouvaient \u00eatre individuels ou collectifs, chaque intervenant b\u00e9n\u00e9ficiant de la bourse. Des formats minima ont \u00e9t\u00e9 d\u00e9termin\u00e9s pour chaque support (photo\u00a0: 8 photos l\u00e9gend\u00e9es\u00a0; radio\u00a0: 3 minutes\u00a0; presse \u00e9crite\u00a0: 4500 signes\u00a0; TV\u00a0: 1\u201930).[\/vc_column_text][vc_round_chart type=\u00a0\u00bbdoughnut\u00a0\u00bb stroke_width=\u00a0\u00bb2&Prime; values=\u00a0\u00bb%5B%7B%22title%22%3A%22Demain%20apr%C3%A8s%20le%20virus%22%2C%22value%22%3A%2281%22%2C%22color%22%3A%22mulled-wine%22%7D%2C%7B%22title%22%3A%22Le%20virus%20de%20l&rsquo;invention%22%2C%22value%22%3A%2211%22%2C%22color%22%3A%22vista-blue%22%7D%2C%7B%22title%22%3A%22Le%20virus%20de%20l&rsquo;art%22%2C%22value%22%3A%2264%22%2C%22color%22%3A%22sandy-brown%22%2C%22custom_color%22%3A%22%23fe6c61%22%7D%2C%7B%22title%22%3A%22Le%20virus%20de%20la%20d%C3%A9brouille%22%2C%22value%22%3A%2242%22%2C%22color%22%3A%22violet%22%2C%22custom_color%22%3A%22%236ab165%22%7D%2C%7B%22title%22%3A%22Le%20virus%20de%20la%20solidarit%C3%A9%22%2C%22value%22%3A%2241%22%2C%22color%22%3A%22juicy-pink%22%2C%22custom_color%22%3A%22%23f7f7f7%22%7D%2C%7B%22title%22%3A%22Le%20virus%20des%20h%C3%A9ros%20comme%20des%20gens%20ordinaires%22%2C%22value%22%3A%2274%22%2C%22color%22%3A%22grey%22%2C%22custom_color%22%3A%22%23555555%22%7D%2C%7B%22title%22%3A%22Le%20virus%20du%20sport%22%2C%22value%22%3A%22100%22%2C%22color%22%3A%22chino%22%2C%22custom_color%22%3A%22%230088cc%22%7D%2C%7B%22title%22%3A%22Tout%20sauf%20le%20virus%22%2C%22value%22%3A%22125%22%2C%22color%22%3A%22orange%22%2C%22custom_color%22%3A%22%23ff9900%22%7D%5D\u00a0\u00bb title=\u00a0\u00bbR\u00e9partition des sujets par cat\u00e9gories\u00a0\u00bb el_class=\u00a0\u00bb.chart\u00a0\u00bb][vc_column_text css=\u00a0\u00bb.vc_custom_1643804085315{padding-right: 25px !important;padding-left: 25px !important;}\u00a0\u00bb el_class=\u00a0\u00bbcontent-block-title\u00a0\u00bb]<\/p>\n<h3><strong>Publication des productions <\/strong><\/h3>\n<p>[\/vc_column_text][vc_column_text css=\u00a0\u00bb.vc_custom_1645018060708{margin-bottom: 80px !important;padding-top: 25px !important;padding-right: 25px !important;padding-bottom: 25px !important;padding-left: 25px !important;background-color: rgba(255,255,255,0.54) !important;*background-color: rgb(255,255,255) !important;}\u00a0\u00bb el_class=\u00a0\u00bbcontent-block-left\u00a0\u00bb]Les reportages soutenus par une bourse ont \u00e9t\u00e9 publi\u00e9s sur la plateforme <a href=\"https:\/\/www.journalistefreelance.be\/Fonds-freelance\">journalistefreelance.be<\/a>. Le b\u00e9n\u00e9ficiaire de la bourse a conc\u00e9d\u00e9 uniquement (mais n\u00e9cessairement) \u00e0 l\u2019AJP une cession des droits primaires pour la plateforme <a href=\"http:\/\/www.journalistefreelance.be\">www.journalistefreelance.be<\/a>. Le.la journaliste est donc rest\u00e9.e titulaire de tous les droits secondaires d\u2019exploitation de sa production et a pu d\u00e8s lors la revendre \u00e0 un m\u00e9dia : le soutien par le Fonds Freelance n\u2019exon\u00e8re en effet pas les m\u00e9dias de r\u00e9mun\u00e9rer la production qu\u2019ils diffusent ![\/vc_column_text][vc_column_text css=\u00a0\u00bb.vc_custom_1643804162536{padding-right: 25px !important;padding-left: 25px !important;}\u00a0\u00bb el_class=\u00a0\u00bbcontent-block-title-reverse\u00a0\u00bb]<\/p>\n<h3><strong>B\u00e9n\u00e9ficiaires<\/strong><\/h3>\n<p>[\/vc_column_text][vc_column_text css=\u00a0\u00bb.vc_custom_1645018107740{margin-bottom: 80px !important;padding-top: 25px !important;padding-right: 25px !important;padding-bottom: 25px !important;padding-left: 25px !important;background-color: rgba(255,255,255,0.54) !important;*background-color: rgb(255,255,255) !important;}\u00a0\u00bb el_class=\u00a0\u00bbcontent-block-right\u00a0\u00bb]<strong>Le Fonds Freelance \u00e9tait accessible<\/strong>\u00a0:<\/p>\n<ul>\n<li>aux journalistes professionnel.le.s (information g\u00e9n\u00e9rale) ou \u00ab\u00a0de profession\u00a0\u00bb (information sp\u00e9cialis\u00e9e), ind\u00e9pendant.e.s, agr\u00e9\u00e9.e.s conform\u00e9ment aux dispositions l\u00e9gales (Loi du 30 d\u00e9cembre 1963, Arr\u00eat\u00e9 royal du 12 avril 1965)<\/li>\n<li>aux journalistes stagiaires, admis au stage en vertu de la m\u00eame loi, ind\u00e9pendant.e.s.<\/li>\n<li>aux collaborateur.trice.s de presse, ind\u00e9pendant.e.s, reconnu.e.s par l\u2019AJP,<\/li>\n<\/ul>\n<p><strong>Par \u00ab\u00a0ind\u00e9pendant.e.s\u00a0\u00bb, on entend<\/strong> ind\u00e9pendant.e.s \u00e0 titre principal, ind\u00e9pendant.e.s \u00e0 titre compl\u00e9mentaire, int\u00e9rimaires ou facturant leur travail par l\u2019interm\u00e9diaire de structures de type \u00ab\u00a0Smart\u00a0\u00bb ou \u00ab\u00a0Merveille\u00a0\u00bb, ou \u00ab\u00a0pigistes-salari\u00e9s\u00a0\u00bb ou tout autre statut social que l\u2019AJP assimilerait sur d\u00e9cision individuelle.<\/p>\n<p>&nbsp;<\/p>\n<p>Ils.elles ont d\u00fb attester sur l\u2019honneur que leurs revenus ont \u00e9t\u00e9 affect\u00e9s par les mesures d\u00e9cid\u00e9es par le gouvernement f\u00e9d\u00e9ral pour limiter la propagation du COVID-19.<\/p>\n<p>Le Fonds Freelance n\u2019\u00e9tait pas accessible aux journalistes salari\u00e9.e.s, sauf aux salari\u00e9.e.s qui sont \u00e9galement ind\u00e9pendant.e.s \u00e0 titre compl\u00e9mentaire et r\u00e9pondent par ailleurs aux conditions \u00e9nonc\u00e9es ci-dessus.[\/vc_column_text][vc_column_text css=\u00a0\u00bb.vc_custom_1643804200771{padding-right: 25px !important;padding-left: 25px !important;}\u00a0\u00bb el_class=\u00a0\u00bbcontent-block-title\u00a0\u00bb]<\/p>\n<h3><strong>Jury<\/strong><\/h3>\n<p>[\/vc_column_text][vc_column_text css=\u00a0\u00bb.vc_custom_1645018069796{margin-bottom: 80px !important;padding-top: 25px !important;padding-right: 25px !important;padding-bottom: 25px !important;padding-left: 25px !important;background-color: rgba(255,255,255,0.54) !important;*background-color: rgb(255,255,255) !important;}\u00a0\u00bb el_class=\u00a0\u00bbcontent-block-left\u00a0\u00bb]Les reportages soutenus par une bourse ont \u00e9t\u00e9 publi\u00e9s sur la plateforme <a href=\"https:\/\/www.journalistefreelance.be\/Fonds-freelance\">journalistefreelance.be<\/a>. Le b\u00e9n\u00e9ficiaire de la bourse a conc\u00e9d\u00e9 uniquement (mais n\u00e9cessairement) \u00e0 l\u2019AJP une cession des droits primaires pour la plateforme <a href=\"http:\/\/www.journalistefreelance.be\">www.journalistefreelance.be<\/a>. Le.la journaliste est donc rest\u00e9.e titulaire de tous les droits secondaires d\u2019exploitation de sa production et a pu d\u00e8s lors la revendre \u00e0 un m\u00e9dia : le soutien par le Fonds Freelance n\u2019exon\u00e8re en effet pas les m\u00e9dias de r\u00e9mun\u00e9rer la production qu\u2019ils diffusent ![\/vc_column_text][vc_column_text css=\u00a0\u00bb.vc_custom_1645017582485{padding-top: 10px !important;padding-right: 25px !important;padding-bottom: 10px !important;padding-left: 25px !important;background-color: rgba(243,75,24,0.8) !important;*background-color: rgb(243,75,24) !important;}\u00a0\u00bb el_class=\u00a0\u00bb.content-block-title-reverse\u00a0\u00bb]<\/p>\n<h3><strong>Bilan<\/strong><\/h3>\n<p>[\/vc_column_text][vc_column_text css=\u00a0\u00bb.vc_custom_1645018078207{margin-bottom: 80px !important;padding-top: 25px !important;padding-right: 25px !important;padding-bottom: 25px !important;padding-left: 25px !important;background-color: rgba(255,255,255,0.54) !important;*background-color: rgb(255,255,255) !important;}\u00a0\u00bb el_class=\u00a0\u00bb.content-block-right\u00a0\u00bb]En 2 ans, le Fonds freelance aura attribu\u00e9 700 bourses \u00e0 la production journalistique r\u00e9parties entre 455 journalistes freelances.<\/p>\n<p>Toutes les productions soutenues par les bourses du Fonds freelance sont visibles ici\u00a0: <a href=\"https:\/\/www.journalistefreelance.be\/Fonds-freelance\">https:\/\/www.journalistefreelance.be\/Fonds-freelance<\/a>. Des tris par support m\u00e9dia (radio, tv, presse \u00e9crite, photo,\u2026) ou par th\u00e8me sont possible.[\/vc_column_text][\/vc_column_inner][vc_column_inner width=\u00a0\u00bb1\/6&Prime;][\/vc_column_inner][\/vc_row_inner]\n\t\t\t\t            <\/div>\n\t        \t\t\t<\/dd><dt class=\"tab-actu\">\n\t        \t<a class=\"ult-tabto-actitle withBorder ult_a \" id=\"1642541640522-3-10\" style=\"color:#13597d;;background-color:#ffffff;border-bottom-color:transparent;border-bottom-width:0px;border-bottom-style:solid;border-bottom-color:transparent;border-bottom-width:0px;border-bottom-style:solid;border-bottom-color:transparent;border-bottom-width:0px;border-bottom-style:solid;\" href=\"#1642541640522-3-10\">\n\t        \t\t<i class=\"accordion-icon\"><\/i>\n\t        \t\t\t<span class=\"ult_tab_main ult_ac_main ult_noacordicnBoth\">\n\n\t\t\t\t\t\t<span  data-ultimate-target='#advanced-tabs-wrap-6467 .ult-span-text'  data-responsive-json-new='{\"font-size\":\"desktop:15px;\",\"line-height\":\"\"}'  class=\"ult-span-text no_icon ult_acordian-text ult-responsive\" style=\";color:inherit \" >Fonds pour le journalisme<\/span>\n\t\t\t\t\t\t<\/span><\/a><\/dt>\n\t            \t\t<dd class=\"ult-tabto-accordionItem ult-tabto-accolapsed\">\n\t\t\t\t            <div class=\"ult-tabto-acontent\" style=\"color:#74777b;\">\n\t\t\t\t               [vc_row_inner content_placement=\u00a0\u00bbmiddle\u00a0\u00bb css=\u00a0\u00bb.vc_custom_1641395843216{margin-top: 90px !important;}\u00a0\u00bb][vc_column_inner width=\u00a0\u00bb1\/3&Prime;][vc_separator color=\u00a0\u00bbcustom\u00a0\u00bb align=\u00a0\u00bbalign_right\u00a0\u00bb border_width=\u00a0\u00bb3&Prime; el_width=\u00a0\u00bb60&Prime; accent_color=\u00a0\u00bb#3588bf\u00a0\u00bb][\/vc_column_inner][vc_column_inner width=\u00a0\u00bb1\/3&Prime;][vc_column_text]<\/p>\n<h2 style=\"text-align: center;\">Fonds pour le journalisme\u00a0: on double la mise\u00a0!<\/h2>\n<p>[\/vc_column_text][\/vc_column_inner][vc_column_inner width=\u00a0\u00bb1\/3&Prime;][vc_separator color=\u00a0\u00bbcustom\u00a0\u00bb align=\u00a0\u00bbalign_left\u00a0\u00bb border_width=\u00a0\u00bb3&Prime; el_width=\u00a0\u00bb60&Prime; accent_color=\u00a0\u00bb#3588bf\u00a0\u00bb][\/vc_column_inner][\/vc_row_inner][vc_row_inner css=\u00a0\u00bb.vc_custom_1645018257481{margin-bottom: 80px !important;}\u00a0\u00bb][vc_column_inner width=\u00a0\u00bb1\/6&Prime;][\/vc_column_inner][vc_column_inner width=\u00a0\u00bb2\/3&Prime;][vc_column_text css=\u00a0\u00bb.vc_custom_1645438692791{padding-top: 25px !important;padding-right: 25px !important;padding-bottom: 25px !important;padding-left: 25px !important;background-color: rgba(255,255,255,0.3) !important;*background-color: rgb(255,255,255) !important;}\u00a0\u00bb]<\/p>\n<h3>Premi\u00e8re ann\u00e9e du <strong>doublement de la subvention du Fonds pour le journalisme<\/strong>. Depuis d\u00e9but 2021, le Fonds dispose de 400.000 \u20ac \u00e0 distribuer pour soutenir le journalisme de fond, au lieu de 200.000 pr\u00e9c\u00e9demment ; soit 100.000 \u20ac par appel \u00e0 projet. Un nouveau montant qui, de plus, est index\u00e9 ! Le Fonds a donc d\u00fb relever de nouveaux d\u00e9fis, il a multipli\u00e9 les d\u00e9marches vers les journalistes et les m\u00e9dias pour faire rentrer un maximum de projets qualitatifs.<\/h3>\n<p>[\/vc_column_text][vc_column_text css=\u00a0\u00bb.vc_custom_1643633134110{padding-top: 25px !important;padding-right: 25px !important;padding-bottom: 25px !important;padding-left: 25px !important;background-color: rgba(255,255,255,0.54) !important;*background-color: rgb(255,255,255) !important;}\u00a0\u00bb]De courtes vid\u00e9os ont notamment \u00e9t\u00e9 r\u00e9alis\u00e9es pour montrer concr\u00e8tement l\u2019utilit\u00e9 du soutien du Fonds. Elles sont post\u00e9es sur les r\u00e9seaux sociaux et sur le site du Fonds. Suite \u00e0 ces d\u00e9marches on peut dire qu\u2019un premier objectif est atteint\u00a0: 35 bourses ont \u00e9t\u00e9 attribu\u00e9es en 2021, un record.<\/p>\n<p>Un d\u00e9cret avait \u00e9galement \u00e9t\u00e9 adopt\u00e9 par le gouvernement de la FWB pour p\u00e9renniser le Fonds. Mais il restait \u00e0 d\u00e9signer l\u2019op\u00e9rateur qui le g\u00e8rerait pour les cinq prochaines ann\u00e9es. L\u2019AJP a postul\u00e9 et a \u00e9t\u00e9 d\u00e9sign\u00e9e comme <strong>op\u00e9rateur<\/strong> en d\u00e9cembre 2021 pour la p\u00e9riode 2022-2026.[\/vc_column_text][\/vc_column_inner][vc_column_inner width=\u00a0\u00bb1\/6&Prime;][\/vc_column_inner][\/vc_row_inner][vc_row_inner][vc_column_inner width=\u00a0\u00bb1\/6&Prime;][\/vc_column_inner][vc_column_inner width=\u00a0\u00bb2\/3&Prime;][vc_column_text css=\u00a0\u00bb.vc_custom_1643805046060{margin-top: -35px !important;padding-top: 10px !important;padding-right: 25px !important;padding-bottom: 10px !important;padding-left: 25px !important;background-color: rgba(243,75,24,0.81) !important;*background-color: rgb(243,75,24) !important;}\u00a0\u00bb el_class=\u00a0\u00bb.content-block-title\u00a0\u00bb]<\/p>\n<h3><strong>Une ann\u00e9e record<\/strong><\/h3>\n<p>[\/vc_column_text][vc_column_text css=\u00a0\u00bb.vc_custom_1643820771276{padding-top: 25px !important;padding-right: 25px !important;padding-bottom: 25px !important;padding-left: 25px !important;background-color: rgba(255,255,255,0.54) !important;*background-color: rgb(255,255,255) !important;}\u00a0\u00bb el_class=\u00a0\u00bb.content-block-left\u00a0\u00bb]Quatre appels \u00e0 projets ont \u00e9t\u00e9 organis\u00e9s en 2021. Au total, 35 bourses ont \u00e9t\u00e9 attribu\u00e9es, pour un montant record de 355.220 \u20ac. La demande a aussi explos\u00e9\u00a0: 716.650 \u20ac pour l\u2019ann\u00e9e\u00a0! Depuis la cr\u00e9ation du Fonds, fin 2009, le jury du Fonds a accord\u00e9 300 bourses \u00e0 des journalistes. 161 boursiers diff\u00e9rents, dont de nombreux jeunes, et principalement des ind\u00e9pendants (76%).[\/vc_column_text][vc_line_chart x_values=\u00a0\u00bb1er appel;3\u00e8me appel;5\u00e8me appel;7\u00e8me appel;9\u00e8me appel;11\u00e8me appel;13\u00e8me appel;15\u00e8me appel;17\u00e8me appel;19\u00e8me appel;21\u00e8me appel;23\u00e8me appel;25\u00e8me appel;27\u00e8me appel;29\u00e8me appel;31\u00e8me appel;33\u00e8me appel;35\u00e8me appel;37\u00e8me appel;39\u00e8me appel;40\u00e8me appel;41\u00e8me appel;42\u00e8me appel;42\u00e8me appel(COVID);43\u00e8me appel;40\u00e8me appel;45\u00e8me appel;46\u00e8me appel;47\u00e8me appel;48\u00e8me appel;49\u00e8me appel\u00a0\u00bb values=\u00a0\u00bb%5B%7B%22title%22%3A%22Montant%22%2C%22y_values%22%3A%2243750%3B43750%3B36970%3B17230%3B88380%3B43376%3B33231%3B37135%3B47410%3B44013%3B64728%3B57500%3B53134%3B28607%3B53267%3B55065%3B46685%3B34522%3B39780%3B56800%3B43200%3B54256%3B31200%3B16500%3B72113%3B23648%3B60035%3B67710%3B78180%3B107778%3B99542%22%2C%22color%22%3A%22vista-blue%22%7D%5D\u00a0\u00bb][vc_column_text css=\u00a0\u00bb.vc_custom_1643821195797{padding-top: 25px !important;padding-right: 25px !important;padding-bottom: 25px !important;padding-left: 25px !important;background-color: rgba(255,255,255,0.54) !important;*background-color: rgb(255,255,255) !important;}\u00a0\u00bb el_class=\u00a0\u00bb.content-block-left\u00a0\u00bb]Record aussi en termes de <strong>sujets termin\u00e9s et diffus\u00e9s<\/strong>\u00a0: 28 l\u2019ont \u00e9t\u00e9 en 2021. Ils montrent bien l\u2019importance de cette aide apport\u00e9e aux journalistes pour leur permettre d\u2019approfondir leur sujet d\u2019enqu\u00eate, d\u2019investigation, de grand reportage mais aussi de tout sujet d\u2019actualit\u00e9 auquel une plus-value est ajout\u00e9e. Tous ces sujets sont pr\u00e9sent\u00e9s sur le site vitrine du Fonds\u00a0: <a href=\"https:\/\/fondspourlejournalisme.be\/vitrine\/\">https:\/\/fondspourlejournalisme.be\/vitrine<\/a>[\/vc_column_text][vc_line_chart x_values=\u00a0\u00bb2009;2010;2011;2012;2013;2014;2015;2016;2017;2018;2019;2020;2021&Prime; values=\u00a0\u00bb%5B%7B%22title%22%3A%22Projets%20soutenus%22%2C%22y_values%22%3A%226%3B20%3B23%3B20%3B24%3B24%3B20%3B27%3B25%3B22%3B24%3B30%3B35%22%2C%22color%22%3A%22pink%22%7D%5D\u00a0\u00bb el_class=\u00a0\u00bbgraph\u00a0\u00bb][vc_column_text css=\u00a0\u00bb.vc_custom_1645015341970{padding-top: 25px !important;padding-right: 25px !important;padding-bottom: 25px !important;padding-left: 25px !important;background-color: rgba(255,255,255,0.54) !important;*background-color: rgb(255,255,255) !important;}\u00a0\u00bb el_class=\u00a0\u00bb.content-block-left\u00a0\u00bb]Une tr\u00e8s bonne ann\u00e9e aussi par le nombre de <strong>prix re\u00e7us<\/strong> par des journalistes boursiers du Fonds. 11 ont \u00e9t\u00e9 prim\u00e9s en 2021, en Belgique et \u00e0 l\u2019\u00e9tranger et notamment pour un podcast sur la cryptomonnaie.<\/p>\n<p>Le Fonds a aussi organis\u00e9 une apr\u00e8s-midi de r\u00e9flexion avec son jury afin d\u2019optimiser son fonctionnement et pour se pr\u00e9parer \u00e0 mieux affronter le d\u00e9fi de 2022. Il a notamment \u00e9t\u00e9 d\u00e9cid\u00e9 de tester la formule de cinq appels \u00e0 projets par an.<\/p>\n<p>&nbsp;<\/p>\n<p><strong>\u00a0<\/strong><\/p>\n<p><strong>Le Fonds pour le journalisme est une initiative de l\u2019AJP. Il est financ\u00e9 par la F\u00e9d\u00e9ration Wallonie-Bruxelles. Un <\/strong><a href=\"http:\/\/www.fondspourlejournalisme.be\/selection-par-un-jury\/\"><strong>jury ind\u00e9pendant<\/strong><\/a><strong> statue sur les demandes<\/strong>. <a href=\"https:\/\/fondspourlejournalisme.be\/\">https:\/\/fondspourlejournalisme.be\/<\/a>[\/vc_column_text][\/vc_column_inner][vc_column_inner width=\u00a0\u00bb1\/6&Prime;][\/vc_column_inner][\/vc_row_inner]\n\t\t\t\t            <\/div>\n\t        \t\t\t<\/dd><dt class=\"tab-actu\">\n\t        \t<a class=\"ult-tabto-actitle withBorder ult_a \" id=\"1642541637935-2-10\" style=\"color:#13597d;;background-color:#ffffff;border-bottom-color:transparent;border-bottom-width:0px;border-bottom-style:solid;border-bottom-color:transparent;border-bottom-width:0px;border-bottom-style:solid;border-bottom-color:transparent;border-bottom-width:0px;border-bottom-style:solid;border-bottom-color:transparent;border-bottom-width:0px;border-bottom-style:solid;\" href=\"#1642541637935-2-10\">\n\t        \t\t<i class=\"accordion-icon\"><\/i>\n\t        \t\t\t<span class=\"ult_tab_main ult_ac_main ult_noacordicnBoth\">\n\n\t\t\t\t\t\t<span  data-ultimate-target='#advanced-tabs-wrap-6467 .ult-span-text'  data-responsive-json-new='{\"font-size\":\"desktop:15px;\",\"line-height\":\"\"}'  class=\"ult-span-text no_icon ult_acordian-text ult-responsive\" style=\";color:inherit \" >Actions collectives<\/span>\n\t\t\t\t\t\t<\/span><\/a><\/dt>\n\t            \t\t<dd class=\"ult-tabto-accordionItem ult-tabto-accolapsed\">\n\t\t\t\t            <div class=\"ult-tabto-acontent\" style=\"color:#74777b;\">\n\t\t\t\t               [vc_row_inner content_placement=\u00a0\u00bbmiddle\u00a0\u00bb css=\u00a0\u00bb.vc_custom_1641395843216{margin-top: 90px !important;}\u00a0\u00bb][vc_column_inner width=\u00a0\u00bb1\/3&Prime;][vc_separator color=\u00a0\u00bbcustom\u00a0\u00bb align=\u00a0\u00bbalign_right\u00a0\u00bb border_width=\u00a0\u00bb3&Prime; el_width=\u00a0\u00bb60&Prime; accent_color=\u00a0\u00bb#3588bf\u00a0\u00bb][\/vc_column_inner][vc_column_inner width=\u00a0\u00bb1\/3&Prime;][vc_column_text]<\/p>\n<h2 style=\"text-align: center;\">Agir pour toute la profession : les actions collectives<\/h2>\n<p>[\/vc_column_text][\/vc_column_inner][vc_column_inner width=\u00a0\u00bb1\/3&Prime;][vc_separator color=\u00a0\u00bbcustom\u00a0\u00bb align=\u00a0\u00bbalign_left\u00a0\u00bb border_width=\u00a0\u00bb3&Prime; el_width=\u00a0\u00bb60&Prime; accent_color=\u00a0\u00bb#3588bf\u00a0\u00bb][\/vc_column_inner][\/vc_row_inner][vc_row_inner][vc_column_inner width=\u00a0\u00bb1\/6&Prime;][\/vc_column_inner][vc_column_inner width=\u00a0\u00bb2\/3&Prime;][vc_column_text css=\u00a0\u00bb.vc_custom_1645444183364{margin-bottom: 80px !important;padding-top: 25px !important;padding-right: 25px !important;padding-bottom: 25px !important;padding-left: 25px !important;background-color: rgba(255,255,255,0.3) !important;*background-color: rgb(255,255,255) !important;}\u00a0\u00bb]<\/p>\n<h3 style=\"text-align: left;\"><strong>En 2021, l\u2019AJP est intervenue dans plusieurs dossiers qui concernent toute la profession, ou toute une r\u00e9daction ou une cat\u00e9gorie professionnelle.<br \/>\nLes interventions de l\u2019Union professionnelle en lien avec la crise sanitaire et \u00e9conomique sont r\u00e9sum\u00e9es au chapitre 1 de ce rapport d\u2019activit\u00e9. Nous listons ci-apr\u00e8s les autres dossiers collectifs importants de 2021.<br \/>\n<\/strong><\/h3>\n<h3 style=\"text-align: left;\"><strong>Certains de ces dossiers collectifs sont \u00e9galement f\u00e9d\u00e9raux et ont \u00e9t\u00e9 trait\u00e9s en collaboration avec nos coll\u00e8gues de la VVJ, ils font l\u2019objet de la deuxi\u00e8me partie de ce chapitre.<br \/>\nEnfin, nos actions au plan international sont r\u00e9sum\u00e9es au point 3. ci-dessous.<br \/>\n<\/strong><\/h3>\n<p>[\/vc_column_text][vc_column_text css=\u00a0\u00bb.vc_custom_1645442894259{margin-bottom: 0px !important;padding-top: 10px !important;padding-right: 25px !important;padding-bottom: 10px !important;padding-left: 25px !important;background-color: #3e8bc1 !important;}\u00a0\u00bb el_class=\u00a0\u00bbcontent-block-title\u00a0\u00bb]<\/p>\n<h3><strong>Les dossiers collectifs francophones et germanophones<\/strong><\/h3>\n<p>[\/vc_column_text][vc_column_text css=\u00a0\u00bb.vc_custom_1645442986103{margin-bottom: 80px !important;border-bottom-width: 1px !important;border-left-width: 1px !important;padding-top: 25px !important;padding-right: 25px !important;padding-bottom: 25px !important;padding-left: 25px !important;background-color: rgba(255,255,255,0.54) !important;*background-color: rgb(255,255,255) !important;border-left-style: solid !important;border-bottom-style: solid !important;}\u00a0\u00bb el_class=\u00a0\u00bbcontent-block-left\u00a0\u00bb]<\/p>\n<h4><strong>Consolidations dans le secteur m\u00e9dias &#8211; Synergies<\/strong><\/h4>\n<p>Le rachat \u00e0 la fin de l\u2019\u00e9t\u00e9 2021 de <strong>RTL-Belgique<\/strong> par <strong>Rossel et DPG Media<\/strong>, puis celui de <strong>LN24<\/strong> en d\u00e9cembre par <strong>IPM<\/strong> t\u00e9moignent d\u2019une consolidation importante sur le march\u00e9 audiovisuel et m\u00e9diatique au sens large, apr\u00e8s celle intervenue sur le march\u00e9 de la presse quotidienne par le rachat fin 2020 des <strong>Editions de l\u2019Avenir<\/strong> par IPM. Pr\u00e9sent\u00e9es comme des op\u00e9rations permettant de faire face aux GAFAN (data et march\u00e9 publicitaire), de r\u00e9aliser des \u00e9conomies d\u2019\u00e9chelle par les synergies des services back office, ces consolidations posent toujours la question d\u2019une offre pluraliste d\u2019informations, le maintien de l\u2019emploi salari\u00e9 comme ind\u00e9pendant, les modifications de lignes \u00e9ditoriales et les limitations \u00e0 poser aux synergies r\u00e9dactionnelles. IPM a d\u2019embl\u00e9e mis en synergies les informations r\u00e9gionales et sportives. Avec des cons\u00e9quences imm\u00e9diates sur certains freelances qui ont perdu des collaborations. La question de la r\u00e9mun\u00e9ration des droits d\u2019auteur n\u2019est pas encore r\u00e9gl\u00e9e\u00a0: des discussions sont en cours depuis plusieurs mois entre la direction des EDA et la SAJ (Soci\u00e9t\u00e9 des auteurs journalistes) mais progressent tr\u00e8s lentement.<\/p>\n<p>&nbsp;<\/p>\n<h4><strong>RTBF\u00a0: le dossier des pensions <\/strong><\/h4>\n<p>La RTBF maintient la position en vertu de laquelle elle refuse de cotiser pour le compl\u00e9ment de pension pr\u00e9vu dans le r\u00e9gime l\u00e9gal pour de tr\u00e8s nombreux journalistes professionnels. 140 journalistes sont concern\u00e9s, selon l\u2019AJP, mais aussi selon le SPF Pensions qui suit ce dossier de pr\u00e8s. Une nouvelle tentative de r\u00e8glement amiable a eu lieu avec JP Philippot mais sans succ\u00e8s, de m\u00eame que la tentative de conciliation \u00ab\u00a0entre juristes\u00a0\u00bb qui n\u2019a fait que confirmer que la RTBF s\u2019obstine \u00e0 ajouter une condition \u00e0 l\u2019obligation de cotiser\u00a0: elle se r\u00e9serve le droit, une fois l\u2019agr\u00e9ation effective, d\u2019appr\u00e9cier si le travail de la personne agr\u00e9\u00e9e est ou non journalistique.<\/p>\n<p>L\u2019AJP a d\u00e9cid\u00e9 de laisser passer la p\u00e9riode de renouvellement des cartes de presse et lancera une proc\u00e9dure judiciaire en ce d\u00e9but d\u2019ann\u00e9e 2022.<\/p>\n<p>&nbsp;<\/p>\n<h4><strong>Le Soir<\/strong><\/h4>\n<p>Au Soir, comme dans d\u2019autres r\u00e9dactions, les jeunes journalistes ne b\u00e9n\u00e9ficient pas des acquis de leurs coll\u00e8gues plus \u00e2g\u00e9s\u00a0: historiquement, le statut des journalistes en presse quotidienne (salaires, cong\u00e9s,\u2026) \u00e9tait r\u00e9gl\u00e9 par des conventions nationales, ensuite r\u00e9gionales, n\u00e9goci\u00e9es par l\u2019AGJPB puis par l\u2019AJP avec les f\u00e9d\u00e9rations d\u2019\u00e9diteurs. En 2011, il n\u2019a plus \u00e9t\u00e9 possible de renouveler ces conventions au plan sectoriel, d\u00e9nonc\u00e9es par les employeurs, qui voulaient r\u00e9duire \u00e0 peau de chagrin les jours de cong\u00e9s et diminuer drastiquement l\u2019\u00e9volution bar\u00e9mique. Les journalistes d\u00e9j\u00e0 engag\u00e9s ont contractuellement conserv\u00e9 leur statut. Mais pour les nouveaux entrants (les \u00ab\u00a0post 2013\u00a0\u00bb), en l\u2019absence de convention collective, outre que leurs bar\u00e8mes sont moins \u00e9lev\u00e9s, fini l\u2019octroi de \u00ab\u00a0jours compensatoires\u00a0\u00bb (12\/an) leur permettant de compenser des prestations d\u00e9passant tr\u00e8s largement et de fa\u00e7on structurelle les 38 heures inscrites dans leur contrat d\u2019emploi.<\/p>\n<p>La vingtaine de jeunes journalistes concern\u00e9s s\u2019est mobilis\u00e9e. Puis la r\u00e9daction dans son ensemble les a soutenus. La SJPS, l\u2019AJP et le Setca ont renou\u00e9 un front commun et port\u00e9 leurs revendications. Apr\u00e8s plusieurs s\u00e9ances de n\u00e9gociations infructueuses, la r\u00e9daction du Soir a men\u00e9 un premier <a href=\"http:\/\/www.ajp.be\/la-redaction-du-soir-en-arret-de-travail\/\">arr\u00eat de travail le 4 f\u00e9vrier<\/a> dernier. Dans la foul\u00e9e, elle a vot\u00e9 le d\u00e9p\u00f4t d\u2019un pr\u00e9avis de gr\u00e8ve.<\/p>\n<p>Une mobilisation qui a permis de faire bouger les lignes\u00a0: les \u00ab\u00a0post-2013\u00a0\u00bb ont obtenu 4 jours de repos compensatoires et entre 2 et 8 jours de cong\u00e9s d\u2019anciennet\u00e9. La direction s\u2019est aussi engag\u00e9e \u00e0 \u00ab\u00a0lancer un chantier de fond\u00a0\u00bb afin de \u00ab\u00a0baisser la charge de travail structurelle des journalistes au sein de la r\u00e9daction\u00a0\u00bb ainsi qu\u2019\u00e0 d\u00e9signer une personne charg\u00e9e des RH de la r\u00e9daction, notamment pour la gestion du bien-\u00eatre et de la fatigue. Le pr\u00e9avis de gr\u00e8ve a \u00e9t\u00e9 lev\u00e9.<\/p>\n<p>&nbsp;<\/p>\n<h4><strong>\u00ab\u00a0Bousculons les journalistes\u00a0\u00bb<\/strong><\/h4>\n<p>Une op\u00e9ration massive de mailing \u00e0 l\u2019encontre de centaines de journalistes s\u2019est produite du 1<sup>er<\/sup> au 3 d\u00e9cembre 2021. L\u2019initiateur de cette op\u00e9ration n\u2019est pas connu avec certitude. Le raid \u00e9tait organis\u00e9 en amont comme un plan de bataille. Une plainte a \u00e9t\u00e9 d\u00e9pos\u00e9e par l\u2019AJP au nom de ses membres pour \u00ab\u00a0harc\u00e8lement\u00a0\u00bb, certain.e.s journalistes ayant \u00e9t\u00e9 cibl\u00e9s pr\u00e8s de 30 fois certaines soir\u00e9es. La RTBF s\u2019est jointe \u00e0 notre plainte p\u00e9nale.<\/p>\n<p>&nbsp;<\/p>\n<h4><strong>Violences polici\u00e8res<\/strong><\/h4>\n<p>Trois plaintes d\u00e9pos\u00e9es en 2020 par 3 journalistes accompagn\u00e9s par l\u2019AJP devant le Comit\u00e9 P, ont \u00e9t\u00e9 trait\u00e9es avec toutes les autres plaintes cons\u00e9cutives \u00e0 la manifestation \u00ab\u00a0Black Lives matter\u00a0\u00bb mais aussi avec d\u2019autres plaintes cons\u00e9cutives aux actions d\u2019Extinction Rebellion. De sorte que c\u2019est d\u2019une enqu\u00eate \u00ab\u00a0visant \u00e0 identifier et examiner les diverses probl\u00e9matiques li\u00e9es \u00e0 la gestion n\u00e9goci\u00e9e de l\u2019espace public\u00a0\u00bb qu\u2019il s\u2019agit d\u00e9sormais. Le rapport du Comit\u00e9 P relatif \u00e0 cette \u00ab gestion n\u00e9goci\u00e9e de l\u2019espace public\u00a0\u00bb a \u00e9t\u00e9 finalis\u00e9 et transmis au Parlement, o\u00f9 il doit \u00eatre examin\u00e9 par la commission sp\u00e9ciale assurant l\u2019accompagnement du Comit\u00e9 P.[\/vc_column_text][vc_column_text css=\u00a0\u00bb.vc_custom_1645437163617{margin-bottom: 0px !important;padding-top: 10px !important;padding-right: 25px !important;padding-bottom: 10px !important;padding-left: 25px !important;background-color: #3e8bc1 !important;}\u00a0\u00bb el_class=\u00a0\u00bbcontent-block-title-reverse\u00a0\u00bb]<\/p>\n<h3><strong>Les dossiers collectifs au plan f\u00e9d\u00e9ral<\/strong><\/h3>\n<p>[\/vc_column_text][vc_column_text css=\u00a0\u00bb.vc_custom_1645442978464{margin-bottom: 80px !important;padding-top: 25px !important;padding-right: 25px !important;padding-bottom: 25px !important;padding-left: 25px !important;background-color: rgba(255,255,255,0.54) !important;*background-color: rgb(255,255,255) !important;}\u00a0\u00bb el_class=\u00a0\u00bbcontent-block-right\u00a0\u00bb]<strong>Outre les actions li\u00e9es \u00e0 la crise COVID (voir le chapitre 1 de ce rapport d\u2019activit\u00e9s), l\u2019AJP a travaill\u00e9 avec la VVJ au sein de la structure f\u00e9d\u00e9rale AGJPB\/AVBB sur diff\u00e9rents th\u00e8mes list\u00e9s ci-dessous.<\/strong><\/p>\n<p><strong>\u00a0<\/strong><\/p>\n<h4><strong>Droit f\u00e9d\u00e9ral des m\u00e9dias et de la libert\u00e9 d\u2019expression<\/strong><\/h4>\n<p>Deux propositions de r\u00e9forme de la Constitution sont examin\u00e9es par le Parlement f\u00e9d\u00e9ral. Elles portent sur les articles 25 (<a href=\"https:\/\/www.lachambre.be\/FLWB\/PDF\/55\/1790\/55K1790001.pdf\">https:\/\/www.lachambre.be\/FLWB\/PDF\/55\/1790\/55K1790001.pdf<\/a>) et 150 (<a href=\"https:\/\/www.lachambre.be\/FLWB\/PDF\/55\/1791\/55K1791001.pdf\">https:\/\/www.lachambre.be\/FLWB\/PDF\/55\/1791\/55K1791001.pdf<\/a>). Leur objectif commun est d\u2019\u00e9tendre les garanties constitutionnelles en mati\u00e8re de libert\u00e9 de la presse (comp\u00e9tence de la Cour d\u2019assises, interdiction de censure) \u00e0 tous les m\u00e9dias, puisque l\u2019audiovisuel n\u2019en b\u00e9n\u00e9ficie pas explicitement, et, d\u2019autre part, de correctionnaliser de nouveaux \u00ab d\u00e9lits m\u00e9diatiques \u00bb inspir\u00e9s par le sexisme ou incitant \u00e0 la haine, \u00e0 la violence ou \u00e0 la discrimination. L\u2019AJP a \u00e9t\u00e9 invit\u00e9e \u00e0 une audition au parlement le 28 avril 2021 (de m\u00eame que la VVJ et les repr\u00e9sentants des m\u00e9dias).<\/p>\n<p>Notre position est la suivante\u00a0: la correctionnalisation de nombreux d\u00e9lits \u00ab m\u00e9diatiques \u00bb aura pour effet pervers mais certain d\u2019augmenter sensiblement les poursuites et proc\u00e9dures-b\u00e2illons contre les journalistes et m\u00e9dias d\u2019information, alors que ce que qui est vis\u00e9 ici, ce sont en r\u00e9alit\u00e9 les discours de haine sur les r\u00e9seaux sociaux. Ceux-ci ne sont pas le fait des m\u00e9dias d\u2019information ou des journalistes.<\/p>\n<p>Autrement dit, pour rendre punissables des expressions haineuses ou sexistes provenant de quidams sur les r\u00e9seaux sociaux, on va consid\u00e9rablement affaiblir les garanties de la libert\u00e9 de la presse.\u00a0 L\u2019AJP souhaiterait que notre r\u00e9gime de libert\u00e9 d\u2019expression distingue ce qui rel\u00e8ve de l\u2019information journalistique, de l\u2019opinion, du d\u00e9bat d\u2019id\u00e9es, d\u2019une part, et ce qui rel\u00e8ve de l\u2019insulte, de l\u2019injure, de la grossi\u00e8ret\u00e9, des menaces, des invectives, du harc\u00e8lement ; car on ne parle \u00e9videmment pas de la m\u00eame chose et tout n\u2019est pas digne des m\u00eames protections. Sauf que la Cour de cassation ne fait pas cette diff\u00e9rence et assimile toute expression, m\u00eame basiquement injurieuse, \u00e0 une \u00ab opinion \u00bb (position qu\u2019elle a r\u00e9affirm\u00e9e par un arr\u00eat du 7 octobre 2020).<\/p>\n<p>&nbsp;<\/p>\n<h4><strong>\u00a0Droit d\u2019auteur : transposition de la Directive Digital Copyright<\/strong><\/h4>\n<p>La Belgique devait transposer pour juin 2021 la Directive Digital Copyright, qui permet aux \u00e9diteurs de presse de recevoir une juste r\u00e9mun\u00e9ration pour l\u2019usage que les GAFAM font du travail journalistique produit par ces m\u00e9dias. Les journalistes sont concern\u00e9s par ces nouveaux \u00ab\u00a0droits voisins\u00a0\u00bb des \u00e9diteurs, car ils doivent percevoir une \u00ab part appropri\u00e9e \u00bb des recettes g\u00e9n\u00e9r\u00e9es par ce droit. Une d\u00e9l\u00e9gation de l\u2019AGJPB (AJP, VVJ) et de la SAJ a rencontr\u00e9 le cabinet du Ministre Dermagne (\u00e9conomie) en f\u00e9vrier. La transposition de la Directive devrait intervenir d\u00e9but 2022.<\/p>\n<p>&nbsp;<\/p>\n<h4><strong>Le r\u00e9gime l\u00e9gal de pension des journalistes professionnels<\/strong><\/h4>\n<p>En 2021, la perception des cotisations compl\u00e9mentaires (employeur 2% et journaliste 1%) est pass\u00e9e du SPF Pensions \u00e0 l\u2019ONSS. Celui-ci dispose de davantage de moyens d\u2019enqu\u00eate et de contrainte \u00e0 l\u2019\u00e9gard des employeurs r\u00e9calcitrants ou n\u00e9gligents (lire aussi plus haut\u00a0: dossiers collectifs francophones).<\/p>\n<p>Par ailleurs, le SPF pension a produit une analyse financi\u00e8re du r\u00e9gime de pension des journalistes, dont il ressort que les contributions sont constantes (les cotisations) mais que les prestations du syst\u00e8me (pensions vers\u00e9es) sont en hausse, ce qui provoque un l\u00e9ger d\u00e9ficit. Le SPF travaille sur des sc\u00e9narios permettant que le r\u00e9gime s\u2019autofinance enti\u00e8rement. Nous suivons le dossier avec vigilance.<\/p>\n<p>&nbsp;<\/p>\n<h4><strong>Le Titre de journaliste professionnel<\/strong><\/h4>\n<p>L\u2019AGJPB poursuit son action de fusion des titres et documents de presse (journaliste professionnel en information g\u00e9n\u00e9rale et journaliste agr\u00e9\u00e9 en presse p\u00e9riodique). Plus largement, un groupe de travail a \u00e9labor\u00e9 une r\u00e9forme de la Loi du 31 d\u00e9cembre 1963, afin de la moderniser et d\u2019y int\u00e9grer les deux titres de journaliste existants. Le texte propos\u00e9 \u00e9tablit \u00e9galement un lien entre la reconnaissance des codes et instances de d\u00e9ontologie et l\u2019agr\u00e9ation au titre.<\/p>\n<p>Ce groupe de travail \u00e9tait compos\u00e9 de repr\u00e9sentants des conseils de direction et des commissions d\u2019agr\u00e9ation FR et NL. Il s\u2019est r\u00e9uni en 2020 et \u00e0 9 reprises en 2021. Il a abouti \u00e0 un texte qui a \u00e9t\u00e9 soumis aux \u00e9diteurs, avant d\u2019entamer un parcours l\u00e9gislatif.<\/p>\n<p>&nbsp;<\/p>\n<h4><strong>Renouvellement des documents de presse<\/strong><\/h4>\n<p>L\u2019ann\u00e9e 2021 fut une ann\u00e9e de renouvellement des documents de presse. Les Commissions d\u2019agr\u00e9ation au titre ont examin\u00e9 5000 dossiers (FR, NL et presse \u00e9trang\u00e8re). Ce point est trait\u00e9 en d\u00e9tail dans le chapitre 9 du pr\u00e9sent rapport d\u2019activit\u00e9s. A noter que la validit\u00e9 des cartes de presse <a href=\"http:\/\/www.ajp.be\/prolongation-de-la-validite-des-cartes-de-presse-jusquau-28-02-2022\/\">a \u00e9t\u00e9 prolong\u00e9e<\/a> jusqu\u2019au 28 f\u00e9vrier 2022.<\/p>\n<p>&nbsp;<\/p>\n<h4><strong>Une nouvelle assurance RC professionnelle<\/strong><\/h4>\n<p>L\u2019AGJPB a n\u00e9goci\u00e9 une nouvelle assurance RC professionnelle pour les journalistes, avec Axa. La pr\u00e9c\u00e9dente police avait \u00e9t\u00e9 d\u00e9nonc\u00e9e par Generali. Le nouveau contrat est disponible depuis le 1<sup>er<\/sup> juin 2021. Les primes ont augment\u00e9 (350 \u20ac\/an) mais la couverture est \u00e9tendue et comprend une R.C. Exploitation, une R.C. Professionnelle, une assurance Protection juridique ainsi qu\u2019une extension de la R.C. Professionnelle pour la d\u00e9fense p\u00e9nale. D\u00e9tails ici\u00a0: <a href=\"http:\/\/www.ajp.be\/assurance-rc-professionnelle\/\">http:\/\/www.ajp.be\/assurance-rc-professionnelle\/<\/a>[\/vc_column_text][vc_column_text css=\u00a0\u00bb.vc_custom_1645437450525{margin-bottom: 0px !important;padding-top: 10px !important;padding-right: 25px !important;padding-bottom: 10px !important;padding-left: 25px !important;background-color: #3e8bc1 !important;}\u00a0\u00bb el_class=\u00a0\u00bbcontent-block-title\u00a0\u00bb]<\/p>\n<h3><strong>Les actions au plan international<\/strong><\/h3>\n<p>[\/vc_column_text][vc_column_text css=\u00a0\u00bb.vc_custom_1645458589106{border-bottom-width: 1px !important;border-left-width: 1px !important;padding-top: 25px !important;padding-right: 25px !important;padding-bottom: 25px !important;padding-left: 25px !important;background-color: rgba(255,255,255,0.54) !important;*background-color: rgb(255,255,255) !important;border-left-style: solid !important;border-bottom-style: solid !important;}\u00a0\u00bb el_class=\u00a0\u00bbcontent-block-left\u00a0\u00bb]<\/p>\n<h4><strong>FIJ et FEJ<\/strong><\/h4>\n<p>L\u2019AGJPB est membre de la F\u00e9d\u00e9ration Internationale des Journalistes et de la F\u00e9d\u00e9ration Europ\u00e9enne des Journalistes. La SG de l\u2019AJP est Tr\u00e9sori\u00e8re de la F\u00e9d\u00e9ration europ\u00e9enne. A ce titre, elle participe \u00e0 sa gestion. Les r\u00e9unions du comit\u00e9 ex\u00e9cutif de la FEJ se sont tenues en ligne, \u00e0 l\u2019exception d\u2019une r\u00e9union en pr\u00e9sentiel \u00e0 Paris en novembre. L\u2019AG a pu avoir lieu en pr\u00e9sentiel, \u00e0 Zagreb du 7 au 10 octobre 2021.<\/p>\n<p>&nbsp;<\/p>\n<h4><strong>Formations en RDCongo<\/strong><\/h4>\n<p>Avec le soutien de Wallonie Bruxelles International (WBI), deux sessions de formation se sont d\u00e9roul\u00e9es du 3 au 12 juin 2021, l\u2019une \u00e0 Kolwezi (province de Lualaba), l\u2019autre \u00e0 Mbanza-Ngungu (province du Kongo Central). L\u2019AJP a con\u00e7u et coordonn\u00e9 le projet. Les deux formations de dix journ\u00e9es ont rassembl\u00e9 chacune 15 participants issus des diff\u00e9rents m\u00e9dias de ces deux villes et des environs. La formation \u00e9tait centr\u00e9e sur la d\u00e9couverte, la compr\u00e9hension et la ma\u00eetrise des \u00ab\u00a0Fondamentaux du journalisme\u00a0\u00bb dans ces deux r\u00e9gions d\u00e9pourvues de formation initiale sup\u00e9rieure dans ce domaine.<\/p>\n<p>Il s\u2019agissait de deux formations-tests, \u00e0 \u00e9valuer, pour lancer ult\u00e9rieurement un projet plus vaste pour d\u2019autres r\u00e9gions d\u00e9pourvues de formation en journalisme. L\u2019objectif est de contribuer \u00e0 renforcer la qualit\u00e9 du travail des journalistes, des r\u00e9dactions et des m\u00e9dias dans les \u00ab\u00a0provinces oubli\u00e9es\u00a0\u00bb de la RDC.[\/vc_column_text][\/vc_column_inner][vc_column_inner width=\u00a0\u00bb1\/6&Prime;][\/vc_column_inner][\/vc_row_inner]\n\t\t\t\t            <\/div>\n\t        \t\t\t<\/dd><dt class=\"tab-actu\">\n\t        \t<a class=\"ult-tabto-actitle withBorder ult_a \" id=\"1642541668521-11-5\" style=\"color:#13597d;;background-color:#ffffff;border-bottom-color:transparent;border-bottom-width:0px;border-bottom-style:solid;border-bottom-color:transparent;border-bottom-width:0px;border-bottom-style:solid;border-bottom-color:transparent;border-bottom-width:0px;border-bottom-style:solid;border-bottom-color:transparent;border-bottom-width:0px;border-bottom-style:solid;border-bottom-color:transparent;border-bottom-width:0px;border-bottom-style:solid;\" href=\"#1642541668521-11-5\">\n\t        \t\t<i class=\"accordion-icon\"><\/i>\n\t        \t\t\t<span class=\"ult_tab_main ult_ac_main ult_noacordicnBoth\">\n\n\t\t\t\t\t\t<span  data-ultimate-target='#advanced-tabs-wrap-6467 .ult-span-text'  data-responsive-json-new='{\"font-size\":\"desktop:15px;\",\"line-height\":\"\"}'  class=\"ult-span-text no_icon ult_acordian-text ult-responsive\" style=\";color:inherit \" >Aides individuelles et d\u00e9fense en justice<\/span>\n\t\t\t\t\t\t<\/span><\/a><\/dt>\n\t            \t\t<dd class=\"ult-tabto-accordionItem ult-tabto-accolapsed\">\n\t\t\t\t            <div class=\"ult-tabto-acontent\" style=\"color:#74777b;\">\n\t\t\t\t               [vc_row_inner content_placement=\u00a0\u00bbmiddle\u00a0\u00bb css=\u00a0\u00bb.vc_custom_1641395843216{margin-top: 90px !important;}\u00a0\u00bb][vc_column_inner width=\u00a0\u00bb1\/3&Prime;][vc_separator color=\u00a0\u00bbcustom\u00a0\u00bb align=\u00a0\u00bbalign_right\u00a0\u00bb border_width=\u00a0\u00bb3&Prime; el_width=\u00a0\u00bb60&Prime; accent_color=\u00a0\u00bb#3588bf\u00a0\u00bb][\/vc_column_inner][vc_column_inner width=\u00a0\u00bb1\/3&Prime;][vc_column_text]<\/p>\n<h2 style=\"text-align: center;\">Aides individuelles et d\u00e9fense en justice<\/h2>\n<p>[\/vc_column_text][\/vc_column_inner][vc_column_inner width=\u00a0\u00bb1\/3&Prime;][vc_separator color=\u00a0\u00bbcustom\u00a0\u00bb align=\u00a0\u00bbalign_left\u00a0\u00bb border_width=\u00a0\u00bb3&Prime; el_width=\u00a0\u00bb60&Prime; accent_color=\u00a0\u00bb#3588bf\u00a0\u00bb][\/vc_column_inner][\/vc_row_inner][vc_row_inner][vc_column_inner width=\u00a0\u00bb1\/6&Prime;][\/vc_column_inner][vc_column_inner width=\u00a0\u00bb2\/3&Prime;][vc_column_text css=\u00a0\u00bb.vc_custom_1643632801231{padding-top: 25px !important;padding-right: 25px !important;padding-bottom: 25px !important;padding-left: 25px !important;background-color: rgba(255,255,255,0.3) !important;*background-color: rgb(255,255,255) !important;}\u00a0\u00bb]<strong>Le\u00a0service juridique\u00a0de l\u2019AJP r\u00e9pond quotidiennement aux questions des journalistes : bar\u00e8me, tarif, piges,<\/strong> <strong>contrats, cotisations sociales, pension, licenciement, d\u00e9mission, droits d\u2019auteur, droit \u00e0 l\u2019image,<\/strong> <strong>d\u00e9ontologie, responsabilit\u00e9 professionnelle, TVA, imp\u00f4ts, \u2026<\/strong>[\/vc_column_text][\/vc_column_inner][vc_column_inner width=\u00a0\u00bb1\/6&Prime;][\/vc_column_inner][\/vc_row_inner][vc_row_inner][vc_column_inner width=\u00a0\u00bb1\/6&Prime;][\/vc_column_inner][vc_column_inner width=\u00a0\u00bb2\/3&Prime;][vc_column_text css=\u00a0\u00bb.vc_custom_1643805168401{padding-top: 25px !important;padding-right: 25px !important;padding-bottom: 25px !important;padding-left: 25px !important;background-color: rgba(255,255,255,0.54) !important;*background-color: rgb(255,255,255) !important;}\u00a0\u00bb]La crise COVID, et surtout l\u2019interpr\u00e9tation et l\u2019applicabilit\u00e9 des mesures fort fluctuantes impos\u00e9es (ou fortement conseill\u00e9es) par les autorit\u00e9s, continue de g\u00e9n\u00e9rer son lot d\u2019interrogations: circulation, acc\u00e8s \u00e0 des lieux, contr\u00f4les, quarantaine, isolement, etc.<\/p>\n<p>Au-del\u00e0 de cette premi\u00e8re ligne, le service juridique prend aussi en charge les dossiers qui n\u00e9cessitent une action judiciaire, soit en demandant, soit en d\u00e9fendant. Il s\u2019agit de\u00a0<strong>l\u2019assistance judiciaire<\/strong>, gratuite pour les membres de l\u2019Union.<\/p>\n<p>En 2021, le service juridique a trait\u00e9 et\/ou confi\u00e9 \u00e0 ses avocats, de nouveaux dossiers\u00a0relatifs \u00e0 :<\/p>\n<ul>\n<li>des ruptures de contrats (salari\u00e9s et ind\u00e9pendants &#8211; 2 dossiers),<\/li>\n<li>du non-paiement de droits d\u2019auteur (1),<\/li>\n<li>du harc\u00e8lement en ligne (voir supra actions collectives),<\/li>\n<li>de la calomnie et de la diffamation (1)<\/li>\n<li>un litige fiscal (1),<\/li>\n<li>des violences au cours de manifestations (4 plaintes)<\/li>\n<\/ul>\n<p>&nbsp;<\/p>\n<p>L\u2019un des dossiers de \u00ab\u00a0licenciements\u00a0\u00bb, concernant trois journalistes, s\u2019est sold\u00e9 par deux jugements octroyant une indemnit\u00e9 aux journalistes concern\u00e9es. Le m\u00e9dia condamn\u00e9 est sur le point d\u2019accepter cette d\u00e9cision et de verser les indemnit\u00e9s. La troisi\u00e8me a \u00e9t\u00e9 d\u00e9bout\u00e9e mais la motivation du jugement \u00e9tant contraire \u00e0 la jurisprudence majoritaire dans le domaine, appel de la d\u00e9cision a \u00e9t\u00e9 interjet\u00e9.<\/p>\n<p>Le dossier de harc\u00e8lement pour lequel une plainte p\u00e9nale individuelle avait \u00e9t\u00e9 introduite a donn\u00e9 lieu \u00e0 la condamnation du pr\u00e9venu \u00e0 10 mois de prison avec sursis, \u00e0 une amende de 400 euros (avec sursis pour une partie) ainsi qu\u2019\u00e0 l\u2019obligation de suivre une formation de sensibilisation \u00e0 la violence et \u00e0 l\u2019indemnisation de la journaliste vis\u00e9e \u00e0 hauteur de 3.000 euros. Le condamn\u00e9 a interjet\u00e9 appel.<\/p>\n<p>On notera \u00e9galement que l\u2019AJP est vis\u00e9e par une proc\u00e9dure, au p\u00e9nal, pour non-publication d\u2019un droit de r\u00e9ponse suite \u00e0 un article publi\u00e9 dans \u00ab\u00a0Journalistes\u00a0\u00bb. L\u2019affaire sera plaid\u00e9e le 22 f\u00e9vrier 2022.<\/p>\n<p>&nbsp;<\/p>\n<p><strong>Dans tous ces dossiers, l\u2019AJP prend en charge les frais li\u00e9s \u00e0 la d\u00e9fense des journalistes.<\/strong><\/p>\n<p>[\/vc_column_text][vc_column_text css=\u00a0\u00bb.vc_custom_1643805150965{padding-top: 10px !important;padding-right: 25px !important;padding-bottom: 10px !important;padding-left: 25px !important;background-color: rgba(243,75,24,0.8) !important;*background-color: rgb(243,75,24) !important;}\u00a0\u00bb el_class=\u00a0\u00bb.content-block-title\u00a0\u00bb]<\/p>\n<h3><strong>Bilan<\/strong><\/h3>\n<p>[\/vc_column_text][vc_column_text css=\u00a0\u00bb.vc_custom_1643805176448{padding-top: 25px !important;padding-right: 25px !important;padding-bottom: 25px !important;padding-left: 25px !important;background-color: rgba(255,255,255,0.54) !important;*background-color: rgb(255,255,255) !important;}\u00a0\u00bb el_class=\u00a0\u00bb.content-block-left\u00a0\u00bb]En 2021, l\u2019AJP a consacr\u00e9 26.500 \u20ac \u00e0 la d\u00e9fense de ses membres, en honoraires d\u2019avocats. Ce montant est +\/- 10.000 euros moins \u00e9lev\u00e9 qu\u2019en 2020.<\/p>\n<p>Pour b\u00e9n\u00e9ficier de l\u2019assistance judiciaire, il faut que le.la journaliste soit membre, qu\u2019il.elle ait saisi pr\u00e9alablement le service juridique de l\u2019AJP et que le conseil de direction ait donn\u00e9 son accord. L\u2019AJP travaille dans ce cadre avec plusieurs bureaux d\u2019avocat.e.s sp\u00e9cialis\u00e9.e.s, qui connaissent parfaitement les sp\u00e9cificit\u00e9s li\u00e9es \u00e0 la profession.[\/vc_column_text][\/vc_column_inner][vc_column_inner width=\u00a0\u00bb1\/6&Prime;][\/vc_column_inner][\/vc_row_inner]\n\t\t\t\t            <\/div>\n\t        \t\t\t<\/dd><dt class=\"tab-actu\">\n\t        \t<a class=\"ult-tabto-actitle withBorder ult_a \" id=\"1642541642960-4-7\" style=\"color:#13597d;;background-color:#ffffff;border-bottom-color:transparent;border-bottom-width:0px;border-bottom-style:solid;border-bottom-color:transparent;border-bottom-width:0px;border-bottom-style:solid;border-bottom-color:transparent;border-bottom-width:0px;border-bottom-style:solid;border-bottom-color:transparent;border-bottom-width:0px;border-bottom-style:solid;border-bottom-color:transparent;border-bottom-width:0px;border-bottom-style:solid;border-bottom-color:transparent;border-bottom-width:0px;border-bottom-style:solid;\" href=\"#1642541642960-4-7\">\n\t        \t\t<i class=\"accordion-icon\"><\/i>\n\t        \t\t\t<span class=\"ult_tab_main ult_ac_main ult_noacordicnBoth\">\n\n\t\t\t\t\t\t<span  data-ultimate-target='#advanced-tabs-wrap-6467 .ult-span-text'  data-responsive-json-new='{\"font-size\":\"desktop:15px;\",\"line-height\":\"\"}'  class=\"ult-span-text no_icon ult_acordian-text ult-responsive\" style=\";color:inherit \" >AJPro: formations permanentes<\/span>\n\t\t\t\t\t\t<\/span><\/a><\/dt>\n\t            \t\t<dd class=\"ult-tabto-accordionItem ult-tabto-accolapsed\">\n\t\t\t\t            <div class=\"ult-tabto-acontent\" style=\"color:#74777b;\">\n\t\t\t\t               [vc_row_inner content_placement=\u00a0\u00bbmiddle\u00a0\u00bb css=\u00a0\u00bb.vc_custom_1641395843216{margin-top: 90px !important;}\u00a0\u00bb][vc_column_inner width=\u00a0\u00bb1\/3&Prime;][vc_separator color=\u00a0\u00bbcustom\u00a0\u00bb align=\u00a0\u00bbalign_right\u00a0\u00bb border_width=\u00a0\u00bb3&Prime; el_width=\u00a0\u00bb60&Prime; accent_color=\u00a0\u00bb#3588bf\u00a0\u00bb][\/vc_column_inner][vc_column_inner width=\u00a0\u00bb1\/3&Prime;][vc_column_text]<\/p>\n<h2 style=\"text-align: center;\">Nos formations permanentes\u00a0: AJPro<\/h2>\n<p>[\/vc_column_text][\/vc_column_inner][vc_column_inner width=\u00a0\u00bb1\/3&Prime;][vc_separator color=\u00a0\u00bbcustom\u00a0\u00bb align=\u00a0\u00bbalign_left\u00a0\u00bb border_width=\u00a0\u00bb3&Prime; el_width=\u00a0\u00bb60&Prime; accent_color=\u00a0\u00bb#3588bf\u00a0\u00bb][\/vc_column_inner][\/vc_row_inner][vc_row_inner css=\u00a0\u00bb.vc_custom_1645018311547{margin-bottom: 80px !important;}\u00a0\u00bb][vc_column_inner width=\u00a0\u00bb1\/6&Prime;][\/vc_column_inner][vc_column_inner width=\u00a0\u00bb2\/3&Prime;][vc_column_text css=\u00a0\u00bb.vc_custom_1645456559406{padding-top: 25px !important;padding-right: 25px !important;padding-bottom: 25px !important;padding-left: 25px !important;background-color: rgba(255,255,255,0.3) !important;*background-color: rgb(255,255,255) !important;}\u00a0\u00bb]<\/p>\n<h3>AJPro est la structure de l\u2019AJP d\u00e9di\u00e9e aux formations permanentes pour les journalistes. <strong>En 2021, AJPro a organis\u00e9 43 formations (dont 8 nouvelles), a travaill\u00e9 avec 23 formateur\u00b7<\/strong><strong>rice\u00b7<\/strong><strong>s et a rassembl\u00e9 257 participant\u00b7<\/strong><strong>e\u00b7<\/strong><strong>s, pour 323 inscriptions <\/strong>(certain\u00b7e\u00b7s suivent plusieurs formations). Ce total comprend les formations propos\u00e9es au catalogue, celles organis\u00e9es lors de la \u00a0Summer School et celles \u00e0 la demande des r\u00e9dactions (dans le cadre de la convention num\u00e9rique ou non).<\/h3>\n<p>[\/vc_column_text][vc_column_text css=\u00a0\u00bb.vc_custom_1645456637227{padding-top: 25px !important;padding-right: 25px !important;padding-bottom: 25px !important;padding-left: 25px !important;background-color: rgba(255,255,255,0.54) !important;*background-color: rgb(255,255,255) !important;}\u00a0\u00bb]<img loading=\"lazy\" class=\"size-medium wp-image-55 alignleft\" src=\"http:\/\/ag.ajp.be\/wp-content\/uploads\/2022\/01\/AJproma-212x300.jpg\" alt=\"\" width=\"212\" height=\"300\" srcset=\"https:\/\/ag.ajp.be\/wp-content\/uploads\/2022\/01\/AJproma-212x300.jpg 212w, https:\/\/ag.ajp.be\/wp-content\/uploads\/2022\/01\/AJproma.jpg 223w\" sizes=\"(max-width: 212px) 100vw, 212px\" \/>Pour sa 9<sup>e<\/sup> \u00e9dition, le <strong>catalogue AJPro 2021<\/strong> a propos\u00e9 initialement 22 formations, dont 4 nouvelles, anim\u00e9es par 16 formateur\u00b7rice\u00b7s. Le catalogue comptabilise 128 inscriptions, soit 103 personnes (une personne pouvant s\u2019inscrire plusieurs fois).<\/p>\n<p>AJPro a mis en place des formations selon des axes \u00ab\u00a0classiques\u00a0\u00bb (audiovisuel, presse \u00e9crite, carri\u00e8re et d\u00e9veloppement personnel) et a surtout d\u00e9velopp\u00e9 ses formations en num\u00e9riques, en en organisant 10 sur 21. 48% des formations \u00e9taient ainsi des formations num\u00e9riques et multim\u00e9dias.<\/p>\n<p>&nbsp;<\/p>\n<p>Concernant les <strong>formations \u00e0 la demande<\/strong>, trois ont \u00e9t\u00e9 mises en place cette ann\u00e9e\u00a0: une formation faisant d\u00e9j\u00e0 partie de notre catalogue pour la RTBF\u00a0; une nouvelle formation sur la gestion des risques sur le terrain pour RTL\u00a0; et une derni\u00e8re qui a d\u00fb \u00eatre annul\u00e9e. Ces formations ont rassembl\u00e9 31 inscriptions.<\/p>\n<p>D\u2019autres formations \u00e0 la demande se sont tenues, en accord avec le plan num\u00e9rique \u00e9diteurs. D\u2019un c\u00f4t\u00e9, Lapresse.be a command\u00e9 4 formations pour <em>L\u2019\u00c9cho<\/em>, <em>Le Soir<\/em> et le groupe IPM, rassemblant 65 inscriptions. D\u2019un autre c\u00f4t\u00e9, WeMedia a command\u00e9 2 formations qui n\u2019ont pas pu se tenir \u00e0 cause du manque d\u2019inscription.<\/p>\n<p>&nbsp;<\/p>\n<p>Cette ann\u00e9e, <a href=\"https:\/\/ajpro.ajp.be\/clap-de-fin-de-la-summer-school-2021\/\">la <strong>Summer School<\/strong> \u00e9tait de retour pour une 8<sup>e<\/sup> \u00e9dition<\/a>. Du lundi 23 ao\u00fbt au jeudi 26 ao\u00fbt, nous avons r\u00e9investi le domaine du Chant d\u2019Oiseau. 16 formations ont \u00e9t\u00e9 propos\u00e9es, dont 4 nouvelles, conduites par 17 formateur\u00b7rice\u00b7s. Cette \u00e9dition comptabilise 97 inscriptions, pour 54 personnes. Cependant, 3 des formations ont d\u00fb \u00eatre annul\u00e9es faute d\u2019inscription. Selon les \u00e9valuations globales des participant\u00b7e\u00b7s, la Summer School marque un score de 9,2\/10.<\/p>\n<p>La nouveaut\u00e9 de cette Summer School a \u00e9t\u00e9 la mise en place de deux parcours de formation\u00a0: un parcours \u00ab\u00a0z\u00e9ro sexisme\u00a0\u00bb, dans la lign\u00e9e de notre campagne \u00ab\u00a0Journalisme Z\u00e9ro Sexisme\u00a0\u00bb, ainsi qu\u2019un parcours \u00ab\u00a0s\u00e9curit\u00e9\u00a0\u00bb, dans un contexte o\u00f9 la s\u00e9curit\u00e9 des journalistes retient toute l\u2019attention de l\u2019AJP, tant sur le terrain qu\u2019en ligne.<\/p>\n<p>Cette semaine de formation a aussi \u00e9t\u00e9 l\u2019occasion de reprogrammer notre <strong>Speed dating<\/strong>. <img loading=\"lazy\" class=\" wp-image-60 alignright\" src=\"http:\/\/ag.ajp.be\/wp-content\/uploads\/2022\/01\/summerschool-244x300.jpg\" alt=\"\" width=\"192\" height=\"236\" srcset=\"https:\/\/ag.ajp.be\/wp-content\/uploads\/2022\/01\/summerschool-244x300.jpg 244w, https:\/\/ag.ajp.be\/wp-content\/uploads\/2022\/01\/summerschool.jpg 482w\" sizes=\"(max-width: 192px) 100vw, 192px\" \/>Ce rendez-vous permet \u00e0 des journalistes \u00e0 la recherche d\u2019emplois et de piges de rencontrer des m\u00e9dias belges francophones de tous les secteurs. En une soir\u00e9e, le Speed-dating a rassembl\u00e9 50 candidat\u00b7e\u00b7s et 32 employeurs de 15 m\u00e9dias diff\u00e9rents. Il a donn\u00e9 lieu, comme \u00e0 chaque \u00e9dition, <a href=\"http:\/\/www.ajp.be\/speed-dating-emploi-piges-meme-masquees-des-rencontres-prometteuses\/\">\u00e0 de belles rencontres<\/a> qui se sont conclues par de nouvelles collaborations, sous contrat ou \u00e0 la pige.[\/vc_column_text][\/vc_column_inner][vc_column_inner width=\u00a0\u00bb1\/6&Prime;][\/vc_column_inner][\/vc_row_inner][vc_row_inner][vc_column_inner width=\u00a0\u00bb1\/6&Prime;][\/vc_column_inner][vc_column_inner width=\u00a0\u00bb2\/3&Prime;][vc_column_text css=\u00a0\u00bb.vc_custom_1643805362019{margin-top: -35px !important;padding-top: 10px !important;padding-right: 25px !important;padding-bottom: 10px !important;padding-left: 25px !important;}\u00a0\u00bb el_class=\u00a0\u00bb.content-block-title\u00a0\u00bb]<\/p>\n<h3><strong>Chahut\u00e9 par le COVID<\/strong><\/h3>\n<p>[\/vc_column_text][vc_column_text css=\u00a0\u00bb.vc_custom_1645456668034{padding-top: 25px !important;padding-right: 25px !important;padding-bottom: 25px !important;padding-left: 25px !important;background-color: rgba(255,255,255,0.54) !important;*background-color: rgb(255,255,255) !important;}\u00a0\u00bb el_class=\u00a0\u00bb.content-block-left\u00a0\u00bb]2021 n\u2019a pas \u00e9t\u00e9 une ann\u00e9e facile, la pand\u00e9mie ayant eu, une nouvelle fois, un impact principalement sur la tenue des formations en pr\u00e9sentiel et l\u2019organisation de la Summer School. Avant mars, aucune formation n\u2019a pu \u00eatre mise en place. Ensuite, de mars \u00e0 mai 2021, les formations se sont tenues \u00e0 distance. 7 \u00e9taient des formations de catalogue, 2 \u00e9taient des formations \u00e0 la demande. Contrairement aux ann\u00e9es pr\u00e9c\u00e9dentes, le catalogue 2021 a \u00e9t\u00e9 fait au fur et \u00e0 mesure de l\u2019ann\u00e9e afin d\u2019\u00e9viter les annulations \u00e0 r\u00e9p\u00e9tition, comme cela a pu \u00eatre le cas en 2020.<\/p>\n<p>D\u00e8s que les conditions sanitaires l\u2019ont permis en juin, nous avons repris les formations en pr\u00e9sentiel, jusqu\u2019au mois de novembre. \u00a0Comme en 2020, nous n\u2019avons pu accueillir que 10 participant\u00b7e\u00b7s dans notre auditoire, au lieu de 15, afin de pouvoir respecter les distances sanitaires entre chaque personne. Nous avons remarqu\u00e9 une baisse dans les inscriptions pour le dernier trimestre 2021.<\/p>\n<p>Nous avons pr\u00e9f\u00e9r\u00e9 favoriser le pr\u00e9sentiel car d\u2019un c\u00f4t\u00e9, certaines formations ne peuvent pas \u00eatre transpos\u00e9es en ligne, car elles n\u00e9cessitent du mat\u00e9riel technique. D\u2019un autre c\u00f4t\u00e9, AJPro ce n\u2019est pas seulement des formations, c\u2019est aussi un moyen de faire des rencontres et de r\u00e9seauter. Nous tenions donc \u00e0 tenir un maximum de formations en pr\u00e9sentiel.<\/p>\n<p>Pour la Summer School, nous avons d\u00fb attendre juin pour lancer les inscriptions, n\u2019\u00e9tant pas s\u00fbrs de pouvoir organiser un \u00e9v\u00e9nement d\u2019une telle envergure en pr\u00e9sentiel.[\/vc_column_text][vc_line_chart x_values=\u00a0\u00bb2013;2014;2015;2016;2017;2018;2019;2020;2021&Prime; values=\u00a0\u00bb%5B%7B%22title%22%3A%22Nombre%20de%20formateurs%22%2C%22y_values%22%3A%2240%3B36%3B56%3B40%3B45%3B29%3B33%3B26%3B16%22%2C%22color%22%3A%22sky%22%7D%2C%7B%22title%22%3A%22Nombre%20de%20formations%22%2C%22y_values%22%3A%2225%3B52%3B87%3B53%3B56%3B38%3B43%3B39%3B22%22%2C%22color%22%3A%22sandy-brown%22%7D%5D\u00a0\u00bb el_class=\u00a0\u00bbchart\u00a0\u00bb title=\u00a0\u00bbL\u2019offre du catalogue de formations d\u2019AJPro, depuis sa cr\u00e9ation en avril 2013&Prime;][vc_column_text css=\u00a0\u00bb.vc_custom_1645519953625{padding-top: 25px !important;padding-right: 25px !important;padding-bottom: 25px !important;padding-left: 25px !important;background-color: rgba(255,255,255,0.54) !important;*background-color: rgb(255,255,255) !important;}\u00a0\u00bb el_class=\u00a0\u00bb.content-block-left\u00a0\u00bb]<strong><em>\u00c9volution de la fr\u00e9quentation d\u2019AJPro depuis 2013 <\/em><\/strong><\/p>\n<p>Certaines personnes suivant parfois plusieurs formations, ce graphique montre l\u2019\u00e9volution du nombre de participant\u00b7e\u00b7s et du nombre d\u2019inscriptions enregistr\u00e9es. Ces nombres combinent les inscriptions au formations du catalogue et aux formations organis\u00e9es \u00e0 la demande (dans le cadre du plan num\u00e9rique \u00e9diteurs et hors plan num\u00e9rique \u00e9diteurs).[\/vc_column_text][vc_line_chart x_values=\u00a0\u00bb2013;2014;2015;2016;2017;2018;2019;2020;2021&Prime; values=\u00a0\u00bb%5B%7B%22title%22%3A%22Nbre%20de%20pers.%20participantes%22%2C%22y_values%22%3A%22184%3B216%3B158%3B197%3B235%3B365%3B609%3B235%3B197%22%2C%22color%22%3A%22sky%22%7D%2C%7B%22title%22%3A%22Nbre%20d&rsquo;inscriptions%20enregistr%C3%A9es%22%2C%22y_values%22%3A%22231%3B303%3B201%3B248%3B353%3B472%3B777%3B285%3B224%22%2C%22color%22%3A%22sandy-brown%22%7D%5D\u00a0\u00bb el_class=\u00a0\u00bbchart\u00a0\u00bb][vc_column_text css=\u00a0\u00bb.vc_custom_1643805313834{padding-top: 10px !important;padding-right: 25px !important;padding-bottom: 10px !important;padding-left: 25px !important;}\u00a0\u00bb el_class=\u00a0\u00bb.content-block-title-reverse\u00a0\u00bb]<\/p>\n<h3><strong>Perspectives 2022 <\/strong><\/h3>\n<p>[\/vc_column_text][vc_column_text css=\u00a0\u00bb.vc_custom_1645456688441{padding-top: 25px !important;padding-right: 25px !important;padding-bottom: 25px !important;padding-left: 25px !important;background-color: rgba(255,255,255,0.54) !important;*background-color: rgb(255,255,255) !important;}\u00a0\u00bb el_class=\u00a0\u00bb.content-block-right\u00a0\u00bb]Les premi\u00e8res formations de 2022 sont d\u00e9j\u00e0 programm\u00e9es et sont disponibles sur <a href=\"https:\/\/ajpro.ajp.be\/les-formations\/\">notre site Internet<\/a>. Il a \u00e9t\u00e9 d\u00e9cid\u00e9 de ne lancer le catalogue qu\u2019apr\u00e8s les vacances de carnaval, en mars. Les restrictions sanitaires devraient alors s\u2019assouplir et nous permettre de nous retrouver dans l\u2019auditoire sans crainte. Nous ne voulions pas programmer de formation plus t\u00f4t, au risque de devoir les reprogrammer.<\/p>\n<p>Pour le moment, 24 formations sont pr\u00e9vues, dont une dizaine de nouvelles. Ces formations se tiendront de mars \u00e0 juin, en pr\u00e9sentiel. Nous pr\u00e9voyons de sortir le programme du dernier trimestre, de septembre \u00e0 d\u00e9cembre, ainsi que celui de la Summer School, aux alentours d\u2019avril.<\/p>\n<p>Pour cette nouvelle \u00e9dition d\u2019AJPro, nous avons modifi\u00e9 les noms des axes de formation, pour \u00ab\u00a0\u00e9criture\u00a0\u00bb, \u00ab\u00a0son\u00a0\u00bb, \u00ab\u00a0image\u00a0\u00bb, \u00ab\u00a0num\u00e9rique\u00a0\u00bb et \u00ab\u00a0carri\u00e8re\u00a0\u00bb. En \u00e9tant plus g\u00e9n\u00e9raux, ces termes permettent d\u2019englober de nouvelles r\u00e9alit\u00e9s du m\u00e9tier.<\/p>\n<p>Durant l\u2019ann\u00e9e, nous aimerions \u00e9galement organiser des journ\u00e9es th\u00e9matiques et des conf\u00e9rences, avec \u00e9ventuellement plusieurs intervenant\u00b7e\u00b7s sur un sujet d\u2019actualit\u00e9. Enfin, nous pr\u00e9voyons de repenser et faire \u00e9voluer le site Internet d\u2019AJPro.[\/vc_column_text][vc_round_chart type=\u00a0\u00bbdoughnut\u00a0\u00bb stroke_width=\u00a0\u00bb2&Prime; values=\u00a0\u00bb%5B%7B%22title%22%3A%22Journaliste%20professionnel%C2%B7le%22%2C%22value%22%3A%2252%22%2C%22color%22%3A%22vista-blue%22%7D%2C%7B%22title%22%3A%22Pigiste%20ou%20journaliste%20%C3%A0%20temps%20partiel%22%2C%22value%22%3A%2211%22%2C%22color%22%3A%22violet%22%7D%2C%7B%22title%22%3A%22Etudiant%20en%20journalisme%22%2C%22value%22%3A%2213%22%2C%22color%22%3A%22green%22%2C%22custom_color%22%3A%22%235472d2%22%7D%2C%7B%22title%22%3A%22Correspondant%C2%B7e%20de%20presse%22%2C%22value%22%3A%221%22%2C%22color%22%3A%22orange%22%2C%22custom_color%22%3A%22%23fe6c61%22%7D%2C%7B%22title%22%3A%22Employ%C3%A9%20du%20secteur%20info-com%22%2C%22value%22%3A%229%22%2C%22color%22%3A%22pink%22%2C%22custom_color%22%3A%22%235aa1e3%22%7D%2C%7B%22title%22%3A%22Attach%C3%A9%20de%20presse%20%22%2C%22value%22%3A%220%22%2C%22color%22%3A%22turquoise%22%2C%22custom_color%22%3A%22%23f79468%22%7D%2C%7B%22title%22%3A%22Autre%22%2C%22value%22%3A%2222%22%2C%22color%22%3A%22sandy-brown%22%2C%22custom_color%22%3A%22%23ebebeb%22%7D%5D\u00a0\u00bb el_class=\u00a0\u00bb.chart\u00a0\u00bb title=\u00a0\u00bbR\u00e9partition des professions des participant\u00b7e\u00b7s aux formations du catalogue AJPro\u00a0\u00bb][\/vc_column_inner][vc_column_inner width=\u00a0\u00bb1\/6&Prime;][\/vc_column_inner][\/vc_row_inner]\n\t\t\t\t            <\/div>\n\t        \t\t\t<\/dd><dt class=\"tab-actu\">\n\t        \t<a class=\"ult-tabto-actitle withBorder ult_a \" id=\"1642541646834-5-3\" style=\"color:#13597d;;background-color:#ffffff;border-bottom-color:transparent;border-bottom-width:0px;border-bottom-style:solid;border-bottom-color:transparent;border-bottom-width:0px;border-bottom-style:solid;border-bottom-color:transparent;border-bottom-width:0px;border-bottom-style:solid;border-bottom-color:transparent;border-bottom-width:0px;border-bottom-style:solid;border-bottom-color:transparent;border-bottom-width:0px;border-bottom-style:solid;border-bottom-color:transparent;border-bottom-width:0px;border-bottom-style:solid;border-bottom-color:transparent;border-bottom-width:0px;border-bottom-style:solid;\" href=\"#1642541646834-5-3\">\n\t        \t\t<i class=\"accordion-icon\"><\/i>\n\t        \t\t\t<span class=\"ult_tab_main ult_ac_main ult_noacordicnBoth\">\n\n\t\t\t\t\t\t<span  data-ultimate-target='#advanced-tabs-wrap-6467 .ult-span-text'  data-responsive-json-new='{\"font-size\":\"desktop:15px;\",\"line-height\":\"\"}'  class=\"ult-span-text no_icon ult_acordian-text ult-responsive\" style=\";color:inherit \" >Journalistes en classe<\/span>\n\t\t\t\t\t\t<\/span><\/a><\/dt>\n\t            \t\t<dd class=\"ult-tabto-accordionItem ult-tabto-accolapsed\">\n\t\t\t\t            <div class=\"ult-tabto-acontent\" style=\"color:#74777b;\">\n\t\t\t\t               [vc_row_inner content_placement=\u00a0\u00bbmiddle\u00a0\u00bb css=\u00a0\u00bb.vc_custom_1641395843216{margin-top: 90px !important;}\u00a0\u00bb][vc_column_inner width=\u00a0\u00bb1\/3&Prime;][vc_separator color=\u00a0\u00bbcustom\u00a0\u00bb align=\u00a0\u00bbalign_right\u00a0\u00bb border_width=\u00a0\u00bb3&Prime; el_width=\u00a0\u00bb60&Prime; accent_color=\u00a0\u00bb#3588bf\u00a0\u00bb][\/vc_column_inner][vc_column_inner width=\u00a0\u00bb1\/3&Prime;][vc_column_text]<\/p>\n<h2 style=\"text-align: center;\">Education aux m\u00e9dias\u00a0: \u2018Journalistes en classe\u2019<\/h2>\n<p>[\/vc_column_text][\/vc_column_inner][vc_column_inner width=\u00a0\u00bb1\/3&Prime;][vc_separator color=\u00a0\u00bbcustom\u00a0\u00bb align=\u00a0\u00bbalign_left\u00a0\u00bb border_width=\u00a0\u00bb3&Prime; el_width=\u00a0\u00bb60&Prime; accent_color=\u00a0\u00bb#3588bf\u00a0\u00bb][\/vc_column_inner][\/vc_row_inner][vc_row_inner][vc_column_inner width=\u00a0\u00bb1\/6&Prime;][\/vc_column_inner][vc_column_inner width=\u00a0\u00bb2\/3&Prime;][vc_column_text css=\u00a0\u00bb.vc_custom_1643633582898{padding-top: 25px !important;padding-right: 25px !important;padding-bottom: 25px !important;padding-left: 25px !important;background-color: rgba(255,255,255,0.3) !important;*background-color: rgb(255,255,255) !important;}\u00a0\u00bb]<\/p>\n<h3>La pand\u00e9mie complique toujours les visites de journalistes dans les Ecoles dans le cadre de notre Op\u00e9ration \u00ab\u00a0Journalistes en classe\u00a0\u00bb. 210 classes ont re\u00e7u la visite de journalistes en 2021.<\/h3>\n<p>[\/vc_column_text][vc_column_text css=\u00a0\u00bb.vc_custom_1645444285419{padding-top: 25px !important;padding-right: 25px !important;padding-bottom: 25px !important;padding-left: 25px !important;background-color: rgba(255,255,255,0.54) !important;*background-color: rgb(255,255,255) !important;}\u00a0\u00bb]Lanc\u00e9e dans le milieu des ann\u00e9es \u201890 par l\u2019AJP, l\u2019op\u00e9ration \u00ab\u00a0Journalistes en classe\u00a0\u00bb est subsidi\u00e9e depuis 2002 par la F\u00e9d\u00e9ration Wallonie-Bruxelles et a \u00e9t\u00e9, en 2008, int\u00e9gr\u00e9e dans le d\u00e9cret portant cr\u00e9ation du Conseil sup\u00e9rieur de l\u2019\u00e9ducation aux m\u00e9dias (CSEM).<\/p>\n<p>&nbsp;<\/p>\n<p>Elle a pour objectif de r\u00e9pondre gratuitement aux demandes \u00e9manant du <a href=\"http:\/\/www.ajp.be\/jec-enseignement\/\">milieu scolaire<\/a> et, depuis 2016, du <a href=\"http:\/\/www.ajp.be\/jec-jeunesse\/\">secteur de la jeunesse<\/a> , de la part de classes ou de groupes d\u00e9sireux de recevoir des journalistes professionnels (presse \u00e9crite, radio, t\u00e9l\u00e9, web). <strong>\u00a0\u00a0<\/strong><strong>Les objectifs de cette visite sont ceux de l\u2019enseignant\u00a0: il<\/strong>\u00a0peut s\u2019agir aussi bien une initiation au monde des m\u00e9dias que l\u2019explication du m\u00e9tier de journaliste, une discussion sur un sujet d\u2019actualit\u00e9, une aide \u00e0 la r\u00e9alisation d\u2019un m\u00e9dia. Le secr\u00e9tariat de l\u2019AJP s\u00e9lectionne parmi tous les journalistes qui participent \u00e0 l\u2019op\u00e9ration, celui ou celle qui conviendra le mieux au projet de la classe. L\u2019op\u00e9ration est organis\u00e9e pour tous les r\u00e9seaux et dans toutes les r\u00e9gions de Wallonie et de Bruxelles.<\/p>\n<p><strong>En 2021<\/strong>, le Covid s\u2019est \u00e0 nouveau invit\u00e9 dans les \u00e9coles\u00a0: prolongation des cong\u00e9s de d\u00e9tente (Carnaval) et d\u2019automne (Toussaint), mise en quarantaine et fermeture de classes ont occasionn\u00e9 des reports, annulations de derni\u00e8re minute ou rencontres en distantiel et n\u2019ont pas facilit\u00e9 la t\u00e2che des enseignant.e.s et journalistes.<\/p>\n<p>Malgr\u00e9 cela, les journalistes ont pu se rendre dans les \u00e9coles \u00e0 la rencontre de 210 classes et 11 AMO (Service d\u2019action en milieu ouvert) ou \u00e9coles des devoirs. Ce qui donne 72 rencontres de plus qu\u2019en 2020.<\/p>\n<p>Ces visites se sont r\u00e9parties comme suit\u00a0: 92 en classes primaires, 100 en secondaire et 19 en sup\u00e9rieur.<\/p>\n<p>L\u2019impact de la crise sanitaire est donc toujours pr\u00e9sent puisque nous n\u2019avons pu atteindre le nombre de rencontres de 2019 \u00e0 savoir 359.<\/p>\n<p>La collaboration avec l\u2019asbl ENGAJE (Ensemble \u2013 Aide aux journalistes Exil\u00e9s) a \u00e9t\u00e9 poursuivie en 2021.\u00a0 2 journalistes exil\u00e9s ont pu aller \u00e0 la rencontre des \u00e9l\u00e8ves.<\/p>\n<p>Enfin, la ministre Linard a fait adopter par la FWB un <strong>plan d\u2019\u00e9ducation aux m\u00e9dias<\/strong>. Parmi la soixantaine de mesures plut\u00f4t g\u00e9n\u00e9rales que comporte le plan, il est pr\u00e9vu une \u00ab\u00a0\u00e9valuation et actualisation de l\u2019op\u00e9ration JEC et de son budget\u00a0\u00bb. Une premi\u00e8re s\u00e9ance de travail a \u00e9t\u00e9 fix\u00e9e avec le cabinet de la ministre. L\u2019actualisation devrait aller dans le sens de la diversification de l\u2019offre JEC. Des \u00ab\u00a0modules\u00a0\u00bb couvrant des aspects pr\u00e9cis du m\u00e9tier (fake news, identification des personnes, racisme et stigmatisations, d\u00e9ontologie, sport, culture, faits vs commentaire, etc.) viendraient compl\u00e9ter l\u2019offre actuelle dont le cadre g\u00e9n\u00e9ral (un.e journaliste, \u00e7a fait quoi\u00a0?) demeurerait un des modules disponibles. La revalorisation des montants accord\u00e9s pour les prestations est indispensable. Il est fix\u00e9 depuis 10 ans \u00e0 100 \u20ac (imposable) pour deux heures de pr\u00e9sence en classe, pr\u00e9paration et frais de d\u00e9placements compris\u2026<\/p>\n<p>Elargie pr\u00e9c\u00e9demment au <strong>secteur Jeunesse<\/strong> (maisons de jeunes, mouvements scouts\u2026), le cabinet de la Ministre de la Jeunesse n\u2019a toujours pas renouvel\u00e9 ce subside.\u00a0 L\u2019AJP est donc contrainte \u00e0 n\u2019intervenir que dans les secteurs vis\u00e9s par le d\u00e9cret \u00e0 savoir les \u00e9coles, les Accueils en milieu Ouvert (AMO) et les \u00e9coles des devoirs.<\/p>\n<p><a href=\"http:\/\/www.ajp.be\/jec-outils\/\">Diff\u00e9rents outils p\u00e9dagogiques<\/a> ont \u00e9t\u00e9 produits par l\u2019AJP et sont \u00e0 la disposition des journalistes et des enseignants.<\/p>\n<p>En 2021, la bo\u00eete \u00e0 outils p\u00e9dagogiques de JEC s\u2019est enrichie d\u2019une vid\u00e9o qui retrace le \u00ab\u00a0<strong>Trajet de l\u2019info<\/strong>\u00a0\u00bb, con\u00e7ue par l\u2019AJP et mise en image par We Tell Stories. Cette vid\u00e9o est visible sur <a href=\"https:\/\/www.youtube.com\/watch?v=Iq2HqsDYrCI&amp;t=5s)\">YouTube<\/a> (et est t\u00e9l\u00e9chargeable via le site de l\u2019<a href=\"http:\/\/www.ajp.be\/jec-outils\/\">AJP<\/a>.\u00a0 Elle explique en quoi le \u00ab\u00a0filtre journalistique\u00a0\u00bb transforme un \u00ab\u00a0fait\u00a0\u00bb en une \u00ab\u00a0information\u00a0\u00bb, apr\u00e8s v\u00e9rification et contextualisation.<\/p>\n<p>En 2020, en collaboration avec le CSEM, l\u2019AJP a produit une brochure sur les <strong>fakes news<\/strong>.\u00a0 R\u00e9dig\u00e9e par la journaliste C\u00e9line Gautier, elle a pour objectif d\u2019aider les journalistes \u00e0 aborder et illustrer cette th\u00e9matique d\u2019actualit\u00e9 souvent abord\u00e9e dans les rencontres \u2018journalistes en classe\u2019.<\/p>\n<p>&nbsp;<\/p>\n<p>Les vid\u00e9os <strong>\u00ab\u00a0Mon m\u00e9tier\u00a0: journaliste\u00a0\u00bb<\/strong> et \u00ab\u00a0<strong>L\u2019impact du num\u00e9rique sur le m\u00e9tier de journaliste\u00a0\u00bb<\/strong> disponibles sur <a href=\"https:\/\/www.youtube.com\/playlist?list=PLxK24tFqUeEZ4soHzgxSHdbJI5ieu1x5D\">notre cha\u00eene Youtube<\/a>.<\/p>\n<p>&nbsp;<\/p>\n<p><img loading=\"lazy\" class=\"wp-image-58 alignleft\" src=\"http:\/\/ag.ajp.be\/wp-content\/uploads\/2022\/01\/JEcmanuelpeda-212x300.jpg\" alt=\"\" width=\"73\" height=\"103\" srcset=\"https:\/\/ag.ajp.be\/wp-content\/uploads\/2022\/01\/JEcmanuelpeda-212x300.jpg 212w, https:\/\/ag.ajp.be\/wp-content\/uploads\/2022\/01\/JEcmanuelpeda.jpg 229w\" sizes=\"(max-width: 73px) 100vw, 73px\" \/>Le <strong>\u00ab\u00a0Manuel p\u00e9dagogique des journalistes en classe\u00a0\u00bb<\/strong> con\u00e7u et r\u00e9dig\u00e9 par l\u2019AJP et l\u2019asbl Action Cin\u00e9 Media Jeune.\u00a0 Il propose des exercices et animations et a pour objectif d\u2019aider les journalistes pour la pr\u00e9paration des rencontres avec les \u00e9tudiant.e.s.<\/p>\n<p><img loading=\"lazy\" class=\"wp-image-61 alignright\" src=\"http:\/\/ag.ajp.be\/wp-content\/uploads\/2022\/01\/mediacommentcamarche-211x300.jpg\" alt=\"\" width=\"70\" height=\"100\" srcset=\"https:\/\/ag.ajp.be\/wp-content\/uploads\/2022\/01\/mediacommentcamarche-211x300.jpg 211w, https:\/\/ag.ajp.be\/wp-content\/uploads\/2022\/01\/mediacommentcamarche.jpg 238w\" sizes=\"(max-width: 70px) 100vw, 70px\" \/><\/p>\n<p>&nbsp;<\/p>\n<p>Le fascicule <strong>\u00ab\u00a0Les m\u00e9dias, comment \u00e7a marche\u00a0? \u2013 le Cahier de l\u2019\u00e9l\u00e8ve\u00a0\u00bb<\/strong>, cahier d\u2019exercices r\u00e9dig\u00e9 par Alain Vaessen\u00a0; il est remis \u00e0 tous les \u00e9l\u00e8ves de 5\/6<sup>\u00e8me<\/sup> primaire participant \u00e0 l\u2019op\u00e9ration.<\/p>\n<p>&nbsp;<\/p>\n<p><strong><img loading=\"lazy\" class=\"wp-image-59 alignleft\" src=\"http:\/\/ag.ajp.be\/wp-content\/uploads\/2022\/01\/journalisteetmedia-296x300.jpg\" alt=\"\" width=\"113\" height=\"114\" srcset=\"https:\/\/ag.ajp.be\/wp-content\/uploads\/2022\/01\/journalisteetmedia-296x300.jpg 296w, https:\/\/ag.ajp.be\/wp-content\/uploads\/2022\/01\/journalisteetmedia-150x150.jpg 150w, https:\/\/ag.ajp.be\/wp-content\/uploads\/2022\/01\/journalisteetmedia.jpg 330w\" sizes=\"(max-width: 113px) 100vw, 113px\" \/>\u00ab\u00a0Journalistes &amp; M\u00e9dias\u00a0\u00bb<\/strong>\u00a0: cette brochure est une source d\u2019informations tr\u00e8s compl\u00e8te sur les m\u00e9dias, l\u2019information, le journalisme.\u00a0 Une attention particuli\u00e8re a \u00e9t\u00e9 accord\u00e9e \u00e0 l\u2019\u00e9volution num\u00e9rique de la profession ainsi qu\u2019au ph\u00e9nom\u00e8ne de fake news notamment.<\/p>\n<p>&nbsp;<\/p>\n<p>[\/vc_column_text][\/vc_column_inner][vc_column_inner width=\u00a0\u00bb1\/6&Prime;][\/vc_column_inner][\/vc_row_inner]\n\t\t\t\t            <\/div>\n\t        \t\t\t<\/dd><dt class=\"tab-actu\">\n\t        \t<a class=\"ult-tabto-actitle withBorder ult_a \" id=\"1642541649349-6-2\" style=\"color:#13597d;;background-color:#ffffff;border-bottom-color:transparent;border-bottom-width:0px;border-bottom-style:solid;border-bottom-color:transparent;border-bottom-width:0px;border-bottom-style:solid;border-bottom-color:transparent;border-bottom-width:0px;border-bottom-style:solid;border-bottom-color:transparent;border-bottom-width:0px;border-bottom-style:solid;border-bottom-color:transparent;border-bottom-width:0px;border-bottom-style:solid;border-bottom-color:transparent;border-bottom-width:0px;border-bottom-style:solid;border-bottom-color:transparent;border-bottom-width:0px;border-bottom-style:solid;border-bottom-color:transparent;border-bottom-width:0px;border-bottom-style:solid;\" href=\"#1642541649349-6-2\">\n\t        \t\t<i class=\"accordion-icon\"><\/i>\n\t        \t\t\t<span class=\"ult_tab_main ult_ac_main ult_noacordicnBoth\">\n\n\t\t\t\t\t\t<span  data-ultimate-target='#advanced-tabs-wrap-6467 .ult-span-text'  data-responsive-json-new='{\"font-size\":\"desktop:15px;\",\"line-height\":\"\"}'  class=\"ult-span-text no_icon ult_acordian-text ult-responsive\" style=\";color:inherit \" >\u00c9galit\u00e9 et diversit\u00e9<\/span>\n\t\t\t\t\t\t<\/span><\/a><\/dt>\n\t            \t\t<dd class=\"ult-tabto-accordionItem ult-tabto-accolapsed\">\n\t\t\t\t            <div class=\"ult-tabto-acontent\" style=\"color:#74777b;\">\n\t\t\t\t               [vc_row_inner content_placement=\u00a0\u00bbmiddle\u00a0\u00bb css=\u00a0\u00bb.vc_custom_1641395843216{margin-top: 90px !important;}\u00a0\u00bb][vc_column_inner width=\u00a0\u00bb1\/3&Prime;][vc_separator color=\u00a0\u00bbcustom\u00a0\u00bb align=\u00a0\u00bbalign_right\u00a0\u00bb border_width=\u00a0\u00bb3&Prime; el_width=\u00a0\u00bb60&Prime; accent_color=\u00a0\u00bb#3588bf\u00a0\u00bb][\/vc_column_inner][vc_column_inner width=\u00a0\u00bb1\/3&Prime;][vc_column_text]<\/p>\n<h2 style=\"text-align: center;\">Egalit\u00e9 et diversit\u00e9<\/h2>\n<p>[\/vc_column_text][\/vc_column_inner][vc_column_inner width=\u00a0\u00bb1\/3&Prime;][vc_separator color=\u00a0\u00bbcustom\u00a0\u00bb align=\u00a0\u00bbalign_left\u00a0\u00bb border_width=\u00a0\u00bb3&Prime; el_width=\u00a0\u00bb60&Prime; accent_color=\u00a0\u00bb#3588bf\u00a0\u00bb][\/vc_column_inner][\/vc_row_inner][vc_row_inner][vc_column_inner width=\u00a0\u00bb1\/6&Prime;][\/vc_column_inner][vc_column_inner width=\u00a0\u00bb2\/3&Prime;][vc_column_text css=\u00a0\u00bb.vc_custom_1645444069200{margin-bottom: 80px !important;background-color: rgba(255,255,255,0.3) !important;*background-color: rgb(255,255,255) !important;}\u00a0\u00bb]<\/p>\n<h3><strong>L\u2019AJP est active depuis 2010 dans les mati\u00e8res de Genre et de Diversit\u00e9, en lien avec le journalisme. L\u2019ann\u00e9e 2021 a \u00e9t\u00e9 riche en actions, publications et \u00e9tudes. <\/strong><\/h3>\n<h3><strong>Ces actions sont financ\u00e9es dans le cadre d\u2019une convention sign\u00e9e avec la F\u00e9d\u00e9ration Wallonie Bruxelles (M\u00e9dias et Egalit\u00e9 des chances). Elle porte sur la p\u00e9riode 2019 -2021. Une autre convention a \u00e9t\u00e9 conclue avec la Sowalfin (R\u00e9gion wallonne) et porte sur l\u2019entreprenariat f\u00e9minin, en lien avec Expertalia (infra). De nouvelles conventions sont en discussion pour les prochaines ann\u00e9es.<\/strong><\/h3>\n<p>[\/vc_column_text][\/vc_column_inner][vc_column_inner width=\u00a0\u00bb1\/6&Prime;][\/vc_column_inner][\/vc_row_inner][vc_row_inner][vc_column_inner width=\u00a0\u00bb1\/6&Prime;][\/vc_column_inner][vc_column_inner width=\u00a0\u00bb2\/3&Prime;][vc_column_text css=\u00a0\u00bb.vc_custom_1645438889196{margin-bottom: 0px !important;padding-top: 10px !important;padding-right: 25px !important;padding-bottom: 10px !important;padding-left: 25px !important;background-color: #3e8bc1 !important;}\u00a0\u00bb el_class=\u00a0\u00bbcontent-block-title\u00a0\u00bb]<\/p>\n<h3><strong>Expertalia<\/strong><\/h3>\n<p>[\/vc_column_text][vc_column_text css=\u00a0\u00bb.vc_custom_1645456406801{margin-bottom: 80px !important;border-bottom-width: 1px !important;border-left-width: 1px !important;padding-top: 25px !important;padding-right: 25px !important;padding-bottom: 25px !important;padding-left: 25px !important;background-color: rgba(255,255,255,0.54) !important;*background-color: rgb(255,255,255) !important;border-left-style: solid !important;border-bottom-style: solid !important;}\u00a0\u00bb el_class=\u00a0\u00bbcontent-block-left\u00a0\u00bb]<a href=\"https:\/\/expertalia.be\/\">Expertalia.be<\/a> est un outil destin\u00e9 aux journalistes. C\u2019est une base de donn\u00e9es d\u2019expertes et d\u2019experts (ces derniers issus de la diversit\u00e9 d\u2019origines) qui permet aux journalistes d\u2019enrichir leur carnet de sources d\u2019expertises, d\u2019inclure davantage de parit\u00e9 et de genre dans leurs productions.<\/p>\n<p><img loading=\"lazy\" class=\"aligncenter wp-image-123 size-large\" src=\"http:\/\/ag.ajp.be\/wp-content\/uploads\/2022\/02\/expertalia-logo-grand-1024x274.png\" alt=\"\" width=\"1024\" height=\"274\" srcset=\"https:\/\/ag.ajp.be\/wp-content\/uploads\/2022\/02\/expertalia-logo-grand-1024x274.png 1024w, https:\/\/ag.ajp.be\/wp-content\/uploads\/2022\/02\/expertalia-logo-grand-300x80.png 300w, https:\/\/ag.ajp.be\/wp-content\/uploads\/2022\/02\/expertalia-logo-grand-768x205.png 768w, https:\/\/ag.ajp.be\/wp-content\/uploads\/2022\/02\/expertalia-logo-grand-1536x410.png 1536w, https:\/\/ag.ajp.be\/wp-content\/uploads\/2022\/02\/expertalia-logo-grand.png 1872w\" sizes=\"(max-width: 1024px) 100vw, 1024px\" \/><\/p>\n<p>En d\u00e9cembre 2021,\u00a0Expertalia pr\u00e9sente 644 profils d\u2019expert.es (dont 542 femmes), soit 63 nouveaux profils inscrits sur l\u2019ann\u00e9e.<\/p>\n<p>Pour acc\u00e9der aux coordonn\u00e9es des expert.e.s, les journalistes doivent s\u2019inscrire sur le site (<a href=\"http:\/\/expertalia.be\/user\/register\">http:\/\/expertalia.be\/user\/register<\/a>). Il y a actuellement 573 journalistes inscrit.e.s comme utilisateur.trice.s de la base de donn\u00e9es.<\/p>\n<p>Un partenariat a \u00e9t\u00e9 sign\u00e9 le 9 octobre 2017 entre l\u2019Agence pour l\u2019Entreprise et l\u2019Innovation, repris par la Sowalfin depuis d\u00e9cembre 2018, dans le cadre du projet \u00ab\u00a0Expertalia\u00a0\u00bb.<\/p>\n<p>Le plan d\u2019action 2021 \u00e9tabli par la convention entre l\u2019AJP et la Sowalfin, dans le cadre du projet \u00ab\u00a0Expertalia\u00a0\u00bb, poursuit deux objectifs principaux : valoriser les entrepreneures et cheffes d\u2019entreprises et donner de la visibilit\u00e9 \u00e0 leurs talents.<\/p>\n<p>La convention la r\u00e9alisation de plusieurs objectifs visant la <strong>promotion de profils \u00ab\u00a0entrepreneuses\u00a0\u00bb<\/strong> parmi les expertes de la base de donn\u00e9es Expertalia. Un plan d\u2019action a \u00e9t\u00e9 mis en place et pr\u00e9voit d\u2019identifier des profils d\u2019entrepreneuses expertes et de les inviter \u00e0 rejoindre Expertalia.<\/p>\n<p>La journaliste V\u00e9ronique Pipers r\u00e9alise pour Expertalia des portraits de femmes entrepreneures. Les interviews \u00ab\u00a0Portrait\u00a0\u00bb sont publi\u00e9es sur le site Expertalia.be et relay\u00e9s par newsletters.[\/vc_column_text][vc_column_text css=\u00a0\u00bb.vc_custom_1645443142084{margin-bottom: 0px !important;padding-top: 10px !important;padding-right: 25px !important;padding-bottom: 10px !important;padding-left: 25px !important;background-color: #3e8bc1 !important;}\u00a0\u00bb el_class=\u00a0\u00bbcontent-block-title-reverse\u00a0\u00bb]<\/p>\n<h3><strong>Femmes journalistes\u00a0: la campagne journalisme z\u00e9ro sexisme <\/strong><\/h3>\n<p>[\/vc_column_text][vc_column_text css=\u00a0\u00bb.vc_custom_1645457462026{margin-bottom: 80px !important;padding-top: 25px !important;padding-right: 25px !important;padding-bottom: 25px !important;padding-left: 25px !important;background-color: rgba(255,255,255,0.54) !important;*background-color: rgb(255,255,255) !important;}\u00a0\u00bb el_class=\u00a0\u00bbcontent-block-right\u00a0\u00bb]<strong><em>Journalisme z\u00e9ro sexisme<\/em><\/strong>\u00a0est une campagne de sensibilisation et d\u2019information men\u00e9e par l\u2019AJP pour plus d\u2019\u00e9galit\u00e9 dans les r\u00e9dactions. Elle s\u2019inscrit dans la continuit\u00e9 de l\u2019\u00e9tude \u00ab\u00a0<a href=\"http:\/\/www.ajp.be\/telechargements\/JournalistesFemmes\/l-etude.pdf\">Etre femme et journaliste en Belgique francophone<\/a>\u00a0\u00bb r\u00e9alis\u00e9e en 2018 par les chercheuses Florence Le Cam, Lise M\u00e9nalque et Manon Libert.<\/p>\n<p><img loading=\"lazy\" class=\"aligncenter wp-image-124\" src=\"http:\/\/ag.ajp.be\/wp-content\/uploads\/2022\/02\/AG22-8-2.png\" alt=\"\" width=\"1000\" height=\"206\" srcset=\"https:\/\/ag.ajp.be\/wp-content\/uploads\/2022\/02\/AG22-8-2.png 579w, https:\/\/ag.ajp.be\/wp-content\/uploads\/2022\/02\/AG22-8-2-300x62.png 300w\" sizes=\"(max-width: 1000px) 100vw, 1000px\" \/><\/p>\n<p>Cette \u00e9tude a permis de souligner les difficult\u00e9s rencontr\u00e9es par les femmes journalistes et de mettre au jour. L\u2019AJP s\u2019est alors pench\u00e9e sur une campagne \u00e0 destination des directions de m\u00e9dias, des r\u00e9dactions, des journalistes salari\u00e9.es et ind\u00e9pendant.es.<\/p>\n<p>Le but de cette campagne\u00a0: rendre ces r\u00e9alit\u00e9s visibles pour tou.te.s, \u00e9toffer la r\u00e9colte de t\u00e9moignages de femmes journalistes et enfin \u00e9laborer ensemble des actions concr\u00e8tes pour lutter contre le sexisme au sein de la profession de journaliste en Belgique francophone.<\/p>\n<p>Une <a href=\"https:\/\/youtu.be\/PKwbSoSmuJw\">vid\u00e9o<\/a> ainsi que du mat\u00e9riel de campagne ont \u00e9t\u00e9 diffus\u00e9s.<\/p>\n<p><iframe loading=\"lazy\" style=\"width: 100%;\" title=\"Campagne z\u00e9ro sexisme : pour plus d'\u00e9galit\u00e9 dans les r\u00e9dactions (2021)\" src=\"https:\/\/www.youtube.com\/embed\/PKwbSoSmuJw?feature=oembed\" width=\"1200\" height=\"675\" frameborder=\"0\" allowfullscreen=\"allowfullscreen\"><\/iframe><\/p>\n<p><strong>Plusieurs th\u00e8mes y sont d\u00e9clin\u00e9s\u00a0:<\/strong><\/p>\n<div style=\"display: flex; flex-wrap: wrap; justify-content: space-between;\">\n<p style=\"color: white; background: #ef8165; padding: 6px 30px; font-size: 22px; line-height: 44px; margin: 5px; text-align: center;\">Harc\u00e8lement, agressions sexistes<\/p>\n<p style=\"color: white; background: #ef8165; padding: 6px 30px; font-size: 22px; line-height: 44px; margin: 5px; flex-grow: 1; text-align: center;\">Des sujets \u00ab f\u00e9minins \u00bb<\/p>\n<p style=\"color: white; background: #ef8165; padding: 6px 30px; font-size: 22px; line-height: 44px; margin: 5px; text-align: center; flex-grow: 1;\">In\u00e9galit\u00e9s salariales<\/p>\n<p style=\"color: white; background: #ef8165; padding: 6px 30px; font-size: 22px; line-height: 44px; margin: 5px; text-align: center; flex-grow: 1;\">Conciliation vie priv\u00e9e \u2013 vie professionnelle<\/p>\n<p style=\"color: white; background: #ef8165; flex-grow: 1; padding: 6px 30px; font-size: 22px; line-height: 44px; margin: 5px; text-align: center;\">Difficult\u00e9s \u00e0 progresser<\/p>\n<p style=\"color: white; background: #ef8165; flex-grow: 1; padding: 6px 30px; font-size: 22px; line-height: 44px; margin: 5px; text-align: center;\">Quitter la profession<\/p>\n<\/div>\n<p>&nbsp;<\/p>\n<p><strong>Acc\u00e9der au site de la campagne\u00a0: <a href=\"http:\/\/www.ajp.be\/campagne-zero-sexisme\/\">http:\/\/www.ajp.be\/campagne-zero-sexisme\/<\/a><\/strong><\/p>\n<p>La campagne a donn\u00e9 lieu \u00e0 de nombreux articles ou reportages dans les m\u00e9dias. En outre, plusieurs rencontres ou conf\u00e9rences se sont d\u00e9roul\u00e9es avec des \u00e9tudiant.e.s en journalisme (ULB et UCL).<\/p>\n<ol>\n<li>02\/03\/2021\u00a0: L\u2019AJP et la campagne z\u00e9ro sexisme, Mediaspecs.be <a href=\"https:\/\/www.mediaspecs.be\/fr\/lajp-lance-une-campagne-pour-lutter-contre-le-sexisme-dans-les-redactions-2\/\">https:\/\/www.mediaspecs.be\/fr\/lajp-lance-une-campagne-pour-lutter-contre-le-sexisme-dans-les-redactions-2\/<\/a><\/li>\n<li>03\/03\/2021\u00a0: l\u2019AJP et la campagne z\u00e9ro sexisme, flair.be\u00a0: \u00ab\u00a0#journalismezerosexisme, la campagne qui met \u00e0 m\u00e2le les r\u00e9dactions belges\u00a0\u00bb <a href=\"https:\/\/www.flair.be\/fr\/lifestyle\/societe\/journalismezerosexisme-redactions-belges\/\">https:\/\/www.flair.be\/fr\/lifestyle\/societe\/journalismezerosexisme-redactions-belges\/<\/a><\/li>\n<li>05\/03\/2021\u00a0: l\u2019AJP et la campagne z\u00e9ro sexisme, RTBF d\u00e9bat des d\u00e9codeurs <a href=\"https:\/\/www.rtbf.be\/auvio\/detail_le-debat-des-decodeurs?id=2743047\">https:\/\/www.rtbf.be\/auvio\/detail_le-debat-des-decodeurs?id=2743047<\/a><\/li>\n<li>07\/03\/2021\u00a0: RTBF Les Grenades, visuels de la campagne z\u00e9ro sexisme <a href=\"https:\/\/www.rtbf.be\/info\/dossier\/les-grenades\/detail_en-tete-a-tete-avec-alice-coffin-les-femmes-veulent-nourrir-leur-imaginaire-avec-les-uvres-qu-elles-ont-choisies?id=10712397\">https:\/\/www.rtbf.be\/info\/dossier\/les-grenades\/detail_en-tete-a-tete-avec-alice-coffin-les-femmes-veulent-nourrir-leur-imaginaire-avec-les-uvres-qu-elles-ont-choisies?id=10712397<\/a><\/li>\n<li>08\/03\/2021\u00a0: L\u2019AJP et la campagne z\u00e9ro sexisme, Imagine \u00ab\u00a0Quelle place occupent les femmes dans imagine\u00a0?\u00a0\u00bb <a href=\"https:\/\/www.imagine-magazine.com\/libre-acces\/chronique\/quelle-place-pour-les-femmes-dans-imagine\/\">https:\/\/www.imagine-magazine.com\/libre-acces\/chronique\/quelle-place-pour-les-femmes-dans-imagine\/<\/a><\/li>\n<li>11\/03\/2021\u00a0: l\u2019AJP et campagne z\u00e9ro sexisme, La libre Belgique, \u00ab\u00a0#SalePute\u00a0: sobre et cinglant constat d\u2019un fl\u00e9au majuscule\u00a0\u00bb<\/li>\n<li>11\/03\/2021\u00a0: L\u2019AJP et campagne z\u00e9ro sexisme, Le Vif, \u00ab\u00a0Les oreilles se d\u00e9bouchent m\u00eame sans un #MeToo belge\u00a0\u00bb<\/li>\n<\/ol>\n<p>[\/vc_column_text][vc_column_text css=\u00a0\u00bb.vc_custom_1645456802525{margin-bottom: 0px !important;padding-top: 10px !important;padding-right: 25px !important;padding-bottom: 10px !important;padding-left: 25px !important;background-color: #3e8bc1 !important;}\u00a0\u00bb el_class=\u00a0\u00bbcontent-block-title\u00a0\u00bb]<\/p>\n<h3><strong>Enseignants et \u00e9tudiants en journalisme: Studentalia<\/strong><\/h3>\n<p>[\/vc_column_text][vc_column_text css=\u00a0\u00bb.vc_custom_1645456814379{margin-bottom: 80px !important;border-bottom-width: 1px !important;border-left-width: 1px !important;padding-top: 25px !important;padding-right: 25px !important;padding-bottom: 25px !important;padding-left: 25px !important;background-color: rgba(255,255,255,0.54) !important;*background-color: rgb(255,255,255) !important;border-left-style: solid !important;border-bottom-style: solid !important;}\u00a0\u00bb el_class=\u00a0\u00bbcontent-block-left\u00a0\u00bb]La convention pr\u00e9voit \u00e9galement le d\u00e9veloppement d\u2019une plateforme internet \u00e0 destination des \u00e9tudiants et des enseignants en journalisme. L\u2019objectif est de sensibiliser les \u00e9tudiants en journalisme aux questions d\u2019\u00e9galit\u00e9 et de diversit\u00e9 dans les m\u00e9dias, et de les guider vers de bonnes pratiques avant qu\u2019ils n\u2019arrivent dans le m\u00e9tier et int\u00e8grent \u00ab\u00a0des routines\u00a0\u00bb. La plateforme leur permettra d\u2019adapter leurs pratiques en la mati\u00e8re.<\/p>\n<p>En 2020 et 2021, l\u2019AJP a pr\u00e9par\u00e9 le site <a href=\"http:\/\/www.studentalia.be\">www.studentalia.be<\/a>, ainsi que deux capsules vid\u00e9o, en collaboration avec \u2018We Tell Stories\u2019.<\/p>\n<p>La plateforme est compos\u00e9e d\u2019une section de <strong>sensibilisation<\/strong> (avec des <em>capsules<\/em> vid\u00e9os en motion design), une section <strong>ressources <\/strong>(avec un catalogue de personnes de contacts et un acc\u00e8s vers Expertalia.be) et une section d\u2019<strong>auto-\u00e9valuation<\/strong> interactive et p\u00e9dagogique. Cette grille permet aux \u00e9tudiant.e.s en journalisme de scanner leurs travaux sous le prisme de l\u2019\u00e9galit\u00e9 et de la diversit\u00e9. La grille a \u00e9t\u00e9 d\u00e9velopp\u00e9e avec la participation active d\u2019enseignant.e.s ou d\u2019assistant.e.s en journalisme de l\u2019UCL, ULg, l\u2019ULB et l\u2019Ihecs.<\/p>\n<p>Studentalia.be sera lanc\u00e9 dans les prochaines semaines.[\/vc_column_text][vc_column_text css=\u00a0\u00bb.vc_custom_1645442554688{margin-bottom: 0px !important;padding-top: 10px !important;padding-right: 25px !important;padding-bottom: 10px !important;padding-left: 25px !important;background-color: #3e8bc1 !important;}\u00a0\u00bb el_class=\u00a0\u00bbcontent-block-title-reverse\u00a0\u00bb]<\/p>\n<h3><strong>Guide : \u00ab Comment informer sur les violences faites aux femmes ? \u00bb <\/strong><\/h3>\n<p>[\/vc_column_text][vc_column_text css=\u00a0\u00bb.vc_custom_1645457031749{margin-bottom: 80px !important;padding-top: 25px !important;padding-right: 25px !important;padding-bottom: 25px !important;padding-left: 25px !important;background-color: rgba(255,255,255,0.54) !important;*background-color: rgb(255,255,255) !important;}\u00a0\u00bb el_class=\u00a0\u00bbcontent-block-right\u00a0\u00bb]L\u2019AJP a \u00e9dit\u00e9, en novembre 2021\u00a0, le Guide pratique \u00ab\u00a0<em>Comment informer sur les violences contre les femmes\u00a0?\u00a0<\/em>\u00bb\u00a0:\u00a0 10 recommandations en 10 fiches, portant sur le choix des termes exacts, d\u2019illustrations adapt\u00e9es, la relation aux victimes, les angles pertinents,\u2026Il contient \u00e9galement de nombreux exemples de bonnes et moins bonnes pratiques journalistiques, un rappel de la l\u00e9gislation et de la d\u00e9ontologie, un lexique et plus d\u2019une centaine de r\u00e9f\u00e9rences bibliographiques.<\/p>\n<p>R\u00e9dig\u00e9 par Anne-Marie Impe, journaliste, autrice d\u2019un ouvrage sur le m\u00eame th\u00e8me pour l\u2019UNESCO, ce Guide a pour ambition d\u2019une part d\u2019\u00e9clairer les enjeux de la violence syst\u00e9mique contre les femmes et d\u2019autre part d\u2019approfondir les recommandations d\u00e9j\u00e0 existantes sur ce sujet, celles \u00e9mises par l\u2019AJP ou plus r\u00e9cemment par le Conseil de d\u00e9ontologie journalistique (CDJ).<\/p>\n<p><img loading=\"lazy\" class=\"size-medium wp-image-126 alignright\" src=\"http:\/\/ag.ajp.be\/wp-content\/uploads\/2022\/02\/illuviolence-300x283.png\" alt=\"\" width=\"300\" height=\"283\" srcset=\"https:\/\/ag.ajp.be\/wp-content\/uploads\/2022\/02\/illuviolence-300x283.png 300w, https:\/\/ag.ajp.be\/wp-content\/uploads\/2022\/02\/illuviolence-768x724.png 768w, https:\/\/ag.ajp.be\/wp-content\/uploads\/2022\/02\/illuviolence.png 915w\" sizes=\"(max-width: 300px) 100vw, 300px\" \/>L\u2019AJP travaille sur ce th\u00e8me depuis 2017\u00a0: d\u2019abord au sein du projet\u00a0<em>Alter\u00e9gales<\/em>, qui a permis de confier une recherche \u00e0 Sarah Sepulchre (UCLouvain), centr\u00e9e sur le traitement m\u00e9diatique des violences contre les femmes. Cette\u00a0<a href=\"http:\/\/www.ajp.be\/violencesfemmes-l-etude\/\">recherche<\/a>, ainsi que le travail avec des organisations de terrain, ont fond\u00e9 les\u00a0<a href=\"http:\/\/www.ajp.be\/violencesfemmes-recommandations\/\">Recommandations<\/a>\u00a0\u00e9mises par l\u2019AJP en 2018 et r\u00e9\u00e9dit\u00e9es et enrichies en 2020. En octobre 2020, la Direction de l\u2019Egalit\u00e9 des chances a lanc\u00e9 un appel \u00e0 projets \u00ab\u00a0visant \u00e0 lutter contre le sexisme et les violences faites aux femmes dans le secteur des m\u00e9dias\u00a0\u00bb. C\u2019est par cet appel \u00e0 projets que ce Guide a \u00e9t\u00e9 financ\u00e9. En juin 2021 enfin, le Conseil de d\u00e9ontologie journalistique, saisi \u00e0 l\u2019initiative de l\u2019AJP, a diffus\u00e9 une recommandation sur \u00ab\u00a0<a href=\"https:\/\/www.lecdj.be\/wp-content\/uploads\/12-violences-de-genre-avec-cover-2021.pdf\">Le traitement journalistique des violences de genre\u00a0<\/a>\u00bb.<\/p>\n<p>La question du traitement m\u00e9diatique des violences contre les femmes est \u00e0 la charni\u00e8re d\u2019enjeux cruciaux\u00a0: un traitement m\u00e9diatique pertinent peut en effet soutenir la pr\u00e9vention et la lutte contre les violences faites aux femmes.<\/p>\n<p>Nous avons con\u00e7u ce Guide comme un outil, une base de r\u00e9flexion et de discussions avec les (futur\u2219e\u2219s) journalistes et les r\u00e9dactions. Il prend des options claires mais ne pr\u00e9tend pas ass\u00e9ner \u00abla\u00bb v\u00e9rit\u00e9, ni \u00e9noncer de sentences d\u00e9finitives. N\u2019h\u00e9sitez d\u00e8s lors pas \u00e0 nous faire part de vos apports, r\u00e9flexions ou questions.<\/p>\n<p>&gt;&gt;<a href=\"http:\/\/www.ajp.be\/wp-content\/uploads\/2021\/11\/2021_AJP_Guide_PratiqueWeb-SD-2211-1.pdf\">\u00a0Consultez la version num\u00e9rique du Guide<\/a><\/p>\n<p>Une courte vid\u00e9o a \u00e9galement \u00e9t\u00e9 r\u00e9alis\u00e9e sur le sujet<\/p>\n<p><iframe loading=\"lazy\" style=\"width: 100%;\" title=\"Comment BIEN parler des violences contre les femmes ?\" src=\"https:\/\/www.youtube.com\/embed\/9cLuHQd8vJU?start=2&amp;feature=oembed\" width=\"1200\" height=\"675\" frameborder=\"0\" allowfullscreen=\"allowfullscreen\"><\/iframe>[\/vc_column_text][vc_column_text css=\u00a0\u00bb.vc_custom_1645443293811{margin-bottom: 0px !important;padding-top: 10px !important;padding-right: 25px !important;padding-bottom: 10px !important;padding-left: 25px !important;background-color: #3e8bc1 !important;}\u00a0\u00bb el_class=\u00a0\u00bbcontent-block-title\u00a0\u00bb]<\/p>\n<h3><strong>Lutter contre le cyberharc\u00e8lement : une nouvelle \u00e9tude AJP\/ULB<\/strong><\/h3>\n<p>[\/vc_column_text][vc_column_text css=\u00a0\u00bb.vc_custom_1645526657860{border-bottom-width: 1px !important;border-left-width: 1px !important;padding-top: 25px !important;padding-right: 25px !important;padding-bottom: 25px !important;padding-left: 25px !important;background-color: rgba(255,255,255,0.54) !important;*background-color: rgb(255,255,255) !important;border-left-style: solid !important;border-bottom-style: solid !important;}\u00a0\u00bb el_class=\u00a0\u00bbcontent-block-left\u00a0\u00bb]A la demande de l\u2019AJP, une nouvelle \u00e9tude a \u00e9t\u00e9 r\u00e9alis\u00e9e sur la question du cyberhac\u00e8lement des journalistes. Sylvain Malcorps, Florence Le Cam et Manon Libert, chercheur et chercheuses au LaPIJ, ont explore cette perspective dans une enqu\u00eate in\u00e9dite r\u00e9alis\u00e9e entre f\u00e9vrier et octobre 2021.<\/p>\n<p>&nbsp;<\/p>\n<p><img loading=\"lazy\" class=\"size-full wp-image-128 alignleft\" src=\"http:\/\/ag.ajp.be\/wp-content\/uploads\/2022\/02\/AG22-8-5.png\" alt=\"\" width=\"283\" height=\"137\" \/>Cinq organisations m\u00e9diatiques actives dans la production d\u2019informations en Belgique francophone et 22 personnes ont pris part \u00e0 l\u2019\u00e9tude. Le mat\u00e9riau de recherche est issu d\u2019entretiens avec les top managers de ces entreprises et de focus groups r\u00e9unissant les responsables de la r\u00e9daction, du service juridique, des ressources humaines, du service interne pour la pr\u00e9vention et la protection au travail (SIPP), des gestionnaires de communaut\u00e9s en ligne, de l\u2019informatique (IT) et de la s\u00e9curit\u00e9.<\/p>\n<p>L\u2019\u00e9tude <a href=\"https:\/\/lapij.ulb.ac.be\/wp-content\/uploads\/2022\/01\/Carnet-du-LaPIJ-4-Les-entreprises-mediatiques-belges-francophones-face-au-cyberharcelement.pdf\">a \u00e9t\u00e9 publi\u00e9e<\/a> en d\u00e9cembre 2021.La revue Journalistes de janvier 2022 en a publi\u00e9 <a href=\"http:\/\/www.ajp.be\/wp-content\/uploads\/2022\/02\/243Dossier.pdf\">un large r\u00e9sum\u00e9<\/a>[\/vc_column_text][\/vc_column_inner][vc_column_inner width=\u00a0\u00bb1\/6&Prime;][\/vc_column_inner][\/vc_row_inner]\n\t\t\t\t            <\/div>\n\t        \t\t\t<\/dd><dt class=\"tab-actu\">\n\t        \t<a class=\"ult-tabto-actitle withBorder ult_a \" id=\"1642541652725-7-1\" style=\"color:#13597d;;background-color:#ffffff;border-bottom-color:transparent;border-bottom-width:0px;border-bottom-style:solid;border-bottom-color:transparent;border-bottom-width:0px;border-bottom-style:solid;border-bottom-color:transparent;border-bottom-width:0px;border-bottom-style:solid;border-bottom-color:transparent;border-bottom-width:0px;border-bottom-style:solid;border-bottom-color:transparent;border-bottom-width:0px;border-bottom-style:solid;border-bottom-color:transparent;border-bottom-width:0px;border-bottom-style:solid;border-bottom-color:transparent;border-bottom-width:0px;border-bottom-style:solid;border-bottom-color:transparent;border-bottom-width:0px;border-bottom-style:solid;border-bottom-color:transparent;border-bottom-width:0px;border-bottom-style:solid;\" href=\"#1642541652725-7-1\">\n\t        \t\t<i class=\"accordion-icon\"><\/i>\n\t        \t\t\t<span class=\"ult_tab_main ult_ac_main ult_noacordicnBoth\">\n\n\t\t\t\t\t\t<span  data-ultimate-target='#advanced-tabs-wrap-6467 .ult-span-text'  data-responsive-json-new='{\"font-size\":\"desktop:15px;\",\"line-height\":\"\"}'  class=\"ult-span-text no_icon ult_acordian-text ult-responsive\" style=\";color:inherit \" >Membres et renouvellement<\/span>\n\t\t\t\t\t\t<\/span><\/a><\/dt>\n\t            \t\t<dd class=\"ult-tabto-accordionItem ult-tabto-accolapsed\">\n\t\t\t\t            <div class=\"ult-tabto-acontent\" style=\"color:#74777b;\">\n\t\t\t\t               [vc_row_inner content_placement=\u00a0\u00bbmiddle\u00a0\u00bb css=\u00a0\u00bb.vc_custom_1645020980300{margin-top: 90px !important;margin-bottom: 50px !important;}\u00a0\u00bb][vc_column_inner width=\u00a0\u00bb1\/3&Prime;][vc_separator color=\u00a0\u00bbcustom\u00a0\u00bb align=\u00a0\u00bbalign_right\u00a0\u00bb border_width=\u00a0\u00bb3&Prime; el_width=\u00a0\u00bb60&Prime; accent_color=\u00a0\u00bb#3588bf\u00a0\u00bb][\/vc_column_inner][vc_column_inner width=\u00a0\u00bb1\/3&Prime;][vc_column_text]<\/p>\n<h2 style=\"text-align: center;\">Nos membres et le renouvellement des documents de presse<\/h2>\n<p>[\/vc_column_text][\/vc_column_inner][vc_column_inner width=\u00a0\u00bb1\/3&Prime;][vc_separator color=\u00a0\u00bbcustom\u00a0\u00bb align=\u00a0\u00bbalign_left\u00a0\u00bb border_width=\u00a0\u00bb3&Prime; el_width=\u00a0\u00bb60&Prime; accent_color=\u00a0\u00bb#3588bf\u00a0\u00bb][\/vc_column_inner][\/vc_row_inner][vc_row_inner][vc_column_inner width=\u00a0\u00bb1\/6&Prime;][\/vc_column_inner][vc_column_inner width=\u00a0\u00bb2\/3&Prime;][vc_column_text css=\u00a0\u00bb.vc_custom_1645458202714{margin-bottom: 80px !important;padding-top: 25px !important;padding-right: 25px !important;padding-bottom: 25px !important;padding-left: 25px !important;background-color: rgba(255,255,255,0.54) !important;*background-color: rgb(255,255,255) !important;}\u00a0\u00bb]<\/p>\n<h3><strong>En 2021, la Belgique compte 5036 journalistes professionnels agr\u00e9\u00e9s en information g\u00e9n\u00e9rale ou presse sp\u00e9cialis\u00e9e. 2775 d\u2019entre eux sont agr\u00e9\u00e9s dans le r\u00f4le n\u00e9erlandophone et 2340 dans le r\u00f4le francophone. De nombreux correspondants \u00e9trangers (447) obtiennent \u00e9galement une carte de presse de journaliste professionnel.<\/strong><\/h3>\n<p>[\/vc_column_text][vc_column_text css=\u00a0\u00bb.vc_custom_1645458259319{margin-bottom: 80px !important;padding-top: 25px !important;padding-right: 25px !important;padding-bottom: 25px !important;padding-left: 25px !important;background-color: #ffffff !important;}\u00a0\u00bb]Les journalistes <strong>stagiaires<\/strong> belges sont au nombre de 285. Du c\u00f4t\u00e9 francophone, on en recense 129, dont 49 ont \u00e9t\u00e9 admis en 2021.<\/p>\n<p>En 2021, 91 candidats ont \u00e9t\u00e9 admis au titre de journaliste professionnel (-5 par rapport \u00e0 2020) et 3 au titre de journaliste de presse sp\u00e9cialis\u00e9e(-2 par rapport \u00e0 2020). Parmi ceux-ci, 64 \u00e9taient d\u00e9j\u00e0 stagiaires AJP.<\/p>\n<p>L\u2019AJP compte \u00e9galement des membres correspondants de presse (101), honoraires (110) et \u00e9tudiants (243).<\/p>\n<p>Fin 2021, l\u2019AJP comptait au total 2347 membres, toutes cat\u00e9gories confondues.<\/p>\n<p>En 2021, parmi les seuls journalistes professionnels, le taux d\u2019affiliation est de 79.3%. Le graphique suivant permet de visualiser que le taux d\u2019affiliation sur les 14 derni\u00e8res ann\u00e9es reste tr\u00e8s stable.<\/p>\n<p><img loading=\"lazy\" class=\"wp-image-135 size-full aligncenter\" src=\"http:\/\/ag.ajp.be\/wp-content\/uploads\/2022\/02\/graph1.png\" alt=\"\" width=\"821\" height=\"495\" srcset=\"https:\/\/ag.ajp.be\/wp-content\/uploads\/2022\/02\/graph1.png 821w, https:\/\/ag.ajp.be\/wp-content\/uploads\/2022\/02\/graph1-300x181.png 300w, https:\/\/ag.ajp.be\/wp-content\/uploads\/2022\/02\/graph1-768x463.png 768w\" sizes=\"(max-width: 821px) 100vw, 821px\" \/><\/p>\n<p>Le graphique suivant permet de visualiser le taux d\u2019affiliation par tranche d\u2019\u00e2ge, qui reste \u00e9galement stable d\u2019une g\u00e9n\u00e9ration \u00e0 l\u2019autre de journalistes.<\/p>\n<p><img loading=\"lazy\" class=\"aligncenter wp-image-136 size-full\" src=\"http:\/\/ag.ajp.be\/wp-content\/uploads\/2022\/02\/graph2.png\" alt=\"\" width=\"891\" height=\"400\" srcset=\"https:\/\/ag.ajp.be\/wp-content\/uploads\/2022\/02\/graph2.png 891w, https:\/\/ag.ajp.be\/wp-content\/uploads\/2022\/02\/graph2-300x135.png 300w, https:\/\/ag.ajp.be\/wp-content\/uploads\/2022\/02\/graph2-768x345.png 768w\" sizes=\"(max-width: 891px) 100vw, 891px\" \/>[\/vc_column_text][vc_column_text css=\u00a0\u00bb.vc_custom_1645458045633{padding-top: 10px !important;padding-right: 25px !important;padding-bottom: 10px !important;padding-left: 25px !important;}\u00a0\u00bb el_class=\u00a0\u00bb.content-block-title\u00a0\u00bb]<\/p>\n<h3><strong>Du c\u00f4t\u00e9 de nos membres \u00e9tudiant.e.s<\/strong><\/h3>\n<p>[\/vc_column_text][vc_column_text css=\u00a0\u00bb.vc_custom_1645021024748{margin-bottom: 80px !important;padding-top: 25px !important;padding-right: 25px !important;padding-bottom: 25px !important;padding-left: 25px !important;background-color: rgba(255,255,255,0.54) !important;*background-color: rgb(255,255,255) !important;}\u00a0\u00bb el_class=\u00a0\u00bb.content-block-left\u00a0\u00bb]L\u2019AJP a un partenariat (appel\u00e9 \u00ab\u00a0Triangle\u00a0\u00bb) avec les Ecoles de journalisme. L\u2019AJP propose des services aux \u00e9tudiant.e.s affili\u00e9.e.s par l\u2019interm\u00e9diaire des Ecoles. Outre les s\u00e9ances d\u2019information (march\u00e9 de l\u2019emploi, statut des journalistes, tarifs, contrats,\u2026) que l\u2019AJP assure dans les Ecoles, les \u00e9tudiant.e.s re\u00e7oivent nos publications, ont droit \u00e0 une journ\u00e9e gratuite de formation au choix dans le catalogue AJPro, peuvent recourir au service juridique,\u2026<\/p>\n<p>&nbsp;<\/p>\n<p>Pour l\u2019ann\u00e9e scolaire 2021-2022, six Ecoles de journalisme participent \u00e0 l\u2019op\u00e9ration triangle\u00a0: ULg, IHECS, Condorcet, ISFSC, ULB et UCL.<\/p>\n<p>&nbsp;<\/p>\n<p>243 \u00e9tudiant.e.s en journalisme \u00e9taient affili\u00e9.e.s \u00e0 l\u2019AJP fin 2021, contre 151 l\u2019ann\u00e9e pr\u00e9c\u00e9dente.[\/vc_column_text][vc_column_text css=\u00a0\u00bb.vc_custom_1643805655553{padding-top: 10px !important;padding-right: 25px !important;padding-bottom: 10px !important;padding-left: 25px !important;}\u00a0\u00bb el_class=\u00a0\u00bb.content-block-title-reverse\u00a0\u00bb]<\/p>\n<h3><strong>Renouvellement des documents de presse des journalistes professionnel\u00b7<\/strong><strong>le\u00b7<\/strong><strong>s 2022-2026<\/strong><\/h3>\n<p>[\/vc_column_text][vc_column_text css=\u00a0\u00bb.vc_custom_1645520004569{padding-top: 25px !important;padding-right: 25px !important;padding-bottom: 25px !important;padding-left: 25px !important;background-color: rgba(255,255,255,0.54) !important;*background-color: rgb(255,255,255) !important;}\u00a0\u00bb el_class=\u00a0\u00bb.content-block-right\u00a0\u00bb]La loi du 30 d\u00e9cembre 1963 relative au <a href=\"http:\/\/www.ajp.be\/la-loi-relative-au-titre-de-journaliste-professionnel\/#:~:text=Le%20titre%20de%20journaliste%20professionnel,un%20m%C3%A9dia%20d'information%20g%C3%A9n%C3%A9rale.\">titre de journaliste professionnel\u00b7le<\/a> pr\u00e9voit que, pour y acc\u00e9der, il faut avoir fait du journalisme son activit\u00e9 professionnelle principale depuis deux ans et exercer cette activit\u00e9 pour le compte d\u2019un m\u00e9dia d\u2019information g\u00e9n\u00e9rale. Les journalistes travaillant pour des m\u00e9dias sp\u00e9cialis\u00e9s peuvent par ailleurs pr\u00e9tendre \u00e0 un titre sp\u00e9cifique, celui de \u00ab\u00a0journaliste de la presse p\u00e9riodique\u00a0\u00bb. Les documents de presse sont renouvel\u00e9s tous les 5 ans.<\/p>\n<p>Le titre de journaliste professionnel\u00b7le est attribu\u00e9 par <a href=\"http:\/\/www.ajp.be\/commissions-agreation\/\">une Commission d\u2019Agr\u00e9ation officielle<\/a>, compos\u00e9e paritairement de journalistes professionnel\u00b7le\u00b7s et de directeurs de m\u00e9dias. Les membres de la Commission sont nomm\u00e9s par arr\u00eat\u00e9 royal. Les proc\u00e9dures de demande d\u2019agr\u00e9ation ou de renouvellement des documents de presse sont r\u00e9gl\u00e9es par l\u2019arr\u00eat\u00e9 royal du 16 octobre 1991.<\/p>\n<p>\u00c0 noter que la Commission d\u2019agr\u00e9ation est ind\u00e9pendante de l\u2019AJP. L\u2019AJP s\u2019occupe toutefois de centraliser les nouvelles demandes d\u2019agr\u00e9ation et de renouvellement et de les faire parvenir \u00e0 la Commission. Si la d\u00e9cision rendue est positive, la Commission renvoie alors le dossier du ou de la journaliste \u00e0 l\u2019AJP, qui commande la carte de presse aupr\u00e8s du SPF Int\u00e9rieur et l\u2019envoie par la suite au ou \u00e0 la journaliste.<\/p>\n<p>&nbsp;<\/p>\n<p><img loading=\"lazy\" class=\" wp-image-47 alignleft\" src=\"http:\/\/ag.ajp.be\/wp-content\/uploads\/2022\/01\/carte2022-300x189.jpg\" alt=\"\" width=\"289\" height=\"182\" srcset=\"https:\/\/ag.ajp.be\/wp-content\/uploads\/2022\/01\/carte2022-300x189.jpg 300w, https:\/\/ag.ajp.be\/wp-content\/uploads\/2022\/01\/carte2022-768x483.jpg 768w, https:\/\/ag.ajp.be\/wp-content\/uploads\/2022\/01\/carte2022.jpg 937w\" sizes=\"(max-width: 289px) 100vw, 289px\" \/>Les cartes de presse sont d\u00e9livr\u00e9es pour une m\u00eame p\u00e9riode quinquennale. Ce renouvellement concerne alors la p\u00e9riode 2022-2026.<\/p>\n<p>Ainsi, au 31 d\u00e9cembre 2021, les documents de presse de <strong>1809 journalistes professionnel\u00b7<\/strong><strong>le\u00b7<\/strong><strong>s ont \u00e9t\u00e9 renouvel\u00e9s<\/strong>, sur 2633 dossiers au total. Autrement dit, 70% des journalistes professionnel\u00b7le\u00b7s ont \u00e9t\u00e9 renouvel\u00e9\u00b7e\u00b7s en 2021, pour la p\u00e9riode 2022-2026. Le processus de renouvellement continue au jour de publication de ce rapport.<\/p>\n<p>\u00c0 la fin de l\u2019ann\u00e9e 2021, il restait 601 dossiers \u00e0 traiter par la Commission d\u2019agr\u00e9ation. Parmi ces 601 dossiers, 64 \u00e9taient en cours de traitement, 159 \u00e9taient en attente d\u2019analyse, et 378 dossiers n\u2019avaient pas encore \u00e9t\u00e9 soumis par le ou la journaliste.<\/p>\n<p>Le processus de renouvellement et l\u2019impression des cartes par le SPF Int\u00e9rieur ayant pris du retard, <a href=\"http:\/\/www.ajp.be\/prolongation-de-la-validite-des-cartes-de-presse-jusquau-28-02-2022\/\">la validit\u00e9 des cartes de presse 2017-2021 a \u00e9t\u00e9 prolong\u00e9e jusqu\u2019au 28 f\u00e9vrier 2022<\/a>.<\/p>\n<p>Lors du renouvellement, au moins 7 dossiers ont \u00e9galement \u00e9t\u00e9 refus\u00e9s : 7 journalistes n\u2019ont pas \u00e9t\u00e9 renouvel\u00e9\u00b7e\u00b7s par la Commission d\u2019agr\u00e9ation. Elle a alors rendu un avis motiv\u00e9 aux personnes concern\u00e9es, expliquant qu\u2019elles ne rentraient plus dans les conditions de la loi de 1963. N\u00e9anmoins, il existe une Commission d\u2019appel \u00e0 laquelle ces personnes peuvent s\u2019adresser si elles estiment que la d\u00e9cision rendue n\u2019est pas justifi\u00e9e.<\/p>\n<p>De plus, 13 autres dossiers ont \u00e9t\u00e9 retir\u00e9s \u00e0 l\u2019initiative des journalistes, estimant que leur situation professionnelle ne correspondait plus aux conditions de la loi de 1963. Certain\u00b7e\u00b7s ayant toujours une activit\u00e9 journalistique devenue secondaire, ils\u00b7elles ont pu demander une <a href=\"http:\/\/www.ajp.be\/collaborateur-de-presse\/\">carte de collaborateur\u00b7rice de presse<\/a>. Enfin, lors ce renouvellement, 43 journalistes ont \u00e9t\u00e9 d\u00e9clar\u00e9 \u00ab hors profession \u00bb, c\u2019est-\u00e0-dire qu\u2019ils\u00b7elles n\u2019avaient plus aucune activit\u00e9 journalistique. Ces personnes ont pu alors demander une <a href=\"http:\/\/www.ajp.be\/membre-honoraire\/\">carte de journaliste honoraire<\/a>. Les demandes de carte de collaborateur\u00b7rice de presse et de membre honoraire se font toutes deux aupr\u00e8s de l\u2019AJP.[\/vc_column_text][\/vc_column_inner][vc_column_inner width=\u00a0\u00bb1\/6&Prime;][\/vc_column_inner][\/vc_row_inner]\n\t\t\t\t            <\/div>\n\t        \t\t\t<\/dd><dt class=\"tab-actu\">\n\t        \t<a class=\"ult-tabto-actitle withBorder ult_a \" id=\"1642541656042-8-7\" style=\"color:#13597d;;background-color:#ffffff;border-bottom-color:transparent;border-bottom-width:0px;border-bottom-style:solid;border-bottom-color:transparent;border-bottom-width:0px;border-bottom-style:solid;border-bottom-color:transparent;border-bottom-width:0px;border-bottom-style:solid;border-bottom-color:transparent;border-bottom-width:0px;border-bottom-style:solid;border-bottom-color:transparent;border-bottom-width:0px;border-bottom-style:solid;border-bottom-color:transparent;border-bottom-width:0px;border-bottom-style:solid;border-bottom-color:transparent;border-bottom-width:0px;border-bottom-style:solid;border-bottom-color:transparent;border-bottom-width:0px;border-bottom-style:solid;border-bottom-color:transparent;border-bottom-width:0px;border-bottom-style:solid;border-bottom-color:transparent;border-bottom-width:0px;border-bottom-style:solid;\" href=\"#1642541656042-8-7\">\n\t        \t\t<i class=\"accordion-icon\"><\/i>\n\t        \t\t\t<span class=\"ult_tab_main ult_ac_main ult_noacordicnBoth\">\n\n\t\t\t\t\t\t<span  data-ultimate-target='#advanced-tabs-wrap-6467 .ult-span-text'  data-responsive-json-new='{\"font-size\":\"desktop:15px;\",\"line-height\":\"\"}'  class=\"ult-span-text no_icon ult_acordian-text ult-responsive\" style=\";color:inherit \" >Equipe et conseil de direction<\/span>\n\t\t\t\t\t\t<\/span><\/a><\/dt>\n\t            \t\t<dd class=\"ult-tabto-accordionItem ult-tabto-accolapsed\">\n\t\t\t\t            <div class=\"ult-tabto-acontent\" style=\"color:#74777b;\">\n\t\t\t\t               [vc_row_inner content_placement=\u00a0\u00bbmiddle\u00a0\u00bb css=\u00a0\u00bb.vc_custom_1645018608157{margin-top: 90px !important;margin-bottom: 50px !important;}\u00a0\u00bb][vc_column_inner width=\u00a0\u00bb1\/3&Prime;][vc_separator color=\u00a0\u00bbcustom\u00a0\u00bb align=\u00a0\u00bbalign_right\u00a0\u00bb border_width=\u00a0\u00bb3&Prime; el_width=\u00a0\u00bb60&Prime; accent_color=\u00a0\u00bb#3588bf\u00a0\u00bb][\/vc_column_inner][vc_column_inner width=\u00a0\u00bb1\/3&Prime;][vc_column_text]<\/p>\n<h2 style=\"text-align: center;\">Equipe et conseil de direction<\/h2>\n<p>[\/vc_column_text][\/vc_column_inner][vc_column_inner width=\u00a0\u00bb1\/3&Prime;][vc_separator color=\u00a0\u00bbcustom\u00a0\u00bb align=\u00a0\u00bbalign_left\u00a0\u00bb border_width=\u00a0\u00bb3&Prime; el_width=\u00a0\u00bb60&Prime; accent_color=\u00a0\u00bb#3588bf\u00a0\u00bb][\/vc_column_inner][\/vc_row_inner][vc_row_inner][vc_column_inner width=\u00a0\u00bb1\/6&Prime;][\/vc_column_inner][vc_column_inner width=\u00a0\u00bb2\/3&Prime;][vc_column_text css=\u00a0\u00bb.vc_custom_1645018533504{padding-right: 25px !important;padding-left: 25px !important;}\u00a0\u00bb el_class=\u00a0\u00bbcontent-block-title\u00a0\u00bb]<\/p>\n<h3><strong>Conseil de direction<\/strong><\/h3>\n<p>[\/vc_column_text][vc_column_text css=\u00a0\u00bb.vc_custom_1645104185672{margin-bottom: 80px !important;padding-top: 25px !important;padding-right: 25px !important;padding-bottom: 25px !important;padding-left: 25px !important;background-color: rgba(255,255,255,0.54) !important;*background-color: rgb(255,255,255) !important;}\u00a0\u00bb el_class=\u00a0\u00bbcontent-block-left\u00a0\u00bb]<strong>Le <a href=\"http:\/\/www.ajp.be\/organes-de-gestion\/\">Conseil de direction<\/a>, \u00e9lu le 23 f\u00e9vrier 2019, termine sa troisi\u00e8me ann\u00e9e de mandat. Il se compose comme suit\u00a0:<\/strong><\/p>\n<p>G\u00e9rard Gaudin (Pr\u00e9sident), Anne-Sophie Leurquin (Vice-pr\u00e9sidente), Maxime Paquay (Secr\u00e9taire), Samuel Sinte (Tr\u00e9sorier) , Xavier Simon (Section Hainaut-Namur), Catherine Joie (Section Bruxelles-Brabant),Viktoria Thirionet (presse \u00e9lectronique), Roger Pint (journalistes germanophones), Eric Ortmans (t\u00e9l\u00e9visions locales), Antonio Solimando (Audiovisuel priv\u00e9), Colin Delfosse (Photographes), Sarah Freres (Presse quotidienne), Chlo\u00e9 Andries (Ind\u00e9pendants), Laurent Cavenati (Ind\u00e9pendants), Michel Damanet (Presse p\u00e9riodique), Benoit Toussaint (Agences) et Fran\u00e7ois Ryckmans (Mandat libre)<\/p>\n<p>Eric Lekane (section Luxembourg) a d\u00e9missionn\u00e9 en janvier 2021.<\/p>\n<p>Vinciane Votron (Audiovisuel public) a d\u00e9missionn\u00e9 en f\u00e9vrier 2021.<\/p>\n<p>Lazlo Bottiglieri (Cameraman et preneurs de son) a annonc\u00e9 sa d\u00e9mission en janvier 2022.<\/p>\n<p>Ces mandats sont ouverts, tout comme le mandat Section Li\u00e8ge, vacant depuis la d\u00e9mission de Micha\u00ebl Scholze en f\u00e9vrier 2020.<\/p>\n<p>Le Conseil de direction s\u2019est r\u00e9uni 10 fois en 2021 et le Bureau ex\u00e9cutif 1 fois.[\/vc_column_text][vc_column_text css=\u00a0\u00bb.vc_custom_1645018480755{padding-right: 25px !important;padding-left: 25px !important;}\u00a0\u00bb el_class=\u00a0\u00bbcontent-block-title-reverse\u00a0\u00bb]<\/p>\n<h3><strong>Equipe salari\u00e9e<\/strong><\/h3>\n<p>[\/vc_column_text][vc_column_text css=\u00a0\u00bb.vc_custom_1645018585318{padding-top: 25px !important;padding-right: 25px !important;padding-bottom: 25px !important;padding-left: 25px !important;background-color: rgba(255,255,255,0.54) !important;*background-color: rgb(255,255,255) !important;}\u00a0\u00bb el_class=\u00a0\u00bbcontent-block-right\u00a0\u00bb]<strong>Au sein de l\u2019<a href=\"http:\/\/www.ajp.be\/equipe\/\">\u00e9quipe<\/a> salari\u00e9e de l\u2019AJP, plusieurs changements sont intervenus en 2021\u00a0:<\/strong><\/p>\n<p><strong> Patrice Puati N\u2019Lemvo<\/strong> a \u00e9t\u00e9 engag\u00e9 comme comptable pour remplacer Rachida Dahrouch Na\u00efmi qui a quitt\u00e9 l\u2019AJP d\u00e9but 2021 (pour une fonction temps plein dans une autre entreprise).<\/p>\n<p>Amal El Gharbi, absente pour maladie de longue dur\u00e9e depuis novembre 2020, a annonc\u00e9 sa d\u00e9mission au 31 ao\u00fbt 2021. <strong>Camille Loiseau<\/strong>, engag\u00e9e d\u00e9but 2021 pour remplacer Amal, est donc prolong\u00e9e dans ses fonctions. Fin 2021, Camille a annonc\u00e9 son d\u00e9part pour se concentrer sur d\u2019autres projets ainsi que sur la fin de son master.<\/p>\n<p>En avril 2021, <strong>Guylaine Germain<\/strong> a rejoint l\u2019\u00e9quipe de l\u2019AJP pour reprendre la coordination du programme de formation permanente AJPro suite \u00e0 la volont\u00e9 de Justine Pecquet de se consacrer \u00e0 100% au secr\u00e9tariat. Guylaine s\u2019occupe \u00e9galement du renouvellement des documents de presse des journalistes francophones aupr\u00e8s de la Commission d\u2019agr\u00e9ation. Fin 2021, suite au d\u00e9part de Camille Loiseau, Guylaine a souhait\u00e9 reprendre les projets \u00ab\u00a0Genre et Diversit\u00e9\u00a0\u00bb.<\/p>\n<p>Mi-2021, Benoit Audenaerde, webmaster et en charge du Fonds Freelance, a \u00e9galement annonc\u00e9 son d\u00e9part (pour une fonction \u00e0 temps plein dans une autre entreprise). <strong>Stanley Destr\u00e9e<\/strong> a \u00e9t\u00e9 engag\u00e9 \u00e0 la mi-ao\u00fbt pour le remplacer.<\/p>\n<p>L\u2019\u00e9quipe est ainsi \u00e0 nouveau au complet, autour de<strong> Martine Simonis<\/strong> (Secr\u00e9taire g\u00e9n\u00e9rale), <strong>Jean-Pierre Borloo<\/strong> (Coordinateur du Fonds pour le journalisme), <strong>France Sandront<\/strong> (Journalistes en classe et secr\u00e9tariat) et <strong>Justine Pecquet<\/strong> (secr\u00e9tariat).[\/vc_column_text][\/vc_column_inner][vc_column_inner width=\u00a0\u00bb1\/6&Prime;][\/vc_column_inner][\/vc_row_inner]\n\t\t\t\t            <\/div>\n\t        \t\t\t<\/dd><dt class=\"tab-actu\">\n\t        \t<a class=\"ult-tabto-actitle withBorder ult_a \" id=\"1642541663904-10-8\" style=\"color:#13597d;;background-color:#ffffff;border-bottom-color:transparent;border-bottom-width:0px;border-bottom-style:solid;border-bottom-color:transparent;border-bottom-width:0px;border-bottom-style:solid;border-bottom-color:transparent;border-bottom-width:0px;border-bottom-style:solid;border-bottom-color:transparent;border-bottom-width:0px;border-bottom-style:solid;border-bottom-color:transparent;border-bottom-width:0px;border-bottom-style:solid;border-bottom-color:transparent;border-bottom-width:0px;border-bottom-style:solid;border-bottom-color:transparent;border-bottom-width:0px;border-bottom-style:solid;border-bottom-color:transparent;border-bottom-width:0px;border-bottom-style:solid;border-bottom-color:transparent;border-bottom-width:0px;border-bottom-style:solid;border-bottom-color:transparent;border-bottom-width:0px;border-bottom-style:solid;border-bottom-color:transparent;border-bottom-width:0px;border-bottom-style:solid;\" href=\"#1642541663904-10-8\">\n\t        \t\t<i class=\"accordion-icon\"><\/i>\n\t        \t\t\t<span class=\"ult_tab_main ult_ac_main ult_noacordicnBoth\">\n\n\t\t\t\t\t\t<span  data-ultimate-target='#advanced-tabs-wrap-6467 .ult-span-text'  data-responsive-json-new='{\"font-size\":\"desktop:15px;\",\"line-height\":\"\"}'  class=\"ult-span-text no_icon ult_acordian-text ult-responsive\" style=\";color:inherit \" >Finances de l\u2019Union professionnelle<\/span>\n\t\t\t\t\t\t<\/span><\/a><\/dt>\n\t            \t\t<dd class=\"ult-tabto-accordionItem ult-tabto-accolapsed\">\n\t\t\t\t            <div class=\"ult-tabto-acontent\" style=\"color:#74777b;\">\n\t\t\t\t               [vc_row_inner content_placement=\u00a0\u00bbmiddle\u00a0\u00bb css=\u00a0\u00bb.vc_custom_1641395843216{margin-top: 90px !important;}\u00a0\u00bb][vc_column_inner width=\u00a0\u00bb1\/3&Prime;][vc_separator color=\u00a0\u00bbcustom\u00a0\u00bb align=\u00a0\u00bbalign_right\u00a0\u00bb border_width=\u00a0\u00bb3&Prime; el_width=\u00a0\u00bb60&Prime; accent_color=\u00a0\u00bb#3588bf\u00a0\u00bb][\/vc_column_inner][vc_column_inner width=\u00a0\u00bb1\/3&Prime;][vc_column_text]<\/p>\n<h2 style=\"text-align: center;\">Les finances de l&rsquo;Union professionnelle<\/h2>\n<p>[\/vc_column_text][\/vc_column_inner][vc_column_inner width=\u00a0\u00bb1\/3&Prime;][vc_separator color=\u00a0\u00bbcustom\u00a0\u00bb align=\u00a0\u00bbalign_left\u00a0\u00bb border_width=\u00a0\u00bb3&Prime; el_width=\u00a0\u00bb60&Prime; accent_color=\u00a0\u00bb#3588bf\u00a0\u00bb][\/vc_column_inner][\/vc_row_inner][vc_row_inner][vc_column_inner width=\u00a0\u00bb1\/6&Prime;][\/vc_column_inner][vc_column_inner width=\u00a0\u00bb2\/3&Prime;][vc_column_text css=\u00a0\u00bb.vc_custom_1645018797888{margin-bottom: 0px !important;padding-top: 10px !important;padding-right: 25px !important;padding-bottom: 10px !important;padding-left: 25px !important;background-color: #3e8bc1 !important;}\u00a0\u00bb el_class=\u00a0\u00bbcontent-block-title\u00a0\u00bb]<\/p>\n<h3><strong>Nos finances<\/strong><\/h3>\n<p>[\/vc_column_text][vc_column_text css=\u00a0\u00bb.vc_custom_1645102185732{border-bottom-width: 1px !important;border-left-width: 1px !important;padding-top: 25px !important;padding-right: 25px !important;padding-bottom: 25px !important;padding-left: 25px !important;background-color: rgba(255,255,255,0.54) !important;*background-color: rgb(255,255,255) !important;border-left-style: solid !important;border-bottom-style: solid !important;}\u00a0\u00bb el_class=\u00a0\u00bbcontent-block-left\u00a0\u00bb]Les comptes 2021 (attest\u00e9s par DGST, r\u00e9viseurs d\u2019entreprises) et le budget 2022 seront disponibles et expos\u00e9s en d\u00e9tail lors de l\u2019assembl\u00e9e g\u00e9n\u00e9rale du 26 f\u00e9vrier 2022.<\/p>\n<p>En voici les grandes lignes\u00a0:<\/p>\n<p><strong>En recettes, le budget de l\u2019AJP s\u2019est \u00e9lev\u00e9 en 2021 \u00e0 pr\u00e8s de 1,7 million \u20ac<\/strong><\/p>\n<p>&#8211; De ce budget, un peu plus de 207.000 \u20ac ont \u00e9t\u00e9 per\u00e7us pour des organismes tiers (ONP\u00a0: 44.268 \u20ac \u00a0et CDJ\u00a0: 163.000 \u20ac) et n\u2019ont donc fait que transiter par nos comptes pour \u00eatre revers\u00e9s \u00e0 ces organismes.<\/p>\n<p>&#8211; <strong>572.520 \u20ac ont \u00e9t\u00e9 revers\u00e9s aux journalistes<\/strong>, sous forme de bourses (Fonds pour le journalisme \u2013 355.220 \u20ac), de soutien aux freelances (193.200 vers\u00e9s par le Fonds freelance) ou de d\u00e9fraiements dans le cadre de l\u2019op\u00e9ration Journalistes en classe (24.100 \u20ac).<\/p>\n<p>En outre, l\u2019AJP a contribu\u00e9 pour 99.150 \u20ac au financement de l\u2019AGJPB.<\/p>\n<p>Le budget de fonctionnement effectif de l\u2019AJP s\u2019\u00e9tablit donc aux environs de 802.000 \u20ac en 2021.<\/p>\n<p><strong>Les cotisations de nos membres sont stables<\/strong> par rapport \u00e0 l\u2019ann\u00e9e pr\u00e9c\u00e9dente (+1%) pour s\u2019\u00e9tablir \u00e0 pr\u00e8s de 321.000 \u20ac.<\/p>\n<p>Ce chiffre t\u00e9moigne \u00e0 la fois de la fid\u00e9lit\u00e9 des journalistes \u00e0 l\u2019Union professionnelle et de la pertinence de ses actions, malgr\u00e9 une ann\u00e9e tr\u00e8s compliqu\u00e9e pour la profession.[\/vc_column_text][vc_line_chart legend=\u00a0\u00bb\u00a0\u00bb x_values=\u00a0\u00bbCotisations et recettes propres;Subventions Projets (JEC, Fonds, Ajpro, diversit\u00e9);Subvention Fonds Freelance\u00a0\u00bb values=\u00a0\u00bb%5B%7B%22y_values%22%3A%22446000%3B804000%3B227000%22%2C%22color%22%3A%22peacoc%22%7D%5D\u00a0\u00bb el_class=\u00a0\u00bbchart3&Prime; title=\u00a0\u00bbOrigines des recettes de l&rsquo;AJP (en \u20ac)\u00a0\u00bb][\/vc_column_inner][vc_column_inner width=\u00a0\u00bb1\/6&Prime;][\/vc_column_inner][\/vc_row_inner]\n\t\t\t\t            <\/div>\n\t        \t\t\t<\/dd><dt class=\"tab-actu\">\n\t        \t<a class=\"ult-tabto-actitle withBorder ult_a \" id=\"1642541659646-9-1\" style=\"color:#13597d;;background-color:#ffffff;border-bottom-color:transparent;border-bottom-width:0px;border-bottom-style:solid;border-bottom-color:transparent;border-bottom-width:0px;border-bottom-style:solid;border-bottom-color:transparent;border-bottom-width:0px;border-bottom-style:solid;border-bottom-color:transparent;border-bottom-width:0px;border-bottom-style:solid;border-bottom-color:transparent;border-bottom-width:0px;border-bottom-style:solid;border-bottom-color:transparent;border-bottom-width:0px;border-bottom-style:solid;border-bottom-color:transparent;border-bottom-width:0px;border-bottom-style:solid;border-bottom-color:transparent;border-bottom-width:0px;border-bottom-style:solid;border-bottom-color:transparent;border-bottom-width:0px;border-bottom-style:solid;border-bottom-color:transparent;border-bottom-width:0px;border-bottom-style:solid;border-bottom-color:transparent;border-bottom-width:0px;border-bottom-style:solid;border-bottom-color:transparent;border-bottom-width:0px;border-bottom-style:solid;\" href=\"#1642541659646-9-1\">\n\t        \t\t<i class=\"accordion-icon\"><\/i>\n\t        \t\t\t<span class=\"ult_tab_main ult_ac_main ult_noacordicnBoth\">\n\n\t\t\t\t\t\t<span  data-ultimate-target='#advanced-tabs-wrap-6467 .ult-span-text'  data-responsive-json-new='{\"font-size\":\"desktop:15px;\",\"line-height\":\"\"}'  class=\"ult-span-text no_icon ult_acordian-text ult-responsive\" style=\";color:inherit \" >Communication et r\u00e9seaux sociaux<\/span>\n\t\t\t\t\t\t<\/span><\/a><\/dt>\n\t            \t\t<dd class=\"ult-tabto-accordionItem ult-tabto-accolapsed\">\n\t\t\t\t            <div class=\"ult-tabto-acontent\" style=\"color:#74777b;\">\n\t\t\t\t               [vc_row_inner content_placement=\u00a0\u00bbmiddle\u00a0\u00bb css=\u00a0\u00bb.vc_custom_1645019986139{margin-top: 90px !important;margin-bottom: 50px !important;}\u00a0\u00bb][vc_column_inner width=\u00a0\u00bb1\/3&Prime;][vc_separator color=\u00a0\u00bbcustom\u00a0\u00bb align=\u00a0\u00bbalign_right\u00a0\u00bb border_width=\u00a0\u00bb3&Prime; el_width=\u00a0\u00bb60&Prime; accent_color=\u00a0\u00bb#3588bf\u00a0\u00bb][\/vc_column_inner][vc_column_inner width=\u00a0\u00bb1\/3&Prime;][vc_column_text]<\/p>\n<h2 style=\"text-align: center;\">Notre communication, nos m\u00e9dias et r\u00e9seaux sociaux<\/h2>\n<p>[\/vc_column_text][\/vc_column_inner][vc_column_inner width=\u00a0\u00bb1\/3&Prime;][vc_separator color=\u00a0\u00bbcustom\u00a0\u00bb align=\u00a0\u00bbalign_left\u00a0\u00bb border_width=\u00a0\u00bb3&Prime; el_width=\u00a0\u00bb60&Prime; accent_color=\u00a0\u00bb#3588bf\u00a0\u00bb][\/vc_column_inner][\/vc_row_inner][vc_row_inner][vc_column_inner width=\u00a0\u00bb1\/6&Prime;][\/vc_column_inner][vc_column_inner width=\u00a0\u00bb2\/3&Prime;][vc_column_text css=\u00a0\u00bb.vc_custom_1645020009714{margin-bottom: 0px !important;padding-top: 10px !important;padding-right: 25px !important;padding-bottom: 10px !important;padding-left: 25px !important;background-color: #3e8bc1 !important;}\u00a0\u00bb el_class=\u00a0\u00bbcontent-block-title\u00a0\u00bb]<\/p>\n<h3><strong>Le mensuel<\/strong><\/h3>\n<p>[\/vc_column_text][vc_column_text css=\u00a0\u00bb.vc_custom_1645020073766{margin-bottom: 80px !important;border-bottom-width: 1px !important;border-left-width: 1px !important;padding-top: 25px !important;padding-right: 25px !important;padding-bottom: 25px !important;padding-left: 25px !important;background-color: rgba(255,255,255,0.54) !important;*background-color: rgb(255,255,255) !important;border-left-style: solid !important;border-bottom-style: solid !important;}\u00a0\u00bb el_class=\u00a0\u00bbcontent-block-left\u00a0\u00bb]\u00ab<a href=\"http:\/\/www.ajp.be\/journalistes\/\">\u00a0Journalistes\u00a0<\/a>\u00bb (diffusion de 3.300 ex.) s\u2019est, notamment, int\u00e9ress\u00e9 en 2021 \u00e0 l\u2019influence du coronavirus sur l\u2019organisation des r\u00e9dactions, au privil\u00e8ge de juridiction du d\u00e9lit de presse, aux violences grandissantes sur le terrain, au racisme \u00ab\u00a0bienveillant\u00a0\u00bb, \u00e0 la place des femmes dans l\u2019info ou encore aux journalistes sportives. <em>Journalistes<\/em> a \u00e9galement suivi les modifications du paysage m\u00e9diatique belge, principalement les rachats de t\u00e9l\u00e9visions, RTL et LN24, par chacun des deux grands groupes de presse \u00e9crite francophones, respectivement Rossel et IPM.<br \/>\n<em>Journalistes<\/em> a poursuivi son rendez-vous r\u00e9gulier avec la \u00ab\u00a0Rue de la d\u00e9onto\u00a0\u00bb d\u2019Andr\u00e9 Linard.[\/vc_column_text][vc_column_text css=\u00a0\u00bb.vc_custom_1645020064398{margin-bottom: 0px !important;padding-top: 10px !important;padding-right: 25px !important;padding-bottom: 10px !important;padding-left: 25px !important;background-color: #3e8bc1 !important;}\u00a0\u00bb el_class=\u00a0\u00bbcontent-block-title-reverse\u00a0\u00bb]<\/p>\n<h3><strong>AJP.BE<\/strong><\/h3>\n<p>[\/vc_column_text][vc_column_text css=\u00a0\u00bb.vc_custom_1645020461248{margin-bottom: 80px !important;padding-top: 25px !important;padding-right: 25px !important;padding-bottom: 25px !important;padding-left: 25px !important;background-color: rgba(255,255,255,0.54) !important;*background-color: rgb(255,255,255) !important;}\u00a0\u00bb el_class=\u00a0\u00bbcontent-block-right\u00a0\u00bb]En 2021, la fr\u00e9quentation du site a l\u00e9g\u00e8rement diminu\u00e9 par rapport \u00e0 l\u2019ann\u00e9e derni\u00e8re avec un total 74 831 utilisateurs par an (-2.4%) et 99 486 sessions (-1,46%). Les habitudes de consommation elles sont toujours identiques avec une moyenne de sessions par utilisateurs (1.3) ou du temps pass\u00e9 sur le site (environ 1m10 par session)<\/p>\n<p><img loading=\"lazy\" class=\"size-medium wp-image-112 alignleft\" src=\"http:\/\/ag.ajp.be\/wp-content\/uploads\/2022\/02\/sitestat-205x300.png\" alt=\"\" width=\"205\" height=\"300\" srcset=\"https:\/\/ag.ajp.be\/wp-content\/uploads\/2022\/02\/sitestat-205x300.png 205w, https:\/\/ag.ajp.be\/wp-content\/uploads\/2022\/02\/sitestat.png 592w\" sizes=\"(max-width: 205px) 100vw, 205px\" \/>D\u2019un point de vue d\u00e9mographique, les 35-44 ans composent la plus grand tranche d\u2019utilisateurs (21%), suivie par les 25-34 (19%), les 45-54 (18%), les 65% (16%) et enfin les 55-64 (13%)\u00a0 et les 18-24\u00a0 (12%) qui ferment la marche.<\/p>\n<p>Le public est l\u00e9g\u00e8rement plus f\u00e9minin que masculin (50.5%).<\/p>\n<p>La majorit\u00e9 des pages sont consult\u00e9es depuis la Belgique (54%) mais aussi par la France (24%) et viennent ensuite les USA (3%). Le reste des consultations se r\u00e9partissant dans le reste du monde.<\/p>\n<p>Il s\u2019agit toujours de la rubrique \u00ab Emploi \u00bb qui suscite le plus d\u2019int\u00e9r\u00eat avec une centaine de consultation quotidienne en moyenne. <strong>\u00a0\u00a0\u00a0\u00a0\u00a0\u00a0\u00a0\u00a0\u00a0\u00a0 <\/strong>[\/vc_column_text][vc_column_text css=\u00a0\u00bb.vc_custom_1645020350526{margin-bottom: 0px !important;padding-top: 10px !important;padding-right: 25px !important;padding-bottom: 10px !important;padding-left: 25px !important;background-color: #3e8bc1 !important;}\u00a0\u00bb el_class=\u00a0\u00bbcontent-block-title\u00a0\u00bb]<\/p>\n<h3><strong>R\u00e9seaux sociaux<\/strong><\/h3>\n<p>[\/vc_column_text][vc_column_text css=\u00a0\u00bb.vc_custom_1645020450678{border-bottom-width: 1px !important;border-left-width: 1px !important;padding-top: 25px !important;padding-right: 25px !important;padding-bottom: 25px !important;padding-left: 25px !important;background-color: rgba(255,255,255,0.54) !important;*background-color: rgb(255,255,255) !important;border-left-style: solid !important;border-bottom-style: solid !important;}\u00a0\u00bb el_class=\u00a0\u00bbcontent-block-left\u00a0\u00bb]Le compte Twitter et la page Facebook : <a href=\"https:\/\/twitter.com\/ajpjournalistes\">le compte Twitter de l\u2019AJP<\/a>, compte plus de 15.200 abonn\u00e9s (+200 en 2021), et une moyenne de 10 000 impressions par tweet et 2500 visites par mois<\/p>\n<p><a href=\"https:\/\/www.facebook.com\/AJP.Association.des.journalistes.professionnels\/\"><img loading=\"lazy\" class=\"wp-image-113 alignright\" src=\"http:\/\/ag.ajp.be\/wp-content\/uploads\/2022\/02\/twitstat-274x300.png\" alt=\"\" width=\"259\" height=\"283\" srcset=\"https:\/\/ag.ajp.be\/wp-content\/uploads\/2022\/02\/twitstat-274x300.png 274w, https:\/\/ag.ajp.be\/wp-content\/uploads\/2022\/02\/twitstat-768x842.png 768w, https:\/\/ag.ajp.be\/wp-content\/uploads\/2022\/02\/twitstat.png 789w\" sizes=\"(max-width: 259px) 100vw, 259px\" \/>La page Facebook<\/a> de l\u2019AJP, compte environ 2000 visites par an, compte pr\u00e8s de 3300 \u00ab J\u2019aime la page \u00bb (+224 en 2021). Et 55000 impressions par an<\/p>\n<p>&nbsp;<\/p>\n<p><a href=\"https:\/\/www.facebook.com\/ajpro.journaliste\/\">La page Facebook d\u2019AJPro<\/a> compte 980 \u00ab\u00a0J\u2019aime la page\u00a0\u00bb. <a href=\"https:\/\/www.facebook.com\/Fonds-pour-le-journalisme-378968742236828\/\">Celle du Fonds pour le journalisme<\/a> en compte 866.<\/p>\n<p>Le compte <a href=\"https:\/\/www.instagram.com\/ajp_journalistes\/\">Instagram<\/a> de l\u2019AJP compte quant \u00e0 lui 1024 abonn\u00e9\u00b7e\u00b7s (+300 en un an).[\/vc_column_text][\/vc_column_inner][vc_column_inner width=\u00a0\u00bb1\/6&Prime;][\/vc_column_inner][\/vc_row_inner]\n\t\t\t\t            <\/div>\n\t        \t\t\t<\/dd><dt class=\"tab-actu\">\n\t        \t<a class=\"ult-tabto-actitle withBorder ult_a \" id=\"1642541676815-12-9\" style=\"color:#13597d;;background-color:#ffffff;border-bottom-color:transparent;border-bottom-width:0px;border-bottom-style:solid;border-bottom-color:transparent;border-bottom-width:0px;border-bottom-style:solid;border-bottom-color:transparent;border-bottom-width:0px;border-bottom-style:solid;border-bottom-color:transparent;border-bottom-width:0px;border-bottom-style:solid;border-bottom-color:transparent;border-bottom-width:0px;border-bottom-style:solid;border-bottom-color:transparent;border-bottom-width:0px;border-bottom-style:solid;border-bottom-color:transparent;border-bottom-width:0px;border-bottom-style:solid;border-bottom-color:transparent;border-bottom-width:0px;border-bottom-style:solid;border-bottom-color:transparent;border-bottom-width:0px;border-bottom-style:solid;border-bottom-color:transparent;border-bottom-width:0px;border-bottom-style:solid;border-bottom-color:transparent;border-bottom-width:0px;border-bottom-style:solid;border-bottom-color:transparent;border-bottom-width:0px;border-bottom-style:solid;border-bottom-color:transparent;border-bottom-width:0px;border-bottom-style:solid;\" href=\"#1642541676815-12-9\">\n\t        \t\t<i class=\"accordion-icon\"><\/i>\n\t        \t\t\t<span class=\"ult_tab_main ult_ac_main ult_noacordicnBoth\">\n\n\t\t\t\t\t\t<span  data-ultimate-target='#advanced-tabs-wrap-6467 .ult-span-text'  data-responsive-json-new='{\"font-size\":\"desktop:15px;\",\"line-height\":\"\"}'  class=\"ult-span-text no_icon ult_acordian-text ult-responsive\" style=\";color:inherit \" >M\u00e9dias, colloques, jurys et d\u00e9bats<\/span>\n\t\t\t\t\t\t<\/span><\/a><\/dt>\n\t            \t\t<dd class=\"ult-tabto-accordionItem ult-tabto-accolapsed\">\n\t\t\t\t            <div class=\"ult-tabto-acontent\" style=\"color:#74777b;\">\n\t\t\t\t               [vc_row_inner content_placement=\u00a0\u00bbmiddle\u00a0\u00bb css=\u00a0\u00bb.vc_custom_1645020865412{margin-top: 90px !important;margin-bottom: 50px !important;}\u00a0\u00bb][vc_column_inner width=\u00a0\u00bb1\/3&Prime;][vc_separator color=\u00a0\u00bbcustom\u00a0\u00bb align=\u00a0\u00bbalign_right\u00a0\u00bb border_width=\u00a0\u00bb3&Prime; el_width=\u00a0\u00bb60&Prime; accent_color=\u00a0\u00bb#3588bf\u00a0\u00bb][\/vc_column_inner][vc_column_inner width=\u00a0\u00bb1\/3&Prime;][vc_column_text]<\/p>\n<h2 style=\"text-align: center;\">L\u2019AJP dans les m\u00e9dias, les colloques, les jurys, les d\u00e9bats\u2026<\/h2>\n<p>[\/vc_column_text][\/vc_column_inner][vc_column_inner width=\u00a0\u00bb1\/3&Prime;][vc_separator color=\u00a0\u00bbcustom\u00a0\u00bb align=\u00a0\u00bbalign_left\u00a0\u00bb border_width=\u00a0\u00bb3&Prime; el_width=\u00a0\u00bb60&Prime; accent_color=\u00a0\u00bb#3588bf\u00a0\u00bb][\/vc_column_inner][\/vc_row_inner][vc_row_inner][vc_column_inner width=\u00a0\u00bb1\/6&Prime;][\/vc_column_inner][vc_column_inner width=\u00a0\u00bb2\/3&Prime;][vc_column_text css=\u00a0\u00bb.vc_custom_1645459390240{margin-bottom: 80px !important;padding-top: 25px !important;padding-right: 25px !important;padding-bottom: 25px !important;padding-left: 25px !important;background-color: rgba(255,255,255,0.3) !important;*background-color: rgb(255,255,255) !important;}\u00a0\u00bb]<\/p>\n<h3 style=\"text-align: center;\"><strong>Dans les m\u00e9dias, les colloques, les d\u00e9bats\u00a0! <\/strong><\/h3>\n<p>[\/vc_column_text][vc_column_text css=\u00a0\u00bb.vc_custom_1645520421748{margin-bottom: 0px !important;padding-top: 10px !important;padding-right: 25px !important;padding-bottom: 10px !important;padding-left: 25px !important;background-color: #3e8bc1 !important;}\u00a0\u00bb el_class=\u00a0\u00bbcontent-block-title\u00a0\u00bb]<\/p>\n<h3><strong>Interventions lors de conf\u00e9rences, d\u00e9bats, colloques, jurys \u2013 en Belgique<\/strong><\/h3>\n<p>[\/vc_column_text][vc_column_text css=\u00a0\u00bb.vc_custom_1645520622672{margin-bottom: 80px !important;border-bottom-width: 1px !important;border-left-width: 1px !important;padding-top: 25px !important;padding-right: 25px !important;padding-bottom: 25px !important;padding-left: 25px !important;background-color: rgba(255,255,255,0.54) !important;*background-color: rgb(255,255,255) !important;border-left-style: solid !important;border-bottom-style: solid !important;}\u00a0\u00bb el_class=\u00a0\u00bbcontent-block-left\u00a0\u00bb]La plupart des colloques, s\u00e9minaires et rencontres ont eu lieu en ligne en 2021. Voici ceux auxquels l\u2019AJP est intervenue ou qu\u2019elle a (co-)organis\u00e9s :<\/p>\n<p>&#8211; 04\/01\u00a0: Jury du Prix de journalisme du Parlement de la FWB<\/p>\n<p>&#8211; 11\/02 En ligne : pr\u00e9sentation de l\u2019op\u00e9ration Journalistes en classe lors d\u2019une r\u00e9union d\u2019information et \u00e9changes sur le plan Education aux m\u00e9dias 2021 de la RTBF<\/p>\n<p>&#8211; 24\/02 \u2013 En ligne : Salon SETT connect &#8211; pr\u00e9sentation de l\u2019op\u00e9ration journalistes en classe et sa d\u00e9clinaison num\u00e9rique possible https:\/\/youtu.be\/SaCO3Arqs7g<\/p>\n<p>&#8211; 25\/02 \u2013 prix du journalisme constructif (en ligne)<\/p>\n<p>&#8211; 09\/03 \u2013 EJL \u2013 Diversit\u00e9 dans les r\u00e9dactions<\/p>\n<p>&#8211; 22\/03 \u2013 Genre et m\u00e9dias \u2013 rencontre avec les professionnelles &#8211; <a href=\"https:\/\/genremedias.be\/event\/1ere-rencontre-avec-les-professionnelles\/\">https:\/\/genremedias.be\/event\/1ere-rencontre-avec-les-professionnelles\/<\/a><\/p>\n<p>&#8211; 20\/04 \u2013 ULB \u2013 femmes et journalistes<\/p>\n<p>&#8211; 21\/04 \u2013 Audition parlement F\u00e9d\u00e9ration Wallonie Bruxelles \u2013 cyberharc\u00e8lement des femmes journalistes<\/p>\n<p>&#8211; 23\/04 \u2013 ULB \u2013 Violences contre les femmes journalistes<\/p>\n<p>&#8211; 28\/04 \u2013 Universit\u00e9 des femmes \u2013 Colloque \u00ab de drame familial \u00e0 f\u00e9minicide \u00bb <a href=\"https:\/\/www.universitedesfemmes.be\/events-universite-des-femmes\/a-ne-pas-manquer\/322-colloque-violences-contre-les-femmes-dans-les-medias\">https:\/\/www.universitedesfemmes.be\/events-universite-des-femmes\/a-ne-pas-manquer\/322-colloque-violences-contre-les-femmes-dans-les-medias<\/a><\/p>\n<p>&#8211; 07\/05 &#8211; Pr\u00e9sentation par visioconf\u00e9rence \u00ab\u00a0Se lancer dans la profession\u00a0\u00bb IHECS-UCL<\/p>\n<p>&#8211; 27\/05 \u2013 Webinaire \u2013 Femmes et sports (Adeps\/Glatigny) <a href=\"https:\/\/plus-sportives.cfwb.be\/la-campagne\/plus-de-sport-feminin-dans-les-medias\/\">https:\/\/plus-sportives.cfwb.be\/la-campagne\/plus-de-sport-feminin-dans-les-medias\/<\/a><\/p>\n<p>&#8211; 25\/06 &#8211; Pr\u00e9sentation par visioconf\u00e9rence \u00ab\u00a0Se lancer dans la profession\u00a0\u00bb ULB<\/p>\n<p>&#8211; 29\/09 &#8211; Pr\u00e9sentation en pr\u00e9sentiel \u00ab\u00a0Avantages membership AJP\u2013 Convention Triangle\u00a0\u00bb ULB<\/p>\n<p>&#8211; 06\/10 &#8211; Pr\u00e9sentation en pr\u00e9sentiel \u00ab\u00a0Avantages membership AJP\u2013 Convention Triangle\u00a0\u00bb ISFSC<\/p>\n<p>&#8211; 16\/11 &#8211; Pr\u00e9sentation par visioconf\u00e9rence \u00ab\u00a0Avantages membership AJP\u2013 Convention Triangle\u00a0\u00bb UCL<\/p>\n<p>&#8211; 19\/11 S- ession Mediacoach en pr\u00e9sentiel \u00e0 la RTBF \u00ab\u00a0Le trajet de l\u2019info\u00a0\u00bb<\/p>\n<p>&#8211; 18\/11 &#8211; Pr\u00e9sentation en pr\u00e9sentiel \u00ab\u00a0Avantages membership AJP\u2013 Convention Triangle\u00a0\u00bb ISFSC<\/p>\n<p>&#8211; 16\/12 &#8211; Pr\u00e9sentation en pr\u00e9sentiel \u00ab\u00a0Se lancer dans la profession\u00a0\u00bb + \u00ab\u00a0Avantages membership AJP\u2013 Convention Triangle\u00a0\u00bb ULi\u00e8ge (report\u00e9e)<\/p>\n<p>&#8211; 17\/12- \u00a0Pr\u00e9sentation \u00ab\u00a0journalisme entrepreneurial\u00a0\u00bb IHECS[\/vc_column_text][vc_column_text css=\u00a0\u00bb.vc_custom_1645020770506{margin-bottom: 0px !important;padding-top: 10px !important;padding-right: 25px !important;padding-bottom: 10px !important;padding-left: 25px !important;background-color: #3e8bc1 !important;}\u00a0\u00bb el_class=\u00a0\u00bbcontent-block-title-reverse\u00a0\u00bb]<\/p>\n<h3><strong>Interventions de l\u2019AJP lors de conf\u00e9rences, d\u00e9bats, colloques \u2013 International<\/strong><\/h3>\n<p>[\/vc_column_text][vc_column_text css=\u00a0\u00bb.vc_custom_1645446844161{margin-bottom: 80px !important;padding-top: 25px !important;padding-right: 25px !important;padding-bottom: 25px !important;padding-left: 25px !important;background-color: rgba(255,255,255,0.54) !important;*background-color: rgb(255,255,255) !important;}\u00a0\u00bb el_class=\u00a0\u00bbcontent-block-right\u00a0\u00bb]Les interventions de l\u2019AJP \u00e0 l\u2019international, nombreuses les ann\u00e9es pr\u00e9c\u00e9dentes, sont quasi inexistantes en raison de l\u2019annulation des r\u00e9unions et s\u00e9minaires internationaux<\/p>\n<p>&#8211; 3 r\u00e9unions du comit\u00e9 ex\u00e9cutif de la FEJ (en ligne)<\/p>\n<p>&#8211; 3 r\u00e9unions pour le projet Formations RDC Congo (en ligne) \u2013 voir chapitre 3\/ International<\/p>\n<p>&#8211; Juin 2021 \u2013 En ligne\u00a0: Webinar de la F\u00e9d\u00e9ration europ\u00e9enne des journalistes sur la formations des journalistes en Europe<\/p>\n<p>&#8211; 07 au 10\/10\u00a0: AG de la FEJ \u00e0 Zagreb[\/vc_column_text][vc_column_text css=\u00a0\u00bb.vc_custom_1645020814692{margin-bottom: 0px !important;padding-top: 10px !important;padding-right: 25px !important;padding-bottom: 10px !important;padding-left: 25px !important;background-color: #3e8bc1 !important;}\u00a0\u00bb el_class=\u00a0\u00bbcontent-block-title\u00a0\u00bb]<\/p>\n<h3><strong>On parle de l\u2019AJP dans les m\u00e9dias<\/strong><\/h3>\n<p>[\/vc_column_text][vc_column_text css=\u00a0\u00bb.vc_custom_1645446869130{margin-bottom: 80px !important;border-bottom-width: 1px !important;border-left-width: 1px !important;padding-top: 25px !important;padding-right: 25px !important;padding-bottom: 25px !important;padding-left: 25px !important;background-color: rgba(255,255,255,0.54) !important;*background-color: rgb(255,255,255) !important;border-left-style: solid !important;border-bottom-style: solid !important;}\u00a0\u00bb el_class=\u00a0\u00bbcontent-block-left\u00a0\u00bb]<\/p>\n<ol>\n<li>01\/02\/2021\u00a0: Martine Simonis et L\u2019AJP, Association des journalistes professionnels, RTBF\u00a0: \u00ab\u00a0La police doit laisser travailler les journalistes\u00a0\u00bb <a href=\"https:\/\/www.rtbf.be\/info\/medias\/detail_association-des-journalistes-professionnels-la-police-doit-laisser-travailler-les-journalistes?id=10685569\">https:\/\/www.rtbf.be\/info\/medias\/detail_association-des-journalistes-professionnels-la-police-doit-laisser-travailler-les-journalistes?id=10685569<\/a><\/li>\n<li>18\/02\/2021\u00a0: Martine Simonis et l\u2019AJP, 7sur7.be\u00a0:\u00ab\u00a0Ceci n\u2019est pas un complot suscite la controverse\u00a0\u00bb\u00a0: \u00ab\u00a0Pour \u00eatre entendu, il fallait que je tape fort\u00a0\u00bb <a href=\"https:\/\/www.7sur7.be\/belgique\/ceci-n-est-pas-un-complot-suscite-la-controverse-pour-etre-entendu-il-fallait-que-je-tape-fort-br~aecf2f72\/\">https:\/\/www.7sur7.be\/belgique\/ceci-n-est-pas-un-complot-suscite-la-controverse-pour-etre-entendu-il-fallait-que-je-tape-fort-br~aecf2f72\/<\/a><\/li>\n<li>02\/03\/2021\u00a0: L\u2019AJP et la campagne z\u00e9ro sexisme, Mediaspecs.be <a href=\"https:\/\/www.mediaspecs.be\/fr\/lajp-lance-une-campagne-pour-lutter-contre-le-sexisme-dans-les-redactions-2\/\">https:\/\/www.mediaspecs.be\/fr\/lajp-lance-une-campagne-pour-lutter-contre-le-sexisme-dans-les-redactions-2\/<\/a><\/li>\n<li>03\/03\/2021\u00a0: l\u2019AJP et la campagne z\u00e9ro sexisme, flair.be\u00a0: \u00ab\u00a0#journalismezerosexisme, la campagne qui met \u00e0 m\u00e2le les r\u00e9dactions belges\u00a0\u00bb <a href=\"https:\/\/www.flair.be\/fr\/lifestyle\/societe\/journalismezerosexisme-redactions-belges\/\">https:\/\/www.flair.be\/fr\/lifestyle\/societe\/journalismezerosexisme-redactions-belges\/<\/a><\/li>\n<li>05\/03\/2021\u00a0: l\u2019AJP et la campagne z\u00e9ro sexisme, RTBF d\u00e9bat des d\u00e9codeurs <a href=\"https:\/\/www.rtbf.be\/auvio\/detail_le-debat-des-decodeurs?id=2743047\">https:\/\/www.rtbf.be\/auvio\/detail_le-debat-des-decodeurs?id=2743047<\/a><\/li>\n<li>07\/03\/2021\u00a0: RTBF Les Grenades, visuels de la campagne z\u00e9ro sexisme <a href=\"https:\/\/www.rtbf.be\/info\/dossier\/les-grenades\/detail_en-tete-a-tete-avec-alice-coffin-les-femmes-veulent-nourrir-leur-imaginaire-avec-les-uvres-qu-elles-ont-choisies?id=10712397\">https:\/\/www.rtbf.be\/info\/dossier\/les-grenades\/detail_en-tete-a-tete-avec-alice-coffin-les-femmes-veulent-nourrir-leur-imaginaire-avec-les-uvres-qu-elles-ont-choisies?id=10712397<\/a><\/li>\n<li>08\/03\/2021\u00a0: L\u2019AJP et la campagne z\u00e9ro sexisme, Imagine \u00ab\u00a0Quelle place occupent les femmes dans imagine\u00a0?\u00a0\u00bb <a href=\"https:\/\/www.imagine-magazine.com\/libre-acces\/chronique\/quelle-place-pour-les-femmes-dans-imagine\/\">https:\/\/www.imagine-magazine.com\/libre-acces\/chronique\/quelle-place-pour-les-femmes-dans-imagine\/<\/a><\/li>\n<li>11\/03\/2021\u00a0: l\u2019AJP et campagne z\u00e9ro sexisme, La libre Belgique, \u00ab\u00a0#SalePute\u00a0: sobre et cinglant constat d\u2019un fl\u00e9au majuscule\u00a0\u00bb<\/li>\n<li>11\/03\/2021\u00a0: L\u2019AJP et campagne z\u00e9ro sexisme, Le Vif, \u00ab\u00a0Les oreilles se d\u00e9bouchent m\u00eame sans un #MeToo belge\u00a0\u00bb<\/li>\n<li>13\/03\/2021\u00a0: Martine Simonis, La Libre\u00a0: \u00ab\u00a0Les m\u00e9dias n\u2019ont pas abord\u00e9 la crise sanitaire avec justesse\u00a0\u00bb<\/li>\n<li>31\/03\/2021\u00a0: Martine Simonis, L\u2019Avenir\u00a0: \u00ab\u00a0Le pr\u00e9sident s\u2019en va\u00a0\u00bb<\/li>\n<li>29\/04\/2021\u00a0: Martine Simonis, AJP , RTBF, \u00ab\u00a0Journalope\u00a0\u00bb, \u00ab\u00a0Collabo\u00a0\u00bb, \u00ab\u00a0On va te pendre\u00a0\u00bb\u00a0: quand les agressions verbales et les menaces se multiplient pour les journalistes de terrain<\/li>\n<li>Video \u2013 Genre et m\u00e9dias \u2013 Camille Loiseau <a href=\"https:\/\/vimeo.com\/545562501?embedded=true&amp;source=vimeo_logo&amp;owner=7494891\">https:\/\/vimeo.com\/545562501?embedded=true&amp;source=vimeo_logo&amp;owner=7494891<\/a><\/li>\n<li><a href=\"https:\/\/www.rtbf.be\/info\/inside\/detail_journalope-collabo-on-va-te-pendre-quand-les-agressions-verbales-et-les-menaces-se-multiplient-pour-les-journalistes-de-terrain?id=10744941\">https:\/\/www.rtbf.be\/info\/inside\/detail_journalope-collabo-on-va-te-pendre-quand-les-agressions-verbales-et-les-menaces-se-multiplient-pour-les-journalistes-de-terrain?id=10744941<\/a><\/li>\n<li>3\/05\/2021\u00a0: Gilles Milecan, AJP, La Premi\u00e8re \u00ab\u00a0journ\u00e9e de la libert\u00e9 de la presse\u00a0\u00bb <a href=\"https:\/\/www.rtbf.be\/auvio\/detail_le-journal-de-13h?id=2764910\">https:\/\/www.rtbf.be\/auvio\/detail_le-journal-de-13h?id=2764910<\/a><\/li>\n<li>4\/05\/2021\u00a0: AJP, \u00ab\u00a0Comment traiter des violences faites aux femmes dans les m\u00e9dias\u00a0?\u00a0\u00bb <a href=\"https:\/\/www.rtbf.be\/info\/dossier\/les-grenades\/detail_comment-traiter-des-violences-faites-aux-femmes-dans-les-medias?id=10754883\">https:\/\/www.rtbf.be\/info\/dossier\/les-grenades\/detail_comment-traiter-des-violences-faites-aux-femmes-dans-les-medias?id=10754883<\/a><\/li>\n<li>10\/06\/2021\u00a0: Camille Loiseau, AJP, Campagne z\u00e9ro sexisme, Podcast Arabel<\/li>\n<li>29\/06\/2021\u00a0: Martine Simonis, AJP, L\u2019Avenir \u00ab\u00a0Un rachat qui chamboule le paysage m\u00e9diatique\u00a0\u00bb.<\/li>\n<li>10\/07\/2021\u00a0: Martine Simonis, Le Soir \u00ab\u00a0Vent de grogne au programme de la rentr\u00e9e \u00e0 la RTBF\u00a0\u00bb<\/li>\n<li>22\/07\/2021 \u2013 Vid\u00e9o campagne FIJ \u2013 Camille Loiseau <a href=\"https:\/\/www.youtube.com\/watch?v=F7-T1ztCD14\">https:\/\/www.youtube.com\/watch?v=F7-T1ztCD14<\/a><\/li>\n<li>27\/07\/2021\u00a0: Martine Simonis, RTBF\u00a0: \u00ab\u00a0Museler la presse, un des premiers signes vers un r\u00e9gime autoritaire\u00a0?\u00a0\u00bb <a href=\"https:\/\/www.rtbf.be\/info\/monde\/detail_museler-la-presse-un-des-premiers-signes-vers-un-regime-autoritaire?id=10812306\">Museler la presse, un des premiers signes vers un r\u00e9gime autoritaire\u00a0? (rtbf.be)<\/a><\/li>\n<li>16\/08\/2021 \u2013 Martine Simonis, Le Soir <a href=\"https:\/\/www.lesoir.be\/389737\/article\/2021-08-16\/martine-simonis-ajp-manque-lessentiel-en-se-bornant-la-rubrique-faits-divers\">https:\/\/www.lesoir.be\/389737\/article\/2021-08-16\/martine-simonis-ajp-manque-lessentiel-en-se-bornant-la-rubrique-faits-divers<\/a><\/li>\n<li>17\/08\/2021\u00a0: Martine Simonis, La Libre\u00a0: \u00ab\u00a0Faut-il faire le proc\u00e8s du crime passionnel\u00a0?\u00a0\u00bb<\/li>\n<li>17\/08\/2021\u00a0: Martine Simonis, RTBF\u00a0: <a href=\"https:\/\/www.rtbf.be\/info\/dossier\/les-grenades\/detail_double-feminicide-a-gouvy-c-est-un-homme-qui-a-tue-deux-femmes-parce-qu-elles-se-desiraient?id=10824858&amp;fbclid=IwAR2cmfR_M-A8YDPpW30sq2ccEpyORbA-6iBCVz9ZfNPQMaI9QRn3dLEYKZI\">Double f\u00e9minicide \u00e0 Gouvy : \u00ab\u00a0C\u2019est un homme qui a tu\u00e9 deux femmes parce qu\u2019elles se d\u00e9siraient\u00a0\u00bb (rtbf.be)<\/a><\/li>\n<li>19\/08\/2021\u00a0: Camille Loiseau, Le Vif\u00a0: <a href=\"https:\/\/www.levif.be\/actualite\/belgique\/le-sport-un-lieu-de-discrimination-a-l-egard-des-femmes-debat\/article-normal-1458793.html\">\u00ab\u00a0Le sport, un lieu de discrimination \u00e0 l\u2019\u00e9gard des femmes\u00a0<\/a>\u00bb<\/li>\n<li>06\/09\/2021\u00a0: AJP, La Derni\u00e8re Heure\u00a0: Humeur \u00ab\u00a0Quand les politiques s\u2019en prennent aux journalistes\u00a0\u00bb<\/li>\n<li>11\/10\/2021\u00a0: Martine Simonis, AJP, L\u2019Avenir\u00a0: \u00ab\u00a0Le Proc\u00e8s de la haine sur les r\u00e9seaux sociaux\u00a0\u00bb<\/li>\n<li>23\/11\/2021\u00a0: AJP, La Gazette des Femmes (CA)\u00a0: \u00ab\u00a0Journalisme : un manuel belge pour mieux couvrir les violences faites aux femmes\u00a0\u00bb <a href=\"https:\/\/gazettedesfemmes.ca\/21667\/journalisme-un-manuel-belge-pour-mieux-couvrir-les-violences-faites-aux-femmes\/\">Journalisme : un manuel belge pour mieux couvrir les violences faites aux femmes (gazettedesfemmes.ca)<\/a><\/li>\n<li>21\/12\/2021\u00a0: AJP, L\u2019Avenir\u00a0: \u00ab\u00a0Eric Boever agress\u00e9 lors de la manif contre les mesures sanitaires\u00a0\u00bb<\/li>\n<li>22\/12\/2021\u00a0: AJP, Gilles Milecan, L\u2019Avenir\u00a0: \u00ab\u00a0Myriam Leroy reconnue comme harcel\u00e9e\u00a0\u00bb<\/li>\n<li>23\/12\/2021\u00a0: AJP, Myriam Leroy, Medium.com <a href=\"https:\/\/medium.com\/@myriamleroypro\/9-ans-de-harc%C3%A8lement-10-mois-de-prison-avec-sursis-3b6b8a712c0b\">https:\/\/medium.com\/@myriamleroypro\/9-ans-de-harc%C3%A8lement-10-mois-de-prison-avec-sursis-3b6b8a712c0b<\/a><\/li>\n<\/ol>\n<p>[\/vc_column_text][\/vc_column_inner][vc_column_inner width=\u00a0\u00bb1\/6&Prime;][\/vc_column_inner][\/vc_row_inner]\n\t\t\t\t            <\/div>\n\t        \t\t\t<\/dd>\n    \t<\/dl>\n    <!--<div class=\"extraborder\" style=\"background-color:#f34b18\"><\/div>-->\n<\/div>\n\n<\/div>[\/vc_column][\/vc_row]<\/p>\n","protected":false},"excerpt":{"rendered":"<p>[vc_row full_width=\u00a0\u00bbstretch_row_content_no_spaces\u00a0\u00bb bg_type=\u00a0\u00bbimage\u00a0\u00bb parallax_style=\u00a0\u00bbvcpb-default\u00a0\u00bb bg_image_new=\u00a0\u00bbid^8|url^http:\/\/localhost\/ajp_sites\/ajpbe\/wp-content\/uploads\/2021\/12\/Exclusive-public-interview-of-man-talking-to-microphone-1-scaled.jpg|caption^Exclusive public interview of man talking to microphone. Hands of reporters holding mics, recording opinion or comments flat vector illustration. television, mass media interview, journalism concept|alt^null|title^Exclusive public interview of man talking to microphone|description^null\u00a0\u00bb bg_image_repeat=\u00a0\u00bbno-repeat\u00a0\u00bb bg_image_posiiton=\u00a0\u00bb-5%\u00a0\u00bb css=\u00a0\u00bb.vc_custom_1642543483697{border-bottom-width: 3px !important;background: #ffffff url(http:\/\/ag.ajp.be\/wp-content\/uploads\/2022\/01\/video-harcelement.png?id=28) !important;background-position: center !important;background-repeat: no-repeat !important;background-size: cover !important;border-bottom-color: #f34b18 !important;border-bottom-style: solid !important;}\u00a0\u00bb][vc_column&hellip;<\/p>\n","protected":false},"author":1,"featured_media":11,"parent":0,"menu_order":0,"comment_status":"closed","ping_status":"closed","template":"","meta":[],"_links":{"self":[{"href":"https:\/\/ag.ajp.be\/index.php\/wp-json\/wp\/v2\/pages\/22"}],"collection":[{"href":"https:\/\/ag.ajp.be\/index.php\/wp-json\/wp\/v2\/pages"}],"about":[{"href":"https:\/\/ag.ajp.be\/index.php\/wp-json\/wp\/v2\/types\/page"}],"author":[{"embeddable":true,"href":"https:\/\/ag.ajp.be\/index.php\/wp-json\/wp\/v2\/users\/1"}],"replies":[{"embeddable":true,"href":"https:\/\/ag.ajp.be\/index.php\/wp-json\/wp\/v2\/comments?post=22"}],"version-history":[{"count":41,"href":"https:\/\/ag.ajp.be\/index.php\/wp-json\/wp\/v2\/pages\/22\/revisions"}],"predecessor-version":[{"id":142,"href":"https:\/\/ag.ajp.be\/index.php\/wp-json\/wp\/v2\/pages\/22\/revisions\/142"}],"wp:featuredmedia":[{"embeddable":true,"href":"https:\/\/ag.ajp.be\/index.php\/wp-json\/wp\/v2\/media\/11"}],"wp:attachment":[{"href":"https:\/\/ag.ajp.be\/index.php\/wp-json\/wp\/v2\/media?parent=22"}],"curies":[{"name":"wp","href":"https:\/\/api.w.org\/{rel}","templated":true}]}}